{"id":3384,"date":"2023-04-04T10:47:17","date_gmt":"2023-04-04T10:47:17","guid":{"rendered":"https:\/\/test.aperol.com\/stg\/privacy-policy\/"},"modified":"2026-09-05T06:03:06","modified_gmt":"2026-09-05T06:03:06","slug":"ochrana-osobnich-udaju","status":"publish","type":"page","link":"https:\/\/test.aperol.com\/stg\/cs-cz\/ochrana-osobnich-udaju\/","title":{"rendered":"Z\u00e1sady ochrany osobn\u00edch \u00fadaj\u016f"},"content":{"rendered":"\n<div class=\"wp-block-group wdf-legal-page-content-pp\"><div class=\"wp-block-group__inner-container is-layout-flow wp-block-group-is-layout-flow\">\n\n<h1 class=\"wp-block-heading\">OZN\u00c1MEN\u00cd O OCHRAN\u011a OSOBN\u00cdCH \u00daDAJ\u016e<\/h1>\n\n\n\n<p>D\u011bkujeme za v\u00e1\u0161 z\u00e1jem o Campari! Toto ozn\u00e1men\u00ed o ochran\u011b osobn\u00edch \u00fadaj\u016f vysv\u011btluje, jak\u00fdm zp\u016fsobem spole\u010dnost Campari v souvislosti s na\u0161imi slu\u017ebami shroma\u017e\u010fuje, pou\u017e\u00edv\u00e1, zve\u0159ej\u0148uje a jinak zpracov\u00e1v\u00e1 \u00fadaje o v\u00e1s, kter\u00e9 v\u00e1s p\u0159\u00edmo identifikuj\u00ed nebo kter\u00e9 umo\u017e\u0148uj\u00ed va\u0161i identifikaci (d\u00e1le jen jako \u201e<strong>osobn\u00ed \u00fadaje<\/strong>\u201c).<\/p>\n\n\n\n<p>\u00a0<\/p>\n\n\n\n<p>Pokud v tomto ozn\u00e1men\u00ed o ochran\u011b osobn\u00edch \u00fadaj\u016f pou\u017e\u00edv\u00e1me pojmy \u201e<strong>Campari<\/strong>\u201c, \u201e<strong>Campari Group<\/strong>\u201c, \u201e<strong>my<\/strong>\u201c, \u201e<strong>n\u00e1s<\/strong>\u201c nebo \u201e<strong>na\u0161e<\/strong>\u201c, m\u00e1me t\u00edm na mysli spole\u010dnost Davide Campari-Milano N.V. a jej\u00ed p\u0159idru\u017een\u00e9 a dce\u0159in\u00e9 spole\u010dnosti.\u00a0 Pokud pou\u017e\u00edv\u00e1me pojem \u201e<strong>slu\u017eba<\/strong>\u201c, m\u00e1me t\u00edm na mysli v\u0161echny slu\u017eby a produkty, kter\u00e9 nab\u00edz\u00edme sv\u00fdm jm\u00e9nem, v\u010detn\u011b nab\u00eddky produkt\u016f, jako jsou na\u0161e webov\u00e9 str\u00e1nky\u00a0<a href=\"https:\/\/www.campari.com\/\">https:\/\/www.campari.com\/<\/a>, na\u0161e mobiln\u00ed aplikace nebo jak\u00fdkoli jin\u00fd produkt \u010di slu\u017eba skupiny Campari Group, kter\u00e1 zve\u0159ej\u0148uje toto ozn\u00e1men\u00ed o ochran\u011b osobn\u00edch \u00fadaj\u016f nebo na n\u011bj odkazuje.<\/p>\n\n\n\n<h2 class=\"wp-block-heading\">1. MEZIN\u00c1RODN\u00cd PLATNOST A PROHL\u00c1\u0160EN\u00cd PRO KONKR\u00c9TN\u00cd REGIONY<\/h2>\n\n\n\n<p>Toto ozn\u00e1men\u00ed o ochran\u011b osobn\u00edch \u00fadaj\u016f je ur\u010deno pro n\u00e1v\u0161t\u011bvn\u00edky na\u0161ich webov\u00fdch str\u00e1nek, u\u017eivatele na\u0161ich slu\u017eeb a dal\u0161\u00ed spole\u010dnosti a u\u017eivatele na celosv\u011btov\u00e9 \u00farovni. V n\u011bkter\u00fdch zem\u00edch, regionech nebo st\u00e1tech n\u00e1m m\u016f\u017ee ukl\u00e1dat z\u00e1kon nebo se m\u016f\u017eeme rozhodnout, \u017ee mus\u00edme poskytnout dal\u0161\u00ed prohl\u00e1\u0161en\u00ed t\u00fdkaj\u00edc\u00ed se zpracov\u00e1n\u00ed osobn\u00edch \u00fadaj\u016f. N\u00ed\u017ee naleznete prohl\u00e1\u0161en\u00ed, kter\u00e1 se na v\u00e1s mohou vztahovat:<\/p>\n\n\n\n<p>\u00a0<\/p>\n\n\n\n<ul class=\"wp-block-list\">\n<li><strong>Kalifornie (Spojen\u00e9 st\u00e1ty):\u00a0<\/strong>Pokud jste obyvatelem st\u00e1tu Kalifornie ve Spojen\u00fdch st\u00e1tech americk\u00fdch, p\u0159e\u010dt\u011bte si pros\u00edm\u00a0<strong>dodate\u010dn\u00e9 ozn\u00e1men\u00ed pro obyvatele Kalifornie<\/strong>, ve kter\u00e9m najdete dal\u0161\u00ed informace o ochran\u011b osobn\u00edch \u00fadaj\u016f platn\u00e9 pro Kalifornii.<\/li>\n<li><strong>Nevada (Spojen\u00e9 st\u00e1ty):\u00a0<\/strong>\u00a0Pokud jste obyvatelem st\u00e1tu Nevada, kapitola 603A sb\u00edrky z\u00e1kon\u016f st\u00e1tu Nevada (Nevada Revised Statutes) umo\u017e\u0148uje obyvateli st\u00e1tu Nevada se odhl\u00e1sit z budouc\u00edho prodeje ur\u010dit\u00fdch osobn\u00edch \u00fadaj\u016f, kter\u00e9 o n\u011bm shrom\u00e1\u017edil nebo bude shroma\u017e\u010fovat provozovatel webov\u00fdch str\u00e1nek.\u00a0 Upozor\u0148ujeme, \u017ee va\u0161e osobn\u00ed \u00fadaje neprod\u00e1v\u00e1me ve smyslu kapitoly 603A. Pokud byste takovou \u017e\u00e1dost p\u0159esto cht\u011bli podat, kontaktujte n\u00e1s pros\u00edm na adrese\u00a0<a href=\"mailto:gpdp.office@campari.com\">office@campari.com<\/a><\/li>\n<li><strong>Evropsk\u00fd hospod\u00e1\u0159sk\u00fd prostor, Spojen\u00e9 kr\u00e1lovstv\u00ed nebo \u0160v\u00fdcarsko:<\/strong>\u00a0Pokud se nach\u00e1z\u00edte v Evropsk\u00e9m hospod\u00e1\u0159sk\u00e9m prostoru (d\u00e1le jen \u201e<strong>EHP<\/strong>\u201c), Spojen\u00e9m kr\u00e1lovstv\u00ed nebo \u0160v\u00fdcarsku nebo se jak\u00fdmkoliv zp\u016fsobem zapojujete do evropsk\u00fdch operac\u00ed skupiny Campari Group, p\u0159e\u010dt\u011bte si pros\u00edm\u00a0<strong>dodate\u010dn\u00e9 ozn\u00e1men\u00ed pro Evropsk\u00fd hospod\u00e1\u0159sk\u00fd prostor, Spojen\u00e9 kr\u00e1lovstv\u00ed a \u0160v\u00fdcarsko<\/strong>, kde najdete dal\u0161\u00ed informace o ochran\u011b osobn\u00edch \u00fadaj\u016f platn\u00e9 pro Evropu, kter\u00e9 mimo jin\u00e9 popisuj\u00ed, co jsou va\u0161e osobn\u00ed \u00fadaje, na jak\u00fdch z\u00e1konn\u00fdch z\u00e1kladech zpracov\u00e1n\u00ed va\u0161ich osobn\u00edch \u00fadaj\u016f zakl\u00e1d\u00e1me, jak pou\u017e\u00edv\u00e1me soubory cookie, kdy\u017e k na\u0161im slu\u017eb\u00e1m p\u0159istupujete z EHP, Spojen\u00e9ho kr\u00e1lovstv\u00ed nebo \u0160v\u00fdcarska, a jak\u00e1 jsou va\u0161e pr\u00e1va vztahuj\u00edc\u00ed se na va\u0161e osobn\u00ed \u00fadaje.<\/li>\n<\/ul>\n\n\n\n<h3 class=\"wp-block-heading\">1.1 JAK SHROMA\u017d\u010eUJEME VA\u0160E OSOBN\u00cd \u00daDAJE<\/h3>\n\n\n\n<p>Od prvn\u00edho okam\u017eiku, kdy s n\u00e1mi nav\u00e1\u017eete kontakt, o v\u00e1s shroma\u017e\u010fujeme osobn\u00ed \u00fadaje. Osobn\u00ed \u00fadaje n\u011bkdy shroma\u017e\u010fujeme automaticky, kdy\u017e pou\u017e\u00edv\u00e1te na\u0161e slu\u017eby, a n\u011bkdy je shroma\u017e\u010fujeme p\u0159\u00edmo od v\u00e1s.\u00a0 N\u011bkdy o v\u00e1s m\u016f\u017eeme shroma\u017e\u010fovat osobn\u00ed \u00fadaje z jin\u00fdch zdroj\u016f a od t\u0159et\u00edch stran, a to i p\u0159ed na\u0161\u00ed prvn\u00ed p\u0159\u00edmou interakc\u00ed. Druh osobn\u00edch \u00fadaj\u016f, kter\u00e9 shroma\u017e\u010fujeme, m\u016f\u017ee tak\u00e9 z\u00e1viset na vztahu, kter\u00fd s v\u00e1mi m\u00e1me (nap\u0159. obchodn\u00ed z\u00e1stupce, spot\u0159ebitel).<\/p>\n\n\n\n<p>\u00a0<\/p>\n\n\n\n<p><u><strong>SPR\u00c1VCI \u00daDAJ\u016e<\/strong><\/u><\/p>\n\n\n\n<p>\u00a0<\/p>\n\n\n\n<p>P\u0159\u00edslu\u0161n\u00fd spr\u00e1vce, tedy spole\u010dnost pat\u0159\u00edc\u00ed do skupiny Campari Group, kter\u00e1 je odpov\u011bdn\u00e1 za zpracov\u00e1n\u00ed va\u0161ich osobn\u00edch \u00fadaj\u016f, z\u00e1vis\u00ed na tom, jak\u00fdm zp\u016fsobem se zna\u010dkami skupiny Campari Group komunikujete. P\u0159\u00edslu\u0161n\u00fd spr\u00e1vce se tak obvykle skl\u00e1d\u00e1 z jednoho nebo ze dvou subjekt\u016f: (1) Hlavn\u00ed subjekt, kter\u00fd spravuje zna\u010dky Campari v z\u00e1vislosti na regionu, a p\u0159\u00edpadn\u011b (2) m\u00edstn\u00ed spole\u010dnost, se kterou komunikujete v souvislosti s lok\u00e1ln\u00edmi aktivitami (nap\u0159. marketingov\u00e9 kampan\u011b, akce, sout\u011b\u017ee).\u00a0 Co se t\u00fd\u010de m\u00edstn\u00edho spr\u00e1vce, p\u0159\u00edslu\u0161n\u00fd spr\u00e1vce a jeho kontaktn\u00ed \u00fadaje budou zve\u0159ejn\u011bny v p\u0159\u00edslu\u0161n\u00e9m zp\u016fsobu komunikace.<\/p>\n\n\n\n<p>\u00a0<\/p>\n\n\n\n<p>Tito spr\u00e1vci jsou uvedeni v n\u00e1sleduj\u00edc\u00edch tabulk\u00e1ch:<\/p>\n\n\n\n<figure class=\"wp-block-table\"><table>\n<tbody>\n<tr>\n<th colspan=\"3\"><p>HLAVN\u00cd SPR\u00c1VCI (PODLE ZNA\u010cEK)<\/p><\/th>\n<\/tr>\n<tr>\n<td><p><strong>SPR\u00c1VCE<\/strong><\/p>\n<p>CAMPARI AMERICA LLC 1114 AVENUE OF THE AMERICAS FL 19 NEW YORK, NY, 10036-7703 <\/p><\/td>\n<td><p><strong>SPR\u00c1VCE<\/strong><\/p>\n<p>CAMPARI AMERICA LLC 1114 AVENUE OF THE AMERICAS FL 19 NEW YORK, NY, 10036-7703 <\/p><\/td>\n<td><p><strong>SPR\u00c1VCE<\/strong><\/p>\n<p>SOCI\u00c9T\u00c9 DES PRODUITS MARNIER LAPOSTOLLE S.A. 32 RUE DE MONCEAU, 75008 PA\u0158\u00cd\u017d <\/p><\/td>\n<\/tr>\n<tr>\n<td><p><strong>ZNA\u010cKY<\/strong><\/p>\n<p>AMERICAN HONEY<br>APPLETON ESTATE<br>BOND &amp; LILLARD<br>CABO WABO<br>SKYY<br>WILD TURKEY<br>LONGBRANCH<br>RUSSELL\u2019S RESERVE<br>WRAY &amp; NEPHEW<br>FORTY CREEK<br>PRINCE IGOR<br>ESPOLON<br>ANCHO REYES<br>MONTELOBOS<br>KOKO KANU<br>SANGSTERS<br>CORUBA<br>OLD EIGHT<br>DRURY\u2019S<br>DREHER<br>SAGATIBA<br>SAFFELL<\/p><\/td>\n<td><p><strong>ZNA\u010cKY<\/strong><\/p>\n<p>APEROL<br>APEROL SPRITZ<br>BANKES-BICKENS<br>BARBERO LIQUORS<br>BRAULIO<br>BIANCOSARTI<br>BULLDOG GIN<br>CAMPARI<br>CAMPARINO<br>CAMPARISODA<br>CORTE DELLA FRATESSA<br>CRODINO<br>CRODINO SPRITZ<br>CRODINO TWIST<br>DIESUS<br>CROSS<br>CYNAR<br>FRANGELICO LIQUEUR<br>FRATTINA<br>GLEN GRANT<br>MAGNUM TONIC WINE<br>MAISON LAMAUNY<br>MONDORO<br>ONDINA GIN<br>OUZO 12<br>RICCADONNA<br>TERRAZZA APEROL<br>THE NOTES COLLECTION<br>RICCADONNA SPARKLING WINES<\/p>\n<p>X-RATED<br>FUSION LIQUEUR<\/p><\/td>\n<td><p><strong>ZNA\u010cKY<\/strong><\/p>\n<p>GRAND MARNIER<br>BISQUIT &amp; DOUBOUCHE<br>LALLIER CHAMPAGNE<br>MARNIER RHUM<br>WINE &amp; CHAMPAGNE LVMH<\/p><\/td>\n<\/tr>\n<\/tbody>\n<\/table><\/figure>\n\n\n\n<figure class=\"wp-block-table\"><table>\n<tbody>\n<tr>\n<th colspan=\"2\"><p>M\u00cdSTN\u00cd SPOLE\u010cNOSTI (LOK\u00c1LN\u00cd SPR\u00c1VCI)<\/p><\/th>\n<\/tr>\n<tr>\n<td><p><strong>ZEM\u011a<\/strong><\/p>\n<p>RAKOUSKO<\/p>\n<p><strong>SUBJEKT<\/strong><\/p>\n<p>CAMPARI AUSTRIA GMBH<\/p>\n<p><strong>ADRESA<\/strong><\/p>\n<p>NAGLERGASSE 1\/TOP 13, 1010, V\u00cdDE\u0147<\/p><\/td>\n<td><p><strong>ZEM\u011a<\/strong><\/p>\n<p>BENELUX<\/p>\n<p><strong>SUBJEKT<\/strong><\/p>\n<p>CAMPARI BENELUX S.A.<\/p>\n<p><strong>ADRESA<\/strong><\/p>\n<p>RUE AUX LAINES 70, 1000 BRUSSELS<\/p><\/td>\n<\/tr>\n<tr>\n<td><p><strong>ZEM\u011a<\/strong><\/p>\n<p>ARGENTINA<\/p>\n<p><strong>SUBJEKT<\/strong><\/p>\n<p>CAMPARI ARGENTINA S.A.<\/p>\n<p><strong>ADRESA<\/strong><\/p>\n<p>OLGA COSSETTINI, 243 PISO 3, PUERTO MADEO, CABA, ARGENTINA<\/p><\/td>\n<td><p><strong>ZEM\u011a<\/strong><\/p>\n<p>AUSTR\u00c1LIE<\/p>\n<p><strong>SUBJEKT<\/strong><\/p>\n<p>CAMPARI AUSTRALIA PTY LTD.<\/p>\n<p><strong>ADRESA<\/strong><\/p>\n<p>LEVEL 21, 141 WALKER STREET NORTH SYDNEY, AUSTRALIA<\/p><\/td>\n<\/tr>\n<tr>\n<td><p><strong>ZEM\u011a<\/strong><\/p>\n<p>BRAZ\u00cdLIE<\/p>\n<p><strong>SUBJEKT<\/strong><\/p>\n<p>CAMPARI DO BRASIL LTDA.<\/p>\n<p><strong>ADRESA<\/strong><\/p>\n<p>ALAMEDA RIO NEGRO 585, EDIFICIO DEMINI, CONJUNTO 62, ALPHAVILLEBARUERI-SP<\/p><\/td>\n<td><p><strong>ZEM\u011a<\/strong><\/p>\n<p>KANADA<\/p>\n<p><strong>SUBJEKT<\/strong><\/p>\n<p>FORTY CREEK DISTILLERY LTD.<\/p>\n<p><strong>ADRESA<\/strong><\/p>\n<p>297 SOUTH SERVICE ROAD WEST, GRIMSBY, KANADA<\/p><\/td>\n<\/tr>\n<tr>\n<td><p><strong>ZEM\u011a<\/strong><\/p>\n<p>\u010c\u00cdNA<\/p>\n<p><strong>SUBJEKT<\/strong><\/p>\n<p>CAMPARI (BEIJING) TRADING CO. LTD.<\/p>\n<p><strong>ADRESA<\/strong><\/p>\n<p>Unit 4001-02, 4008, 40F, CITIC Square<\/p><\/td>\n<td><p><strong>ZEM\u011a<\/strong><\/p>\n<p>N\u011aMECKO<\/p>\n<p><strong>SUBJEKT<\/strong><\/p>\n<p>CAMPARI DEUTSCHLAND GMBH<\/p>\n<p><strong>ADRESA<\/strong><\/p>\n<p>ADELGUNDENSTRASSE 7, 80538 MNICHOV, N\u011aMECKO<\/p><\/td>\n<\/tr>\n<tr>\n<td><p><strong>ZEM\u011a<\/strong><\/p>\n<p>\u0158ECKO<\/p>\n<p><strong>SUBJEKT<\/strong><\/p>\n<p>KALOYIANNIS &#8211; KOUTSIKOS DISTILLERIES S.A.<\/p>\n<p><strong>ADRESA<\/strong><\/p>\n<p>6 &amp; E STREET, A\u2019 INDUSTRIAL AREA, VOLOS<\/p><\/td>\n<td><p><strong>ZEM\u011a<\/strong><\/p>\n<p>INDIE<\/p>\n<p><strong>SUBJEKT<\/strong><\/p>\n<p>CAMPARI INDIA PRIVATE LTD.<\/p>\n<p><strong>ADRESA<\/strong><\/p>\n<p>COWRKS, GROUND FLOOR AND FIRST FLOOR, WORLDMARK 1, ASSET AREA 11. AEROCITY, HOSPITALITY DISTRICT, INDIRA GANDHI INTERNATIONAL AIR-PORT, NH-8. NOV\u00c9 DILL\u00cd &#8211; 110037, INDIE<\/p><\/td>\n<\/tr>\n<tr>\n<td><p><strong>ZEM\u011a<\/strong><\/p>\n<p>IT\u00c1LIE<\/p>\n<p><strong>SUBJEKT<\/strong><\/p>\n<p>CAMPARINO S.R.L.<\/p>\n<p><strong>ADRESA<\/strong><\/p>\n<p>PIAZZA DUOMO, 21 MIL\u00c1N<\/p><\/td>\n<td><p><strong>ZEM\u011a<\/strong><\/p>\n<p>IT\u00c1LIE<\/p>\n<p><strong>SUBJEKT<\/strong><\/p>\n<p>TERRAZZA APEROL SRL<\/p>\n<p><strong>ADRESA<\/strong><\/p>\n<p>CAMPO SANTO STEFANO SAN MARCO 2776 30124 BEN\u00c1TKY (VE)<\/p><\/td>\n<\/tr>\n<tr>\n<td><p><strong>ZEM\u011a<\/strong><\/p>\n<p>JAMAJKA<\/p>\n<p><strong>SUBJEKT<\/strong><\/p>\n<p>J. WRAY&amp;NEPHEW LTD.<\/p>\n<p><strong>ADRESA<\/strong><\/p>\n<p>23 DOMINICA DRIVE, KINGSTON 5, JAMAJKA<\/p><\/td>\n<td><p><strong>ZEM\u011a<\/strong><\/p>\n<p>MEXIKO<\/p>\n<p><strong>SUBJEKT<\/strong><\/p>\n<p>CAMPARI MEXICO S.A. DE C.V<\/p>\n<p><strong>ADRESA<\/strong><\/p>\n<p>AVENIDA AMERICAS 1500 PISO G-B COLONIA COUNTRY CLUB, GUADALAJARA, JALISCO, MEXIKO<\/p><\/td>\n<\/tr>\n<tr>\n<td><p><strong>ZEM\u011a<\/strong><\/p>\n<p>NOV\u00dd Z\u00c9LAND<\/p>\n<p><strong>SUBJEKT<\/strong><\/p>\n<p>CAMPARI NEW ZEALAND LTD.<\/p>\n<p><strong>ADRESA<\/strong><\/p>\n<p>C\/O KPMG 18, VIADUCT HARBOUR AV., MARITIME SQUARE, AUCKLAND NOV\u00dd Z\u00c9LAND<\/p><\/td>\n<td><p><strong>ZEM\u011a<\/strong><\/p>\n<p>PERU<\/p>\n<p><strong>SUBJEKT<\/strong><\/p>\n<p>CAMPARI PERU SAC<\/p>\n<p><strong>ADRESA<\/strong><\/p>\n<p>AV. JORGE BASADRE NO.607, OFICINA 702, DISTRITO DE SAN ISIDRO, LIMA, PER\u00d9<\/p><\/td>\n<\/tr>\n<tr>\n<td><p><strong>ZEM\u011a<\/strong><\/p>\n<p>RUSKO<\/p>\n<p><strong>SUBJEKT<\/strong><\/p>\n<p>CAMPARI RUS OOO<\/p>\n<p><strong>ADRESA<\/strong><\/p>\n<p>2. JU\u017dNOPORTOVIJ PROEZD 14\/22, MOSKVA, RUSKO<\/p><\/td>\n<td><p><strong>ZEM\u011a<\/strong><\/p>\n<p>SINGAPUR<\/p>\n<p><strong>SUBJEKT<\/strong><\/p>\n<p>CAMPARI SINGAPORE PTE LTD.<\/p>\n<p><strong>ADRESA<\/strong><\/p>\n<p>152 BEACH ROAD, #28-05-08, GATEWAY EAST, SINGAPUR 189721<\/p><\/td>\n<\/tr>\n<tr>\n<td><p><strong>ZEM\u011a<\/strong><\/p>\n<p>JIHOAFRICK\u00c1 REPUBLIKA<\/p>\n<p><strong>SUBJEKT<\/strong><\/p>\n<p>CAMPARI SOUTH AFRICA PTY LTD.<\/p>\n<p><strong>ADRESA<\/strong><\/p>\n<p>12TH FLOOR, CLIFFE DEKER HOF-MEYR 11 BUITENGRACHT STREET, KAPSK\u00c9 M\u011aSTO, JIHOAFRICK\u00c1 REPUBLIKA<\/p><\/td>\n<td><p><strong>ZEM\u011a<\/strong><\/p>\n<p>\u0160PAN\u011aLSKO<\/p>\n<p><strong>SUBJEKT<\/strong><\/p>\n<p>CAMPARI ESPA\u00d1A S.L.<\/p>\n<p><strong>ADRESA<\/strong><\/p>\n<p>CALLE DE LA MARINA 16-18, PLANTA 29, BARCELONA<\/p><\/td>\n<\/tr>\n<tr>\n<td><p><strong>ZEM\u011a<\/strong><\/p>\n<p>\u0160V\u00ddCARSKO<\/p>\n<p><strong>SUBJEKT<\/strong><\/p>\n<p>CAMPARI SCHWEIZ A.G.<\/p>\n<p><strong>ADRESA<\/strong><\/p>\n<p>LINDENSTRASSE 8, BAAR<\/p><\/td>\n<td><p><strong>ZEM\u011a<\/strong><\/p>\n<p>SPOJEN\u00c9 KR\u00c1LOVSTV\u00cd<\/p>\n<p><strong>SUBJEKT<\/strong><\/p>\n<p>GLEN GRANT LTD.<\/p>\n<p><strong>ADRESA<\/strong><\/p>\n<p>UK Campari UK House of Campari UK14-16 Great Portland St, London W1W 8QW<\/p><\/td>\n<\/tr>\n<tr>\n<td><p><strong>ZEM\u011a<\/strong><\/p>\n<p>UKRAJINA<\/p>\n<p><strong>SUBJEKT<\/strong><\/p>\n<p>CAMPARI UKRAINE LLC<\/p>\n<p><strong>ADRESA<\/strong><\/p>\n<p>ULICE ILLINSKA 8, 5. PATRO, BUDOVY \u010c. 8 A 9, KYJEV, UKRAJINA<\/p><\/td>\n<td><\/td>\n<\/tr>\n<\/tbody>\n<\/table><\/figure>\n\n\n\n<h3 class=\"wp-block-heading\">Osobn\u00ed \u00fadaje, kter\u00e9 n\u00e1m poskytnete<\/h3>\n\n\n\n<p>V souvislosti s na\u0161\u00ed slu\u017ebou m\u016f\u017eeme shroma\u017e\u010fovat n\u00e1sleduj\u00edc\u00ed osobn\u00ed \u00fadaje, kter\u00e9 n\u00e1m poskytnete:<\/p>\n\n\n\n<p>\u00a0<\/p>\n\n\n\n<ul class=\"wp-block-list\">\n<li><strong>Ov\u011b\u0159ov\u00e1n\u00ed z\u00e1konn\u00e9ho v\u011bku pro konzumaci alkoholu<\/strong>: P\u0159i va\u0161\u00ed prvn\u00ed n\u00e1v\u0161t\u011bv\u011b na\u0161ich webov\u00fdch str\u00e1nek m\u016f\u017eeme shrom\u00e1\u017edit va\u0161e datum narozen\u00ed, abychom si potvrdili, \u017ee jste plnolet\u00ed.<\/li>\n<li><strong>Vytvo\u0159en\u00ed \u00fa\u010dtu a informace o profilu.<\/strong>\u00a0M\u016f\u017eeme shroma\u017e\u010fovat osobn\u00ed \u00fadaje, kter\u00e9 n\u00e1m poskytnete p\u0159i registraci \u00fa\u010dtu (podle toho, kter\u00e9 jsou k dispozici). Tyto informace zahrnuj\u00ed va\u0161e cel\u00e9 jm\u00e9no, e-mailovou adresu a heslo. Po vytvo\u0159en\u00ed \u00fa\u010dtu tak\u00e9 m\u016f\u017eete aktualizovat informace, kter\u00e9 jsou v n\u011bm uveden\u00e9, nap\u0159\u00edklad jm\u00e9no, telefonn\u00ed \u010d\u00edslo, e-mailovou adresu, datum narozen\u00ed a sv\u00e9 preference.<\/li>\n<li><strong>Rezervace:<\/strong>\u00a0P\u0159i online rezervaci v n\u011bkter\u00e9m z na\u0161ich zna\u010dkov\u00fdch podnik\u016f, nap\u0159\u00edklad p\u0159i rezervaci aperitivu nebo ve\u010de\u0159e, shroma\u017e\u010fujeme informace pot\u0159ebn\u00e9 k proveden\u00ed rezervace, kter\u00e9 mohou zahrnovat va\u0161e jm\u00e9no, p\u0159\u00edjmen\u00ed, \u010d\u00edslo mobiln\u00edho telefonu, e-mailovou adresu, po\u010det host\u016f a ve\u0161ker\u00e9 informace, kter\u00e9 uvedete v sekci pro pozn\u00e1mky (nap\u0159. preference, zvl\u00e1\u0161tn\u00ed po\u017eadavky).<\/li>\n<li><strong>Informace o platb\u011b:\u00a0<\/strong>Pokud se zaregistrujete k n\u011bkter\u00e9 z na\u0161ich slu\u017eeb, kter\u00e1 vy\u017eaduje platbu, nebo si zakoup\u00edte n\u011bkter\u00fd z na\u0161ich produkt\u016f, pak shroma\u017e\u010fujeme \u00fadaje poskytnut\u00e9 v souvislosti s danou platbou. Upozor\u0148ujeme, \u017ee ke zpracov\u00e1n\u00ed plateb prov\u00e1d\u011bn\u00fdch na n\u00e1\u0161 \u00fa\u010det vyu\u017e\u00edv\u00e1me zpracovatele plateb t\u0159et\u00edch stran. Z tohoto d\u016fvodu neuchov\u00e1v\u00e1me \u017e\u00e1dn\u00e9 osobn\u011b identifikovateln\u00e9 finan\u010dn\u00ed \u00fadaje, jako jsou \u010d\u00edsla kreditn\u00edch karet. Ve\u0161ker\u00e9 tyto \u00fadaje tedy poskytujete p\u0159\u00edmo na\u0161emu zpracovateli, kter\u00fd je t\u0159et\u00ed stranou. Pou\u017eit\u00ed va\u0161ich osobn\u00edch \u00fadaj\u016f zpracovatelem platby se \u0159\u00edd\u00ed jeho ozn\u00e1men\u00edm o ochran\u011b osobn\u00edch \u00fadaj\u016f.<\/li>\n<li><strong>Komunikace<\/strong>: Kdy\u017e n\u00e1s kontaktujete prost\u0159ednictv\u00edm jak\u00e9hokoli zp\u016fsobu komunikace, v\u010detn\u011b n\u011bkter\u00e9ho z kontaktn\u00edch formul\u00e1\u0159\u016f na na\u0161ich webov\u00fdch str\u00e1nk\u00e1ch, m\u016f\u017eeme shroma\u017e\u010fovat va\u0161e jm\u00e9no, e-mailovou adresu, po\u0161tovn\u00ed adresu, telefonn\u00ed \u010d\u00edslo, typ dotazu nebo jak\u00e9koli jin\u00e9 osobn\u00ed \u00fadaje, kter\u00e9 se n\u00e1m rozhodnete poskytnout.<\/li>\n<li><strong>Demografick\u00e9 \u00fadaje<\/strong>: Kdy\u017e vypln\u00edte n\u011bkterou z na\u0161ich anket nebo dotazn\u00edk\u016f pro pr\u016fzkum trhu, m\u016f\u017eeme shroma\u017e\u010fovat demografick\u00e9 \u00fadaje, v\u010detn\u011b va\u0161eho v\u011bku, pohlav\u00ed nebo ro\u010dn\u00edho p\u0159\u00edjmu, a dal\u0161\u00ed \u00fadaje o va\u0161em podnik\u00e1n\u00ed, v\u010detn\u011b nap\u0159\u00edklad va\u0161ich ro\u010dn\u00edch tr\u017eeb a c\u00edlov\u00e9 demografick\u00e9 skupiny. \u00dadaje, kter\u00e9 se budou shroma\u017e\u010fovat, z\u00e1vis\u00ed na konkr\u00e9tn\u00edm pr\u016fzkumu a konkr\u00e9tn\u00ed spole\u010dnosti v r\u00e1mci Campari Group, kter\u00e1 tento pr\u016fzkum prov\u00e1d\u00ed.<\/li>\n<li><strong>Zpravodaj \/ marketingov\u00e9 e-maily.\u00a0<\/strong>Pokud se u n\u00e1s p\u0159ihl\u00e1s\u00edte k odb\u011bru novinek nebo upozorn\u011bn\u00ed, m\u016f\u017eeme shroma\u017e\u010fovat v\u00e1\u0161 e-mail, p\u0159\u00edslu\u0161n\u00e9 z\u00e1jmy a komunika\u010dn\u00ed preference.\u00a0 Pokud si ji\u017e nep\u0159ejete od n\u00e1s dost\u00e1vat e-mailov\u00e9 zpr\u00e1vy, m\u016f\u017eete se od jejich odb\u011bru odhl\u00e1sit kliknut\u00edm na odkaz \u201eOdhl\u00e1sit odb\u011br\u201c na konci na\u0161ich e-mail\u016f.<\/li>\n<li><strong>Ud\u00e1losti, pr\u016fzkumy a propaga\u010dn\u00ed akce.<\/strong>\u00a0Pokud vypln\u00edte jak\u00fdkoli formul\u00e1\u0159 nebo se z\u00fa\u010dastn\u00edte akc\u00ed, pr\u016fzkum\u016f, sout\u011b\u017e\u00ed nebo jin\u00fdch promo akc\u00ed skupiny Campari Group, m\u016f\u017eeme shroma\u017e\u010fovat va\u0161e kontaktn\u00ed \u00fadaje (nap\u0159\u00edklad jm\u00e9no, e-mail a telefonn\u00ed \u010d\u00edslo, po\u0161tovn\u00ed sm\u011brovac\u00ed \u010d\u00edslo), va\u0161e demografick\u00e9 \u00fadaje a jak\u00e9koli dal\u0161\u00ed \u00fadaje po\u017eadovan\u00e9 ve formul\u00e1\u0159i, p\u0159i registraci nebo jako sou\u010d\u00e1st va\u0161\u00ed p\u0159ihl\u00e1\u0161ky do sout\u011b\u017ee, v\u010detn\u011b fotografi\u00ed nebo vide\u00ed (podle pot\u0159eby). P\u0159\u00edle\u017eitostn\u011b m\u016f\u017eeme tak\u00e9 shroma\u017e\u010fovat va\u0161e dodac\u00ed a faktura\u010dn\u00ed \u00fadaje, nap\u0159\u00edklad pokud jste v\u00fdhercem sout\u011b\u017ee nebo si zakoup\u00edte na\u0161e produkty \u010di slu\u017eby (pokud jsou k dispozici). Pokud jste sou\u010d\u00e1st\u00ed na\u0161\u00ed akce nebo jste na\u0161\u00edm marketingov\u00fdm partnerem, m\u016f\u017eeme tak\u00e9 shroma\u017e\u010fovat va\u0161e osobn\u00ed \u00fadaje v\u010detn\u011b va\u0161eho jm\u00e9na, firemn\u00edho e-mailu a firemn\u00ed adresy.<\/li>\n<li><strong>Informace o zp\u011btn\u00e9 vazb\u011b<\/strong>: M\u016f\u017eeme tak\u00e9 shroma\u017e\u010fovat zp\u011btnou vazbu a hodnocen\u00ed, kter\u00e9 n\u00e1m poskytnete v souvislosti s na\u0161imi slu\u017ebami nebo produkty.<\/li>\n<li><strong>Kontaktn\u00ed \u00fadaje obchodn\u00edch z\u00e1stupc\u016f:<\/strong>\u00a0Jste-li obchodn\u00edm z\u00e1stupcem, pak shroma\u017e\u010fujeme va\u0161e \u00fadaje v souvislosti s pln\u011bn\u00edm smlouvy nebo potenci\u00e1ln\u00ed smlouvy s n\u00e1mi. Tyto \u00fadaje mohou zahrnovat va\u0161e jm\u00e9no, p\u0159\u00edjmen\u00ed, kontaktn\u00ed \u00fadaje spole\u010dnosti (nap\u0159. e-mail, telefon, adresu), pracovn\u00ed pozici a dal\u0161\u00ed \u00fadaje souvisej\u00edc\u00ed s pln\u011bn\u00edm smlouvy s n\u00e1mi.<\/li>\n<\/ul>\n\n\n\n<p>\u00a0<\/p>\n\n\n\n<p>A\u010dkoli v\u00fd\u0161e popsan\u00e9 osobn\u00ed \u00fadaje \u010dasto shroma\u017e\u010fujeme p\u0159\u00edmo od v\u00e1s, shroma\u017e\u010fujeme je tak\u00e9 prost\u0159ednictv\u00edm poskytovatel\u016f slu\u017eeb a dal\u0161\u00edch t\u0159et\u00edch stran, kter\u00e9 je shroma\u017e\u010fuj\u00ed na\u0161\u00edm jm\u00e9nem, jako jsou poskytovatel\u00e9 komunika\u010dn\u00edch slu\u017eeb, poskytovatel\u00e9 analytick\u00fdch slu\u017eeb, poskytovatel\u00e9 pr\u016fzkum\u016f, sout\u011b\u017e\u00ed a propaga\u010dn\u00edch akc\u00ed a poskytovatel\u00e9 marketingov\u00fdch slu\u017eeb. Pro v\u00edce informac\u00ed si pros\u00edm p\u0159e\u010dt\u011bte sekci\u00a0<strong>Osobn\u00ed \u00fadaje z jin\u00fdch zdroj\u016f a od t\u0159et\u00edch stran<\/strong>.<\/p>\n\n\n\n<h3 class=\"wp-block-heading\">Automaticky shroma\u017e\u010fovan\u00e9 osobn\u00ed \u00fadaje<\/h3>\n\n\n\n<p>Stejn\u011b jako u v\u011bt\u0161iny digit\u00e1ln\u00edch platforem, i my a na\u0161i poskytovatel\u00e9 a partne\u0159i t\u0159et\u00edch stran automaticky shroma\u017e\u010fujeme ur\u010dit\u00e9 osobn\u00ed \u00fadaje, kdy\u017e nav\u0161t\u00edv\u00edte na\u0161i slu\u017ebu nebo ji pou\u017e\u00edv\u00e1te:<\/p>\n\n\n\n<p>\u00a0<\/p>\n\n\n\n<ul class=\"wp-block-list\">\n<li><strong>Data protokolu:<\/strong>\u00a0Zahrnuj\u00ed va\u0161i adresu internetov\u00e9ho protokolu (IP), opera\u010dn\u00ed syst\u00e9m, typ prohl\u00ed\u017ee\u010de, ID prohl\u00ed\u017ee\u010de, zadan\u00e9 adresy URL a odkazuj\u00edc\u00ed str\u00e1nky\/kampan\u011b, datum\/\u010das va\u0161\u00ed n\u00e1v\u0161t\u011bvy, \u010das, kter\u00fd jste na na\u0161ich slu\u017eb\u00e1ch str\u00e1vili, a p\u0159\u00edpadn\u00e9 chyby, kter\u00e9 se b\u011bhem va\u0161\u00ed n\u00e1v\u0161t\u011bvy na\u0161ich slu\u017eeb vyskytly. Vezm\u011bte pros\u00edm na v\u011bdom\u00ed, \u017ee na\u0161e syst\u00e9my mohou tak\u00e9 zaznamen\u00e1vat osobn\u00ed \u00fadaje, kter\u00e9 zad\u00e1te na na\u0161ich webov\u00fdch str\u00e1nk\u00e1ch a v jin\u00fdch online slu\u017eb\u00e1ch, i kdy\u017e se je rozhodnete neodeslat.<\/li>\n<li><strong>Analytick\u00e1 data:<\/strong>\u00a0Zahrnuj\u00ed elektronick\u00e9 cesty, pomoc\u00ed kter\u00fdch se dost\u00e1v\u00e1te k na\u0161im slu\u017eb\u00e1m, pomoc\u00ed kter\u00fdch se navigujete na\u0161imi slu\u017ebami a pomoc\u00ed kter\u00fdch na\u0161e slu\u017eby opou\u0161t\u00edte, jako jsou odkazy, objekty, produkty a v\u00fdhody, kter\u00e9 si prohl\u00e9dnete, na kter\u00e9 klik\u00e1te nebo kter\u00e9 jinak pou\u017e\u00edv\u00e1te (zn\u00e1m\u00e9 tak\u00e9 jako \u201e<strong>clickstreamov\u00e1 data<\/strong>\u201c) a tak\u00e9 va\u0161e pou\u017e\u00edv\u00e1n\u00ed na\u0161ich slu\u017eeb a va\u0161i aktivitu v nich.\u00a0 Na\u0161e e-maily tak\u00e9 mohou obsahovat sledovac\u00ed pixely, kter\u00e9 identifikuj\u00ed, zda a kdy jste otev\u0159eli e-mail, kter\u00fd jsme v\u00e1m zaslali, kolikr\u00e1t jste si jej p\u0159e\u010detli a zda jste v tomto e-mailu klikli na n\u011bjak\u00fd odkaz. To n\u00e1m pom\u00e1h\u00e1 m\u011b\u0159it \u00fa\u010dinnost na\u0161ich e-mailov\u00fdch marketingov\u00fdch kampan\u00ed, p\u0159izp\u016fsobit e-maily, kter\u00e9 v\u00e1m pos\u00edl\u00e1me, va\u0161im z\u00e1jm\u016fm a zjistit, zda jste si otev\u0159eli a p\u0159e\u010detli d\u016fle\u017eit\u00e9 administrativn\u00ed e-maily, kter\u00e9 v\u00e1m p\u0159\u00edpadn\u011b m\u016f\u017eeme zaslat.<\/li>\n<li><strong>\u00dadaje o poloze:<\/strong>\u00a0V\u010detn\u011b va\u0161\u00ed obecn\u00e9 zem\u011bpisn\u00e9 polohy na z\u00e1klad\u011b shrom\u00e1\u017ed\u011bn\u00fdch dat protokolu.<\/li>\n<li><strong>Data aplikace:<\/strong>\u00a0N\u011bkter\u00e9 z na\u0161ich slu\u017eeb nab\u00edzej\u00ed mobiln\u00ed aplikace nebo aplikace v prohl\u00ed\u017ee\u010di, kter\u00e9 v\u00e1m umo\u017en\u00ed vyu\u017e\u00edvat na\u0161e slu\u017eby na cest\u00e1ch nebo p\u0159i n\u00e1v\u0161t\u011bv\u011b webov\u00fdch str\u00e1nek t\u0159et\u00edch stran a dal\u0161\u00edch online slu\u017eeb.\u00a0 N\u011bkter\u00e9 z t\u011bchto aplikac\u00ed n\u00e1m tak\u00e9 umo\u017e\u0148uj\u00ed p\u0159\u00edstup k p\u0159esn\u011bj\u0161\u00edm \u00fadaj\u016fm o va\u0161\u00ed poloze a shroma\u017e\u010fovat informace o va\u0161em pou\u017e\u00edv\u00e1n\u00ed webov\u00fdch str\u00e1nek a online slu\u017eeb t\u0159et\u00edch stran (v\u010detn\u011b produkt\u016f a slu\u017eeb, o kter\u00e9 m\u00e1te z\u00e1jem nebo kter\u00e9 si zakoup\u00edte) a o va\u0161\u00ed interakci s nimi, abychom v\u00e1m tak mohli poskytnout lep\u0161\u00ed slu\u017eby.<\/li>\n<li><strong>Reklamn\u00ed \u00fadaje<\/strong>: takt\u00e9\u017e shroma\u017e\u010fujeme a pou\u017e\u00edv\u00e1me n\u011bkter\u00e1 data protokolu a analytick\u00e1 data (s va\u0161\u00edm souhlasem, p\u0159\u00edpadn\u011b podle toho, jak to vy\u017eaduj\u00ed platn\u00e9 z\u00e1kony), abychom mohli v\u00e9st reklamn\u00ed kampan\u011b, co\u017e zahrnuje zobrazov\u00e1n\u00ed c\u00edlen\u00fdch reklam, pomoc\u00ed reklamn\u00edch s\u00edt\u00ed, spole\u010dnost\u00ed provozuj\u00edc\u00edch soci\u00e1ln\u00ed m\u00e9dia a dal\u0161\u00edch slu\u017eeb t\u0159et\u00edch stran. Dal\u0161\u00ed informace o t\u011bchto praktik\u00e1ch naleznete v na\u0161ich\u00a0<strong>z\u00e1sad\u00e1ch pou\u017e\u00edv\u00e1n\u00ed soubor\u016f cookie<\/strong>.<\/li>\n<\/ul>\n\n\n\n<p>\u00a0<\/p>\n\n\n\n<p>My a na\u0161i poskytovatel\u00e9 t\u0159et\u00edch stran m\u016f\u017eeme k automatick\u00e9mu shroma\u017e\u010fov\u00e1n\u00ed t\u011bchto osobn\u00edch \u00fadaj\u016f pou\u017e\u00edvat (i) soubory cookie, co\u017e jsou mal\u00e9 datov\u00e9 soubory, kter\u00e9 jsou ulo\u017eeny v po\u010d\u00edta\u010di jednotlivce, a (ii) dal\u0161\u00ed souvisej\u00edc\u00ed technologie, jako jsou webov\u00e9 maj\u00e1ky, sledovac\u00ed pixely, vlo\u017een\u00e9 skripty, technologie pro ur\u010dov\u00e1n\u00ed polohy a technologie logov\u00e1n\u00ed (souhrnn\u011b jako \u201e<strong>soubory cookie<\/strong>\u201c).<\/p>\n\n\n\n<p>\u00a0<\/p>\n\n\n\n<p>Dal\u0161\u00ed informace o t\u011bchto praktik\u00e1ch a va\u0161ich mo\u017enostech ohledn\u011b soubor\u016f cookie naleznete v na\u0161ich\u00a0<strong>z\u00e1sad\u00e1ch pou\u017e\u00edv\u00e1n\u00ed soubor\u016f cookie<\/strong>.<\/p>\n\n\n\n<h3 class=\"wp-block-heading\">Osobn\u00ed \u00fadaje z jin\u00fdch zdroj\u016f a od t\u0159et\u00edch stran<\/h3>\n\n\n\n<p>Osobn\u00ed \u00fadaje m\u016f\u017eeme z\u00edsk\u00e1vat tak\u00e9 od t\u0159et\u00edch stran a z jin\u00fdch zdroj\u016f, a tyto \u00fadaje pak \u010dasto kombinujeme s osobn\u00edmi \u00fadaji, kter\u00e9 shroma\u017e\u010fujeme bu\u010f automaticky nebo p\u0159\u00edmo od jednotlivce.<\/p>\n\n\n\n<p>\u00a0<\/p>\n\n\n\n<p>Kategorie osobn\u00edch \u00fadaj\u016f, kter\u00e9 jsou pops\u00e1ny v\u00fd\u0161e, m\u016f\u017eeme z\u00edskat i od n\u00e1sleduj\u00edc\u00edch t\u0159et\u00edch stran:<\/p>\n\n\n\n<p>\u00a0<\/p>\n\n\n\n<ul class=\"wp-block-list\">\n<li><strong>Skupina Campari Group<\/strong>: Osobn\u00ed \u00fadaje m\u016f\u017eeme shroma\u017e\u010fovat od jin\u00fdch spole\u010dnost\u00ed vlastn\u011bn\u00fdch nebo \u0159\u00edzen\u00fdch skupinou Campari Group a od jin\u00fdch spole\u010dnost\u00ed vlastn\u011bn\u00fdch nebo ve spole\u010dn\u00e9m vlastnictv\u00ed se skupinou Campari Group, co\u017e zahrnuje i na\u0161e dce\u0159in\u00e9 spole\u010dnosti (tj. v\u0161echny organizace, kter\u00e9 vlastn\u00edme nebo \u0159\u00edd\u00edme) nebo na\u0161i hlavn\u00ed mate\u0159skou spole\u010dnost (tj. v\u0161echny organizace, kter\u00e9 n\u00e1s vlastn\u00ed nebo \u0159\u00edd\u00ed) a v\u0161echny dce\u0159in\u00e9 spole\u010dnosti, kter\u00e9 tato mate\u0159sk\u00e1 spole\u010dnost vlastn\u00ed, zejm\u00e9na pokud s danou spole\u010dnost\u00ed spolupracujeme na poskytov\u00e1n\u00ed slu\u017eeb.<\/li>\n<li><strong>Soci\u00e1ln\u00ed m\u00e9dia<\/strong>: Pokud jednotlivec komunikuje s na\u0161imi slu\u017ebami prost\u0159ednictv\u00edm r\u016fzn\u00fdch soci\u00e1ln\u00edch s\u00edt\u00ed, jako nap\u0159\u00edklad kdy\u017e n\u00e1s n\u011bkdo \u201elajkuje\u201c na Facebooku nebo n\u00e1s sleduje \u010di sd\u00edl\u00ed n\u00e1\u0161 obsah na Googlu, Facebooku, Twitteru nebo na jin\u00fdch soci\u00e1ln\u00edch s\u00edt\u00edch, nap\u0159\u00edklad prost\u0159ednictv\u00edm tla\u010d\u00edtek pro sd\u00edlen\u00ed na\u0161ich webov\u00fdch str\u00e1nek, pak m\u016f\u017eeme z\u00edskat n\u011bkter\u00e9 \u00fadaje o dan\u00e9m jednotlivci, kter\u00e9 tento jednotlivec soci\u00e1ln\u00ed s\u00edti povolil sd\u00edlet s t\u0159et\u00edmi stranami. \u00dadaje, kter\u00e9 obdr\u017e\u00edme, z\u00e1vis\u00ed na nastaven\u00ed soukrom\u00ed jednotlivce na p\u0159\u00edslu\u0161n\u00e9 soci\u00e1ln\u00ed s\u00edti. Jednotlivci by si v\u017edy m\u011bli zkontrolovat a p\u0159\u00edpadn\u011b upravit sv\u00e1 nastaven\u00ed soukrom\u00ed na webov\u00fdch str\u00e1nk\u00e1ch t\u0159et\u00edch stran a v s\u00edt\u00edch a slu\u017eb\u00e1ch soci\u00e1ln\u00edch m\u00e9di\u00ed, ne\u017e s nimi za\u010dnou sd\u00edlet sv\u00e9 \u00fadaje nebo je propojovat s jin\u00fdmi slu\u017ebami.<\/li>\n<li><strong>Poskytovatel\u00e9 slu\u017eeb<\/strong>: Na\u0161i poskytovatel\u00e9 slu\u017eeb, jako jsou nap\u0159\u00edklad chatovac\u00ed slu\u017eby, zpracovatel\u00e9 v\u00fdplat a poskytovatel\u00e9 marketingov\u00fdch slu\u017eeb, kte\u0159\u00ed poskytuj\u00ed slu\u017eby v\u00fdhradn\u011b na\u0161\u00edm jm\u00e9nem, shroma\u017e\u010fuj\u00ed osobn\u00ed \u00fadaje a \u010dasto s n\u00e1mi n\u011bkter\u00e9 nebo v\u0161echny tyto \u00fadaje sd\u00edlej\u00ed.<\/li>\n<li><strong>Poskytovatel\u00e9 \u00fadaj\u016f<\/strong>: \u010cas od \u010dasu m\u016f\u017eeme z\u00edskat \u00fadaje od poskytovatel\u016f \u00fadaj\u016f t\u0159et\u00edch stran, abychom opravili nebo doplnili osobn\u00ed \u00fadaje, kter\u00e9 shroma\u017e\u010fujeme. Od poskytovatel\u016f \u00fadaj\u016f t\u0159et\u00edch stran m\u016f\u017eeme nap\u0159\u00edklad z\u00edskat aktualizovan\u00e9 kontaktn\u00ed \u00fadaje, abychom se mohli s danou osobou znovu spojit.<\/li>\n<li><strong>Informace z jin\u00fdch zdroj\u016f<\/strong>: M\u016f\u017eeme tak\u00e9 shroma\u017e\u010fovat osobn\u00ed \u00fadaje o osob\u00e1ch, kter\u00e9 jinak nem\u00e1me k dispozici, nap\u0159\u00edklad z ve\u0159ejn\u011b dostupn\u00fdch zdroj\u016f, od poskytovatel\u016f \u00fadaj\u016f t\u0159et\u00edch stran, z\u00e1kazn\u00edk\u016f, obchodn\u00edch partner\u016f nebo prost\u0159ednictv\u00edm transakc\u00ed, jako jsou f\u00faze a akvizice. Tyto \u00fadaje mohou zahrnovat kontaktn\u00ed \u00fadaje a informace o z\u00e1jmu o slu\u017eby. Tyto \u00fadaje m\u016f\u017eeme zkombinovat s \u00fadaji, kter\u00e9 shroma\u017e\u010fujeme p\u0159\u00edmo od jednotlivce, a pokud to vy\u017eaduj\u00ed platn\u00e9 pr\u00e1vn\u00ed p\u0159edpisy, vy\u017e\u00e1d\u00e1me si k tomu souhlas. Tyto \u00fadaje pou\u017e\u00edv\u00e1me ke kontaktov\u00e1n\u00ed osob, k zas\u00edl\u00e1n\u00ed reklamn\u00edch nebo propaga\u010dn\u00edch materi\u00e1l\u016f nebo k personalizaci na\u0161ich slu\u017eeb a k lep\u0161\u00edmu pochopen\u00ed demografick\u00fdch \u00fadaj\u016f osob, se kter\u00fdmi komunikujeme.<\/li>\n<\/ul>\n\n\n\n<p>\u00a0<\/p>\n\n\n\n<p>Ve v\u0161ech t\u011bchto p\u0159\u00edpadech se zach\u00e1zen\u00ed s va\u0161imi osobn\u00edmi \u00fadaji \u0159\u00edd\u00ed na\u0161\u00edm ozn\u00e1men\u00edm o ochran\u011b osobn\u00edch \u00fadaj\u016f. Vezm\u011bte pros\u00edm na v\u011bdom\u00ed, \u017ee nem\u00e1me kontrolu nad osobn\u00edmi \u00fadaji, kter\u00e9 t\u0159et\u00ed strany shroma\u017e\u010fuj\u00ed, ani nad t\u00edm, jak tyto osobn\u00ed \u00fadaje pou\u017e\u00edvaj\u00ed. Pro v\u00edce informac\u00ed o tom, jak\u00fdm zp\u016fsobem tyto t\u0159et\u00ed strany shroma\u017e\u010fuj\u00ed, pou\u017e\u00edvaj\u00ed a sd\u00edlej\u00ed \u00fadaje, kter\u00e9 z\u00edsk\u00e1vaj\u00ed a pou\u017e\u00edvaj\u00ed, byste si m\u011bli prostudovat jejich z\u00e1sady ochrany osobn\u00edch \u00fadaj\u016f.<\/p>\n\n\n\n<h3 class=\"wp-block-heading\">1.2 JAK POU\u017d\u00cdV\u00c1ME VA\u0160E OSOBN\u00cd \u00daDAJE<\/h3>\n\n\n\n<p>Osobn\u00ed \u00fadaje, kter\u00e9 shroma\u017e\u010fujeme, pou\u017e\u00edv\u00e1me ke:<\/p>\n\n\n\n<p>\u00a0<\/p>\n\n\n\n<ul class=\"wp-block-list\">\n<li>Spln\u011bn\u00ed d\u016fvodu, pro kter\u00fd byly tyto \u00fadaje poskytnuty, jako je pln\u011bn\u00ed na\u0161ich smluvn\u00edch z\u00e1vazk\u016f, poskytov\u00e1n\u00ed slu\u017eeb, o kter\u00e9 jste si za\u017e\u00e1dali, a to v\u010detn\u011b zprost\u0159edkov\u00e1n\u00ed va\u0161ich zpr\u00e1v ostatn\u00edm u\u017eivatel\u016fm nebo skupin\u00e1m;<\/li>\n<li>\u0159\u00edzen\u00ed na\u0161\u00ed organizace a jej\u00edho ka\u017edodenn\u00edho provozu;<\/li>\n<li>komunikaci s jednotlivci, a to i prost\u0159ednictv\u00edm e-mailu, textov\u00fdch zpr\u00e1v, aplikac\u00ed pro zas\u00edl\u00e1n\u00ed zpr\u00e1v, soci\u00e1ln\u00edch m\u00e9di\u00ed nebo telefonn\u00edch hovor\u016f a videokonferenc\u00ed;<\/li>\n<li>nab\u00edzen\u00ed na\u0161ich slu\u017eeb jednotlivc\u016fm, a to i prost\u0159ednictv\u00edm e-mailu, po\u0161ty, telefonu nebo textov\u00fdch zpr\u00e1v, soci\u00e1ln\u00edch m\u00e9di\u00ed a reklamn\u00edch s\u00edt\u00ed, aplikac\u00ed pro zas\u00edl\u00e1n\u00ed zpr\u00e1v a videokonferenc\u00ed;<\/li>\n<li>spr\u00e1v\u011b, vylep\u0161en\u00ed a personalizaci na\u0161ich slu\u017eeb, v\u010detn\u011b rozpozn\u00e1n\u00ed jednotlivce a zapamatov\u00e1n\u00ed si jeho \u00fadaj\u016f, kdykoliv se vr\u00e1t\u00ed k na\u0161im slu\u017eb\u00e1m;<\/li>\n<li>zpracov\u00e1v\u00e1n\u00ed plateb za na\u0161e slu\u017eby;<\/li>\n<li>zprost\u0159edkov\u00e1n\u00ed v\u00fdhod a slu\u017eeb pro u\u017eivatele, v\u010detn\u011b z\u00e1kaznick\u00e9 podpory;<\/li>\n<li>identifikaci a anal\u00fdze toho, jak jednotlivci vyu\u017e\u00edvaj\u00ed na\u0161e slu\u017eby;<\/li>\n<li>prov\u00e1d\u011bn\u00ed pr\u016fzkumu a anal\u00fdzy na\u0161\u00ed klientsk\u00e9 z\u00e1kladny a na\u0161ich slu\u017eeb;<\/li>\n<li>zlep\u0161ov\u00e1n\u00ed a p\u0159izp\u016fsoben\u00ed na\u0161ich slu\u017eeb pot\u0159eb\u00e1m a z\u00e1jm\u016fm na\u0161ich u\u017eivatel\u016f a dal\u0161\u00edch osob, se kter\u00fdmi komunikujeme;<\/li>\n<li>testov\u00e1n\u00ed, vylep\u0161ov\u00e1n\u00ed, aktualizaci a monitorov\u00e1n\u00ed slu\u017eeb nebo diagnostice \u010di odstra\u0148ov\u00e1n\u00ed technologick\u00fdch probl\u00e9m\u016f;<\/li>\n<li>udr\u017eov\u00e1n\u00ed bezpe\u010dnosti, zabezpe\u010den\u00ed a integrity na\u0161eho majetku, slu\u017eeb, technologick\u00fdch za\u0159\u00edzen\u00ed a podnik\u00e1n\u00ed;<\/li>\n<li>prosazov\u00e1n\u00ed na\u0161ich\u00a0<strong>podm\u00ednek poskytov\u00e1n\u00ed slu\u017eby<\/strong>, \u0159e\u0161en\u00ed spor\u016f, pln\u011bn\u00ed na\u0161ich povinnost\u00ed, vym\u00e1h\u00e1n\u00ed na\u0161ich pr\u00e1v a ochran\u011b na\u0161ich obchodn\u00edch z\u00e1jm\u016f a z\u00e1jm\u016f a pr\u00e1v t\u0159et\u00edch stran;<\/li>\n<li>obhajob\u011b, ochran\u011b nebo vym\u00e1h\u00e1n\u00ed na\u0161ich pr\u00e1v nebo platn\u00fdch smluv a dohod;<\/li>\n<li>prevenci, vy\u0161et\u0159ov\u00e1n\u00ed nebo oznamov\u00e1n\u00ed podvod\u016f nebo nez\u00e1konn\u00e9 \u010di trestn\u00e9 \u010dinnosti;<\/li>\n<li>spln\u011bn\u00ed jak\u00e9hokoli jin\u00e9ho \u00fa\u010delu, pro kter\u00fd jste poskytli sv\u00e9 osobn\u00ed \u00fadaje; a<\/li>\n<li>dodr\u017eov\u00e1n\u00ed pr\u00e1vn\u00edch povinnost\u00ed.<\/li>\n<\/ul>\n\n\n\n<p>\u00a0<\/p>\n\n\n\n<p>Pokud se n\u00e1s jednotlivec rozhodne kontaktovat, je mo\u017en\u00e9, \u017ee budeme pot\u0159ebovat dal\u0161\u00ed informace, abychom splnili jeho po\u017eadavek nebo odpov\u011bd\u011bli na jeho dotazy. Pokud rozsah va\u0161eho dotazu nebo po\u017eadavku nebo rozsah osobn\u00edch \u00fadaj\u016f, kter\u00e9 vy\u017eadujeme, spad\u00e1 mimo rozsah tohoto ozn\u00e1men\u00ed o ochran\u011b osobn\u00edch \u00fadaj\u016f, m\u016f\u017eeme v\u00e1m poskytnout dal\u0161\u00ed informace t\u00fdkaj\u00edc\u00ed se ochrany osobn\u00edch \u00fadaj\u016f. V takov\u00e9m p\u0159\u00edpad\u011b bude toto dodate\u010dn\u00e9 ozn\u00e1men\u00ed o ochran\u011b osobn\u00edch \u00fadaj\u016f upravovat zp\u016fsob, jak\u00fdm m\u016f\u017eeme zpracov\u00e1vat \u00fadaje, kter\u00e9 jste n\u00e1m v dan\u00e9m okam\u017eiku poskytli.<\/p>\n\n\n\n<h3 class=\"wp-block-heading\">1.3 JAK SD\u00cdL\u00cdME OSOBN\u00cd \u00daDAJE<\/h3>\n\n\n\n<p>Osobn\u00ed \u00fadaje m\u016f\u017eeme tak\u00e9 sd\u00edlet, p\u0159ed\u00e1vat, sd\u011blit, zp\u0159\u00edstup\u0148ovat, zve\u0159ej\u0148ovat a poskytovat t\u0159et\u00edm stran\u00e1m tak, jak je pops\u00e1no n\u00ed\u017ee.<\/p>\n\n\n\n<p>\u00a0<\/p>\n\n\n\n<ul class=\"wp-block-list\">\n<li><strong>Poskytovatel\u00e9 slu\u017eeb:\u00a0<\/strong>Osobn\u00ed \u00fadaje sd\u00edl\u00edme s dodavateli a poskytovateli slu\u017eeb t\u0159et\u00edch stran, kte\u0159\u00ed na\u0161\u00edm jm\u00e9nem poskytuj\u00ed slu\u017eby, je\u017e podl\u00e9haj\u00ed p\u0159im\u011b\u0159en\u00fdm podm\u00ednk\u00e1m d\u016fv\u011brnosti a kter\u00e9 mohou zahrnovat zpracov\u00e1n\u00ed plateb, poskytov\u00e1n\u00ed webhostingu a slu\u017eeb \u00fadr\u017eby, poskytovatele technologick\u00e9 podpory, spr\u00e1vu rezervac\u00ed, poskytovatele e-mailov\u00e9 komunikace, poskytovatele analytick\u00fdch slu\u017eeb, poskytovatele datov\u00fdch \u00falo\u017ei\u0161\u0165, spr\u00e1vu sout\u011b\u017e\u00ed a poskytovatele webhostingu a videohostingu a v\u00fdvoj\u00e1\u0159e.<\/li>\n<li><strong>Skupina Campari Group:\u00a0<\/strong>\u00dadaje m\u016f\u017eeme sd\u00edlet s dal\u0161\u00edmi spole\u010dnostmi a zna\u010dkami vlastn\u011bn\u00fdmi nebo \u0159\u00edzen\u00fdmi skupinou Campari Group a dal\u0161\u00edmi spole\u010dnostmi vlastn\u011bn\u00fdmi nebo ve spole\u010dn\u00e9m vlastnictv\u00ed se skupinou Campari Group. Tyto spole\u010dnosti budou va\u0161e osobn\u00ed \u00fadaje pou\u017e\u00edvat stejn\u00fdm zp\u016fsobem, jak\u00fdm je m\u016f\u017eeme pou\u017e\u00edvat my podle tohoto ozn\u00e1men\u00ed o ochran\u011b osobn\u00edch \u00fadaj\u016f.<\/li>\n<li><strong>Obchodn\u00ed partne\u0159i:\u00a0<\/strong>Osobn\u00ed \u00fadaje m\u016f\u017eeme sd\u011blit na\u0161im obchodn\u00edm partner\u016fm a dal\u0161\u00edm zainteresovan\u00fdm subjekt\u016fm pro transak\u010dn\u00ed a marketingov\u00e9 \u00fa\u010dely, v\u010detn\u011b propagace jejich vlastn\u00edch produkt\u016f nebo slu\u017eeb. Osobn\u00ed \u00fadaje m\u016f\u017eeme nap\u0159\u00edklad sd\u011blit obchodn\u00edm partner\u016fm za \u00fa\u010delem zaji\u0161t\u011bn\u00ed akc\u00ed, sout\u011b\u017e\u00ed, loteri\u00ed nebo program\u016f pro doporu\u010dov\u00e1n\u00ed, kter\u00fdch se rozhodnete z\u00fa\u010dastnit. V takov\u00fdch p\u0159\u00edpadech se na zpracov\u00e1n\u00ed va\u0161ich osobn\u00edch \u00fadaj\u016f vztahuje ozn\u00e1men\u00ed o ochran\u011b osobn\u00edch \u00fadaj\u016f p\u0159\u00edslu\u0161n\u00fdch obchodn\u00edch partner\u016f.<\/li>\n<li><strong>Poskytovatel\u00e9 datov\u00e9 analytiky:<\/strong>\u00a0Osobn\u00ed \u00fadaje m\u016f\u017eeme sd\u00edlet s poskytovateli datov\u00e9 analytiky, kte\u0159\u00ed analyzuj\u00ed statistiky a trendy t\u00fdkaj\u00edc\u00ed se pou\u017e\u00edv\u00e1n\u00ed na\u0161ich slu\u017eeb a aktivit s nimi spojen\u00fdch.\u00a0 Tito poskytovatel\u00e9 datov\u00e9 analytiky vytv\u00e1\u0159ej\u00ed zpr\u00e1vy a n\u00e1vrhy pro na\u0161i z\u00e1kaznickou a obchodn\u00ed strategii na z\u00e1klad\u011b analyzovan\u00fdch osobn\u00edch \u00fadaj\u016f a dal\u0161\u00edch informac\u00ed.<\/li>\n<li><strong>Internetov\u00ed reklamn\u00ed partne\u0159i:\u00a0<\/strong>Osobn\u00ed \u00fadaje m\u016f\u017eeme tak\u00e9 sd\u00edlet s reklamn\u00edmi s\u00edt\u011bmi nebo t\u011bmto partner\u016fm umo\u017enit, aby od v\u00e1s shroma\u017e\u010fovali \u00fadaje p\u0159\u00edmo na na\u0161ich webov\u00fdch str\u00e1nk\u00e1ch a umo\u017enili tak zobrazov\u00e1n\u00ed online reklamy, a to nap\u0159\u00edklad poskytovatel\u016fm vyhled\u00e1va\u010d\u016f nebo reklamy na soci\u00e1ln\u00edch s\u00edt\u00edch, aby tak v\u00e1m nebo skupin\u00e1m jin\u00fdch u\u017eivatel\u016f, kte\u0159\u00ed maj\u00ed podobn\u00e9 rysy, jako jsou pravd\u011bpodobn\u00e9 komer\u010dn\u00ed z\u00e1jmy a demografick\u00e9 \u00fadaje, zobrazovali c\u00edlen\u00e9 reklamy na platform\u00e1ch t\u0159et\u00edch stran. Dal\u0161\u00ed informace, v\u010detn\u011b toho, jak se odhl\u00e1sit z reklamy zalo\u017een\u00e9 na z\u00e1jmech, naleznete v na\u0161ich\u00a0<strong>z\u00e1sad\u00e1ch pou\u017e\u00edv\u00e1n\u00ed soubor\u016f cookie<\/strong>.<\/li>\n<li><strong>Obchodn\u00ed transakce:\u00a0<\/strong>Ve\u0161ker\u00e9 shrom\u00e1\u017ed\u011bn\u00e9 \u00fadaje m\u016f\u017eeme p\u0159edat v p\u0159\u00edpad\u011b, \u017ee prod\u00e1me nebo p\u0159evedeme cel\u00fd n\u00e1\u0161 podnik, v\u0161echny na\u0161e aktiva nebo jejich \u010d\u00e1st (v\u010detn\u011b jak\u00fdchkoli pod\u00edl\u016f ve spole\u010dnosti) nebo jakoukoli \u010d\u00e1st \u010di kombinaci na\u0161ich produkt\u016f, slu\u017eeb, podnik\u016f nebo aktiv. Pokud k takov\u00e9 transakci dojde (a\u0165 u\u017e se jedn\u00e1 o zbaven\u00ed se majetku, f\u00fazi, akvizici, konkurz, zru\u0161en\u00ed, reorganizaci, likvidaci nebo podobnou transakci \u010di \u0159\u00edzen\u00ed), vynalo\u017e\u00edme p\u0159im\u011b\u0159en\u00e9 \u00fasil\u00ed, abychom zajistili, \u017ee s ve\u0161ker\u00fdmi p\u0159eveden\u00fdmi \u00fadaji bude zach\u00e1zeno v souladu s t\u00edmto ozn\u00e1men\u00edm o ochran\u011b osobn\u00edch \u00fadaj\u016f.<\/li>\n<li><strong>Z\u00e1konn\u00e9 povinnosti a pr\u00e1va:\u00a0<\/strong>Osobn\u00ed \u00fadaje m\u016f\u017eeme sd\u011blit t\u0159et\u00edm stran\u00e1m, nap\u0159\u00edklad pr\u00e1vn\u00edm poradc\u016fm a org\u00e1n\u016fm \u010dinn\u00fdm v trestn\u00edm \u0159\u00edzen\u00ed:\u00a0<\/li>\n<li><strong>S va\u0161\u00edm souhlasem:\u00a0<\/strong>Osobn\u00ed \u00fadaje o jednotlivci m\u016f\u017eeme s jeho souhlasem nebo na jeho pokyn zp\u0159\u00edstupnit n\u011bkter\u00fdm t\u0159et\u00edm stran\u00e1m nebo zve\u0159ejnit. Se souhlasem jednotlivce nebo na jeho pokyn m\u016f\u017eeme nap\u0159\u00edklad zve\u0159ejnit jeho referenci na na\u0161\u00ed webov\u00e9 str\u00e1nce nebo v publikac\u00edch souvisej\u00edc\u00edch s na\u0161imi slu\u017ebami.<\/li>\n<\/ul>\n\n\n\n<h3 class=\"wp-block-heading\">1.4 KONTROLA NAD VA\u0160IMI \u00daDAJI<\/h3>\n\n\n\n<ul class=\"wp-block-list\">\n<li><strong>E-mailov\u00e1 komunikace.<\/strong>\u00a0\u010cas od \u010dasu v\u00e1m m\u016f\u017eeme zas\u00edlat e-maily t\u00fdkaj\u00edc\u00ed se aktualizac\u00ed na\u0161ich slu\u017eeb nebo produkt\u016f, ozn\u00e1men\u00ed o na\u0161\u00ed organizaci nebo informac\u00ed o produktech \u010di slu\u017eb\u00e1ch, kter\u00e9 nab\u00edz\u00edme (nebo promo nab\u00eddk\u00e1ch t\u0159et\u00edch stran) a kter\u00e9 by v\u00e1s podle na\u0161eho n\u00e1zoru mohly zaj\u00edmat.\u00a0 Pokud se chcete z odb\u011bru t\u011bchto e-mail\u016f odhl\u00e1sit, sta\u010d\u00ed kliknout na odkaz \u201eOdhl\u00e1sit odb\u011br\u201c uveden\u00fd na konci ka\u017ed\u00e9ho e-mailu.\u00a0 Upozor\u0148ujeme, \u017ee se nem\u016f\u017eete odhl\u00e1sit z odb\u011bru n\u011bkter\u00fdch e-mailov\u00fdch sd\u011blen\u00ed souvisej\u00edc\u00edch s na\u0161imi slu\u017ebami (nap\u0159. ov\u011b\u0159en\u00ed \u00fa\u010dtu, potvrzen\u00ed transakc\u00ed, technick\u00e1 nebo pr\u00e1vn\u00ed upozorn\u011bn\u00ed).<\/li>\n<li><strong>Zas\u00edl\u00e1n\u00ed textov\u00fdch zpr\u00e1v SMS.\u00a0<\/strong>Osobn\u00ed \u00fadaje, kter\u00e9 shroma\u017e\u010fujeme, m\u016f\u017eeme pou\u017e\u00edt ke komunikaci s jednotlivci prost\u0159ednictv\u00edm textov\u00fdch zpr\u00e1v a telefonn\u00edch hovor\u016f (pokud je to nutn\u00e9, nap\u0159\u00edklad za \u00fa\u010delem ozn\u00e1men\u00ed jednotlivc\u016fm, \u017ee vyhr\u00e1li v sout\u011b\u017ei), a to i za \u00fa\u010delem marketingu (s va\u0161\u00edm souhlasem, pokud to vy\u017eaduj\u00ed platn\u00e9 pr\u00e1vn\u00ed p\u0159edpisy) nebo nab\u00edzen\u00ed informac\u00ed a aktualizac\u00ed o produktech nebo slu\u017eb\u00e1ch, o kter\u00fdch se domn\u00edv\u00e1me, \u017ee by v\u00e1s mohly zaj\u00edmat. Z odb\u011bru marketingov\u00fdch textov\u00fdch zpr\u00e1v se m\u016f\u017eete kdykoli odhl\u00e1sit t\u00edm, \u017ee odpov\u00edte STOP nebo \u017ee kliknete na odkaz pro odhl\u00e1\u0161en\u00ed odb\u011bru (pokud je k dispozici) v n\u011bkter\u00e9 z na\u0161ich zpr\u00e1v. Dal\u0161\u00ed informace naleznete v na\u0161ich\u00a0<strong>podm\u00ednk\u00e1ch poskytov\u00e1n\u00ed slu\u017eby<\/strong>.<\/li>\n<li><strong>\u00daprava informac\u00ed o \u00fa\u010dtu.<\/strong>\u00a0Pokud u n\u00e1s m\u00e1te online \u00fa\u010det, m\u00e1te mo\u017enost upravovat ur\u010dit\u00e9 informace ve sv\u00e9m \u00fa\u010dtu (nap\u0159. kontaktn\u00ed \u00fadaje) prost\u0159ednictv\u00edm mo\u017enost\u00ed \u201eProfil\u201c, \u201e\u00da\u010det\u201c nebo podobn\u00fdch mo\u017enost\u00ed dostupn\u00fdch v na\u0161ich slu\u017eb\u00e1ch. Ne v\u0161echny osobn\u00ed \u00fadaje jsou uchov\u00e1v\u00e1ny ve form\u00e1tu, ke kter\u00e9mu m\u00e1te p\u0159\u00edstup nebo kter\u00fd m\u016f\u017eete zm\u011bnit. Pokud chcete po\u017e\u00e1dat o p\u0159\u00edstup k osobn\u00edm \u00fadaj\u016fm nebo o jejich opravu \u010di v\u00fdmaz, m\u016f\u017eete n\u00e1m svou \u017e\u00e1dost zaslat na n\u00ed\u017ee uveden\u00fd e-mail. Va\u0161i \u017e\u00e1dost prov\u011b\u0159\u00edme a m\u016f\u017eeme po\u017eadovat, abyste poskytli dal\u0161\u00ed \u00fadaje pro ov\u011b\u0159en\u00ed va\u0161\u00ed identity, ale neslibujeme, \u017ee budeme moci va\u0161\u00ed \u017e\u00e1dosti vyhov\u011bt.<\/li>\n<li><strong>P\u0159\u00edstup k informac\u00edm o va\u0161em za\u0159\u00edzen\u00ed<\/strong>. P\u0159\u00edstup k informac\u00edm o va\u0161em za\u0159\u00edzen\u00ed m\u016f\u017eete ovl\u00e1dat prost\u0159ednictv\u00edm aplikace \u201eNastaven\u00ed\u201c ve va\u0161em za\u0159\u00edzen\u00ed.\u00a0 M\u016f\u017eete nap\u0159\u00edklad odvolat povolen\u00ed na\u0161im slu\u017eb\u00e1m p\u0159istupovat k va\u0161\u00ed zem\u011bpisn\u00e9 poloze.<\/li>\n<li><strong>Jak ovl\u00e1dat push notifikace.<\/strong>\u00a0Push notifikace od n\u00e1s m\u016f\u017eete p\u0159estat dost\u00e1vat tak, \u017ee zm\u011bn\u00edte sv\u00e9 preference v nab\u00eddce pro nastaven\u00ed ozn\u00e1men\u00ed v syst\u00e9mu iOS nebo Android.<\/li>\n<\/ul>\n\n\n\n<h3 class=\"wp-block-heading\">1.5 D\u011aTI<\/h3>\n\n\n\n<p>Na\u0161e slu\u017eby nejsou ur\u010deny d\u011btem mlad\u0161\u00edm 16 let a nem\u00e1me ani v \u00famyslu v\u011bdom\u011b shroma\u017e\u010fovat nebo vy\u017eadovat jejich osobn\u00ed \u00fadaje. Pokud je osoba mlad\u0161\u00ed 16 let, nem\u011bla by na\u0161e slu\u017eby pou\u017e\u00edvat ani n\u00e1m jinak poskytovat \u017e\u00e1dn\u00e9 osobn\u00ed \u00fadaje, a\u0165 u\u017e p\u0159\u00edmo, nebo jin\u00fdm zp\u016fsobem. Pokud n\u00e1m osobn\u00ed \u00fadaje poskytlo d\u00edt\u011b mlad\u0161\u00ed 16 let, doporu\u010dujeme jeho rodi\u010d\u016fm nebo opatrovn\u00edk\u016fm, aby n\u00e1s kontaktovali a po\u017e\u00e1dali o odstran\u011bn\u00ed osobn\u00edch \u00fadaj\u016f z na\u0161ich syst\u00e9m\u016f. Pokud zjist\u00edme, \u017ee jak\u00e9koli osobn\u00ed \u00fadaje, kter\u00e9 jsme shrom\u00e1\u017edili, poskytlo d\u00edt\u011b mlad\u0161\u00ed 16 let, neprodlen\u011b tyto osobn\u00ed \u00fadaje vyma\u017eeme.<\/p>\n\n\n\n<h3 class=\"wp-block-heading\">1.6 WEBOV\u00c9 STR\u00c1NKY A SLU\u017dBY T\u0158ET\u00cdCH STRAN<\/h3>\n\n\n\n<p>Na\u0161e slu\u017eby mohou obsahovat integrace nebo odkazy na webov\u00e9 str\u00e1nky nebo slu\u017eby t\u0159et\u00edch stran, v\u010detn\u011b str\u00e1nek a slu\u017eeb na\u0161ich obchodn\u00edch partner\u016f.\u00a0 P\u0159i interakci s t\u011bmito t\u0159et\u00edmi stranami poskytujete \u00fadaje p\u0159\u00edmo t\u0159et\u00ed stran\u011b, nikoli spole\u010dnosti Campari.\u00a0 Vezm\u011bte pros\u00edm na v\u011bdom\u00ed, \u017ee spole\u010dnost Campari neodpov\u00edd\u00e1 za postupy ochrany osobn\u00edch \u00fadaj\u016f t\u011bchto t\u0159et\u00edch stran nebo jak\u00e9hokoli subjektu, kter\u00fd nevlastn\u00ed nebo ne\u0159\u00edd\u00ed.\u00a0 Doporu\u010dujeme v\u00e1m, abyste si prostudovali z\u00e1sady ochrany osobn\u00edch \u00fadaj\u016f a online podm\u00ednky t\u011bchto t\u0159et\u00edch stran a dozv\u011bd\u011bli se tak v\u00edce o tom, jak zach\u00e1zej\u00ed s va\u0161imi osobn\u00edmi \u00fadaji.<\/p>\n\n\n\n<h3 class=\"wp-block-heading\">1.7 ZM\u011aNY V OZN\u00c1MEN\u00cd O OCHRAN\u011a OSOBN\u00cdCH \u00daDAJ\u016e<\/h3>\n\n\n\n<p>Vyhrazujeme si pr\u00e1vo toto ozn\u00e1men\u00ed o ochran\u011b osobn\u00edch \u00fadaj\u016f \u010das od \u010dasu zm\u011bnit podle sv\u00e9ho uv\u00e1\u017een\u00ed.\u00a0 O podstatn\u00fdch zm\u011bn\u00e1ch ve zp\u016fsobu zpracov\u00e1n\u00ed osobn\u00edch \u00fadaj\u016f v\u00e1s budeme informovat zas\u00edl\u00e1n\u00edm ozn\u00e1men\u00ed na prim\u00e1rn\u00ed e-mailovou adresu uvedenou ve va\u0161em \u00fa\u010dtu, um\u00edst\u011bn\u00edm z\u0159eteln\u00e9ho ozn\u00e1men\u00ed na na\u0161e webov\u00e9 str\u00e1nky nebo prost\u0159ednictv\u00edm jin\u00fdch vhodn\u00fdch komunika\u010dn\u00edch kan\u00e1l\u016f.\u00a0 Je va\u0161\u00ed povinnost\u00ed pravideln\u011b kontrolovat toto ozn\u00e1men\u00ed o ochran\u011b osobn\u00edch \u00fadaj\u016f. V\u0161echny zm\u011bny jsou \u00fa\u010dinn\u00e9 ode dne zve\u0159ejn\u011bn\u00ed, nen\u00ed-li stanoveno jinak.<\/p>\n\n\n\n<h3 class=\"wp-block-heading\">1.8 KONTAKTUJTE N\u00c1S<\/h3>\n\n\n\n<p>M\u00e1te-li jak\u00e9koli dotazy nebo po\u017eadavky v souvislosti s t\u00edmto ozn\u00e1men\u00edm o ochran\u011b osobn\u00edch \u00fadaj\u016f nebo jin\u00fdmi z\u00e1le\u017eitostmi souvisej\u00edc\u00edmi s ochranou osobn\u00edch \u00fadaj\u016f, za\u0161lete pros\u00edm e-mail na adresu\u00a0<a href=\"mailto:gpdp.office@campari.com\">gpdp.office@campari.com<\/a><\/p>\n\n\n\n<h2 class=\"wp-block-heading\">2. DODATE\u010cN\u00c9 OZN\u00c1MEN\u00cd PRO OBYVATELE KALIFORNIE<\/h2>\n\n\n\n<p>Toto dodate\u010dn\u00e9 ozn\u00e1men\u00ed pro obyvatele st\u00e1tu Kalifornie (d\u00e1le jen jako \u201e<strong>ozn\u00e1men\u00ed pro Kalifornii<\/strong>\u201c) dopl\u0148uje informace obsa\u017een\u00e9 v na\u0161em\u00a0<strong>ozn\u00e1men\u00ed o ochran\u011b osobn\u00edch \u00fadaj\u016f\u00a0<\/strong>a vztahuje se v\u00fdhradn\u011b na obyvatele st\u00e1tu Kalifornie (d\u00e1le jen jako \u201e<strong>spot\u0159ebitel\u00e9<\/strong>\u201c nebo \u201e<strong>vy<\/strong>\u201c).<\/p>\n\n\n\n<p>\u00a0<\/p>\n\n\n\n<p>Toto ozn\u00e1men\u00ed pro Kalifornii poskytuje dal\u0161\u00ed informace o tom, jak shroma\u017e\u010fujeme, pou\u017e\u00edv\u00e1me, sd\u00edl\u00edme a jinak zpracov\u00e1v\u00e1me osobn\u00ed \u00fadaje obyvatel st\u00e1tu Kalifornie, a\u0165 u\u017e na internetu nebo mimo n\u011bj, v r\u00e1mci kalifornsk\u00e9ho z\u00e1kona o ochran\u011b soukrom\u00ed spot\u0159ebitel\u016f z roku 2018.<\/p>\n\n\n\n<p>\u00a0<\/p>\n\n\n\n<p>Pokud nen\u00ed v\u00fdslovn\u011b uvedeno jinak, maj\u00ed v\u0161echny pojmy v tomto ozn\u00e1men\u00ed pro Kalifornii stejn\u00fd v\u00fdznam, jak\u00fd je definov\u00e1n v na\u0161em\u00a0<strong>ozn\u00e1men\u00ed o ochran\u011b osobn\u00edch \u00fadaj\u016f<\/strong>\u00a0nebo jak\u00fd je definov\u00e1n v kalifornsk\u00e9m z\u00e1kon\u011b o ochran\u011b soukrom\u00ed spot\u0159ebitel\u016f.<\/p>\n\n\n\n<p>\u00a0<\/p>\n\n\n\n<p>Kdy\u017e v tomto ozn\u00e1men\u00ed pro Kalifornii pou\u017e\u00edv\u00e1me pojem \u201e<strong>osobn\u00ed \u00fadaje<\/strong>\u201c, m\u00e1me t\u00edm na mysli \u00fadaje, kter\u00e9 p\u0159\u00edmo \u010di nep\u0159\u00edmo identifikuj\u00ed nebo se vztahuj\u00ed k ur\u010dit\u00e9mu spot\u0159ebiteli nebo k ur\u010dit\u00e9 dom\u00e1cnosti, kter\u00e9 je popisuj\u00ed, kter\u00e9 si s nimi lze d\u016fvodn\u011b spojit nebo kter\u00e9 by k nim mohly b\u00fdt d\u016fvodn\u011b p\u0159i\u010dlen\u011bny.<\/p>\n\n\n\n<h3 class=\"wp-block-heading\">SHROMA\u017d\u010eOV\u00c1N\u00cd A POU\u017dIT\u00cd OSOBN\u00cdCH \u00daDAJ\u016e<\/h3>\n\n\n\n<p>Osobn\u00ed \u00fadaje od v\u00e1s a o v\u00e1s shroma\u017e\u010fujeme k r\u016fzn\u00fdm \u00fa\u010del\u016fm, kter\u00e9 jsou pops\u00e1ny v sekc\u00edch\u00a0<strong>Jak shroma\u017e\u010fujeme va\u0161e osobn\u00ed \u00fadaje\u00a0<\/strong>a\u00a0<strong>Jak pou\u017e\u00edv\u00e1me va\u0161e osobn\u00ed \u00fadaje\u00a0<\/strong>tohoto\u00a0<strong>ozn\u00e1men\u00ed o ochran\u011b osobn\u00edch \u00fadaj\u016f<\/strong>.<\/p>\n\n\n\n<p>\u00a0<\/p>\n\n\n\n<p>Za posledn\u00edch 12 m\u011bs\u00edc\u016f jsme shroma\u017e\u010fovali n\u00e1sleduj\u00edc\u00ed kategorie osobn\u00edch \u00fadaj\u016f:<\/p>\n\n\n\n<p>\u00a0<\/p>\n\n\n\n<ul class=\"wp-block-list\">\n<li><strong>Identifik\u00e1tory<\/strong>, jako je va\u0161e jm\u00e9no, prost\u0159edn\u00ed jm\u00e9no a p\u0159\u00edjmen\u00ed, e-mailov\u00e1 adresa, u\u017eivatelsk\u00e9 jm\u00e9no, po\u0161tovn\u00ed adresa, datum narozen\u00ed nebo v\u011bk, po\u0161tovn\u00ed adresa nebo jin\u00e9 podobn\u00e9 identifik\u00e1tory;<\/li>\n<li><strong>obchodn\u00ed \u00fadaje<\/strong>, jako jsou z\u00e1znamy o zakoupen\u00fdch, z\u00edskan\u00fdch nebo zva\u017eovan\u00fdch slu\u017eb\u00e1ch;<\/li>\n<li><strong>informace o internetu\/s\u00edti<\/strong>, jako jsou informace o za\u0159\u00edzen\u00ed, logy a analytick\u00e1 data;<\/li>\n<li><strong>geoloka\u010dn\u00ed \u00fadaje<\/strong>, jako jsou p\u0159ibli\u017en\u00e9 \u00fadaje o poloze generovan\u00e9 na z\u00e1klad\u011b va\u0161\u00ed IP adresy nebo jin\u00fdch informac\u00ed;<\/li>\n<li><strong>smyslov\u00e9 informace<\/strong>, jako jsou nahr\u00e1vky (podle situace s va\u0161\u00edm svolen\u00edm) jak\u00fdchkoli telefonn\u00edch hovor\u016f mezi v\u00e1mi a spole\u010dnost\u00ed Campari Group;<\/li>\n<li><strong>z\u00e1v\u011bry<\/strong>\u00a0o va\u0161ich z\u00e1jmech a preferenc\u00edch, kter\u00e9 vypl\u00fdvaj\u00ed z va\u0161eho pou\u017e\u00edv\u00e1n\u00ed na\u0161ich str\u00e1nek, a<\/li>\n<li><strong>dal\u0161\u00ed osobn\u00ed \u00fadaje<\/strong>, v\u010detn\u011b \u00fadaj\u016f, kter\u00e9 zad\u00e1te do formul\u00e1\u0159e pro zp\u011btnou vazbu, a ve\u0161ker\u00e9 komunikace mezi v\u00e1mi a spole\u010dnost\u00ed Campari Group, jako\u017e i \u00fadaje, kter\u00e9 z\u00edsk\u00e1v\u00e1me ze soci\u00e1ln\u00edch s\u00edt\u00ed.<\/li>\n<\/ul>\n\n\n\n<p>\u00a0<\/p>\n\n\n\n<p>Tyto \u00fadaje shroma\u017e\u010fujeme z n\u00e1sleduj\u00edc\u00edch zdroj\u016f: p\u0159\u00edmo od v\u00e1s, od na\u0161ich obchodn\u00edch partner\u016f a p\u0159idru\u017een\u00fdch spole\u010dnost\u00ed, z va\u0161eho prohl\u00ed\u017ee\u010de nebo za\u0159\u00edzen\u00ed, kdy\u017e nav\u0161t\u00edv\u00edte na\u0161i aplikaci nebo pou\u017e\u00edv\u00e1te na\u0161e slu\u017eby, nebo od t\u0159et\u00edch stran, kter\u00fdm povol\u00edte sd\u00edlet s n\u00e1mi \u00fadaje. Dal\u0161\u00ed informace o zdroj\u00edch osobn\u00edch \u00fadaj\u016f, kter\u00e9 shroma\u017e\u010fujeme, naleznete v sekci\u00a0<strong>Jak shroma\u017e\u010fujeme va\u0161e osobn\u00ed \u00fadaje\u00a0<\/strong>tohoto ozn\u00e1men\u00ed o ochran\u011b osobn\u00edch \u00fadaj\u016f.<\/p>\n\n\n\n<h3 class=\"wp-block-heading\">2.1 ZP\u0158\u00cdSTUPN\u011aN\u00cd OSOBN\u00cdCH \u00daDAJ\u016e<\/h3>\n\n\n\n<p>Osobn\u00ed \u00fadaje sd\u00edl\u00edme s t\u0159et\u00edmi stranami pro obchodn\u00ed \u00fa\u010dely. Mezi kategorie t\u0159et\u00edch stran, kter\u00fdm va\u0161e osobn\u00ed \u00fadaje sd\u011blujeme za obchodn\u00edmi \u00fa\u010dely, pat\u0159\u00ed: (i) dal\u0161\u00ed zna\u010dky a p\u0159idru\u017een\u00e9 spole\u010dnosti z na\u0161\u00ed skupiny spole\u010dnost\u00ed; (ii) na\u0161i poskytovatel\u00e9 slu\u017eeb a poradci; (iii) poskytovatel\u00e9 analytick\u00fdch slu\u017eeb; (vii) marketingov\u00ed a strategi\u010dt\u00ed partne\u0159i; a (viii) soci\u00e1ln\u00ed s\u00edt\u011b.<\/p>\n\n\n\n<p>\u00a0<\/p>\n\n\n\n<p>Za posledn\u00edch 12 m\u011bs\u00edc\u016f jsme za obchodn\u00edmi \u00fa\u010dely t\u0159et\u00edm stran\u00e1m zp\u0159\u00edstupnili v\u0161echny kategorie osobn\u00edch \u00fadaj\u016f, kter\u00e9 shroma\u017e\u010fujeme a kter\u00e9 jsou pops\u00e1ny v sekci\u00a0<strong>Shroma\u017e\u010fov\u00e1n\u00ed a pou\u017eit\u00ed osobn\u00edch \u00fadaj\u016f\u00a0<\/strong>tohoto ozn\u00e1men\u00ed pro Kalifornii.<\/p>\n\n\n\n<h3 class=\"wp-block-heading\">2.2 VA\u0160E KALIFORNSK\u00c1 PR\u00c1VA NA SOUKROM\u00cd<\/h3>\n\n\n\n<p>Jako obyvatel Kalifornie m\u016f\u017eete v souvislosti s osobn\u00edmi \u00fadaji, kter\u00e9 jsme o v\u00e1s shrom\u00e1\u017edili, uplatnit n\u00e1sleduj\u00edc\u00ed pr\u00e1va (s v\u00fdhradou ur\u010dit\u00fdch z\u00e1konn\u00fdch omezen\u00ed):<\/p>\n\n\n\n<figure class=\"wp-block-table\"><table>\n<tbody>\n<tr>\n<td><p><strong>Pr\u00e1vo na p\u0159\u00edstup\/informovanost<\/strong><\/p>\n<p>Po ov\u011b\u0159en\u00ed va\u0161\u00ed toto\u017enosti m\u00e1te pr\u00e1vo po\u017e\u00e1dat o v\u0161echny nebo n\u011bkter\u00e9 z n\u00e1sleduj\u00edc\u00edch informac\u00ed t\u00fdkaj\u00edc\u00edch se va\u0161ich osobn\u00edch \u00fadaj\u016f, kter\u00e9 jsme shrom\u00e1\u017edili a zve\u0159ejnili za posledn\u00edch 12 m\u011bs\u00edc\u016f:<\/p>\n<p>\u00a0<\/p>\n<p>\u00a0<\/p>\n<p>obchodn\u00ed nebo komer\u010dn\u00ed \u00fa\u010dely shroma\u017e\u010fov\u00e1n\u00ed nebo p\u0159\u00edpadn\u00e9ho prodeje osobn\u00edch \u00fadaj\u016f.<\/p><\/td>\n<\/tr>\n<tr>\n<td><p><strong>Pr\u00e1vo po\u017e\u00e1dat o v\u00fdmaz<\/strong><\/p>\n<p>A\u017e na ur\u010dit\u00e9 v\u00fdjimky m\u00e1te pr\u00e1vo po\u017e\u00e1dat o v\u00fdmaz osobn\u00edch \u00fadaj\u016f, kter\u00e9 jsme od v\u00e1s shrom\u00e1\u017edili.<\/p><\/td>\n<\/tr>\n<tr>\n<td><p><strong>Pr\u00e1vo se odhl\u00e1sit z prodeje osobn\u00edch \u00fadaj\u016f<\/strong><\/p>\n<p>M\u00e1te pr\u00e1vo n\u00e1m p\u0159ik\u00e1zat, abychom t\u0159et\u00edm stran\u00e1m nyn\u00ed ani v budoucnu neprod\u00e1vali osobn\u00ed \u00fadaje, kter\u00e9 jsme o v\u00e1s shrom\u00e1\u017edili.<\/p>\n<p>\u00a0<\/p>\n<p>Pokud je v\u00e1m m\u00e9n\u011b ne\u017e 16 let, m\u00e1te pr\u00e1vo se k takov\u00e9mu prodeji p\u0159ihl\u00e1sit, nebo aby se k n\u011bmu va\u0161\u00edm jm\u00e9nem p\u0159ihl\u00e1sil v\u00e1\u0161 rodi\u010d nebo opatrovn\u00edk.<\/p><\/td>\n<\/tr>\n<tr>\n<td><p><strong>Pr\u00e1vo na nediskriminaci<\/strong><\/p>\n<p>M\u00e1te pr\u00e1vo na to, abyste p\u0159i uplat\u0148ov\u00e1n\u00ed t\u011bchto pr\u00e1v ne\u010delili diskriminaci.<br>Upozor\u0148ujeme v\u0161ak, \u017ee pokud uplatn\u011bn\u00ed t\u011bchto pr\u00e1v omez\u00ed na\u0161i schopnost zpracov\u00e1vat osobn\u00ed \u00fadaje (nap\u0159\u00edklad v p\u0159\u00edpad\u011b \u017e\u00e1dosti o v\u00fdmaz), je mo\u017en\u00e9, \u017ee v\u00e1m ji\u017e nebudeme moci poskytovat na\u0161e produkty a slu\u017eby nebo s v\u00e1mi komunikovat stejn\u00fdm zp\u016fsobem.<\/p><\/td>\n<\/tr>\n<tr>\n<td><p><strong>Z\u00e1kon \u201eShine the LIght\u201c<\/strong><\/p>\n<p>Obyvatel\u00e9 Kalifornie, kte\u0159\u00ed s n\u00e1mi maj\u00ed nav\u00e1zan\u00fd obchodn\u00ed vztah, maj\u00ed podle kalifornsk\u00e9ho z\u00e1kona \u201eShine the Light\u201c (\u00a71798.83 kalifornsk\u00e9ho ob\u010dansk\u00e9ho z\u00e1kon\u00edku) pr\u00e1vo v\u011bd\u011bt, jak\u00fdm zp\u016fsobem jsou jejich \u00fadaje sd\u011blov\u00e1ny t\u0159et\u00edm stran\u00e1m pro \u00fa\u010dely jejich p\u0159\u00edm\u00e9ho marketingu.<\/p><\/td>\n<\/tr>\n<\/tbody>\n<\/table><\/figure>\n\n\n\n<h3 class=\"wp-block-heading\">2.3 JAK UPLATNIT SV\u00c1 KALIFORNSK\u00c1 PR\u00c1VA NA SOUKROM\u00cd<\/h3>\n\n\n\n<p><u><em>Uplatn\u011bn\u00ed pr\u00e1va na informovanost nebo pr\u00e1va na v\u00fdmaz<\/em><\/u><\/p>\n\n\n\n<p>\u00a0<\/p>\n\n\n\n<p><u><em>\u00a0<\/em><\/u><\/p>\n\n\n\n<p>\u00a0<\/p>\n\n\n\n<p>Chcete-li uplatnit sv\u00e9 pr\u00e1vo na p\u0159\u00edstup, pr\u00e1vo na informovanost nebo pr\u00e1vo na v\u00fdmaz, za\u0161lete n\u00e1m pros\u00edm \u017e\u00e1dost prost\u0159ednictv\u00edm:<\/p>\n\n\n\n<p>\u00a0<\/p>\n\n\n\n<ul class=\"wp-block-list\">\n<li>e-mailu na adresu\u00a0<a href=\"mailto:gpdp.office@campari.com\">office@campari.com<\/a>\u00a0s p\u0159edm\u011btem \u201eCalifornia Rights Request\u201c;<\/li>\n<li>vypln\u011bn\u00ed na\u0161eho\u00a0<strong>formul\u00e1\u0159e pro \u017e\u00e1dosti t\u00fdkaj\u00edc\u00ed se pr\u00e1va na soukrom\u00ed<\/strong>;<\/li>\n<\/ul>\n\n\n\n<p>\u00a0<\/p>\n\n\n\n<p>P\u0159ed zpracov\u00e1n\u00edm va\u0161\u00ed \u017e\u00e1dosti mus\u00edme ov\u011b\u0159it va\u0161i toto\u017enost a potvrdit, \u017ee jste obyvatelem st\u00e1tu Kalifornie. K ov\u011b\u0159en\u00ed va\u0161\u00ed toto\u017enosti zpravidla vy\u017eadujeme bu\u010f \u00fasp\u011b\u0161n\u00e9 ov\u011b\u0159en\u00ed va\u0161eho \u00fa\u010dtu, nebo porovn\u00e1n\u00ed dostate\u010dn\u00e9ho mno\u017estv\u00ed \u00fadaj\u016f, kter\u00e9 n\u00e1m poskytnete, s \u00fadaji, kter\u00e9 o v\u00e1s uchov\u00e1v\u00e1me v na\u0161ich syst\u00e9mech. Tento proces m\u016f\u017ee vy\u017eadovat, abychom si od v\u00e1s vy\u017e\u00e1dali dal\u0161\u00ed osobn\u00ed \u00fadaje, mimo jin\u00e9 va\u0161i e-mailovou adresu, telefonn\u00ed \u010d\u00edslo nebo datum posledn\u00ed transakce v na\u0161ich slu\u017eb\u00e1ch.<\/p>\n\n\n\n<p>\u00a0<\/p>\n\n\n\n<p>Za ur\u010dit\u00fdch okolnost\u00ed m\u016f\u017eeme \u017e\u00e1dost o uplatn\u011bn\u00ed v\u00fd\u0161e popsan\u00fdch pr\u00e1v odm\u00edtnout, zejm\u00e9na pokud nejsme schopni ov\u011b\u0159it va\u0161i toto\u017enost nebo naj\u00edt va\u0161e \u00fadaje v na\u0161ich syst\u00e9mech. Pokud nem\u016f\u017eeme vyhov\u011bt cel\u00e9 va\u0161\u00ed \u017e\u00e1dosti nebo jej\u00ed \u010d\u00e1sti, vysv\u011btl\u00edme v\u00e1m d\u016fvody, pro\u010d jsme odm\u00edtli \u017e\u00e1dosti vyhov\u011bt.<\/p>\n\n\n\n<p>\u00a0<\/p>\n\n\n\n<p>\u00a0<\/p>\n\n\n\n<p>\u00a0<\/p>\n\n\n\n<p><u><em>Uplatn\u011bn\u00ed pr\u00e1va se odhl\u00e1sit z prodeje osobn\u00edch \u00fadaj\u016f<\/em><\/u><\/p>\n\n\n\n<p>\u00a0<\/p>\n\n\n\n<p>Pokud jste nevyu\u017eili sv\u00e9ho pr\u00e1va se odhl\u00e1sit z prodeje osobn\u00edch \u00fadaj\u016f, m\u016f\u017eeme va\u0161e osobn\u00ed \u00fadaje prodat t\u0159et\u00edm stran\u00e1m za pen\u011b\u017en\u00ed nebo jin\u00e9 hodnotn\u00e9 protipln\u011bn\u00ed. T\u0159et\u00ed strany mohou tyto \u00fadaje pou\u017e\u00edvat pro sv\u00e9 vlastn\u00ed \u00fa\u010dely v souladu se sv\u00fdmi vlastn\u00edmi prohl\u00e1\u0161en\u00edmi o ochran\u011b osobn\u00edch \u00fadaj\u016f, co\u017e m\u016f\u017ee zahrnovat op\u011btovn\u00fd prodej t\u011bchto \u00fadaj\u016f dal\u0161\u00edm t\u0159et\u00edm stran\u00e1m.<\/p>\n\n\n\n<p>\u00a0<\/p>\n\n\n\n<p>Pro uplatn\u011bn\u00ed pr\u00e1va odhl\u00e1sit se z prodeje osobn\u00edch \u00fadaj\u016f si u n\u00e1s nemus\u00edte vytv\u00e1\u0159et \u00fa\u010det. M\u016f\u017eeme v\u00e1s v\u0161ak po\u017e\u00e1dat o poskytnut\u00ed dal\u0161\u00edch osobn\u00edch \u00fadaj\u016f, abychom v\u00e1s mohli \u0159\u00e1dn\u011b identifikovat v na\u0161em datasetu a sledovat dodr\u017eov\u00e1n\u00ed va\u0161\u00ed \u017e\u00e1dosti o odhl\u00e1\u0161en\u00ed. Tyto \u00fadaje mohou mimo jin\u00e9 zahrnovat va\u0161e jm\u00e9no, e-mail a po\u0161tovn\u00ed sm\u011brovac\u00ed \u010d\u00edslo. Osobn\u00ed \u00fadaje uveden\u00e9 v \u017e\u00e1dosti o odhl\u00e1\u0161en\u00ed pou\u017eijeme pouze k p\u0159ezkoum\u00e1n\u00ed a vyhov\u011bn\u00ed \u017e\u00e1dosti. Pokud se rozhodnete n\u00e1m tyto \u00fadaje neposkytnout, je mo\u017en\u00e9, \u017ee va\u0161i \u017e\u00e1dost budeme moci vy\u0159\u00eddit pouze v rozsahu, v jak\u00e9m jsme schopni v\u00e1s identifikovat v na\u0161ich datov\u00fdch syst\u00e9mech.<\/p>\n\n\n\n<p>\u00a0<\/p>\n\n\n\n<ul class=\"wp-block-list\">\n<li><strong>Odhl\u00e1\u0161en\u00ed od pou\u017e\u00edv\u00e1n\u00ed soubor\u016f cookie (Neprod\u00e1vejte m\u00e9 osobn\u00ed \u00fadaje):\u00a0<\/strong>Chcete-li uplatnit sv\u00e9 pr\u00e1vo na odhl\u00e1\u0161en\u00ed, co se t\u00fd\u010de pou\u017e\u00edv\u00e1n\u00ed soubor\u016f cookie a dal\u0161\u00edch technologi\u00ed sledov\u00e1n\u00ed za \u00fa\u010delem analytiky a c\u00edlen\u00e9 reklamy, zadejte svou volbu v p\u0159\u00edslu\u0161n\u00e9 cookie li\u0161t\u011b.<\/li>\n<\/ul>\n\n\n\n<p>\u00a0<\/p>\n\n\n\n<p>Odhl\u00e1sit se m\u016f\u017eete tak\u00e9 pomoc\u00ed\u00a0<strong>n\u00e1stroje CCPA od organizace Digital Advertising Alliance (d\u00e1le jen jako \u201eDAA\u201c)<\/strong>. DAA nab\u00edz\u00ed n\u00e1stroj CCPA pro odhla\u0161ov\u00e1n\u00ed jako centralizovan\u00e9 m\u00edsto, kde se m\u016f\u017eete odhl\u00e1sit z prodeje osobn\u00edch \u00fadaj\u016f u v\u0161ech podnik\u016f zapojen\u00fdch do DAA, kter\u00e9 shroma\u017e\u010fuj\u00ed va\u0161e osobn\u00ed \u00fadaje na r\u016fzn\u00fdch webov\u00fdch str\u00e1nk\u00e1ch a aplikac\u00edch. Chcete-li uplatnit sv\u00e9 pr\u00e1vo odhl\u00e1sit se z prodeje tohoto typu osobn\u00edch \u00fadaj\u016f, nav\u0161tivte pros\u00edm str\u00e1nku\u00a0<a href=\"https:\/\/optout.privacyrights.info\/\">https:\/\/optout.privacyrights.info<\/a>. Chcete-li podat \u017e\u00e1dost o odhl\u00e1\u0161en\u00ed t\u00fdkaj\u00edc\u00ed se mobiln\u00edch aplikac\u00ed ve va\u0161em za\u0159\u00edzen\u00ed, m\u016f\u017eete si st\u00e1hnout p\u0159\u00edslu\u0161nou aplikaci na adrese\u00a0<a href=\"https:\/\/www.privacyrights.info\/appchoices\">https:\/\/www.privacyrights.info\/appchoices<\/a>. Dal\u0161\u00ed informace o tom, jak t\u0159et\u00ed strany automaticky shroma\u017e\u010fuj\u00ed \u00fadaje na na\u0161ich str\u00e1nk\u00e1ch, a o mo\u017enostech, kter\u00e9 v souvislosti s t\u011bmito \u010dinnostmi m\u00e1te, naleznete v na\u0161ich\u00a0<strong>z\u00e1sad\u00e1ch pou\u017e\u00edv\u00e1n\u00ed soubor\u016f cookie<\/strong>.<\/p>\n\n\n\n<p>\u00a0<\/p>\n\n\n\n<p>\u00a0<\/p>\n\n\n\n<p>\u00a0<\/p>\n\n\n\n<ul class=\"wp-block-list\">\n<li><strong>Odhl\u00e1\u0161en\u00ed se od prodeje nebo sd\u00edlen\u00ed osobn\u00edch \u00fadaj\u016f:\u00a0<\/strong>Chcete-li uplatnit sv\u00e9 pr\u00e1vo na odhl\u00e1\u0161en\u00ed, co se t\u00fd\u010de prodeje nebo sd\u00edlen\u00ed va\u0161ich osobn\u00edch \u00fadaj\u016f (jako je va\u0161e jm\u00e9no, e-mailov\u00e1 adresa nebo po\u0161tovn\u00ed adresa) s t\u0159et\u00edmi stranami za \u00fa\u010delem jejich p\u0159\u00edm\u00e9ho marketingu nebo pro jin\u00e9 komer\u010dn\u00ed \u00fa\u010dely, pak pros\u00edm podejte \u017e\u00e1dost prost\u0159ednictv\u00edm na\u0161eho\u00a0<u><strong>formul\u00e1\u0159e pro \u017e\u00e1dosti t\u00fdkaj\u00edc\u00ed se pr\u00e1va na soukrom\u00ed<\/strong><\/u>.<\/li>\n<\/ul>\n\n\n\n<p>\u00a0<\/p>\n\n\n\n<p>\u00a0<\/p>\n\n\n\n<p>\u00a0<\/p>\n\n\n\n<p><u><strong>Zmocn\u011bn\u00ed z\u00e1stupci<\/strong><\/u><\/p>\n\n\n\n<p>\u00a0<\/p>\n\n\n\n<p>Za ur\u010dit\u00fdch okolnost\u00ed mohou obyvatel\u00e9 Kalifornie vyu\u017e\u00edt zmocn\u011bn\u00e9ho z\u00e1stupce, kter\u00fd jejich jm\u00e9nem pod\u00e1 \u017e\u00e1dost o informovanost o osobn\u00edch \u00fadaj\u00edch nebo \u017e\u00e1dost o jejich v\u00fdmaz, a to jedn\u00edm ze zp\u016fsob\u016f stanoven\u00fdch v tomto ozn\u00e1men\u00ed pro Kalifornii, p\u0159i\u010dem\u017e opr\u00e1vn\u011bn\u00ed zmocn\u011bn\u00e9ho z\u00e1stupce jednat jejich jm\u00e9nem m\u016f\u017eeme ov\u011b\u0159it:<\/p>\n\n\n\n<p>\u00a0<\/p>\n\n\n\n<ul class=\"wp-block-list\">\n<li>obdr\u017een\u00edm pln\u00e9 moci platn\u00e9 podle kalifornsk\u00fdch z\u00e1kon\u016f od spot\u0159ebitele nebo od jeho zmocn\u011bn\u00e9ho z\u00e1stupce nebo<\/li>\n<li>obdr\u017een\u00edm dostate\u010dn\u00fdch d\u016fkaz\u016f o tom, \u017ee spot\u0159ebitel:\u00a0<\/li>\n<\/ul>\n\n\n\n<p>\u00a0<\/p>\n\n\n\n<p>V p\u0159\u00edpad\u011b \u017e\u00e1dost\u00ed o odhl\u00e1\u0161en\u00ed z \u201eprodeje\u201c osobn\u00edch \u00fadaj\u016f vy\u017eadujeme podepsan\u00fd souhlas, kter\u00fd prokazuje, \u017ee jste sv\u00e9ho z\u00e1stupce zmocnili k jedn\u00e1n\u00ed va\u0161\u00edm jm\u00e9nem.<\/p>\n\n\n\n<h2 class=\"wp-block-heading\">3. DODATE\u010cN\u00c9 OZN\u00c1MEN\u00cd PRO EVROPSK\u00dd HOSPOD\u00c1\u0158SK\u00dd PROSTOR, SPOJEN\u00c9 KR\u00c1LOVSTV\u00cd A \u0160V\u00ddCARSKO<\/h2>\n\n\n\n<p>Toto dodate\u010dn\u00e9 ozn\u00e1men\u00ed dopl\u0148uje informace obsa\u017een\u00e9 v na\u0161em ozn\u00e1men\u00ed o ochran\u011b osobn\u00edch \u00fadaj\u016f a vztahuje se na osoby, kter\u00e9 maj\u00ed bydli\u0161t\u011b v Evropsk\u00e9m hospod\u00e1\u0159sk\u00e9m prostoru (d\u00e1le jen jako \u201e<strong>EHP<\/strong>\u201c), Spojen\u00e9m kr\u00e1lovstv\u00ed a \u0160v\u00fdcarsku, a to i do\u010dasn\u011b. Toto dodate\u010dn\u00e9 ozn\u00e1men\u00ed poskytuje informace o tom, jak shroma\u017e\u010fujeme, pou\u017e\u00edv\u00e1me, sd\u00edl\u00edme a jinak zpracov\u00e1v\u00e1me osobn\u00ed \u00fadaje, a\u0165 u\u017e na internetu nebo mimo n\u011bj, v r\u00e1mci obecn\u00e9ho na\u0159\u00edzen\u00ed o ochran\u011b osobn\u00edch \u00fadaj\u016f (EU) 2016\/679 (d\u00e1le jen jako \u201e<strong>GDPR<\/strong>\u201c), britsk\u00e9ho GDPR a \u0161v\u00fdcarsk\u00fdch pr\u00e1vn\u00edch p\u0159edpis\u016f o ochran\u011b osobn\u00edch \u00fadaj\u016f. Pokud nen\u00ed v\u00fdslovn\u011b uvedeno jinak, maj\u00ed v\u0161echny pojmy v tomto ozn\u00e1men\u00ed stejn\u00fd v\u00fdznam, jak\u00fd je definov\u00e1n v na\u0161em ozn\u00e1men\u00ed o ochran\u011b osobn\u00edch \u00fadaj\u016f nebo jak\u00fd je definov\u00e1n ve v\u00fd\u0161e uveden\u00fdch pr\u00e1vn\u00edch p\u0159edpisech.<\/p>\n\n\n\n<p>\u00a0<\/p>\n\n\n\n<p>Spole\u010dnost Campari Group p\u016fsob\u00ed v Evrop\u011b a m\u016f\u017ee tak na\u0161e slu\u017eby sm\u011b\u0159ovat na osoby nach\u00e1zej\u00edc\u00ed se v\u00a0<em><strong>EHP<\/strong><\/em>, Spojen\u00e9m kr\u00e1lovstv\u00ed a \u0160v\u00fdcarsku, a to i prost\u0159ednictv\u00edm na\u0161ich evropsk\u00fdch webov\u00fdch str\u00e1nek (souhrnn\u011b jako na\u0161e \u201e<em><strong>evropsk\u00e9 slu\u017eby<\/strong><\/em>\u201c).\u00a0 N\u00e1sleduj\u00edc\u00ed ozn\u00e1men\u00ed (d\u00e1le jen jako \u201e<em><strong>ozn\u00e1men\u00ed o soukrom\u00ed<\/strong><\/em>\u201c) se vztahuj\u00ed na na\u0161e zpracov\u00e1n\u00ed osobn\u00edch \u00fadaj\u016f v souvislosti s na\u0161imi evropsk\u00fdmi slu\u017ebami.<\/p>\n\n\n\n<p>\u00a0<\/p>\n\n\n\n<p>Pokud v t\u00e9to sekci pou\u017e\u00edv\u00e1me pojem \u201e<strong>osobn\u00ed \u00fadaje<\/strong>\u201c, m\u00e1me t\u00edm na mysli \u00fadaje t\u00fdkaj\u00edc\u00ed se identifikovan\u00e9 nebo identifikovateln\u00e9 fyzick\u00e9 osoby.<\/p>\n\n\n\n<p>\u00a0<\/p>\n\n\n\n<p><strong>Pov\u011b\u0159enec pro ochranu osobn\u00edch \u00fadaj\u016f je k zasti\u017een\u00ed na adrese:\u00a0<\/strong><a href=\"mailto:gpdp.office@campari.com\"><strong>gpdp.office@campari.com<\/strong><\/a><\/p>\n\n\n\n<h3 class=\"wp-block-heading\">3.1 OSOBN\u00cd \u00daDAJE, KTER\u00c9 OD V\u00c1S SHROMA\u017d\u010eUJEME, KDY\u017d POU\u017d\u00cdV\u00c1TE EVROPSK\u00c9 SLU\u017dBY SKUPINY CAMPARI GROUP, A JAK JE POU\u017d\u00cdV\u00c1ME<\/h3>\n\n\n\n<p>Shroma\u017e\u010fujeme kategorie osobn\u00edch \u00fadaj\u016f, kter\u00e9 n\u00e1m dobrovoln\u011b poskytnete p\u0159\u00edmo p\u0159i pou\u017e\u00edv\u00e1n\u00ed na\u0161ich evropsk\u00fdch slu\u017eeb a kter\u00e9 jsou uvedeny v na\u0161em ozn\u00e1men\u00ed o ochran\u011b osobn\u00edch \u00fadaj\u016f v sekc\u00edch nazvan\u00fdch\u00a0<strong>Jak shroma\u017e\u010fujeme va\u0161e osobn\u00ed \u00fadaje\u00a0<\/strong>a\u00a0<strong>Jak pou\u017e\u00edv\u00e1me va\u0161e osobn\u00ed \u00fadaje<\/strong>.<\/p>\n\n\n\n<p>\u00a0<\/p>\n\n\n\n<p>Upozorn\u00edme v\u00e1s, zda je poskytnut\u00ed ur\u010dit\u00fdch osobn\u00edch \u00fadaj\u016f povinn\u00e9 nebo nepovinn\u00e9. Pokud se rozhodnete n\u00e1m neposkytnout osobn\u00ed \u00fadaje, kter\u00e9 jsou ozna\u010den\u00e9 jako povinn\u00e9, je mo\u017en\u00e9, \u017ee nebudeme moci odpov\u011bd\u011bt na va\u0161e dotazy nebo v\u00e1m poskytnout jin\u00e9 slu\u017eby.<\/p>\n\n\n\n<p>\u00a0<\/p>\n\n\n\n<p>V tabulce v\u00a0<strong>p\u0159\u00edloze 1\u00a0<\/strong>jsou podrobn\u011b uvedeny kategorie osobn\u00edch \u00fadaj\u016f, kter\u00e9 o v\u00e1s shroma\u017e\u010fujeme, a zp\u016fsob, jak\u00fdm tyto \u00fadaje pou\u017e\u00edv\u00e1me, kdy\u017e pou\u017e\u00edv\u00e1te na\u0161e evropsk\u00e9 slu\u017eby, jako\u017e i pr\u00e1vn\u00ed z\u00e1klad, o kter\u00fd se p\u0159i zpracov\u00e1n\u00ed t\u011bchto osobn\u00edch \u00fadaj\u016f op\u00edr\u00e1me, a p\u0159\u00edjemci t\u011bchto osobn\u00edch \u00fadaj\u016f.<\/p>\n\n\n\n<h3 class=\"wp-block-heading\">3.2 INFORMACE, KTER\u00c9 O V\u00c1S SHROMA\u017d\u010eUJEME AUTOMATICKY<\/h3>\n\n\n\n<p>Automaticky tak\u00e9 nep\u0159\u00edmo shroma\u017e\u010fujeme osobn\u00ed \u00fadaje o tom, jak p\u0159istupujete k na\u0161im evropsk\u00fdm slu\u017eb\u00e1m a jak je pou\u017e\u00edv\u00e1te, a informace o za\u0159\u00edzen\u00ed, kter\u00e9 pro p\u0159\u00edstup k evropsk\u00fdm slu\u017eb\u00e1m pou\u017e\u00edv\u00e1te. M\u016f\u017eeme nap\u0159\u00edklad shroma\u017e\u010fovat:<\/p>\n\n\n\n<p>\u00a0<\/p>\n\n\n\n<ul class=\"wp-block-list\">\n<li>\u00fadaje o funkc\u00edch, kter\u00e9 pou\u017e\u00edv\u00e1te, a o str\u00e1nk\u00e1ch, kter\u00e9 si v r\u00e1mci na\u0161ich evropsk\u00fdch slu\u017eeb prohl\u00ed\u017e\u00edte;<\/li>\n<li>\u00fadaje o va\u0161em za\u0159\u00edzen\u00ed (nap\u0159\u00edklad va\u0161e IP adresa, identifik\u00e1tor za\u0159\u00edzen\u00ed, typ za\u0159\u00edzen\u00ed, model a v\u00fdrobce) a<\/li>\n<li>\u00fadaje o va\u0161ich zvyklostech pou\u017e\u00edv\u00e1n\u00ed (nap\u0159\u00edklad jak \u010dasto pou\u017e\u00edv\u00e1te evropsk\u00e9 slu\u017eby skupiny Campari Group a jak\u00e9 m\u00e1te jazykov\u00e9 nastaven\u00ed).<\/li>\n<\/ul>\n\n\n\n<p>\u00a0<\/p>\n\n\n\n<p>Tyto \u00fadaje pou\u017e\u00edv\u00e1me k tomu, abychom v\u00e1m mohli poskytovat jednotliv\u00e9 funkce na\u0161ich evropsk\u00fdch slu\u017eeb a abychom mohli monitorovat a zlep\u0161ovat evropsk\u00e9 slu\u017eby a vyv\u00edjet nov\u00e9 slu\u017eby.<\/p>\n\n\n\n<p>\u00a0<\/p>\n\n\n\n<p>V tabulce v\u00a0<strong>p\u0159\u00edloze 2\u00a0<\/strong>jsou uvedeny dal\u0161\u00ed informace o kategori\u00edch osobn\u00edch \u00fadaj\u016f, kter\u00e9 o v\u00e1s automaticky shroma\u017e\u010fujeme, a o tom, jak tyto \u00fadaje pou\u017e\u00edv\u00e1me. V t\u00e9to tabulce je rovn\u011b\u017e uveden pr\u00e1vn\u00ed z\u00e1klad, o kter\u00fd se p\u0159i zpracov\u00e1n\u00ed t\u011bchto osobn\u00edch \u00fadaj\u016f op\u00edr\u00e1me, a p\u0159\u00edjemci t\u011bchto osobn\u00edch \u00fadaj\u016f.<\/p>\n\n\n\n<p>\u00a0<\/p>\n\n\n\n<p>Osobn\u00ed \u00fadaje, kter\u00e9 o v\u00e1s shroma\u017e\u010fujeme, m\u016f\u017eeme propojit nebo kombinovat s \u00fadaji, kter\u00e9 shroma\u017e\u010fujeme automaticky.<\/p>\n\n\n\n<p>\u00a0<\/p>\n\n\n\n<p>Ve\u0161ker\u00e9 osobn\u00ed \u00fadaje, kter\u00e9 shroma\u017e\u010fujeme, m\u016f\u017eeme anonymizovat a agregovat (aby v\u00e1s p\u0159\u00edmo neidentifikovaly). Anonymizovan\u00e9 \u00fadaje m\u016f\u017eeme pou\u017e\u00edt pro \u00fa\u010dely, kter\u00e9 zahrnuj\u00ed testov\u00e1n\u00ed na\u0161ich IT syst\u00e9m\u016f, v\u00fdzkum, anal\u00fdzu dat a zlep\u0161ov\u00e1n\u00ed na\u0161ich evropsk\u00fdch slu\u017eeb. Tyto anonymizovan\u00e9 a agregovan\u00e9 \u00fadaje m\u016f\u017eeme sd\u00edlet s dal\u0161\u00edmi subjekty.<\/p>\n\n\n\n<h3 class=\"wp-block-heading\">3.3 JAK DLOUHO BUDEME VA\u0160E OSOBN\u00cd \u00daDAJE UKL\u00c1DAT<\/h3>\n\n\n\n<p>V\u00a0<strong>p\u0159\u00edloh\u00e1ch 1\u00a0<\/strong>a<strong>\u00a02\u00a0<\/strong>je uvedeno, jak dlouho budeme va\u0161e osobn\u00ed \u00fadaje ukl\u00e1dat. Osobn\u00ed \u00fadaje, kter\u00e9 o v\u00e1s shroma\u017e\u010fujeme, obvykle neuchov\u00e1v\u00e1me d\u00e9le, ne\u017e je nezbytn\u00e9 pro \u00fa\u010dely, kter\u00e9 jsou v souladu s na\u0161imi pr\u00e1vn\u00edmi povinnostmi a opr\u00e1vn\u011bn\u00fdmi obchodn\u00edmi z\u00e1jmy.<\/p>\n\n\n\n<p>\u00a0<\/p>\n\n\n\n<p>Krit\u00e9ria, kter\u00e1 pou\u017e\u00edv\u00e1me pro ur\u010den\u00ed doby, po kterou budou va\u0161e osobn\u00ed \u00fadaje uchov\u00e1v\u00e1ny, se li\u0161\u00ed v z\u00e1vislosti na pr\u00e1vn\u00edm z\u00e1kladu, o kter\u00fd se p\u0159i zpracov\u00e1n\u00ed t\u011bchto osobn\u00edch \u00fadaj\u016f op\u00edr\u00e1me:<\/p>\n\n\n\n<p>\u00a0<\/p>\n\n\n\n<ul class=\"wp-block-list\">\n<li><strong>Opr\u00e1vn\u011bn\u00e9 z\u00e1jmy.\u00a0<\/strong>Pokud zpracov\u00e1v\u00e1me osobn\u00ed \u00fadaje na z\u00e1klad\u011b na\u0161ich opr\u00e1vn\u011bn\u00fdch z\u00e1jm\u016f, pak tyto \u00fadaje zpravidla uchov\u00e1v\u00e1me po p\u0159im\u011b\u0159enou dobu, kter\u00e1 vych\u00e1z\u00ed z konkr\u00e9tn\u00edho z\u00e1jmu, s p\u0159ihl\u00e9dnut\u00edm k z\u00e1kladn\u00edm z\u00e1jm\u016fm, pr\u00e1v\u016fm a svobod\u00e1m subjekt\u016f \u00fadaj\u016f.<\/li>\n<li>Pokud zpracov\u00e1v\u00e1me osobn\u00ed \u00fadaje na z\u00e1klad\u011b va\u0161eho souhlasu, uchov\u00e1v\u00e1me je zpravidla do doby, ne\u017e sv\u016fj souhlas odvol\u00e1te, nebo po dobu nezbytnou ke spln\u011bn\u00ed p\u0159\u00edslu\u0161n\u00e9 smlouvy s v\u00e1mi nebo k poskytnut\u00ed p\u0159\u00edslu\u0161n\u00e9 slu\u017eby, pro kterou tyto osobn\u00ed \u00fadaje zpracov\u00e1v\u00e1me.<\/li>\n<li>Pokud zpracov\u00e1v\u00e1me osobn\u00ed \u00fadaje na z\u00e1klad\u011b smlouvy, uchov\u00e1v\u00e1me je zpravidla po dobu trv\u00e1n\u00ed smlouvy a po dal\u0161\u00ed omezenou dobu, kter\u00e1 p\u0159edstavuje proml\u010dec\u00ed lh\u016ftu pro pr\u00e1vn\u00ed n\u00e1roky, kter\u00e9 by mohly z dan\u00e9ho smluvn\u00edho vztahu vyplynout.<\/li>\n<li><strong>Pr\u00e1vn\u00ed povinnost.\u00a0<\/strong>Pokud zpracov\u00e1v\u00e1me osobn\u00ed \u00fadaje na z\u00e1klad\u011b pr\u00e1vn\u00ed povinnosti, uchov\u00e1v\u00e1me je zpravidla po dobu nezbytnou ke spln\u011bn\u00ed t\u00e9to pr\u00e1vn\u00ed povinnosti.<\/li>\n<li><strong>Soudn\u00ed \u017ealoba.<\/strong>\u00a0V p\u0159\u00edpad\u011b, \u017ee n\u00e1m hroz\u00ed soudn\u00ed \u017ealoba, m\u016f\u017eeme b\u00fdt nuceni uplatnit \u201epovinnost uchov\u00e1vat dokumenty\u201c, kter\u00e1 n\u00e1m p\u0159ikazuje uchov\u00e1vat \u00fadaje i po uplynut\u00ed obvykl\u00e9 doby uchov\u00e1v\u00e1n\u00ed.\u00a0 V takov\u00e9m p\u0159\u00edpad\u011b budeme \u00fadaje uchov\u00e1vat a\u017e do zru\u0161en\u00ed t\u00e9to povinnosti, co\u017e obvykle znamen\u00e1, \u017ee \u017ealoba nebo hroz\u00edc\u00ed \u017ealoba byla vy\u0159e\u0161ena.<\/li>\n<\/ul>\n\n\n\n<p>\u00a0<\/p>\n\n\n\n<p>Krom\u011b \u00fa\u010del\u016f a pr\u00e1vn\u00edch z\u00e1klad\u016f zpracov\u00e1n\u00ed v\u017edy zva\u017eujeme i mno\u017estv\u00ed, povahu a citlivost osobn\u00edch \u00fadaj\u016f, jako\u017e i potenci\u00e1ln\u00ed riziko \u0161kody zp\u016fsoben\u00e9 neopr\u00e1vn\u011bn\u00fdm pou\u017eit\u00edm nebo sd\u011blen\u00edm va\u0161ich osobn\u00edch \u00fadaj\u016f.<\/p>\n\n\n\n<p>\u00a0<\/p>\n\n\n\n<p>Po odvol\u00e1n\u00ed souhlasu nebo po uplynut\u00ed doby ukl\u00e1d\u00e1n\u00ed \u00fadaj\u016f shrom\u00e1\u017ed\u011bn\u00fdch pro \u00fa\u010dely uveden\u00e9 v p\u0159\u00edloh\u00e1ch 1 a 2, podle toho, co nastane d\u0159\u00edve, budou \u00fadaje automaticky vymaz\u00e1ny nebo trvale anonymizov\u00e1ny.<\/p>\n\n\n\n<h3 class=\"wp-block-heading\">3.4 P\u0158\u00cdJEMCI OSOBN\u00cdCH \u00daDAJ\u016e<\/h3>\n\n\n\n<p>Krom\u011b p\u0159\u00edjemc\u016f uveden\u00fdch v\u00a0<strong>p\u0159\u00edloh\u00e1ch 1\u00a0<\/strong>a\u00a0<strong>2\u00a0<\/strong>m\u016f\u017eeme va\u0161e osobn\u00ed \u00fadaje tak\u00e9 sd\u00edlet s n\u00e1sleduj\u00edc\u00edmi subjekty (podle pot\u0159eby v souladu se zp\u016fsoby pou\u017eit\u00ed uveden\u00fdmi v\u00a0<strong>p\u0159\u00edloh\u00e1ch 1\u00a0<\/strong>a\u00a0<strong>2<\/strong>):<\/p>\n\n\n\n<p>\u00a0<\/p>\n\n\n\n<ul class=\"wp-block-list\">\n<li><strong>Poskytovatel\u00e9 slu\u017eeb a poradci<\/strong>: va\u0161e osobn\u00ed \u00fadaje m\u016f\u017eeme sd\u00edlet s prodejci t\u0159et\u00edch stran a dal\u0161\u00edmi poskytovateli slu\u017eeb, kte\u0159\u00ed n\u00e1m nebo na\u0161\u00edm jm\u00e9nem poskytuj\u00ed slu\u017eby, kter\u00e9 mohou zahrnovat poskytov\u00e1n\u00ed profesion\u00e1ln\u00edch slu\u017eeb, jako jsou pr\u00e1vn\u00ed a \u00fa\u010detn\u00ed slu\u017eby, po\u0161tovn\u00ed, e-mailov\u00e9 nebo chatov\u00e9 slu\u017eby, prevence podvod\u016f, webhosting nebo poskytov\u00e1n\u00ed analytick\u00fdch slu\u017eeb.<\/li>\n<li><strong>P\u0159idru\u017een\u00e9 spole\u010dnosti<\/strong>. Ostatn\u00ed spole\u010dnosti vlastn\u011bn\u00e9 nebo ve spole\u010dn\u00e9m vlastnictv\u00ed se spole\u010dnost\u00ed Campari Group, v\u010detn\u011b na\u0161ich dce\u0159in\u00fdch spole\u010dnost\u00ed (tj. v\u0161ech organizac\u00ed, kter\u00e9 vlastn\u00edme nebo \u0159\u00edd\u00edme) a na\u0161\u00ed hlavn\u00ed mate\u0159sk\u00e9 spole\u010dnosti (tj. v\u0161ech organizac\u00ed, kter\u00e9 n\u00e1s vlastn\u00ed nebo \u0159\u00edd\u00ed) a v\u0161ech dce\u0159in\u00fdch spole\u010dnost\u00ed, kter\u00e9 tato mate\u0159sk\u00e1 spole\u010dnost vlastn\u00ed. Tyto spole\u010dnosti budou va\u0161e osobn\u00ed \u00fadaje pou\u017e\u00edvat stejn\u00fdm zp\u016fsobem, jako je m\u016f\u017eeme podle t\u011bchto ozn\u00e1men\u00ed o soukrom\u00ed pou\u017e\u00edvat my, a v p\u0159\u00edpad\u011b pot\u0159eby uzav\u0159ou vnitropodnikovou dohodu o ochran\u011b osobn\u00edch \u00fadaj\u016f.<\/li>\n<li><strong>Odb\u011bratel\u00e9 a t\u0159et\u00ed strany v souvislosti s obchodn\u00ed transakc\u00ed<\/strong>: va\u0161e osobn\u00ed \u00fadaje mohou b\u00fdt sd\u011bleny t\u0159et\u00edm stran\u00e1m v souvislosti s transakc\u00ed, jako je f\u00faze, prodej majetku nebo akci\u00ed, reorganizace, financov\u00e1n\u00ed, zm\u011bna veden\u00ed nebo akvizice cel\u00e9ho na\u0161eho podniku nebo jeho \u010d\u00e1sti.<\/li>\n<li><strong>Org\u00e1ny \u010dinn\u00e9 v trestn\u00edm \u0159\u00edzen\u00ed, regula\u010dn\u00ed org\u00e1ny a dal\u0161\u00ed strany z pr\u00e1vn\u00edch d\u016fvod\u016f<\/strong>: va\u0161e osobn\u00ed \u00fadaje m\u016f\u017eeme sd\u00edlet s t\u0159et\u00edmi stranami, pokud to vy\u017eaduje z\u00e1kon nebo pokud se d\u016fvodn\u011b domn\u00edv\u00e1me, \u017ee je to nezbytn\u00e9 k (i) dodr\u017eov\u00e1n\u00ed z\u00e1kona a p\u0159im\u011b\u0159en\u00fdch po\u017eadavk\u016f org\u00e1n\u016f \u010dinn\u00fdch v trestn\u00edm \u0159\u00edzen\u00ed; (ii) odhalov\u00e1n\u00ed a vy\u0161et\u0159ov\u00e1n\u00ed nez\u00e1konn\u00fdch \u010dinnost\u00ed a poru\u0161ov\u00e1n\u00ed smluv, v\u010detn\u011b na\u0161ich podm\u00ednek pou\u017e\u00edv\u00e1n\u00ed slu\u017eby; nebo k (iii) v\u00fdkonu nebo ochran\u011b pr\u00e1v, majetku nebo osobn\u00ed bezpe\u010dnosti skupiny Campari Group, jej\u00edch u\u017eivatel\u016f nebo jin\u00fdch osob.<\/li>\n<\/ul>\n\n\n\n<h3 class=\"wp-block-heading\">3.5 MARKETING A REKLAMA<\/h3>\n\n\n\n<p>\u010cas od \u010dasu v\u00e1s m\u016f\u017eeme kontaktovat s informacemi o na\u0161ich slu\u017eb\u00e1ch, v\u010detn\u011b zas\u00edl\u00e1n\u00ed marketingov\u00fdch sd\u011blen\u00ed a \u017e\u00e1dost\u00ed o zp\u011btnou vazbu na na\u0161e slu\u017eby. V\u011bt\u0161inu marketingov\u00fdch sd\u011blen\u00ed zas\u00edl\u00e1me e-mailem. Pro n\u011bkter\u00e1 marketingov\u00e1 sd\u011blen\u00ed m\u016f\u017eeme pou\u017e\u00edt osobn\u00ed \u00fadaje, kter\u00e9 o v\u00e1s shroma\u017e\u010fujeme, abychom mohli ur\u010dit, kter\u00e9 marketingov\u00e9 informace jsou pro v\u00e1s nejrelevantn\u011bj\u0161\u00ed a sd\u00edlet je s v\u00e1mi.<\/p>\n\n\n\n<p>\u00a0<\/p>\n\n\n\n<p>Marketingov\u00e1 sd\u011blen\u00ed v\u00e1m m\u016f\u017eeme zas\u00edlat, pokud jste n\u00e1m k tomu dali souhlas nebo pokud jsme vyu\u017eili tzv. pravidlo \u201esoft opt-in\u201c (pokud je to v dan\u00e9m p\u0159\u00edpad\u011b relevantn\u00ed).\u00a0\u00a0 Pokud se chcete z odb\u011bru t\u011bchto e-mail\u016f odhl\u00e1sit, sta\u010d\u00ed kliknout na odkaz \u201eOdhl\u00e1sit odb\u011br\u201c uveden\u00fd na konci ka\u017ed\u00e9ho e-mailu.<\/p>\n\n\n\n<h3 class=\"wp-block-heading\">3.6 UKL\u00c1D\u00c1N\u00cd A P\u0158ED\u00c1V\u00c1N\u00cd VA\u0160ICH OSOBN\u00cdCH \u00daDAJ\u016e<\/h3>\n\n\n\n<p><strong>Zabezpe\u010den\u00ed<\/strong>. P\u0159ij\u00edm\u00e1me vhodn\u00e1 technick\u00e1 a organiza\u010dn\u00ed opat\u0159en\u00ed, abychom va\u0161e osobn\u00ed \u00fadaje ochr\u00e1nili p\u0159ed n\u00e1hodn\u00fdm nebo nez\u00e1konn\u00fdm zni\u010den\u00edm, ztr\u00e1tou, zm\u011bnou nebo po\u0161kozen\u00edm. Ve\u0161ker\u00e9 osobn\u00ed \u00fadaje, kter\u00e9 shroma\u017e\u010fujeme, jsou ulo\u017eeny u na\u0161eho poskytovatele cloud hostingu na zabezpe\u010den\u00fdch serverech. Nikdy v\u00e1m nebudeme zas\u00edlat nevy\u017e\u00e1dan\u00e9 e-maily ani v\u00e1s telefonicky kontaktovat s \u017e\u00e1dost\u00ed o informace o va\u0161\u00ed kreditn\u00ed nebo debetn\u00ed kart\u011b nebo o va\u0161em rodn\u00e9m \u010di jin\u00e9m n\u00e1rodn\u00edm identifika\u010dn\u00edm \u010d\u00edsle.<\/p>\n\n\n\n<p>\u00a0<\/p>\n\n\n\n<p><strong>Mezin\u00e1rodn\u00ed p\u0159ed\u00e1v\u00e1n\u00ed va\u0161ich osobn\u00edch \u00fadaj\u016f<\/strong>. Osobn\u00ed \u00fadaje, kter\u00e9 shroma\u017e\u010fujeme, mohou b\u00fdt p\u0159ed\u00e1v\u00e1ny a ukl\u00e1d\u00e1ny v zem\u00edch mimo jurisdikci, ve kter\u00e9 se nach\u00e1z\u00edte, kde p\u016fsob\u00edme my a na\u0161i poskytovatel\u00e9 slu\u017eeb t\u0159et\u00edch stran. Pokud se nach\u00e1z\u00edte v EHP, Spojen\u00e9m kr\u00e1lovstv\u00ed nebo \u0160v\u00fdcarsku, va\u0161e osobn\u00ed \u00fadaje mohou b\u00fdt zpracov\u00e1v\u00e1ny mimo tyto regiony, a to mimo jin\u00e9 i ve Spojen\u00fdch st\u00e1tech.<\/p>\n\n\n\n<p>\u00a0<\/p>\n\n\n\n<p>V p\u0159\u00edpad\u011b takov\u00e9ho p\u0159ed\u00e1v\u00e1n\u00ed zaji\u0161\u0165ujeme, \u017ee: (i) osobn\u00ed \u00fadaje jsou p\u0159ed\u00e1v\u00e1ny do zem\u00ed, kter\u00e9 jsou pova\u017eov\u00e1ny za zem\u011b poskytuj\u00edc\u00ed rovnocennou \u00farove\u0148 ochrany \u00fadaj\u016f; nebo \u017ee (ii) p\u0159ed\u00e1n\u00ed je provedeno na z\u00e1klad\u011b vhodn\u00fdch z\u00e1ruk, jako jsou standardn\u00ed smluvn\u00ed dolo\u017eky p\u0159ijat\u00e9 Evropskou komis\u00ed (v\u010detn\u011b dal\u0161\u00edch z\u00e1ruk doporu\u010den\u00fdch Evropsk\u00fdm sborem pro ochranu osobn\u00edch \u00fadaj\u016f).<\/p>\n\n\n\n<p>\u00a0<\/p>\n\n\n\n<p>Pokud se chcete d\u00e1le informovat o t\u011bchto z\u00e1ruk\u00e1ch, kontaktujte n\u00e1s pros\u00edm prost\u0159ednictv\u00edm \u00fadaj\u016f uveden\u00fdch na konci t\u011bchto ozn\u00e1men\u00ed o soukrom\u00ed.<\/p>\n\n\n\n<h3 class=\"wp-block-heading\">3.7 PROFILOV\u00c1N\u00cd<\/h3>\n\n\n\n<p>Osobn\u00ed \u00fadaje, kter\u00e9 jsme o v\u00e1s shrom\u00e1\u017edili, m\u016f\u017eeme analyzovat a vytvo\u0159it na jejich z\u00e1klad\u011b profil va\u0161ich z\u00e1jm\u016f a preferenc\u00ed, abychom v\u00e1s mohli kontaktovat s informacemi, kter\u00e9 jsou pro v\u00e1s relevantn\u00ed. Pokud jsou k dispozici dal\u0161\u00ed \u00fadaje o v\u00e1s z extern\u00edch zdroj\u016f, m\u016f\u017eeme je vyu\u017e\u00edt k efektivn\u00edmu zas\u00edl\u00e1n\u00ed novinek o produktech. Va\u0161e osobn\u00ed \u00fadaje m\u016f\u017eeme tak\u00e9 pou\u017e\u00edt k odhalov\u00e1n\u00ed podvod\u016f a sni\u017eov\u00e1n\u00ed \u00fav\u011brov\u00e9ho rizika. Zad\u00e1v\u00e1n\u00ed va\u0161ich osobn\u00edch \u00fadaj\u016f do na\u0161eho syst\u00e9mu \u0159\u00edzen\u00ed vztah\u016f se z\u00e1kazn\u00edky (CRM) je nepovinn\u00e9 a doch\u00e1z\u00ed k n\u011bmu pouze v p\u0159\u00edpad\u011b, \u017ee jste ud\u011blili souhlas k jednomu z \u00fa\u010del\u016f uveden\u00fdch v p\u0159\u00edloze 1 a 2; p\u0159i\u010dem\u017e toto zad\u00e1n\u00ed automaticky znamen\u00e1, \u017ee zam\u011bstnanci skupiny Campari Group po cel\u00e9m sv\u011bt\u011b, kte\u0159\u00ed jsou pov\u011b\u0159eni zpracov\u00e1v\u00e1n\u00edm \u00fadaj\u016f, si budou moci tyto \u00fadaje prohl\u00ed\u017eet, m\u011bnit a aktualizovat.<\/p>\n\n\n\n<h3 class=\"wp-block-heading\">3.8 VA\u0160E PR\u00c1VA T\u00ddKAJ\u00cdC\u00cd SE VA\u0160ICH OSOBN\u00cdCH \u00daDAJ\u016e<\/h3>\n\n\n\n<p>V souladu s platn\u00fdmi z\u00e1kony o ochran\u011b osobn\u00edch \u00fadaj\u016f m\u00e1te n\u00e1sleduj\u00edc\u00ed pr\u00e1va vztahuj\u00edc\u00ed se na osobn\u00ed \u00fadaje, kter\u00e9 o v\u00e1s uchov\u00e1v\u00e1me:<\/p>\n\n\n\n<p>\u00a0<\/p>\n\n\n\n<ul class=\"wp-block-list\">\n<li><strong>Pr\u00e1vo na p\u0159\u00edstup k osobn\u00edm \u00fadaj\u016fm<\/strong>. M\u00e1te pr\u00e1vo z\u00edskat:\u00a0<\/li>\n<li><strong>Pr\u00e1vo na p\u0159enositelnost \u00fadaj\u016f<\/strong>. Za ur\u010dit\u00fdch okolnost\u00ed m\u00e1te pr\u00e1vo z\u00edskat kopii osobn\u00edch \u00fadaj\u016f, kter\u00e9 jste n\u00e1m poskytli, ve strukturovan\u00e9m, b\u011b\u017en\u011b pou\u017e\u00edvan\u00e9m, strojov\u011b \u010diteln\u00e9m form\u00e1tu, kter\u00fd umo\u017e\u0148uje jejich opakovan\u00e9 pou\u017eit\u00ed, nebo po\u017e\u00e1dat o p\u0159ed\u00e1n\u00ed sv\u00fdch osobn\u00edch \u00fadaj\u016f jin\u00e9 osob\u011b.<\/li>\n<li><strong>Pr\u00e1vo na opravu<\/strong>. M\u00e1te pr\u00e1vo na opravu nep\u0159esn\u00fdch nebo ne\u00fapln\u00fdch osobn\u00edch \u00fadaj\u016f, kter\u00e9 o v\u00e1s uchov\u00e1v\u00e1me, a to bez zbyte\u010dn\u00e9ho odkladu.<\/li>\n<li><strong>Pr\u00e1vo na v\u00fdmaz<\/strong>. Za ur\u010dit\u00fdch okolnost\u00ed m\u00e1te pr\u00e1vo po\u017eadovat, abychom va\u0161e osobn\u00ed \u00fadaje bez zbyte\u010dn\u00e9ho odkladu vymazali, pokud dal\u0161\u00ed zpracov\u00e1n\u00ed t\u011bchto osobn\u00edch \u00fadaj\u016f nen\u00ed opr\u00e1vn\u011bn\u00e9.<\/li>\n<li><strong>Pr\u00e1vo na omezen\u00ed<\/strong>. Za ur\u010dit\u00fdch okolnost\u00ed m\u00e1te pr\u00e1vo po\u017eadovat, abychom omezili \u00fa\u010dely, pro kter\u00e9 va\u0161e osobn\u00ed \u00fadaje zpracov\u00e1v\u00e1me, pokud dal\u0161\u00ed zpracov\u00e1n\u00ed osobn\u00edch \u00fadaj\u016f konkr\u00e9tn\u00edm zp\u016fsobem nen\u00ed opr\u00e1vn\u011bn\u00e9, nap\u0159\u00edklad v p\u0159\u00edpad\u011b, \u017ee zpochyb\u0148ujete spr\u00e1vnost n\u011bkter\u00fdch osobn\u00edch \u00fadaj\u016f.<\/li>\n<li><strong>Pr\u00e1vo odvolat souhlas<\/strong>. Za ur\u010dit\u00fdch okolnost\u00ed pot\u0159ebujeme ke zpracov\u00e1n\u00ed va\u0161ich osobn\u00edch \u00fadaj\u016f v\u00e1\u0161 souhlas. Pokud jste souhlas v takov\u00e9m p\u0159\u00edpad\u011b poskytli, pak m\u00e1te pr\u00e1vo jej odvolat. Pokud sv\u016fj souhlas odvol\u00e1te, nebude to m\u00edt vliv na z\u00e1konnost na\u0161eho pou\u017e\u00edv\u00e1n\u00ed va\u0161ich osobn\u00edch \u00fadaj\u016f p\u0159ed odvol\u00e1n\u00edm souhlasu.<\/li>\n<\/ul>\n\n\n\n<p>\u00a0<\/p>\n\n\n\n<p>M\u00e1te pr\u00e1vo n\u00e1m poskytnout pokyny t\u00fdkaj\u00edc\u00ed se uchov\u00e1v\u00e1n\u00ed, v\u00fdmazu a zp\u0159\u00edstupn\u011bn\u00ed va\u0161ich osobn\u00edch \u00fadaj\u016f po va\u0161\u00ed smrti. Pokud \u017e\u00e1dn\u00e9 pokyny neposkytnete, pak mohou va\u0161i d\u011bdicov\u00e9 po\u017e\u00e1dat o zp\u0159\u00edstupn\u011bn\u00ed nebo v\u00fdmaz va\u0161ich osobn\u00edch \u00fadaj\u016f.<\/p>\n\n\n\n<p>\u00a0<\/p>\n\n\n\n<p><strong>M\u00e1te tak\u00e9 pr\u00e1vo vzn\u00e9st n\u00e1mitku proti jak\u00e9mukoli zpracov\u00e1n\u00ed na z\u00e1klad\u011b na\u0161ich opr\u00e1vn\u011bn\u00fdch z\u00e1jm\u016f, pokud existuj\u00ed d\u016fvody t\u00fdkaj\u00edc\u00ed se va\u0161\u00ed konkr\u00e9tn\u00ed situace. Mohou v\u0161ak existovat z\u00e1va\u017en\u00e9 d\u016fvody pro to, abychom va\u0161e osobn\u00ed \u00fadaje nad\u00e1le zpracov\u00e1vali, v takov\u00e9m p\u0159\u00edpad\u011b situaci posoud\u00edme a budeme v\u00e1s informovat o tom, zdali takov\u00e9to z\u00e1va\u017en\u00e9 d\u016fvody existuj\u00ed.\u00a0 Proti marketingov\u00fdm aktivit\u00e1m m\u016f\u017eete vzn\u00e9st n\u00e1mitku z jak\u00e9hokoli d\u016fvodu.<\/strong><\/p>\n\n\n\n<p>\u00a0<\/p>\n\n\n\n<p>M\u00e1te tak\u00e9 pr\u00e1vo podat st\u00ed\u017enost m\u00edstn\u00edmu \u00fa\u0159adu pro ochranu osobn\u00edch \u00fadaj\u016f. Pokud s\u00eddl\u00edte v Evropsk\u00e9 unii,\u00a0<a href=\"http:\/\/ec.europa.eu\/justice\/data-protection\/bodies\/authorities\/index_en.htm\">zde<\/a>\u00a0najdete informace o tom, jak se obr\u00e1tit na p\u0159\u00edslu\u0161n\u00fd \u00fa\u0159ad pro ochranu osobn\u00edch \u00fadaj\u016f. Pokud s\u00eddl\u00edte ve Spojen\u00e9m kr\u00e1lovstv\u00ed nebo ve \u0160v\u00fdcarsku, pak jsou va\u0161imi m\u00edstn\u00edmi \u00fa\u0159ady pro ochranu osobn\u00edch \u00fadaj\u016f \u00da\u0159ad komisa\u0159e pro informace Spojen\u00e9ho kr\u00e1lovstv\u00ed (<a href=\"https:\/\/ico.org.uk\/global\/contact-us\/\">https:\/\/ico.org.uk\/global\/contact-us\/<\/a>) a \u0161v\u00fdcarsk\u00fd feder\u00e1ln\u00ed komisa\u0159 pro ochranu \u00fadaj\u016f a informac\u00ed (<a href=\"https:\/\/www.edoeb.admin.ch\/en\/contact-2\">https:\/\/www.edoeb.admin.ch\/en\/contact-2<\/a>).<\/p>\n\n\n\n<p>\u00a0<\/p>\n\n\n\n<p>Pokud si p\u0159ejete uplatnit n\u011bkter\u00e9 z t\u011bchto pr\u00e1v, vypl\u0148te pros\u00edm n\u00e1\u0161\u00a0<strong>formul\u00e1\u0159 pro \u017e\u00e1dosti t\u00fdkaj\u00edc\u00ed se pr\u00e1va na soukrom\u00ed.<\/strong><\/p>\n\n\n\n<p>\u00a0<\/p>\n\n\n\n<p>Vzhledem k d\u016fv\u011brn\u00e9 povaze zpracov\u00e1n\u00ed \u00fadaj\u016f v\u00e1s m\u016f\u017eeme p\u0159i uplat\u0148ov\u00e1n\u00ed v\u00fd\u0161e uveden\u00fdch pr\u00e1v po\u017e\u00e1dat o prok\u00e1z\u00e1n\u00ed toto\u017enosti. Prok\u00e1zat se lze p\u0159edlo\u017een\u00edm naskenovan\u00e9 kopie platn\u00e9ho dokladu toto\u017enosti nebo podepsan\u00e9 fotokopie platn\u00e9ho dokladu toto\u017enosti.<\/p>\n\n\n\n<h3 class=\"wp-block-heading\">3.9 SOUBORY COOKIE A PODOBN\u00c9 TECHNOLOGIE POU\u017d\u00cdVAN\u00c9 V NA\u0160ICH EVROPSK\u00ddCH SLU\u017dB\u00c1CH<\/h3>\n\n\n\n<p>Na\u0161e evropsk\u00e9 slu\u017eby pou\u017e\u00edvaj\u00ed soubory cookie a podobn\u00e9 technologie, jako jsou pixely a lok\u00e1ln\u00ed sd\u00edlen\u00e9 objekty (LSO) jako nap\u0159\u00edklad HTML5 (spole\u010dn\u011b d\u00e1le jako \u201e<strong>soubory cookie<\/strong>\u201c), aby v\u00e1s odli\u0161ily od ostatn\u00edch u\u017eivatel\u016f na\u0161ich slu\u017eeb. To n\u00e1m pom\u00e1h\u00e1 zajistit, abyste p\u0159i prohl\u00ed\u017een\u00ed na\u0161ich slu\u017eeb m\u011bli dobr\u00fd u\u017eivatelsk\u00fd z\u00e1\u017eitek, a tak\u00e9 n\u00e1m to umo\u017e\u0148uje sledovat a analyzovat, jak na\u0161e slu\u017eby pou\u017e\u00edv\u00e1te a jak s nimi komunikujete, abychom je mohli d\u00e1le zlep\u0161ovat. Takt\u00e9\u017e to n\u00e1m i na\u0161im partner\u016fm pom\u00e1h\u00e1 ur\u010dit, kter\u00e9 produkty a slu\u017eby by v\u00e1s mohly zaj\u00edmat. Dal\u0161\u00ed informace o t\u011bchto praktik\u00e1ch a va\u0161ich mo\u017enostech ohledn\u011b soubor\u016f cookie nalezete v na\u0161ich\u00a0<strong>z\u00e1sad\u00e1ch pou\u017e\u00edv\u00e1n\u00ed soubor\u016f cookie<\/strong>.<\/p>\n\n\n\n<h3 class=\"wp-block-heading\">3.10 TECHNOLOGIE SLEDOV\u00c1N\u00cd POU\u017d\u00cdVAN\u00c9 V NA\u0160ICH E-MAILECH<\/h3>\n\n\n\n<p>Na\u0161e e-maily mohou obsahovat sledovac\u00ed pixely, kter\u00e9 identifikuj\u00ed, zda a kdy jste otev\u0159eli e-mail, kter\u00fd jsme v\u00e1m zaslali, kolikr\u00e1t jste si jej p\u0159e\u010detli a zda jste v tomto e-mailu klikli na n\u011bjak\u00fd odkaz. To n\u00e1m pom\u00e1h\u00e1 m\u011b\u0159it \u00fa\u010dinnost na\u0161ich e-mailov\u00fdch marketingov\u00fdch kampan\u00ed, p\u0159izp\u016fsobit e-maily, kter\u00e9 v\u00e1m pos\u00edl\u00e1me, va\u0161im z\u00e1jm\u016fm a zjistit, zda jste si otev\u0159eli a p\u0159e\u010detli d\u016fle\u017eit\u00e9 administrativn\u00ed e-maily, kter\u00e9 v\u00e1m p\u0159\u00edpadn\u011b m\u016f\u017eeme zaslat.<\/p>\n\n\n\n<p>\u00a0<\/p>\n\n\n\n<p>V\u011bt\u0161ina obl\u00edben\u00fdch e-mailov\u00fdch klient\u016f v\u00e1m umo\u017e\u0148uje tyto pixely blokovat zak\u00e1z\u00e1n\u00edm ur\u010dit\u00fdch extern\u00edch obr\u00e1zk\u016f v e-mailech. To m\u016f\u017eete prov\u00e9st prost\u0159ednictv\u00edm nastaven\u00ed va\u0161eho e-mailov\u00e9ho klienta \u2013 v nastaven\u00ed si obvykle m\u016f\u017eete vybrat, zda budou e-maily ve v\u00fdchoz\u00edm nastaven\u00ed zobrazovat \u201eextern\u00ed obr\u00e1zky\u201c, \u201eextern\u00ed obsah\u201c nebo \u201eobr\u00e1zky\u201c.<\/p>\n\n\n\n<p>\u00a0<\/p>\n\n\n\n<p>N\u011bkter\u00e9 prohl\u00ed\u017ee\u010de tak\u00e9 nab\u00edzej\u00ed mo\u017enost sta\u017een\u00ed a instalace roz\u0161\u00ed\u0159en\u00ed, kter\u00e1 blokuj\u00ed sledovac\u00ed pixely a dal\u0161\u00ed technologie sledov\u00e1n\u00ed.<\/p>\n\n\n\n<h3 class=\"wp-block-heading\">3.11 ZP\u016eSOB ZPRACOV\u00c1N\u00cd<\/h3>\n\n\n\n<p>Osobn\u00ed \u00fadaje budou zpracov\u00e1v\u00e1ny pomoc\u00ed informa\u010dn\u00edch technologi\u00ed nebo manu\u00e1ln\u011b po dobu nezbytnou k dosa\u017een\u00ed \u00fa\u010delu, pro kter\u00fd byly shrom\u00e1\u017ed\u011bny. Osobn\u00ed \u00fadaje shrom\u00e1\u017ed\u011bn\u00e9 pro \u00fa\u010dely uveden\u00e9 v\u00a0<strong>p\u0159\u00edloh\u00e1ch 1<\/strong>\u00a0a\u00a0<strong>2<\/strong>\u00a0budou tak\u00e9 zpracov\u00e1v\u00e1ny pomoc\u00ed automatizovan\u00fdch mechanism\u016f na z\u00e1klad\u011b logiky a postup\u016f, kter\u00e9 striktn\u011b souvis\u00ed s uveden\u00fdmi \u00fa\u010dely.<\/p>\n\n\n\n<h2 class=\"wp-block-heading\">P\u0158\u00cdLOHA 1 \u2013 OSOBN\u00cd \u00daDAJE, KTER\u00c9 N\u00c1M POSKYTUJETE<\/h2>\n\n\n\n<figure class=\"wp-block-table\"><table>\n<tbody>\n<tr>\n<td><p><strong>Kategorie \u00fadaj\u016f<\/strong><\/p>\n<p><strong>Ov\u011b\u0159en\u00ed z\u00e1konn\u00e9ho v\u011bku pro konzumaci alkoholu<\/strong>, co\u017e zahrnuje va\u0161e datum narozen\u00ed a va\u0161i zemi nebo region.<\/p><\/td>\n<\/tr>\n<tr>\n<td><p><strong>\u00da\u010del zpracov\u00e1n\u00ed<\/strong><\/p>\n<p>Ov\u011b\u0159en\u00ed va\u0161eho v\u011bku a schopnosti pou\u017e\u00edvat na\u0161e evropsk\u00e9 slu\u017eby.<\/p><\/td>\n<\/tr>\n<tr>\n<td><p><strong>Pr\u00e1vn\u00ed z\u00e1klad pro zpracov\u00e1n\u00ed<\/strong><\/p>\n<p>Zpracov\u00e1n\u00ed je nezbytn\u00e9 pro na\u0161e opr\u00e1vn\u011bn\u00e9 z\u00e1jmy, konkr\u00e9tn\u011b pro spr\u00e1vu na\u0161ich evropsk\u00fdch slu\u017eeb, a pro pln\u011bn\u00ed smlouvy s v\u00e1mi, konkr\u00e9tn\u011b na\u0161ich podm\u00ednek poskytov\u00e1n\u00ed slu\u017eby.<\/p><\/td>\n<\/tr>\n<tr>\n<td><p><strong>Uchov\u00e1v\u00e1n\u00ed \u00fadaj\u016f<\/strong><\/p>\n<p>Po dobu vy\u017eadovanou p\u0159\u00edslu\u0161n\u00fdmi pr\u00e1vn\u00edmi p\u0159edpisy.<\/p><\/td>\n<\/tr>\n<tr>\n<td><p><strong>P\u0159\u00edjemci osobn\u00edch \u00fadaj\u016f<\/strong><\/p>\n<p>Ve\u0161ker\u00e9 informace, kter\u00e9 n\u00e1m poskytnete, m\u016f\u017eeme sd\u00edlet s t\u0159et\u00edmi stranami, kter\u00e9 n\u00e1m pom\u00e1haj\u00ed p\u0159i navrhov\u00e1n\u00ed marketingov\u00fdch kampan\u00ed, nebo s poskytovateli hostingov\u00fdch slu\u017eeb nebo slu\u017eeb \u00fadr\u017eby pro na\u0161e digit\u00e1ln\u00ed aktiva.<\/p><\/td>\n<\/tr>\n<\/tbody>\n<\/table><\/figure>\n\n\n\n<figure class=\"wp-block-table\"><table>\n<tbody>\n<tr>\n<td colspan=\"4\"><p><strong>Kategorie \u00fadaj\u016f<\/strong><\/p>\n<p><strong>Kontaktn\u00ed \u00fadaje<\/strong>, jako je jm\u00e9no, p\u0159\u00edjmen\u00ed a e-mailov\u00e1 adresa.<\/p><\/td>\n<\/tr>\n<tr>\n<td><p><strong>\u00da\u010del zpracov\u00e1n\u00ed<\/strong><\/p>\n<p>Tyto informace m\u016f\u017eeme pou\u017e\u00edt k nastaven\u00ed a ov\u011b\u0159en\u00ed va\u0161eho \u00fa\u010dtu v na\u0161ich evropsk\u00fdch slu\u017eb\u00e1ch.<\/p><\/td>\n<td><p><strong>\u00da\u010del zpracov\u00e1n\u00ed<\/strong><\/p>\n<p>Tyto informace m\u016f\u017eeme pou\u017e\u00edt pro komunikaci s v\u00e1mi, v\u010detn\u011b zas\u00edl\u00e1n\u00ed sd\u011blen\u00ed t\u00fdkaj\u00edc\u00edch se na\u0161ich slu\u017eeb.<\/p><\/td>\n<td><p><strong>\u00da\u010del zpracov\u00e1n\u00ed<\/strong><\/p>\n<p>Tyto informace m\u016f\u017eeme pou\u017e\u00edt k vy\u0159izov\u00e1n\u00ed dotaz\u016f a st\u00ed\u017enost\u00ed, kter\u00e9 jste vznesli vy nebo kter\u00e9 byly vzneseny v\u016f\u010di v\u00e1m, v souvislosti s na\u0161imi evropsk\u00fdmi slu\u017ebami.<\/p><\/td>\n<td><p><strong>\u00da\u010del zpracov\u00e1n\u00ed<\/strong><\/p>\n<p>Tyto informace m\u016f\u017eeme pou\u017e\u00edt v souvislosti s poskytov\u00e1n\u00edm marketingov\u00fdch sd\u011blen\u00ed v souladu s va\u0161imi preferencemi.<\/p><\/td>\n<\/tr>\n<tr>\n<td><p><strong>Pr\u00e1vn\u00ed z\u00e1klad pro zpracov\u00e1n\u00ed<\/strong><\/p>\n<p>Zpracov\u00e1n\u00ed je nezbytn\u00e9 pro pln\u011bn\u00ed smlouvy s v\u00e1mi a pro podniknut\u00ed ur\u010dit\u00fdch krok\u016f p\u0159ed uzav\u0159en\u00edm t\u00e9to smlouvy, konkr\u00e9tn\u011b na\u0161ich podm\u00ednek poskytov\u00e1n\u00ed slu\u017eby.<\/p><\/td>\n<td><p><strong>Pr\u00e1vn\u00ed z\u00e1klad pro zpracov\u00e1n\u00ed<\/strong><\/p>\n<p>Zpracov\u00e1n\u00ed je nezbytn\u00e9 pro pln\u011bn\u00ed smlouvy s v\u00e1mi, konkr\u00e9tn\u011b na\u0161ich podm\u00ednek poskytov\u00e1n\u00ed slu\u017eby.<\/p><\/td>\n<td><p><strong>Pr\u00e1vn\u00ed z\u00e1klad pro zpracov\u00e1n\u00ed<\/strong><\/p>\n<p>Zpracov\u00e1n\u00ed je nezbytn\u00e9 pro na\u0161e opr\u00e1vn\u011bn\u00e9 z\u00e1jmy, konkr\u00e9tn\u011b pro spr\u00e1vu na\u0161ich evropsk\u00fdch slu\u017eeb a pro efektivn\u00ed komunikaci s v\u00e1mi, abychom mohli reagovat na va\u0161e dotazy nebo st\u00ed\u017enosti.<\/p><\/td>\n<td><p><strong>Pr\u00e1vn\u00ed z\u00e1klad pro zpracov\u00e1n\u00ed<\/strong><\/p>\n<p>Va\u0161e osobn\u00ed \u00fadaje budeme t\u00edmto zp\u016fsobem pou\u017e\u00edvat pouze v rozsahu, v jak\u00e9m jste n\u00e1m k tomu dali souhlas.<\/p><\/td>\n<\/tr>\n<tr>\n<td><p><strong>Uchov\u00e1v\u00e1n\u00ed \u00fadaj\u016f<\/strong><\/p>\n<p>Po dobu trv\u00e1n\u00ed \u00fa\u010dtu a po vymaz\u00e1n\u00ed \u00fa\u010dtu po dobu vy\u017eadovanou p\u0159\u00edslu\u0161n\u00fdmi pr\u00e1vn\u00edmi p\u0159edpisy.<\/p><\/td>\n<td><p><strong>Uchov\u00e1v\u00e1n\u00ed \u00fadaj\u016f<\/strong><\/p>\n<p>Po dobu nezbytnou k vy\u0159\u00edzen\u00ed va\u0161\u00ed \u017e\u00e1dosti, nejd\u00e9le v\u0161ak po dobu jednoho roku.<\/p><\/td>\n<td><p><strong>Uchov\u00e1v\u00e1n\u00ed \u00fadaj\u016f<\/strong><\/p>\n<p>Po dobu vy\u017eadovanou p\u0159\u00edslu\u0161n\u00fdmi pr\u00e1vn\u00edmi p\u0159edpisy.<\/p><\/td>\n<td><p><strong>Uchov\u00e1v\u00e1n\u00ed \u00fadaj\u016f<\/strong><\/p>\n<p>Dokud neodvol\u00e1te sv\u016fj souhlas.<\/p><\/td>\n<\/tr>\n<tr>\n<td colspan=\"4\"><p><strong>P\u0159\u00edjemci osobn\u00edch \u00fadaj\u016f<\/strong><\/p>\n<p>Tyto informace m\u016f\u017eeme sd\u00edlet s n\u011bkter\u00fdmi spole\u010dnostmi (nap\u0159. Stripe), abychom v\u00e1s mohli identifikovat a vy jste tak mohli prov\u00e1d\u011bt a p\u0159ij\u00edmat platby v na\u0161ich evropsk\u00fdch slu\u017eb\u00e1ch.<\/p><\/td>\n<\/tr>\n<\/tbody>\n<\/table><\/figure>\n\n\n\n<figure class=\"wp-block-table\"><table>\n<tbody>\n<tr>\n<td colspan=\"2\"><p><strong>Kategorie \u00fadaj\u016f<\/strong><\/p>\n<p><strong>Informace o va\u0161em \u00fa\u010dtu a profilu<\/strong>, jako je va\u0161e jm\u00e9no, e-mail a heslo. Pokud aktualizujete informace na sv\u00e9m profilu, m\u016f\u017eeme tak\u00e9 shroma\u017e\u010fovat va\u0161e telefonn\u00ed \u010d\u00edslo, e-mailovou adresu, datum narozen\u00ed nebo narozeniny a va\u0161e preference.<\/p><\/td>\n<\/tr>\n<tr>\n<td><p><strong>\u00da\u010del zpracov\u00e1n\u00ed<\/strong><\/p>\n<p>Tyto informace m\u016f\u017eeme pou\u017e\u00edt k vytvo\u0159en\u00ed va\u0161eho \u00fa\u010dtu na na\u0161ich evropsk\u00fdch slu\u017eb\u00e1ch.<\/p><\/td>\n<td><p><strong>\u00da\u010del zpracov\u00e1n\u00ed<\/strong><\/p>\n<p>Tyto informace pou\u017e\u00edv\u00e1me k vy\u0159izov\u00e1n\u00ed dotaz\u016f a st\u00ed\u017enost\u00ed, kter\u00e9 jste vznesli vy nebo kter\u00e9 byly vzneseny v\u016f\u010di v\u00e1m, v souvislosti s na\u0161imi evropsk\u00fdmi slu\u017ebami.<\/p><\/td>\n<\/tr>\n<tr>\n<td><p><strong>Pr\u00e1vn\u00ed z\u00e1klad pro zpracov\u00e1n\u00ed<\/strong><\/p>\n<p>Zpracov\u00e1n\u00ed je nezbytn\u00e9 pro pln\u011bn\u00ed smlouvy s v\u00e1mi.<\/p><\/td>\n<td><p><strong>Pr\u00e1vn\u00ed z\u00e1klad pro zpracov\u00e1n\u00ed<\/strong><\/p>\n<p>Zpracov\u00e1n\u00ed je nezbytn\u00e9 pro na\u0161e opr\u00e1vn\u011bn\u00e9 z\u00e1jmy, zejm\u00e9na pro efektivn\u00ed komunikaci s na\u0161imi \u010dleny, abychom mohli reagovat na p\u0159\u00edpadn\u00e9 dotazy nebo st\u00ed\u017enosti.<\/p><\/td>\n<\/tr>\n<tr>\n<td><p><strong>Uchov\u00e1v\u00e1n\u00ed \u00fadaj\u016f<\/strong><\/p>\n<p>Po dobu trv\u00e1n\u00ed \u00fa\u010dtu a po vymaz\u00e1n\u00ed \u00fa\u010dtu po dobu vy\u017eadovanou p\u0159\u00edslu\u0161n\u00fdmi pr\u00e1vn\u00edmi p\u0159edpisy.<\/p><\/td>\n<td><p><strong>Uchov\u00e1v\u00e1n\u00ed \u00fadaj\u016f<\/strong><\/p>\n<p>Po dobu vy\u017eadovanou p\u0159\u00edslu\u0161n\u00fdmi pr\u00e1vn\u00edmi p\u0159edpisy.<\/p><\/td>\n<\/tr>\n<tr>\n<td colspan=\"2\"><p><strong>P\u0159\u00edjemci osobn\u00edch \u00fadaj\u016f<\/strong><\/p>\n<p>Ve\u0161ker\u00e9 informace, kter\u00e9 n\u00e1m poskytnete, m\u016f\u017eeme sd\u00edlet s t\u0159et\u00edmi stranami, kter\u00e9 n\u00e1m pom\u00e1haj\u00ed p\u0159i navrhov\u00e1n\u00ed marketingov\u00fdch kampan\u00ed, nebo s poskytovateli hostingov\u00fdch slu\u017eeb nebo slu\u017eeb \u00fadr\u017eby pro na\u0161e digit\u00e1ln\u00ed aktiva.<\/p><\/td>\n<\/tr>\n<\/tbody>\n<\/table><\/figure>\n\n\n\n<figure class=\"wp-block-table\"><table>\n<tbody>\n<tr>\n<td colspan=\"2\"><p><strong>Kategorie \u00fadaj\u016f<\/strong><\/p>\n<p><strong>Rezervace.\u00a0<\/strong>P\u0159i online rezervaci v n\u011bkter\u00e9m z na\u0161ich zna\u010dkov\u00fdch podnik\u016f shroma\u017e\u010fujeme informace pot\u0159ebn\u00e9 k proveden\u00ed rezervace, kter\u00e9 mohou zahrnovat va\u0161e jm\u00e9no, p\u0159\u00edjmen\u00ed, \u010d\u00edslo mobiln\u00edho telefonu, e-mailovou adresu, po\u010det host\u016f a ve\u0161ker\u00e9 informace, kter\u00e9 uvedete v sekci pro pozn\u00e1mky (nap\u0159. preference, zvl\u00e1\u0161tn\u00ed po\u017eadavky).<\/p><\/td>\n<\/tr>\n<tr>\n<td><p><strong>\u00da\u010del zpracov\u00e1n\u00ed<\/strong><\/p>\n<p>Tyto informace m\u016f\u017eeme pou\u017e\u00edt ke zpracov\u00e1n\u00ed va\u0161ich objedn\u00e1vek prost\u0159ednictv\u00edm na\u0161ich evropsk\u00fdch slu\u017eeb.<\/p><\/td>\n<td><p><strong>\u00da\u010del zpracov\u00e1n\u00ed<\/strong><\/p>\n<p>Tyto informace m\u016f\u017eeme pou\u017e\u00edt ke zlep\u0161en\u00ed na\u0161ich evropsk\u00fdch slu\u017eeb.<\/p><\/td>\n<\/tr>\n<tr>\n<td><p><strong>Pr\u00e1vn\u00ed z\u00e1klad pro zpracov\u00e1n\u00ed<\/strong><\/p>\n<p>Zpracov\u00e1n\u00ed je nezbytn\u00e9 pro pln\u011bn\u00ed smlouvy.<\/p><\/td>\n<td><p><strong>Pr\u00e1vn\u00ed z\u00e1klad pro zpracov\u00e1n\u00ed<\/strong><\/p>\n<p>Zpracov\u00e1n\u00ed je nezbytn\u00e9 pro na\u0161e opr\u00e1vn\u011bn\u00e9 z\u00e1jmy (co\u017e je rozvoj a zlep\u0161ov\u00e1n\u00ed na\u0161ich slu\u017eeb).<\/p><\/td>\n<\/tr>\n<tr>\n<td><p><strong>Uchov\u00e1v\u00e1n\u00ed \u00fadaj\u016f<\/strong><\/p>\n<p>Po dobu nezbytnou k dodr\u017een\u00ed platn\u00fdch z\u00e1kon\u016f.<\/p><\/td>\n<td><p><strong>Uchov\u00e1v\u00e1n\u00ed \u00fadaj\u016f<\/strong><\/p>\n<p>Nejv\u00fd\u0161e na jeden rok.<\/p><\/td>\n<\/tr>\n<tr>\n<td colspan=\"2\"><p><strong>P\u0159\u00edjemci osobn\u00edch \u00fadaj\u016f<\/strong><\/p>\n<p>Tyto informace m\u016f\u017eeme sd\u00edlet s t\u0159et\u00edmi stranami, kter\u00e9 n\u00e1m pom\u00e1haj\u00ed p\u0159i navrhov\u00e1n\u00ed marketingov\u00fdch kampan\u00ed, nebo s poskytovateli hostingov\u00fdch slu\u017eeb nebo slu\u017eeb \u00fadr\u017eby pro na\u0161e digit\u00e1ln\u00ed aktiva.<\/p><\/td>\n<\/tr>\n<\/tbody>\n<\/table><\/figure>\n\n\n\n<figure class=\"wp-block-table\"><table>\n<tbody>\n<tr>\n<td colspan=\"2\"><p><strong>Kategorie \u00fadaj\u016f<\/strong><\/p>\n<p><strong>Informace o platebn\u00edch transakc\u00edch.\u00a0<\/strong>Kdy\u017e se p\u0159ihl\u00e1s\u00edte k odb\u011bru na\u0161ich slu\u017eeb, m\u016f\u017eeme shroma\u017e\u010fovat informace, jako je va\u0161e faktura\u010dn\u00ed adresa nebo dal\u0161\u00ed informace jako nap\u0159\u00edklad datum a \u010das proveden\u00ed transakce.<\/p><\/td>\n<\/tr>\n<tr>\n<td><p><strong>\u00da\u010del zpracov\u00e1n\u00ed<\/strong><\/p>\n<p>Tyto informace m\u016f\u017eeme pou\u017e\u00edt ke zpracov\u00e1n\u00ed va\u0161ich objedn\u00e1vek prost\u0159ednictv\u00edm na\u0161ich evropsk\u00fdch slu\u017eeb.<\/p><\/td>\n<td><p><strong>\u00da\u010del zpracov\u00e1n\u00ed<\/strong><\/p>\n<p>Tyto informace m\u016f\u017eeme pou\u017e\u00edt k ov\u011b\u0159en\u00ed va\u0161\u00ed toto\u017enosti v souvislosti s odhalov\u00e1n\u00edm a prevenc\u00ed podvod\u016f nebo finan\u010dn\u00ed kriminality.<\/p><\/td>\n<\/tr>\n<tr>\n<td><p><strong>Pr\u00e1vn\u00ed z\u00e1klad pro zpracov\u00e1n\u00ed<\/strong><\/p>\n<p>Zpracov\u00e1n\u00ed je nezbytn\u00e9 pro pln\u011bn\u00ed smlouvy.<\/p><\/td>\n<td><p><strong>Pr\u00e1vn\u00ed z\u00e1klad pro zpracov\u00e1n\u00ed<\/strong><\/p>\n<p>Zpracov\u00e1n\u00ed je nezbytn\u00e9 pro na\u0161e opr\u00e1vn\u011bn\u00e9 z\u00e1jmy a opr\u00e1vn\u011bn\u00e9 z\u00e1jmy t\u0159et\u00edch stran, konkr\u00e9tn\u011b pro odhalov\u00e1n\u00ed a prevenci podvod\u016f a finan\u010dn\u00ed kriminality.<\/p><\/td>\n<\/tr>\n<tr>\n<td><p><strong>Uchov\u00e1v\u00e1n\u00ed \u00fadaj\u016f<\/strong><\/p>\n<p>Po dobu nezbytnou k dodr\u017een\u00ed platn\u00fdch finan\u010dn\u00edch z\u00e1kon\u016f.<\/p><\/td>\n<td><p><strong>Uchov\u00e1v\u00e1n\u00ed \u00fadaj\u016f<\/strong><\/p>\n<p>Nejv\u00fd\u0161e na jeden rok.<\/p><\/td>\n<\/tr>\n<tr>\n<td colspan=\"2\"><p><strong>P\u0159\u00edjemci osobn\u00edch \u00fadaj\u016f<\/strong><\/p>\n<p>Ve\u0161ker\u00e9 informace, kter\u00e9 n\u00e1m poskytnete, m\u016f\u017eeme sd\u00edlet s t\u0159et\u00edmi stranami, kter\u00e9 n\u00e1m poskytuj\u00ed platebn\u00ed slu\u017eby.<\/p><\/td>\n<\/tr>\n<\/tbody>\n<\/table><\/figure>\n\n\n\n<figure class=\"wp-block-table\"><table>\n<tbody>\n<tr>\n<td colspan=\"3\"><p><strong>Kategorie \u00fadaj\u016f<\/strong><\/p>\n<p><strong>Zpravodaj a marketingov\u00e9 e-maily.<\/strong>\u00a0 Pokud se u n\u00e1s p\u0159ihl\u00e1s\u00edte k odb\u011bru novinek nebo upozorn\u011bn\u00ed nebo se zap\u00ed\u0161ete na n\u00e1\u0161 po\u0159adn\u00edk \u010dekatel\u016f, m\u016f\u017eeme shroma\u017e\u010fovat v\u00e1\u0161 e-mail, p\u0159\u00edslu\u0161n\u00e9 z\u00e1jmy a komunika\u010dn\u00ed preference.<\/p><\/td>\n<\/tr>\n<tr>\n<td><p><strong>\u00da\u010del zpracov\u00e1n\u00ed<\/strong><\/p>\n<p>Tyto informace m\u016f\u017eeme pou\u017e\u00edt k tomu, abychom v\u00e1m zas\u00edlali propaga\u010dn\u00ed a obchodn\u00ed sd\u011blen\u00ed t\u00fdkaj\u00edc\u00ed se slu\u017eeb\/produkt\u016f nab\u00edzen\u00fdch spr\u00e1vcem.<\/p><\/td>\n<td><p><strong>\u00da\u010del zpracov\u00e1n\u00ed<\/strong><\/p>\n<p>Tyto informace m\u016f\u017eeme pou\u017e\u00edt k lokalizaci funkc\u00ed na\u0161ich evropsk\u00fdch slu\u017eeb.<\/p><\/td>\n<td><p><strong>\u00da\u010del zpracov\u00e1n\u00ed<\/strong><\/p>\n<p>Tyto informace m\u016f\u017eeme pou\u017e\u00edt k ur\u010den\u00ed obsahu, kter\u00fd by v\u00e1s mohl zaj\u00edmat.<\/p><\/td>\n<\/tr>\n<tr>\n<td><p><strong>Pr\u00e1vn\u00ed z\u00e1klad pro zpracov\u00e1n\u00ed<\/strong><\/p>\n<p>Va\u0161e osobn\u00ed \u00fadaje budeme t\u00edmto zp\u016fsobem pou\u017e\u00edvat pouze v rozsahu, v jak\u00e9m jste n\u00e1m k tomu dali souhlas.<\/p><\/td>\n<td><p><strong>Pr\u00e1vn\u00ed z\u00e1klad pro zpracov\u00e1n\u00ed<\/strong><\/p>\n<p>Zpracov\u00e1n\u00ed je nezbytn\u00e9 pro n\u00e1\u0161 opr\u00e1vn\u011bn\u00fd z\u00e1jem, a to pro lokalizaci funkc\u00ed na\u0161ich evropsk\u00fdch slu\u017eeb a p\u0159izp\u016fsoben\u00ed t\u011bchto slu\u017eeb tak, aby byly pro na\u0161e u\u017eivatele relevantn\u011bj\u0161\u00ed.<\/p><\/td>\n<td><p><strong>Pr\u00e1vn\u00ed z\u00e1klad pro zpracov\u00e1n\u00ed<\/strong><\/p>\n<p>Zpracov\u00e1n\u00ed je nezbytn\u00e9 pro na\u0161e opr\u00e1vn\u011bn\u00e9 z\u00e1jmy, a to pro p\u0159izp\u016fsoben\u00ed na\u0161ich evropsk\u00fdch slu\u017eeb tak, aby pro v\u00e1s byly relevantn\u011bj\u0161\u00ed.<\/p><\/td>\n<\/tr>\n<tr>\n<td><p><strong>Uchov\u00e1v\u00e1n\u00ed \u00fadaj\u016f<\/strong><\/p>\n<p>Dokud neodvol\u00e1te sv\u016fj souhlas, a to s v\u00fdhradou krat\u0161\u00edch lh\u016ft, kter\u00e9 mohou b\u00fdt vy\u017eadov\u00e1ny v dan\u00e9 jurisdikci.<\/p><\/td>\n<td><p><strong>Uchov\u00e1v\u00e1n\u00ed \u00fadaj\u016f<\/strong><\/p>\n<p>Doba uchov\u00e1v\u00e1n\u00ed z\u00e1vis\u00ed na nainstalovan\u00e9m souboru cookie (viz z\u00e1sady pou\u017e\u00edv\u00e1n\u00ed soubor\u016f cookie na webov\u00e9 str\u00e1nce \/ v aplikaci).<\/p><\/td>\n<td><p><strong>Uchov\u00e1v\u00e1n\u00ed \u00fadaj\u016f<\/strong><\/p>\n<p>Doba uchov\u00e1v\u00e1n\u00ed z\u00e1vis\u00ed na nainstalovan\u00e9m souboru cookie (viz z\u00e1sady pou\u017e\u00edv\u00e1n\u00ed soubor\u016f cookie na webov\u00e9 str\u00e1nce \/ v aplikaci).<\/p><\/td>\n<\/tr>\n<tr>\n<td colspan=\"3\"><p><strong>P\u0159\u00edjemci osobn\u00edch \u00fadaj\u016f<\/strong><\/p>\n<p>Tyto informace m\u016f\u017eeme sd\u00edlet s t\u0159et\u00edmi stranami, kter\u00e9 n\u00e1m pom\u00e1haj\u00ed p\u0159i navrhov\u00e1n\u00ed marketingov\u00fdch kampan\u00ed, nebo s poskytovateli hostingov\u00fdch slu\u017eeb nebo slu\u017eeb \u00fadr\u017eby pro na\u0161e digit\u00e1ln\u00ed aktiva.<\/p><\/td>\n<\/tr>\n<\/tbody>\n<\/table><\/figure>\n\n\n\n<figure class=\"wp-block-table\"><table>\n<tbody>\n<tr>\n<td colspan=\"2\"><p><strong>Kategorie \u00fadaj\u016f<\/strong><\/p>\n<p><strong>Chat, koment\u00e1\u0159e a n\u00e1zory.\u00a0<\/strong>Pokud n\u00e1s kontaktujete p\u0159\u00edmo, nap\u0159. e-mailem nebo telefonicky, poznamen\u00e1me si va\u0161e p\u0159ipom\u00ednky a n\u00e1zory.<\/p><\/td>\n<\/tr>\n<tr>\n<td><p><strong>\u00da\u010del zpracov\u00e1n\u00ed<\/strong><\/p>\n<p>Tyto informace m\u016f\u017eeme pou\u017e\u00edt k \u0159e\u0161en\u00ed va\u0161ich ot\u00e1zek, probl\u00e9m\u016f a obav.<\/p><\/td>\n<td><p><strong>\u00da\u010del zpracov\u00e1n\u00ed<\/strong><\/p>\n<p>Tyto informace m\u016f\u017eeme pou\u017e\u00edt ke zlep\u0161en\u00ed na\u0161ich evropsk\u00fdch slu\u017eeb.<\/p><\/td>\n<\/tr>\n<tr>\n<td><p><strong>Pr\u00e1vn\u00ed z\u00e1klad pro zpracov\u00e1n\u00ed<\/strong><\/p>\n<p>Zpracov\u00e1n\u00ed je nezbytn\u00e9 pro na\u0161e opr\u00e1vn\u011bn\u00e9 z\u00e1jmy, a to pro komunikaci s v\u00e1mi a reakci na va\u0161e dotazy, st\u00ed\u017enosti a obavy.<\/p><\/td>\n<td><p><strong>Pr\u00e1vn\u00ed z\u00e1klad pro zpracov\u00e1n\u00ed<\/strong><\/p>\n<p>Zpracov\u00e1n\u00ed je nezbytn\u00e9 pro na\u0161e opr\u00e1vn\u011bn\u00e9 z\u00e1jmy (co\u017e je rozvoj a zlep\u0161ov\u00e1n\u00ed na\u0161ich slu\u017eeb).<\/p><\/td>\n<\/tr>\n<tr>\n<td><p><strong>Uchov\u00e1v\u00e1n\u00ed \u00fadaj\u016f<\/strong><\/p>\n<p>Nejv\u00fd\u0161e na jeden rok.<\/p><\/td>\n<td><p><strong>Uchov\u00e1v\u00e1n\u00ed \u00fadaj\u016f<\/strong><\/p>\n<p>Nejv\u00fd\u0161e na jeden rok.<\/p><\/td>\n<\/tr>\n<tr>\n<td colspan=\"2\"><p><strong>P\u0159\u00edjemci osobn\u00edch \u00fadaj\u016f<\/strong><\/p>\n<p>Ve\u0161ker\u00e9 \u00fadaje, kter\u00e9 n\u00e1m poskytnete, kdy\u017e n\u00e1s kontaktujete, m\u016f\u017eeme sd\u00edlet s t\u0159et\u00edmi stranami, kter\u00e9 n\u00e1m pom\u00e1haj\u00ed p\u0159i navrhov\u00e1n\u00ed marketingov\u00fdch kampan\u00ed, nebo s poskytovateli hostingov\u00fdch slu\u017eeb nebo slu\u017eeb \u00fadr\u017eby pro na\u0161e digit\u00e1ln\u00ed aktiva.<\/p><\/td>\n<\/tr>\n<\/tbody>\n<\/table><\/figure>\n\n\n\n<figure class=\"wp-block-table\"><table>\n<tbody>\n<tr>\n<td><p><strong>Kategorie \u00fadaj\u016f<\/strong><\/p>\n<p><strong>Informace z\u00edskan\u00e9 od t\u0159et\u00edch stran, nap\u0159\u00edklad ze soci\u00e1ln\u00edch s\u00edt\u00ed.\u00a0<\/strong>Pokud s n\u00e1mi komunikujete prost\u0159ednictv\u00edm soci\u00e1ln\u00ed s\u00edt\u011b, m\u016f\u017eeme od soci\u00e1ln\u00ed s\u00edt\u011b z\u00edskat informace, jako je va\u0161e jm\u00e9no, informace o profilu a dal\u0161\u00ed informace, kter\u00e9 soci\u00e1ln\u00ed s\u00edti povol\u00edte sd\u00edlet s t\u0159et\u00edmi stranami. \u00dadaje, kter\u00e9 obdr\u017e\u00edme, z\u00e1vis\u00ed na va\u0161em nastaven\u00ed soukrom\u00ed na p\u0159\u00edslu\u0161n\u00e9 soci\u00e1ln\u00ed s\u00edti.<\/p><\/td>\n<\/tr>\n<tr>\n<td><p><strong>\u00da\u010del zpracov\u00e1n\u00ed<\/strong><\/p>\n<p>Tyto \u00fadaje m\u016f\u017eeme pou\u017e\u00edt k dal\u0161\u00edmu sd\u00edlen\u00ed obsahu vytvo\u0159en\u00e9ho prost\u0159ednictv\u00edm na\u0161ich evropsk\u00fdch slu\u017eeb.<\/p><\/td>\n<\/tr>\n<tr>\n<td><p><strong>Pr\u00e1vn\u00ed z\u00e1klad pro zpracov\u00e1n\u00ed<\/strong><\/p>\n<p>Zpracov\u00e1n\u00ed je nezbytn\u00e9 pro na\u0161e opr\u00e1vn\u011bn\u00e9 z\u00e1jmy (co\u017e je rozvoj na\u0161ich slu\u017eeb a veden\u00ed na\u0161\u00ed marketingov\u00e9 strategie).<\/p><\/td>\n<\/tr>\n<tr>\n<td><p><strong>Uchov\u00e1v\u00e1n\u00ed \u00fadaj\u016f<\/strong><\/p>\n<p>Nejv\u00fd\u0161e na jeden rok.<\/p><\/td>\n<\/tr>\n<tr>\n<td><p><strong>P\u0159\u00edjemci osobn\u00edch \u00fadaj\u016f<\/strong><\/p>\n<p>Ve\u0161ker\u00e9 \u00fadaje, kter\u00e9 n\u00e1m poskytnete, kdy\u017e n\u00e1s kontaktujete, m\u016f\u017eeme sd\u00edlet s t\u0159et\u00edmi stranami, kter\u00e9 n\u00e1m pom\u00e1haj\u00ed p\u0159i navrhov\u00e1n\u00ed marketingov\u00fdch kampan\u00ed, nebo s poskytovateli hostingov\u00fdch slu\u017eeb nebo slu\u017eeb \u00fadr\u017eby pro na\u0161e digit\u00e1ln\u00ed aktiva.<\/p><\/td>\n<\/tr>\n<\/tbody>\n<\/table><\/figure>\n\n\n\n<figure class=\"wp-block-table\"><table>\n<tbody>\n<tr>\n<td colspan=\"2\"><p><strong>Kategorie \u00fadaj\u016f<\/strong><\/p>\n<p><strong>Va\u0161e preference<\/strong>, nap\u0159\u00edklad preference nastaven\u00e9 pro ozn\u00e1men\u00ed, marketingov\u00e1 sd\u011blen\u00ed, zp\u016fsob zobrazen\u00ed na\u0161ich evropsk\u00fdch slu\u017eeb a aktivn\u00ed funkce v evropsk\u00fdch slu\u017eb\u00e1ch.<\/p><\/td>\n<\/tr>\n<tr>\n<td><p><strong>\u00da\u010del zpracov\u00e1n\u00ed<\/strong><\/p>\n<p>Tyto \u00fadaje pou\u017e\u00edv\u00e1me k zas\u00edl\u00e1n\u00ed ohl\u00e1\u0161en\u00ed, novinek, upozorn\u011bn\u00ed a marketingov\u00fdch sd\u011blen\u00ed a k poskytov\u00e1n\u00ed na\u0161ich evropsk\u00fdch slu\u017eeb v souladu s va\u0161imi volbami.<\/p><\/td>\n<td><p><strong>\u00da\u010del zpracov\u00e1n\u00ed<\/strong><\/p>\n<p>Tyto \u00fadaje pou\u017e\u00edv\u00e1me k zaji\u0161t\u011bn\u00ed toho, abychom splnili na\u0161i pr\u00e1vn\u00ed povinnost zas\u00edlat pouze ta marketingov\u00e1 sd\u011blen\u00ed, s jejich\u017e zas\u00edl\u00e1n\u00edm jste souhlasili.<\/p><\/td>\n<\/tr>\n<tr>\n<td><p><strong>Pr\u00e1vn\u00ed z\u00e1klad pro zpracov\u00e1n\u00ed<\/strong><\/p>\n<p>Zpracov\u00e1n\u00ed je nezbytn\u00e9 pro n\u00e1\u0161 opr\u00e1vn\u011bn\u00fd z\u00e1jem, a to zajistit, aby u\u017eivateli byla zas\u00edl\u00e1na spr\u00e1vn\u00e1 marketingov\u00e1 a jin\u00e1 sd\u011blen\u00ed a aby byla zobrazov\u00e1na v souladu s preferencemi u\u017eivatele.<\/p><\/td>\n<td><p><strong>Pr\u00e1vn\u00ed z\u00e1klad pro zpracov\u00e1n\u00ed<\/strong><\/p>\n<p>Zpracov\u00e1n\u00ed je nezbytn\u00e9 pro spln\u011bn\u00ed pr\u00e1vn\u00ed povinnosti, kter\u00e1 se na n\u00e1s vztahuje.<\/p><\/td>\n<\/tr>\n<tr>\n<td><p><strong>Uchov\u00e1v\u00e1n\u00ed \u00fadaj\u016f<\/strong><\/p>\n<p>Nejv\u00fd\u0161e na jeden rok.<\/p><\/td>\n<td><p><strong>Uchov\u00e1v\u00e1n\u00ed \u00fadaj\u016f<\/strong><\/p>\n<p>Nejv\u00fd\u0161e na jeden rok.<\/p><\/td>\n<\/tr>\n<tr>\n<td colspan=\"2\"><p><strong>P\u0159\u00edjemci osobn\u00edch \u00fadaj\u016f<\/strong><\/p>\n<p>Va\u0161e osobn\u00ed \u00fadaje tak\u00e9 m\u016f\u017eeme sd\u00edlet s t\u0159et\u00edmi stranami, kter\u00e9 n\u00e1m pom\u00e1haj\u00ed p\u0159i navrhov\u00e1n\u00ed marketingov\u00fdch kampan\u00ed, nebo s poskytovateli hostingov\u00fdch slu\u017eeb nebo slu\u017eeb \u00fadr\u017eby pro na\u0161e digit\u00e1ln\u00ed aktiva.<\/p><\/td>\n<\/tr>\n<\/tbody>\n<\/table><\/figure>\n\n\n\n<h2 class=\"wp-block-heading\">P\u0158\u00cdLOHA 2 \u2013 AUTOMATICKY SHROMA\u017d\u010eOVAN\u00c9 OSOBN\u00cd \u00daDAJE<\/h2>\n\n\n\n<figure class=\"wp-block-table\"><table>\n<tbody>\n<tr>\n<td colspan=\"2\"><p><strong>Kategorie \u00fadaj\u016f<\/strong><\/p>\n<p><strong>P\u0159ibli\u017en\u00e9 informace o poloze.<\/strong>\u00a0Krom\u011b \u00fadaj\u016f, kter\u00e9 jste se n\u00e1m rozhodli poskytnout, neshroma\u017e\u010fujeme \u00fadaje o va\u0161\u00ed p\u0159esn\u00e9 poloze. IP adresa va\u0161eho za\u0159\u00edzen\u00ed n\u00e1m v\u0161ak m\u016f\u017ee pomoci ur\u010dit p\u0159ibli\u017enou polohu.<\/p><\/td>\n<\/tr>\n<tr>\n<td><p><strong>\u00da\u010del zpracov\u00e1n\u00ed<\/strong><\/p>\n<p>\u00dadaje o va\u0161\u00ed poloze, kter\u00e9 n\u00e1m poskytnete, m\u016f\u017eeme pou\u017e\u00edt k monitorov\u00e1n\u00ed a odhalov\u00e1n\u00ed podvod\u016f nebo podez\u0159el\u00fdch aktivit v souvislosti s va\u0161\u00edm \u00fa\u010dtem.<\/p><\/td>\n<td><p><strong>\u00da\u010del zpracov\u00e1n\u00ed<\/strong><\/p>\n<p>Tyto \u00fadaje m\u016f\u017eeme pou\u017e\u00edt k p\u0159izp\u016fsoben\u00ed toho, jak se v\u00e1m zobrazuj\u00ed na\u0161e evropsk\u00e9 slu\u017eby (nap\u0159\u00edklad jazyk, ve kter\u00e9m jsou v\u00e1m poskytov\u00e1ny).<\/p><\/td>\n<\/tr>\n<tr>\n<td><p><strong>Pr\u00e1vn\u00ed z\u00e1klad pro zpracov\u00e1n\u00ed<\/strong><\/p>\n<p>Zpracov\u00e1n\u00ed je nezbytn\u00e9 pro na\u0161e opr\u00e1vn\u011bn\u00e9 z\u00e1jmy, a to pro ochranu na\u0161\u00ed spole\u010dnosti a va\u0161eho \u00fa\u010dtu p\u0159ed podvody a jin\u00fdmi nez\u00e1konn\u00fdmi \u010dinnostmi.<\/p><\/td>\n<td><p><strong>Pr\u00e1vn\u00ed z\u00e1klad pro zpracov\u00e1n\u00ed<\/strong><\/p>\n<p>Zpracov\u00e1n\u00ed je nezbytn\u00e9 pro n\u00e1\u0161 opr\u00e1vn\u011bn\u00fd z\u00e1jem, a to p\u0159izp\u016fsoben\u00ed na\u0161ich slu\u017eeb tak, aby byly relevantn\u011bj\u0161\u00ed pro na\u0161e u\u017eivatele.<\/p><\/td>\n<\/tr>\n<tr>\n<td><p><strong>Uchov\u00e1v\u00e1n\u00ed \u00fadaj\u016f<\/strong><\/p>\n<p>Nejv\u00fd\u0161e na jeden rok.<\/p><\/td>\n<td><p><strong>Uchov\u00e1v\u00e1n\u00ed \u00fadaj\u016f<\/strong><\/p>\n<p>Nejv\u00fd\u0161e na jeden rok.<\/p><\/td>\n<\/tr>\n<tr>\n<td colspan=\"2\"><p><strong>P\u0159\u00edjemci osobn\u00edch \u00fadaj\u016f<\/strong><\/p>\n<p>Tyto \u00fadaje m\u016f\u017eeme sd\u00edlet s n\u00e1sleduj\u00edc\u00edmi t\u0159et\u00edmi stranami, kter\u00e9 n\u00e1m pom\u00e1haj\u00ed p\u0159i navrhov\u00e1n\u00ed marketingov\u00fdch kampan\u00ed, nebo s poskytovateli hostingov\u00fdch slu\u017eeb nebo slu\u017eeb \u00fadr\u017eby pro na\u0161e digit\u00e1ln\u00ed aktiva, jako jsou nap\u0159\u00edklad:<\/p>\n<p>\u00a0<\/p><\/td>\n<\/tr>\n<\/tbody>\n<\/table><\/figure>\n\n\n\n<figure class=\"wp-block-table\"><table>\n<tbody>\n<tr>\n<td colspan=\"3\"><p><strong>Kategorie \u00fadaj\u016f<\/strong><\/p>\n<p><strong>Informace o tom, jak p\u0159istupujete k na\u0161im evropsk\u00fdm slu\u017eb\u00e1m a jak je pou\u017e\u00edv\u00e1te.\u00a0<\/strong>Nap\u0159\u00edklad jak \u010dasto p\u0159istupujete k na\u0161im evropsk\u00fdm slu\u017eb\u00e1m, \u010das, kdy k evropsk\u00fdm slu\u017eb\u00e1m p\u0159istupujete a jak dlouho je pou\u017e\u00edv\u00e1te, p\u0159ibli\u017en\u00e1 poloha, ze kter\u00e9 k evropsk\u00fdm slu\u017eb\u00e1m p\u0159istupujete, webov\u00e1 str\u00e1nka, ze kter\u00e9 jste p\u0159i\u0161li, a webov\u00e1 str\u00e1nka, na kterou p\u0159ech\u00e1z\u00edte, kdy\u017e opou\u0161t\u00edte na\u0161e webov\u00e9 str\u00e1nky, webov\u00e9 str\u00e1nky, kter\u00e9 nav\u0161t\u011bvujete, odkazy, na kter\u00e9 klik\u00e1te, zda otev\u00edr\u00e1te e-maily nebo klik\u00e1te na odkazy obsa\u017een\u00e9 v e-mailech, zda k evropsk\u00fdm slu\u017eb\u00e1m p\u0159istupujete z v\u00edce za\u0159\u00edzen\u00ed a dal\u0161\u00ed akce, kter\u00e9 prov\u00e1d\u00edte v r\u00e1mci evropsk\u00fdch slu\u017eeb.<\/p><\/td>\n<\/tr>\n<tr>\n<td><p><strong>\u00da\u010del zpracov\u00e1n\u00ed<\/strong><\/p>\n<p>Informace o tom, jak pou\u017e\u00edv\u00e1te na\u0161e evropsk\u00e9 slu\u017eby a jak se k nim p\u0159ipojujete, m\u016f\u017eeme pou\u017e\u00edt k tomu, abychom v\u00e1m je mohli zobrazit na va\u0161em za\u0159\u00edzen\u00ed.<\/p><\/td>\n<td><p><strong>\u00da\u010del zpracov\u00e1n\u00ed<\/strong><\/p>\n<p>Tyto \u00fadaje m\u016f\u017eeme pou\u017e\u00edt k marketingov\u00fdm \u00fa\u010del\u016fm pro ur\u010den\u00ed produkt\u016f a slu\u017eeb, kter\u00e9 by v\u00e1s mohly zaj\u00edmat.<\/p><\/td>\n<td><p><strong>\u00da\u010del zpracov\u00e1n\u00ed<\/strong><\/p>\n<p>Tyto \u00fadaje m\u016f\u017eeme pou\u017e\u00edt k monitorov\u00e1n\u00ed a zlep\u0161ov\u00e1n\u00ed na\u0161ich evropsk\u00fdch slu\u017eeb a podnik\u00e1n\u00ed, k \u0159e\u0161en\u00ed probl\u00e9m\u016f a k ovliv\u0148ov\u00e1n\u00ed v\u00fdvoje nov\u00fdch produkt\u016f a slu\u017eeb.<\/p><\/td>\n<\/tr>\n<tr>\n<td><p><strong>Pr\u00e1vn\u00ed z\u00e1klad pro zpracov\u00e1n\u00ed<\/strong><\/p>\n<p>Zpracov\u00e1n\u00ed je nezbytn\u00e9 pro na\u0161e opr\u00e1vn\u011bn\u00e9 z\u00e1jmy, a to pro p\u0159izp\u016fsoben\u00ed evropsk\u00fdch slu\u017eeb u\u017eivateli.<\/p><\/td>\n<td><p><strong>Pr\u00e1vn\u00ed z\u00e1klad pro zpracov\u00e1n\u00ed<\/strong><\/p>\n<p>Zpracov\u00e1n\u00ed je nezbytn\u00e9 pro na\u0161e opr\u00e1vn\u011bn\u00e9 z\u00e1jmy, konkr\u00e9tn\u011b pro veden\u00ed na\u0161eho p\u0159\u00edm\u00e9ho marketingu.<\/p><\/td>\n<td><p><strong>Pr\u00e1vn\u00ed z\u00e1klad pro zpracov\u00e1n\u00ed<\/strong><\/p>\n<p>Zpracov\u00e1n\u00ed je nezbytn\u00e9 pro na\u0161e opr\u00e1vn\u011bn\u00e9 z\u00e1jmy, a to pro monitorov\u00e1n\u00ed a \u0159e\u0161en\u00ed probl\u00e9m\u016f s evropsk\u00fdmi slu\u017ebami a pro obecn\u00e9 zlep\u0161ov\u00e1n\u00ed na\u0161ich evropsk\u00fdch slu\u017eeb.<\/p><\/td>\n<\/tr>\n<tr>\n<td><p><strong>Uchov\u00e1v\u00e1n\u00ed \u00fadaj\u016f<\/strong><\/p>\n<p>Doba uchov\u00e1v\u00e1n\u00ed z\u00e1vis\u00ed na nainstalovan\u00e9m souboru cookie (viz z\u00e1sady pou\u017e\u00edv\u00e1n\u00ed soubor\u016f cookie na webov\u00e9 str\u00e1nce \/ v aplikaci).<\/p><\/td>\n<td><p><strong>Uchov\u00e1v\u00e1n\u00ed \u00fadaj\u016f<\/strong><\/p>\n<p>Doba uchov\u00e1v\u00e1n\u00ed z\u00e1vis\u00ed na nainstalovan\u00e9m souboru cookie (viz z\u00e1sady pou\u017e\u00edv\u00e1n\u00ed soubor\u016f cookie na webov\u00e9 str\u00e1nce \/ v aplikaci).<\/p><\/td>\n<td><p><strong>Uchov\u00e1v\u00e1n\u00ed \u00fadaj\u016f<\/strong><\/p>\n<p>Doba uchov\u00e1v\u00e1n\u00ed z\u00e1vis\u00ed na nainstalovan\u00e9m souboru cookie (viz z\u00e1sady pou\u017e\u00edv\u00e1n\u00ed soubor\u016f cookie na webov\u00e9 str\u00e1nce \/ v aplikaci).<\/p><\/td>\n<\/tr>\n<tr>\n<td colspan=\"3\"><p><strong>P\u0159\u00edjemci osobn\u00edch \u00fadaj\u016f<\/strong><\/p>\n<p>Tyto \u00fadaje m\u016f\u017eeme sd\u00edlet s n\u00e1sleduj\u00edc\u00edmi t\u0159et\u00edmi stranami, kter\u00e9 n\u00e1m pom\u00e1haj\u00ed p\u0159i navrhov\u00e1n\u00ed marketingov\u00fdch kampan\u00ed, nebo s poskytovateli hostingov\u00fdch slu\u017eeb nebo slu\u017eeb \u00fadr\u017eby pro na\u0161e digit\u00e1ln\u00ed aktiva, jako jsou nap\u0159\u00edklad:<\/p>\n<p>\u00a0<\/p><\/td>\n<\/tr>\n<\/tbody>\n<\/table><\/figure>\n\n\n\n<figure class=\"wp-block-table\"><table>\n<tbody>\n<tr>\n<td colspan=\"2\"><p><strong>Kategorie \u00fadaj\u016f<\/strong><\/p>\n<p><strong>Soubory protokolu a \u00fadaje o va\u0161em za\u0159\u00edzen\u00ed.\u00a0<\/strong>Shroma\u017e\u010fujeme tak\u00e9 \u00fadaje o tabletu, chytr\u00e9m telefonu nebo jin\u00e9m elektronick\u00e9m za\u0159\u00edzen\u00ed, kter\u00e9 pou\u017e\u00edv\u00e1te pro p\u0159ipojen\u00ed k na\u0161im evropsk\u00fdm slu\u017eb\u00e1m. Tyto \u00fadaje mohou zahrnovat informace o typu za\u0159\u00edzen\u00ed, jedine\u010dn\u00fdch identifika\u010dn\u00edch \u010d\u00edslech za\u0159\u00edzen\u00ed, opera\u010dn\u00edch syst\u00e9mech, prohl\u00ed\u017ee\u010d\u00edch a aplikac\u00edch p\u0159ipojen\u00fdch k evropsk\u00fdm slu\u017eb\u00e1m prost\u0159ednictv\u00edm dan\u00e9ho za\u0159\u00edzen\u00ed, va\u0161\u00ed mobiln\u00ed s\u00edti, va\u0161\u00ed IP adrese a telefonn\u00edm \u010d\u00edsle va\u0161eho za\u0159\u00edzen\u00ed (pokud ho m\u00e1).<\/p><\/td>\n<\/tr>\n<tr>\n<td><p><strong>\u00da\u010del zpracov\u00e1n\u00ed<\/strong><\/p>\n<p>Informace o tom, jak pou\u017e\u00edv\u00e1te na\u0161e evropsk\u00e9 slu\u017eby a jak se k nim p\u0159ipojujete, m\u016f\u017eeme pou\u017e\u00edt k tomu, abychom v\u00e1m je mohli zobrazit na va\u0161em za\u0159\u00edzen\u00ed.<\/p><\/td>\n<td><p><strong>\u00da\u010del zpracov\u00e1n\u00ed<\/strong><\/p>\n<p>Tyto \u00fadaje m\u016f\u017eeme pou\u017e\u00edt k monitorov\u00e1n\u00ed a zlep\u0161ov\u00e1n\u00ed na\u0161ich evropsk\u00fdch slu\u017eeb a podnik\u00e1n\u00ed, k \u0159e\u0161en\u00ed probl\u00e9m\u016f a k ovliv\u0148ov\u00e1n\u00ed v\u00fdvoje nov\u00fdch produkt\u016f a slu\u017eeb.<\/p><\/td>\n<\/tr>\n<tr>\n<td><p><strong>Pr\u00e1vn\u00ed z\u00e1klad pro zpracov\u00e1n\u00ed<\/strong><\/p>\n<p>Zpracov\u00e1n\u00ed je nezbytn\u00e9 pro na\u0161e opr\u00e1vn\u011bn\u00e9 z\u00e1jmy, a to pro p\u0159izp\u016fsoben\u00ed evropsk\u00fdch slu\u017eeb u\u017eivateli.<\/p><\/td>\n<td><p><strong>Pr\u00e1vn\u00ed z\u00e1klad pro zpracov\u00e1n\u00ed<\/strong><\/p>\n<p>Zpracov\u00e1n\u00ed je nezbytn\u00e9 pro na\u0161e opr\u00e1vn\u011bn\u00e9 z\u00e1jmy, a to pro monitorov\u00e1n\u00ed a \u0159e\u0161en\u00ed probl\u00e9m\u016f s evropsk\u00fdmi slu\u017ebami a pro obecn\u00e9 zlep\u0161ov\u00e1n\u00ed na\u0161ich evropsk\u00fdch slu\u017eeb.<\/p><\/td>\n<\/tr>\n<tr>\n<td><p><strong>Uchov\u00e1v\u00e1n\u00ed \u00fadaj\u016f<\/strong><\/p>\n<p>Nejv\u00fd\u0161e na jeden rok.<\/p><\/td>\n<td><p><strong>Uchov\u00e1v\u00e1n\u00ed \u00fadaj\u016f<\/strong><\/p>\n<p>Nejv\u00fd\u0161e na jeden rok.<\/p><\/td>\n<\/tr>\n<tr>\n<td colspan=\"2\"><p><strong>P\u0159\u00edjemci osobn\u00edch \u00fadaj\u016f<\/strong><\/p>\n<p>Tyto \u00fadaje m\u016f\u017eeme sd\u00edlet s n\u00e1sleduj\u00edc\u00edmi t\u0159et\u00edmi stranami, kter\u00e9 n\u00e1m pom\u00e1haj\u00ed p\u0159i navrhov\u00e1n\u00ed marketingov\u00fdch kampan\u00ed, nebo s poskytovateli hostingov\u00fdch slu\u017eeb nebo slu\u017eeb \u00fadr\u017eby pro na\u0161e digit\u00e1ln\u00ed aktiva, jako jsou nap\u0159\u00edklad:<\/p>\n<p>\u00a0<\/p><\/td>\n<\/tr>\n<\/tbody>\n<\/table><\/figure>\n\n\n\n<p>Last modified: Naposledy upraveno: prosinec 2021<\/p>\n\n<\/div><\/div>\n","protected":false},"excerpt":{"rendered":"<p>OZN\u00c1MEN\u00cd O OCHRAN\u011a OSOBN\u00cdCH \u00daDAJ\u016e D\u011bkujeme za v\u00e1\u0161 z\u00e1jem o Campari! Toto ozn\u00e1men\u00ed o ochran\u011b osobn\u00edch \u00fadaj\u016f vysv\u011btluje, jak\u00fdm zp\u016fsobem spole\u010dnost Campari v souvislosti s na\u0161imi slu\u017ebami shroma\u017e\u010fuje, pou\u017e\u00edv\u00e1, zve\u0159ej\u0148uje a jinak zpracov\u00e1v\u00e1 \u00fadaje o v\u00e1s, kter\u00e9 v\u00e1s p\u0159\u00edmo identifikuj\u00ed nebo kter\u00e9 umo\u017e\u0148uj\u00ed va\u0161i identifikaci (d\u00e1le jen jako \u201eosobn\u00ed \u00fadaje\u201c). \u00a0 Pokud v tomto ozn\u00e1men\u00ed [&hellip;]<\/p>\n","protected":false},"author":2,"featured_media":0,"parent":0,"menu_order":0,"comment_status":"closed","ping_status":"closed","template":"templates\/tpl-blocks.php","meta":{"_acf_changed":false,"footnotes":""},"class_list":["post-3384","page","type-page","status-publish","hentry"],"acf":[],"yoast_head":"<!-- This site is optimized with the Yoast SEO plugin v27.9 - https:\/\/yoast.com\/product\/yoast-seo-wordpress\/ -->\n<title>Z\u00e1sady ochrany osobn\u00edch \u00fadaj\u016f | Aperol<\/title>\n<meta name=\"description\" content=\"Informujte se pros\u00edm o aspektech z\u00e1sad ochrany osobn\u00edch \u00fadaj\u016f na na\u0161ich webov\u00fdch str\u00e1nk\u00e1ch Aperol.com.\" \/>\n<meta name=\"robots\" content=\"noindex, follow, max-snippet:-1, max-image-preview:large, max-video-preview:-1\" \/>\n<meta property=\"og:type\" content=\"article\" \/>\n<meta property=\"og:title\" content=\"Z\u00e1sady ochrany osobn\u00edch \u00fadaj\u016f | Aperol\" \/>\n<meta property=\"og:description\" content=\"Informujte se pros\u00edm o aspektech z\u00e1sad ochrany osobn\u00edch \u00fadaj\u016f na na\u0161ich webov\u00fdch str\u00e1nk\u00e1ch Aperol.com.\" \/>\n<meta property=\"og:url\" content=\"https:\/\/www.aperol.com\/cs-cz\/ochrana-osobnich-udaju\/\" \/>\n<meta property=\"og:site_name\" content=\"Aperol\" \/>\n<meta property=\"article:modified_time\" content=\"2026-09-05T06:03:06+00:00\" \/>\n<meta name=\"twitter:card\" content=\"summary_large_image\" \/>\n<meta name=\"twitter:label1\" content=\"Est. reading time\" \/>\n\t<meta name=\"twitter:data1\" content=\"72 minutes\" \/>\n<!-- \/ Yoast SEO plugin. -->","yoast_head_json":{"title":"Z\u00e1sady ochrany osobn\u00edch \u00fadaj\u016f | Aperol","description":"Informujte se pros\u00edm o aspektech z\u00e1sad ochrany osobn\u00edch \u00fadaj\u016f na na\u0161ich webov\u00fdch str\u00e1nk\u00e1ch Aperol.com.","robots":{"index":"noindex","follow":"follow","max-snippet":"max-snippet:-1","max-image-preview":"max-image-preview:large","max-video-preview":"max-video-preview:-1"},"og_type":"article","og_title":"Z\u00e1sady ochrany osobn\u00edch \u00fadaj\u016f | Aperol","og_description":"Informujte se pros\u00edm o aspektech z\u00e1sad ochrany osobn\u00edch \u00fadaj\u016f na na\u0161ich webov\u00fdch str\u00e1nk\u00e1ch Aperol.com.","og_url":"https:\/\/test.aperol.com\/stg\/cs-cz\/ochrana-osobnich-udaju\/","og_site_name":"Aperol","article_modified_time":"2026-09-05T06:03:06+00:00","twitter_card":"summary_large_image","twitter_misc":{"Est. reading time":"72 minutes"},"schema":{"@context":"https:\/\/schema.org","@graph":[{"@type":"WebPage","@id":"https:\/\/test.aperol.com\/stg\/cs-cz\/ochrana-osobnich-udaju\/","url":"https:\/\/test.aperol.com\/stg\/cs-cz\/ochrana-osobnich-udaju\/","name":"Z\u00e1sady ochrany osobn\u00edch \u00fadaj\u016f | Aperol","isPartOf":{"@id":"https:\/\/test.aperol.com\/stg\/cs-cz\/#website"},"datePublished":"2023-04-04T10:47:17+00:00","dateModified":"2026-09-05T06:03:06+00:00","description":"Informujte se pros\u00edm o aspektech z\u00e1sad ochrany osobn\u00edch \u00fadaj\u016f na na\u0161ich webov\u00fdch str\u00e1nk\u00e1ch Aperol.com.","breadcrumb":{"@id":"https:\/\/test.aperol.com\/stg\/cs-cz\/ochrana-osobnich-udaju\/#breadcrumb"},"inLanguage":"cs-CZ","potentialAction":[{"@type":"ReadAction","target":["https:\/\/test.aperol.com\/stg\/cs-cz\/ochrana-osobnich-udaju\/"]}]},{"@type":"BreadcrumbList","@id":"https:\/\/test.aperol.com\/stg\/cs-cz\/ochrana-osobnich-udaju\/#breadcrumb","itemListElement":[{"@type":"ListItem","position":1,"name":"Home","item":"https:\/\/test.aperol.com\/stg\/cs-cz\/"},{"@type":"ListItem","position":2,"name":"Z\u00e1sady ochrany osobn\u00edch \u00fadaj\u016f"}]},{"@type":"WebSite","@id":"https:\/\/test.aperol.com\/stg\/cs-cz\/#website","url":"https:\/\/test.aperol.com\/stg\/cs-cz\/","name":"Aperol-czech-cz","description":"","publisher":{"@id":"https:\/\/test.aperol.com\/stg\/cs-cz\/#organization"},"potentialAction":[{"@type":"SearchAction","target":{"@type":"EntryPoint","urlTemplate":"https:\/\/test.aperol.com\/stg\/cs-cz\/?s={search_term_string}"},"query-input":{"@type":"PropertyValueSpecification","valueRequired":true,"valueName":"search_term_string"}}],"inLanguage":"cs-CZ"},{"@type":"Organization","@id":"https:\/\/test.aperol.com\/stg\/cs-cz\/#organization","name":"Aperol","url":"https:\/\/test.aperol.com\/stg\/cs-cz\/","logo":{"@type":"ImageObject","inLanguage":"cs-CZ","@id":"https:\/\/test.aperol.com\/stg\/cs-cz\/#\/schema\/logo\/image\/","url":"https:\/\/test.aperol.com\/stg\/app\/uploads\/2023\/05\/aperol-organization-logo.png","contentUrl":"https:\/\/test.aperol.com\/stg\/app\/uploads\/2023\/05\/aperol-organization-logo.png","width":720,"height":720,"caption":"Aperol"},"image":{"@id":"https:\/\/test.aperol.com\/stg\/cs-cz\/#\/schema\/logo\/image\/"}}]}},"_links":{"self":[{"href":"https:\/\/test.aperol.com\/stg\/cs-cz\/wp-json\/wp\/v2\/pages\/3384","targetHints":{"allow":["GET"]}}],"collection":[{"href":"https:\/\/test.aperol.com\/stg\/cs-cz\/wp-json\/wp\/v2\/pages"}],"about":[{"href":"https:\/\/test.aperol.com\/stg\/cs-cz\/wp-json\/wp\/v2\/types\/page"}],"author":[{"embeddable":true,"href":"https:\/\/test.aperol.com\/stg\/cs-cz\/wp-json\/wp\/v2\/users\/2"}],"replies":[{"embeddable":true,"href":"https:\/\/test.aperol.com\/stg\/cs-cz\/wp-json\/wp\/v2\/comments?post=3384"}],"version-history":[{"count":3,"href":"https:\/\/test.aperol.com\/stg\/cs-cz\/wp-json\/wp\/v2\/pages\/3384\/revisions"}],"predecessor-version":[{"id":20023,"href":"https:\/\/test.aperol.com\/stg\/cs-cz\/wp-json\/wp\/v2\/pages\/3384\/revisions\/20023"}],"wp:attachment":[{"href":"https:\/\/test.aperol.com\/stg\/cs-cz\/wp-json\/wp\/v2\/media?parent=3384"}],"curies":[{"name":"wp","href":"https:\/\/api.w.org\/{rel}","templated":true}]}}