{"id":3381,"date":"2023-04-04T10:47:17","date_gmt":"2023-04-04T10:47:17","guid":{"rendered":"https:\/\/test.aperol.com\/stg\/privacy-policy\/"},"modified":"2026-09-05T05:15:29","modified_gmt":"2026-09-05T05:15:29","slug":"politica-privacidad","status":"publish","type":"page","link":"https:\/\/test.aperol.com\/stg\/es-es\/politica-privacidad\/","title":{"rendered":"Pol\u00edtica de privacidad"},"content":{"rendered":"\n<div class=\"wp-block-group wdf-legal-page-content-pp\"><div class=\"wp-block-group__inner-container is-layout-flow wp-block-group-is-layout-flow\">\n\n<h1 class=\"wp-block-heading\">DECLARACI\u00d3N DE CONFIDENCIALIDAD<\/h1>\n\n\n\n<p>\u00a1Gracias por su inter\u00e9s en Campari! Esta Declaraci\u00f3n de Confidencialidad explica c\u00f3mo la informaci\u00f3n sobre usted, que lo identifica directamente, o que lo hace identificable (\u00ab<strong>informaci\u00f3n personal<\/strong>\u00bb) es recogida, utilizada, comunicada y tratada de otra manera por Campari en relaci\u00f3n con nuestros Servicios.<\/p>\n\n\n\n<p>Cuando utilizamos los t\u00e9rminos \u00ab<strong>Campari<\/strong>\u00bb, \u00ab<strong>Grupo Campari<\/strong>\u00bb, \u00ab<strong>nosotros<\/strong>\u00bb, \u00ab<strong>nos<\/strong>\u00bb o \u00ab<strong>nuestro<\/strong>\u00bb en esta Declaraci\u00f3n de Confidencialidad, nos referimos a Davide Campari-Milano N.V. y a sus afiliadas y filiales.\u00a0 Cuando utilizamos el t\u00e9rmino \u00ab<strong>Servicio<\/strong>\u00bb, nos referimos a todos los servicios y ofertas de productos que ofrecemos en nuestro propio nombre, incluidas nuestras ofertas de productos, como nuestro sitio web <a href=\"https:\/\/www.campari.com\/\">https:\/\/www.campari.com\/<\/a>, nuestras aplicaciones m\u00f3viles o cualquier otro producto o servicio del Grupo Campari que publiquen o enlacen a esta Declaraci\u00f3n de Confidencialidad.<\/p>\n\n\n\n<h2 class=\"wp-block-heading\">1. APLICABILIDAD GLOBAL Y COMUNICACIONES ESPEC\u00cdFICAS POR REGIONES<\/h2>\n\n\n\n<p>Esta Declaraci\u00f3n de Confidencialidad est\u00e1 dise\u00f1ada para aplicarse a los visitantes de nuestro sitio web, a los usuarios de nuestro Servicio y a otras empresas y usuarios a nivel global. Podemos elegir o estar obligados por ley a proporcionar comunicaciones adicionales relacionadas con el tratamiento de informaci\u00f3n personal en ciertos pa\u00edses, regiones o estados. Por favor, consulte a continuaci\u00f3n la informaci\u00f3n que podr\u00eda serle de aplicaci\u00f3n:<\/p>\n\n\n\n<p>\u00a0<\/p>\n\n\n\n<ul class=\"wp-block-list\">\n<li><strong>California (Estados Unidos):\u00a0<\/strong>Si usted es residente del estado de California en los Estados Unidos, consulte el\u00a0<strong>Aviso Adicional para Residentes de California<\/strong>, en el que encontrar\u00e1 informaci\u00f3n adicional sobre privacidad espec\u00edfica de California.<\/li>\n<li><strong>Nevada (Estados Unidos):\u00a0<\/strong>\u00a0Si usted es residente del estado de Nevada, el Cap\u00edtulo 603A de las Leyes Revisadas de Nevada permite a un residente de Nevada optar por no participar en futuras ventas de cierta informaci\u00f3n cubierta que el operador de un sitio web ha recogido o recoger\u00e1 sobre el residente.\u00a0 Tenga en cuenta que no vendemos su informaci\u00f3n personal como estipulado en el Cap\u00edtulo 603A. No obstante, si aun as\u00ed desea presentar dicha solicitud, p\u00f3ngase en contacto con nosotros en\u00a0<a href=\"mailto:gpdp.office@campari.com\">office@campari.com<\/a><\/li>\n<li><strong>Espacio Econ\u00f3mico Europeo, Reino Unido o Suiza:<\/strong>\u00a0Si usted se encuentra en el Espacio Econ\u00f3mico Europeo (\u00ab<em><strong>EEE<\/strong><\/em>\u00bb), el Reino Unido (\u00ab<em><strong>UK<\/strong><\/em>\u00bb) o Suiza, o interact\u00faa de alguna manera con las operaciones europeas del Grupo Campari, consulte el\u00a0<strong>Aviso Adicional para el Espacio Econ\u00f3mico Europeo, el Reino Unido y Suiza<\/strong>\u00a0para obtener informaci\u00f3n adicional sobre la privacidad en Europa, incluido, con car\u00e1cter enunciativo y no limitativo, qu\u00e9 constituye su informaci\u00f3n personal, las bases jur\u00eddicas a las que recurrimos para tratar su informaci\u00f3n personal, c\u00f3mo utilizamos las\u00a0<em>cookies\u00a0<\/em>cuando usted accede a nuestros Servicios desde el EEE, UK o Suiza y sus derechos con respecto a su informaci\u00f3n personal.<\/li>\n<\/ul>\n\n\n\n<h3 class=\"wp-block-heading\">1.1 COMMENT NOUS COLLECTONS VOS INFORMATIONS PERSONNELLES<\/h3>\n\n\n\n<p>Desde el primer momento en que usted interact\u00faa con nosotros, estamos recogiendo informaci\u00f3n personal sobre usted. A veces recogemos informaci\u00f3n personal autom\u00e1ticamente cuando usted interact\u00faa con nuestros servicios; otras veces recogemos la informaci\u00f3n personal directamente de usted.\u00a0 A veces, podemos recoger informaci\u00f3n personal sobre usted de otras fuentes y terceros, incluso antes de nuestra primera interacci\u00f3n directa. El tipo de informaci\u00f3n personal que recogemos tambi\u00e9n puede depender de la relaci\u00f3n que tengamos con usted (por ejemplo, representante comercial, consumidor).<\/p>\n\n\n\n<p>\u00a0<\/p>\n\n\n\n<p><u><strong>RESPONSABLES DEL TRATAMIENTO<\/strong><\/u><\/p>\n\n\n\n<p>\u00a0<\/p>\n\n\n\n<p>El responsable del tratamiento, es decir la empresa perteneciente al Grupo Campari que est\u00e1 a cargo del tratamiento de sus datos personales, depende de la forma en que usted interact\u00faa con las marcas del Grupo Campari. Por lo tanto, el responsable del tratamiento pertinente suele estar formado por una o dos entidades: 1) La entidad principal que gestiona las marcas de Campari en funci\u00f3n de la regi\u00f3n y, si procede, 2) la empresa local con la que usted interact\u00faa en relaci\u00f3n con las actividades localizadas (por ejemplo, campa\u00f1as de mercadotecnia, eventos, concursos).\u00a0 En relaci\u00f3n con el responsable del tratamiento local, el responsable del tratamiento y la informaci\u00f3n de contacto se comunicar\u00e1n en el m\u00e9todo espec\u00edfico de interacci\u00f3n.<\/p>\n\n\n\n<p>\u00a0<\/p>\n\n\n\n<p>Estos responsables del tratamiento se especifican en las siguientes tablas:<\/p>\n\n\n\n<figure class=\"wp-block-table\"><table>\n<tbody>\n<tr>\n<th colspan=\"3\"><p>PRINCIPALES RESPONSABLES DEL TRATAMIENTO (BASADOS EN MARCAS)<\/p><\/th>\n<\/tr>\n<tr>\n<td><p>RESPONSABLE DU TRAITEMENT:<\/p>\n<p>CAMPARI AMERICA LLC 1114 AVENUE OF THE AMERICAS APARTEMENT 19, NEW YORK, NY, 10036-7703 <\/p><\/td>\n<td><p>RESPONSABLE DU TRAITEMENT:<\/p>\n<p>DAVIDE CAMPARI &#8211; MILANO N.V.<br>VIA F. SACCHETTI, 20 \u2013 20099 SESTO SAN GIOVANNI (MI), ITALIA<br><a href=\"mailto:GPDP.OFFICE@CAMPARI.COM\">GPDP.OFFICE@CAMPARI.COM<\/a><\/p><\/td>\n<td><p>RESPONSABLE DU TRAITEMENT:<\/p>\n<p>SOCIETE DES PRODUITS MARNIER LAPOSTOLLE<br>S.A. 32 RUE DE MONCEAU, 75008 PARIS<br><a href=\"mailto:GPDP.OFFICE@CAMPARI.COM\">GPDP.OFFICE@CAMPARI.COM<\/a><\/p><\/td>\n<\/tr>\n<tr>\n<td><p><strong>MARQUES<\/strong><\/p>\n<p>AMERICAN HONEY<br>APPLETON ESTATE<br>BOND &amp; LILLARD<br>CABO WABO<br>SKYY<br>WILD TURKEY<br>LONGBRANCH<br>RUSSELL\u2019S RESERVE<br>WRAY &amp; NEPHEW<br>FORTY CREEK<br>PRINCE IGOR<br>ESPOLON<br>ANCHO REYES<br>MONTELOBOS<br>KOKO KANU<br>SANGSTERS<br>CORUBA<br>OLD EIGHT<br>DRURY\u2019S<br>DREHER<br>SAGATIBA<br>SAFFELL<\/p><\/td>\n<td><p><strong>MARQUES<\/strong><\/p>\n<p>APEROL<br>APEROL SPRITZ<br>BANKES-BICKENS<br>BARBERO LIQUORS<br>BRAULIO<br>BIANCOSARTI<br>BULLDOG GIN<br>CAMPARI<br>CAMPARINO<br>CAMPARISODA<br>CORTE DELLA FRATESSA<br>CRODINO<br>CRODINO SPRITZ<br>CRODINO TWIST<br>DIESUS<br>CROSS<br>CYNAR<br>FRANGELICO LIQUEUR<br>FRATTINA<br>GLEN GRANT<br>MAGNUM TONIC WINE<br>MAISON LAMAUNY<br>MONDORO<br>ONDINA GIN<br>OUZO 12<br>RICCADONNA<br>TERRAZZA APEROL<br>THE NOTES COLLECTION<br>RICCADONNA SPARKLING WINES<\/p>\n<p>X-RATED<br>FUSION LIQUEUR<\/p><\/td>\n<td><p><strong>MARQUES<\/strong><\/p>\n<p>GRAND MARNIER<br>BISQUIT &amp; DOUBOUCHE<br>LALLIER CHAMPAGNE<br>MARNIER RHUM<br>WINE &amp; CHAMPAGNE LVMH<\/p><\/td>\n<\/tr>\n<\/tbody>\n<\/table><\/figure>\n\n\n\n<h3 class=\"wp-block-heading\">Local companies (localized controllers)<\/h3>\n\n\n\n<figure class=\"wp-block-table\"><table>\n<tbody>\n<tr>\n<th colspan=\"2\"><p>EMPRESAS LOCALES (RESPONSABLES DEL TRATAMIENTO LOCALIZADOS)<\/p><\/th>\n<\/tr>\n<tr>\n<td><p>Paese<\/p>\n<p>AUSTRIA<\/p>\n<p>Societ\u00e0<\/p>\n<p>CAMPARI AUSTRIA GMBH<\/p>\n<p>Indirizzo<\/p>\n<p>NAGLERGASSE 1\/TOP 13 ,1010, VIENNA<\/p><\/td>\n<td><p>Paese<\/p>\n<p>BENELUX<\/p>\n<p>Societ\u00e0<\/p>\n<p>CAMPARI BENELUX S.A.<\/p>\n<p>Indirizzo<\/p>\n<p>AVENUE DE LA METEROLOGIE, 10, BRUXELLES<\/p><\/td>\n<\/tr>\n<tr>\n<td><p>Paese<\/p>\n<p>ARGENTINA<\/p>\n<p>Societ\u00e0<\/p>\n<p>CAMPARI ARGENTINA S.A.<\/p>\n<p>Indirizzo<\/p>\n<p>OLGA COSSETTINI, 243 PISO 3, PUERTO MADEO, CABA, ARGENTINA<\/p><\/td>\n<td><p>Paese<\/p>\n<p>AUSTRALIA<\/p>\n<p>CAMPARI BENELUX S.A.<\/p>\n<p>Societ\u00e0<\/p>\n<p>CAMPARI AUSTRALIA PTY LTD.<\/p>\n<p>Indirizzo<\/p>\n<p>LEVEL 21, 141 WALKER STREET NORTH SYDNEY, AUSTRALIA<\/p><\/td>\n<\/tr>\n<tr>\n<td><p>Paese<\/p>\n<p>BRASILE<\/p>\n<p>Societ\u00e0<\/p>\n<p>CAMPARI DO BRASIL LTDA.<\/p>\n<p>Indirizzo<\/p>\n<p>ALAMEDA RIO NEGRO 585, EDIFICIO DEMINI, CONJUNTO 62, ALPHAVILLE, BARUERI-SP<\/p><\/td>\n<td><p>Paese<\/p>\n<p>CANADA<\/p>\n<p>Societ\u00e0<\/p>\n<p>FORTY CREEK DISTILLERY LTD.<\/p>\n<p>Indirizzo<\/p>\n<p>297 SOUTH SERVICE ROAD WEST, GRIMSBY, CANADA<\/p><\/td>\n<\/tr>\n<tr>\n<td><p>Paese<\/p>\n<p>CINA<\/p>\n<p>Societ\u00e0<\/p>\n<p>CAMPARI (BEIJING) TRADING CO. LTD.<\/p>\n<p>Indirizzo<\/p>\n<p>Unit 4001-02, 4008, 40F, CITIC Square<\/p><\/td>\n<td><p>Paese<\/p>\n<p>GERMANIA<\/p>\n<p>Societ\u00e0<\/p>\n<p>CAMPARI DEUTSCHLAND GMBH<\/p>\n<p>Indirizzo<\/p>\n<p>ADELGUNDENSTRASSE 7, 80538 M\u00dcNCHEN, DEUTSCHLAND<\/p><\/td>\n<\/tr>\n<tr>\n<td><p>Paese<\/p>\n<p>GRECIA<\/p>\n<p>Societ\u00e0<\/p>\n<p>KALOYIANNIS &#8211; KOUTSIKOS DISTILLERIES S.A.<\/p>\n<p>Indirizzo<\/p>\n<p>6 &amp; E STREET, A\u2019 INDUSTRIAL AREA, VOLOS<\/p><\/td>\n<td><p>Paese<\/p>\n<p>INDIA<\/p>\n<p>Societ\u00e0<\/p>\n<p>CAMPARI INDIA PRIVATE LTD.<\/p>\n<p>Indirizzo<\/p>\n<p>COWRKS, GROUND FLOOR AND FIRST FLOOR, WORLDMARK 1, ASSET AREA 11. AEROCITY, HOSPITALITY DISTRICT, INDIRA GANDHI INTERNATIONAL AIR-PORT, NH-8. NEW DELHI &#8211; 110037, INDIA<\/p><\/td>\n<\/tr>\n<tr>\n<td><p>Paese<\/p>\n<p>ITALIA<\/p>\n<p>Societ\u00e0<\/p>\n<p>CAMPARINO S.R.L.<\/p>\n<p>Indirizzo<\/p>\n<p>PIAZZA DUOMO, 21 MILANO<\/p><\/td>\n<td><p>Paese<\/p>\n<p>ITALIA<\/p>\n<p>Societ\u00e0<\/p>\n<p>TERRAZZA APEROL SRL<\/p>\n<p>Indirizzo<\/p>\n<p>CAMPO SANTO STEFANO SAN MARCO 2776 30124 VENEZIA (VE)<\/p><\/td>\n<\/tr>\n<tr>\n<td><p>Paese<\/p>\n<p>GIAMAICA<\/p>\n<p>Societ\u00e0<\/p>\n<p>J. WRAY&amp;NEPHEW LTD.<\/p>\n<p>Indirizzo<\/p>\n<p>23 DOMINICA DRIVE, KINGSTON 5, GIAMAICA<\/p><\/td>\n<td><p>Paese<\/p>\n<p>MESSICO<\/p>\n<p>Societ\u00e0<\/p>\n<p>CAMPARI MEXICO S.A. DE C.V<\/p>\n<p>Indirizzo<\/p>\n<p>AVENIDA AMERICAS 1500 PISO G-B COLONIA COUNTRY CLUB, GUADA-LAJARA, JALISCO, MEXICO<\/p><\/td>\n<\/tr>\n<tr>\n<td><p>Paese<\/p>\n<p>NUOVA ZELANDA<\/p>\n<p>Societ\u00e0<\/p>\n<p>CAMPARI NEW ZEALAND LTD.<\/p>\n<p>Indirizzo<\/p>\n<p>C\/O KPMG 18, VIADUCT HARBOUR AV., MARITIME SQUARE, AUCKLAND NUOVA ZELANDA<\/p><\/td>\n<td><p>Paese<\/p>\n<p>PER\u00d9<\/p>\n<p>Societ\u00e0<\/p>\n<p>CAMPARI PERU SAC<\/p>\n<p>Indirizzo<\/p>\n<p>AV. JORGE BASADRE NO.607, OFICINA 702, DISTRITO DE SAN ISIDRO, LIMA, PER\u00d9<\/p><\/td>\n<\/tr>\n<tr>\n<td><p>Paese<\/p>\n<p>RUSSIA<\/p>\n<p>Societ\u00e0<\/p>\n<p>CAMPARI RUS OOO<\/p>\n<p>Indirizzo<\/p>\n<p>2ND YUZHNOPORTOVIY PROEZD 14\/22, MOSCA, RUSSIA<\/p><\/td>\n<td><p>Paese<\/p>\n<p>SINGAPORE<\/p>\n<p>Societ\u00e0<\/p>\n<p>CAMPARI SINGAPORE PTE LTD.<\/p>\n<p>Indirizzo<\/p>\n<p>152 BEACH ROAD, #28-05-08, GATEWAY EAST, SINGAPORE 189721<\/p><\/td>\n<\/tr>\n<tr>\n<td><p>Paese<\/p>\n<p>SUDAFRICA<\/p>\n<p>Societ\u00e0<\/p>\n<p>CAMPARI SOUTH AFRICA PTY LTD.<\/p>\n<p>Indirizzo<\/p>\n<p>12\u00b0 PIANO, CLIFFE DEKER HOF-MEYR 11 BUITENGRACHT STREET, CITT\u00c0 DEL CAPO, SUDAFRICA<\/p><\/td>\n<td><p>Paese<\/p>\n<p>SPAGNA<\/p>\n<p>Societ\u00e0<\/p>\n<p>CAMPARI ESPA\u00d1A S.L.<\/p>\n<p>Indirizzo<\/p>\n<p>CALLE DE LA MARINA 16-18, PLANTA 29, BARCELLONA<\/p><\/td>\n<\/tr>\n<tr>\n<td><p>Paese<\/p>\n<p>SVIZZERA<\/p>\n<p>Societ\u00e0<\/p>\n<p>CAMPARI SCHWEIZ A.G.<\/p>\n<p>Indirizzo<\/p>\n<p>LINDENSTRASSE 8, BAAR<\/p><\/td>\n<td><p>Paese<\/p>\n<p>REGNO UNITO<\/p>\n<p>Societ\u00e0<\/p>\n<p>GLEN GRANT LTD.<\/p>\n<p>Indirizzo<\/p>\n<p>UK Campari UK House of Campari UK14-16 Great Portland St, London W1W 8QW<\/p><\/td>\n<\/tr>\n<tr>\n<td><p>Paese<\/p>\n<p>UCRAINA<\/p>\n<p>Societ\u00e0<\/p>\n<p>CAMPARI UKRAINE LLC<\/p>\n<p>Indirizzo<\/p>\n<p>8, ILLINSKA STREET, 5 FLOOR, BLOCK 8 AND 9, KIEV, UCRAINA<\/p><\/td>\n<td><\/td>\n<\/tr>\n<\/tbody>\n<\/table><\/figure>\n\n\n\n<h3 class=\"wp-block-heading\">Informaci\u00f3n personal que usted proporciona<\/h3>\n\n\n\n<p>Podemos recoger la siguiente informaci\u00f3n personal que usted proporciona en relaci\u00f3n con nuestro Servicio:<\/p>\n\n\n\n<p>\u00a0<\/p>\n\n\n\n<ul class=\"wp-block-list\">\n<li><strong>Verificaci\u00f3n de la edad legal para consumir alcohol:<\/strong>\u00a0La primera vez que visite nuestro sitio web, podremos recoger su fecha de nacimiento para confirmar que tiene la edad legal para consumir alcohol.<\/li>\n<li><strong>Creaci\u00f3n de la cuenta e informaci\u00f3n del perfil.<\/strong>\u00a0Podemos recoger la informaci\u00f3n personal que nos proporcione cuando se registre en una cuenta (cuando est\u00e9 disponible). Esta informaci\u00f3n incluye su nombre y apellidos, direcci\u00f3n de correo electr\u00f3nico y contrase\u00f1a. Una vez que cree una cuenta, tambi\u00e9n podr\u00e1 actualizar la informaci\u00f3n de su cuenta, como su nombre, n\u00famero de tel\u00e9fono, direcci\u00f3n de correo electr\u00f3nico, fecha de nacimiento y sus preferencias.<\/li>\n<li><strong>Reservas:<\/strong>\u00a0Cuando usted hace una reserva en l\u00ednea con cualquiera de nuestros establecimientos de marca, por ejemplo, una reserva de aperitivo o de cena, recogemos la informaci\u00f3n necesaria para hacer su reserva, que puede incluir su nombre, apellidos, n\u00famero de m\u00f3vil, direcci\u00f3n de correo electr\u00f3nico, n\u00famero de asistentes y cualquier informaci\u00f3n que usted proporcione en el apartado de comentarios (por ejemplo, preferencias, peticiones especiales).<\/li>\n<li><strong>Informaci\u00f3n de pago:\u00a0<\/strong>Si se inscribe en uno de nuestros Servicios que requieren un pago o la compra uno de nuestros productos, recogemos la informaci\u00f3n proporcionada en relaci\u00f3n con dicho pago. Tenga en cuenta que utilizamos procesadores de pagos externos para tramitar los pagos recibidos. Por lo tanto, no conservamos ninguna informaci\u00f3n financiera personal identificable, como los n\u00fameros de las tarjetas de cr\u00e9dito. En lugar de ello, toda esa informaci\u00f3n es proporcionada directamente por usted a nuestro procesador externo. El uso de su informaci\u00f3n personal por parte del procesador de pagos se rige por su propia declaraci\u00f3n de confidencialidad.<\/li>\n<li><strong>Comunicaciones<\/strong>: Cuando usted se pone en contacto con nosotros a trav\u00e9s de cualquier m\u00e9todo de comunicaci\u00f3n, incluido uno de los formularios de \u00abContacto\u00bb de nuestro sitio web, podemos recoger su nombre, direcci\u00f3n de correo electr\u00f3nico, direcci\u00f3n postal, n\u00famero de tel\u00e9fono, tipo de consulta o cualquier otra informaci\u00f3n personal que decida proporcionarnos.<\/li>\n<li><strong>Informaci\u00f3n demogr\u00e1fica<\/strong>: Cuando rellena una de nuestras encuestas o estudios de mercado, podemos recoger informaci\u00f3n demogr\u00e1fica, como su edad, sexo o ingresos anuales, y otros datos sobre su actividad profesional, como por ejemplo, sus ingresos anuales y su grupo demogr\u00e1fico objetivo. La informaci\u00f3n recogida depende de la encuesta y de la empresa del Grupo Campari que la realice.<\/li>\n<li><strong>Bolet\u00edn de noticias \/ correos electr\u00f3nicos de mercadotecnia.\u00a0<\/strong>Si se inscribe para recibir nuestras noticias o alertas, podemos recoger su correo electr\u00f3nico y los intereses y preferencias de comunicaci\u00f3n aplicables.\u00a0 Si desea dejar de recibir nuestros mensajes de correo electr\u00f3nico, puede utilizar el enlace \u00abdarse de baja\u00bb que aparece en la parte inferior de nuestros correos electr\u00f3nicos para dejar de recibir estas comunicaciones.<\/li>\n<li><strong>Eventos, encuestas y promociones.<\/strong>\u00a0Si usted rellena alg\u00fan formulario o participa en eventos, encuestas, competiciones (concursos\/sorteos) u otros eventos promocionales del Grupo Campari, podemos recoger su informaci\u00f3n de contacto (como su nombre, correo electr\u00f3nico y n\u00famero de tel\u00e9fono, c\u00f3digo postal), su Informaci\u00f3n Demogr\u00e1fica y cualquier otra informaci\u00f3n solicitada en el formulario, en el momento de la inscripci\u00f3n o como parte de su participaci\u00f3n en el concurso, incluidos fotos\/v\u00eddeos (cada uno, seg\u00fan corresponda). En ocasiones, tambi\u00e9n podemos recoger sus datos de env\u00edo y facturaci\u00f3n, por ejemplo, si resulta ganador de un concurso o adquiere nuestros productos o servicios (cuando est\u00e9n disponibles). Si forma parte de nuestro socio de eventos o promociones, tambi\u00e9n podemos recoger su informaci\u00f3n personal, incluidos su nombre, el correo electr\u00f3nico de la empresa y la direcci\u00f3n de esta.<\/li>\n<li><strong>Informaci\u00f3n sobre los comentarios<\/strong>: Tambi\u00e9n podemos recoger los comentarios y las valoraciones que nos proporcione en relaci\u00f3n con nuestros servicios o productos.<\/li>\n<li><strong>Informaci\u00f3n de contacto del representante comercial:<\/strong>\u00a0Si usted es un representante comercial, recogemos su informaci\u00f3n en relaci\u00f3n con la ejecuci\u00f3n del acuerdo o del posible acuerdo con nosotros. Esta informaci\u00f3n puede incluir su nombre, apellidos, informaci\u00f3n de contacto de la empresa (por ejemplo, correo electr\u00f3nico, tel\u00e9fono, direcci\u00f3n), cargo y cualquier otra informaci\u00f3n relacionada con la ejecuci\u00f3n del acuerdo con nosotros.<\/li>\n<\/ul>\n\n\n\n<p>\u00a0<\/p>\n\n\n\n<p>Aunque a menudo recogemos la informaci\u00f3n personal descrita anteriormente directamente de usted, tambi\u00e9n recogemos esta informaci\u00f3n a trav\u00e9s de proveedores de servicios y otros terceros que la recogen en nuestro nombre, como proveedores de comunicaciones, proveedores de an\u00e1lisis, proveedores de encuestas, concursos y promociones y proveedores de mercadotecnia. Consulte el apartado\u00a0<strong>Informaci\u00f3n personal de otras fuentes y de terceros<\/strong>\u00a0a continuaci\u00f3n.<\/p>\n\n\n\n<h3 class=\"wp-block-heading\">Informaci\u00f3n personal recogida autom\u00e1ticamente<\/h3>\n\n\n\n<p>Como ocurre en la mayor\u00eda de las plataformas digitales, nosotros y nuestros proveedores y socios externos recogemos cierta informaci\u00f3n personal autom\u00e1ticamente cuando usted visita o interact\u00faa con nuestro Servicio:<\/p>\n\n\n\n<p>\u00a0<\/p>\n\n\n\n<ul class=\"wp-block-list\">\n<li><strong>Datos de registro:<\/strong>\u00a0Incluidos su direcci\u00f3n de protocolo de internet (IP), sistema operativo, tipo de navegador, ID del navegador, la URL que introdujo y la p\u00e1gina\/campa\u00f1a de referencia, la fecha\/hora de su visita, el tiempo que pas\u00f3 en nuestros servicios y cualquier error que pueda ocurrir durante su visita a nuestros servicios. Tenga en cuenta que nuestros sistemas tambi\u00e9n pueden registrar la informaci\u00f3n personal que usted escribe en nuestros sitios web y otros servicios en l\u00ednea, incluso si no decide enviarla.<\/li>\n<li><strong>Datos anal\u00edticos:<\/strong>\u00a0Incluida la ruta electr\u00f3nica que usted utiliza hacia nuestros servicios, a trav\u00e9s de nuestros servicios y al salir de nuestros servicios, as\u00ed como su uso y actividad en nuestros servicios, como los enlaces, objetos, productos y beneficios que usted ve, en los que hace clic o con los que interact\u00faa de otra manera con (tambi\u00e9n conocidos como \u00ab<strong>Datos de Flujo de Clics<\/strong>\u00bb).\u00a0 Nuestros correos electr\u00f3nicos tambi\u00e9n pueden contener p\u00edxeles de seguimiento que identifican si usted ha abierto un correo electr\u00f3nico que le hemos enviado y cu\u00e1ndo lo ha hecho, cu\u00e1ntas veces lo ha le\u00eddo y si ha hecho clic en alg\u00fan enlace de ese correo. Esto nos ayuda a medir la eficacia de nuestras campa\u00f1as de mercadotecnia por correo electr\u00f3nico, a hacer que los correos electr\u00f3nicos que le enviamos sean m\u00e1s relevantes para sus intereses y a entender si ha abierto y le\u00eddo cualquier correo electr\u00f3nico administrativo importante que podamos enviarle.<\/li>\n<li><strong>Datos de localizaci\u00f3n:<\/strong>\u00a0Incluida su ubicaci\u00f3n geogr\u00e1fica general basada en los datos de registro que recogemos.<\/li>\n<li><strong>Datos de aplicaciones:<\/strong>\u00a0Algunos de nuestros servicios ofrecen aplicaciones para m\u00f3viles o navegadores que le permiten aprovechar nuestras ofertas de servicios desde cualquier lugar o cuando visita sitios web de terceros y otros servicios en l\u00ednea.\u00a0 Algunas de estas aplicaciones tambi\u00e9n nos permiten acceder a datos de localizaci\u00f3n m\u00e1s precisos sobre usted y recoger informaci\u00f3n sobre su uso e interacciones con sitios web y servicios en l\u00ednea de terceros (incluidos los productos o servicios que le interesan o que compra) para atenderle mejor.<\/li>\n<li><strong>Datos publicitarios:<\/strong>\u00a0tambi\u00e9n recogemos y utilizamos algunos datos de registro y datos anal\u00edticos (con su consentimiento, seg\u00fan lo exija la legislaci\u00f3n aplicable) para realizar campa\u00f1as publicitarias, incluida la visualizaci\u00f3n de anuncios concretos, utilizando redes publicitarias, empresas de medios sociales y otros servicios de terceros. Para obtener m\u00e1s informaci\u00f3n sobre estas pr\u00e1cticas, consulte nuestro\u00a0<strong>Aviso sobre Cookies<\/strong><em>.<\/em><\/li>\n<\/ul>\n\n\n\n<p>\u00a0<\/p>\n\n\n\n<p>Nosotros y nuestros proveedores externos podemos utilizar i)\u00a0<em>cookies\u00a0<\/em>o peque\u00f1os archivos de datos que se almacenan en el ordenador de una persona y ii) otras tecnolog\u00edas relacionadas, como balizas web, p\u00edxeles,\u00a0<em>scripts\u00a0<\/em>incrustados, tecnolog\u00edas de identificaci\u00f3n de la ubicaci\u00f3n y tecnolog\u00edas de registro (colectivamente, \u00ab<em><strong>cookies<\/strong><\/em>\u00bb) para recoger autom\u00e1ticamente esta informaci\u00f3n personal.<\/p>\n\n\n\n<p>\u00a0<\/p>\n\n\n\n<p>Para obtener m\u00e1s informaci\u00f3n sobre estas pr\u00e1cticas y sus opciones con respecto a las\u00a0<em>cookies<\/em>, consulte nuestro\u00a0<strong>Aviso sobre Cookies<\/strong>.<\/p>\n\n\n\n<h3 class=\"wp-block-heading\">Informaci\u00f3n personal de otras fuentes y de terceros<\/h3>\n\n\n\n<p>Tambi\u00e9n podemos obtener informaci\u00f3n personal de terceros y otras fuentes, que a menudo combinamos con la informaci\u00f3n personal que recogemos de forma autom\u00e1tica o directamente de una persona.<\/p>\n\n\n\n<p>\u00a0<\/p>\n\n\n\n<p>Podemos recibir las mismas categor\u00edas de informaci\u00f3n personal descritas anteriormente de los siguientes terceros:<\/p>\n\n\n\n<p>\u00a0<\/p>\n\n\n\n<ul class=\"wp-block-list\">\n<li><strong>Grupo Campari<\/strong>: Podemos recoger informaci\u00f3n personal de otras empresas que sean propiedad o est\u00e9n controladas por el Grupo Campari, y de otras empresas que sean propiedad o est\u00e9n bajo la propiedad com\u00fan del Grupo Campari, lo que tambi\u00e9n incluye a nuestras filiales (es decir, cualquier organizaci\u00f3n que poseamos o controlemos) o nuestra sociedad de cartera final (es decir, cualquier organizaci\u00f3n que nos posea o controle) y cualquier filial que posea, en particular cuando colaboramos en la prestaci\u00f3n de los Servicios.<\/li>\n<li><strong>Redes Sociales<\/strong>: Cuando una persona interact\u00faa con nuestros Servicios a trav\u00e9s de diversas redes sociales, como cuando alguien nos da un \u00abMe gusta\u00bb en Facebook o nos sigue o comparte nuestro contenido en Google, Facebook, Twitter u otras redes sociales a trav\u00e9s, por ejemplo, de los botones para compartir de nuestro sitio web, podemos recibir cierta informaci\u00f3n sobre las personas que permiten que la red social comparta con terceros. Los datos que recibimos dependen de la configuraci\u00f3n de privacidad de la persona en la red social. Los usuarios siempre deben revisar y, si es necesario, ajustar su configuraci\u00f3n de privacidad en los sitios web de terceros y en las redes y servicios de medios sociales antes de compartir informaci\u00f3n o vincularlos o conectarlos a otros servicios.<\/li>\n<li><strong>Proveedores de servicios<\/strong>: Nuestros proveedores de servicios que prestan servicios \u00fanicamente en nuestro nombre, como los servicios de chat, el procesamiento de pagos y los proveedores de mercadotecnia, recogen informaci\u00f3n personal y a menudo comparten parte o toda esta informaci\u00f3n con nosotros.<\/li>\n<li><strong>Proveedores de informaci\u00f3n<\/strong>: Eventualmente podemos obtener informaci\u00f3n de terceros proveedores de informaci\u00f3n para corregir o complementar la informaci\u00f3n personal que recogemos. Por ejemplo, podemos obtener informaci\u00f3n de contacto actualizada de terceros proveedores de informaci\u00f3n para volver a contactar con una persona.<\/li>\n<li><strong>Informaci\u00f3n de otras fuentes<\/strong>: Tambi\u00e9n podemos recoger informaci\u00f3n personal sobre individuos que, de lo contrario, no tendr\u00edamos, por ejemplo, de fuentes disponibles p\u00fablicamente, proveedores de datos externos, clientes o socios comerciales, o a trav\u00e9s de transacciones como fusiones y adquisiciones. Dicha informaci\u00f3n puede incluir datos de contacto y de inter\u00e9s en los servicios. Podemos combinar esta informaci\u00f3n con la que recogemos de una persona directamente, y obtendremos el consentimiento para hacerlo cuando lo exija la legislaci\u00f3n aplicable. Utilizamos esta informaci\u00f3n para ponernos en contacto con las personas, para enviar material publicitario o promocional o para personalizar nuestros Servicios y para comprender mejor la demograf\u00eda de las personas con las que interactuamos.<\/li>\n<\/ul>\n\n\n\n<p>\u00a0<\/p>\n\n\n\n<p>En todos estos casos, nuestra Declaraci\u00f3n de Confidencialidad rige el tratamiento de su informaci\u00f3n personal. Tenga en cuenta que no controlamos la informaci\u00f3n personal recogida por terceros, ni el uso que esos terceros hacen de esa informaci\u00f3n personal. Debe revisar las pol\u00edticas de confidencialidad de dichos terceros para obtener m\u00e1s informaci\u00f3n sobre c\u00f3mo recogen, utilizan y comparten la informaci\u00f3n que obtienen y utilizan.<\/p>\n\n\n\n<h3 class=\"wp-block-heading\">1.2 C\u00d3MO UTILIZAMOS SU INFORMACI\u00d3N PERSONAL<\/h3>\n\n\n\n<p>Utilizamos la informaci\u00f3n personal que recogemos para:<\/p>\n\n\n\n<p>\u00a0<\/p>\n\n\n\n<ul class=\"wp-block-list\">\n<li>cumplir o satisfacer el motivo por el que se proporcion\u00f3 la informaci\u00f3n, como por ejemplo, cumplir con nuestras obligaciones contractuales o prestar los Servicios que usted ha solicitado, incluido facilitar sus mensajes a otros usuarios o grupos;<\/li>\n<li>gestionar nuestra organizaci\u00f3n y sus operaciones diarias;<\/li>\n<li>comunicarnos con las personas, incluido por correo electr\u00f3nico, mensajes de texto, aplicaciones de mensajer\u00eda, redes sociales o llamadas telef\u00f3nicas y videoconferencias;<\/li>\n<li>comercializar nuestros Servicios a particulares, incluido a trav\u00e9s del correo electr\u00f3nico, del correo postal, del tel\u00e9fono o de los mensajes de texto, de los medios sociales y de las redes publicitarias, de las aplicaciones de mensajer\u00eda y de las videoconferencias;<\/li>\n<li>proporcionar, mejorar y personalizar nuestros Servicios, incluido reconociendo a una persona y recordando su informaci\u00f3n cuando vuelve a nuestros Servicios;<\/li>\n<li>procesar el pago de nuestros Servicios;<\/li>\n<li>facilitar las prestaciones y servicios a los usuarios, incluida la asistencia al cliente;<\/li>\n<li>identificar y analizar c\u00f3mo los individuos utilizan nuestros Servicios;<\/li>\n<li>realizar investigaciones y an\u00e1lisis sobre nuestra base de clientes y nuestros Servicios;<\/li>\n<li>mejorar y personalizar nuestros Servicios para atender las necesidades e intereses de nuestra base de usuarios y de otras personas con las que interactuamos;<\/li>\n<li>probar, mejorar, actualizar y supervisar los Servicios, o diagnosticar o solucionar problemas tecnol\u00f3gicos;<\/li>\n<li>ayudar a mantener la seguridad, la protecci\u00f3n y la integridad de nuestros bienes y Servicios, activos tecnol\u00f3gicos y negocios;<\/li>\n<li>hacer cumplir nuestras\u00a0<strong>Condiciones de Servicio<\/strong>, resolver conflictos, cumplir nuestras obligaciones y hacer valer nuestros derechos, y proteger nuestros intereses comerciales y los intereses y derechos de terceros;<\/li>\n<li>defender, proteger o hacer cumplir nuestros derechos o los contratos y acuerdos aplicables;<\/li>\n<li>prevenir, investigar o notificar fraudes o actividades ilegales o delictivas;<\/li>\n<li>cumplir con cualquier otro prop\u00f3sito para el que usted proporcione informaci\u00f3n personal; y<\/li>\n<li>cumplir con obligaciones legales.<\/li>\n<\/ul>\n\n\n\n<p>\u00a0<\/p>\n\n\n\n<p>Cuando una persona decide ponerse en contacto con nosotros, es posible que necesitemos informaci\u00f3n adicional para satisfacer su solicitud o responder a sus preguntas. Podemos proporcionarle informaci\u00f3n adicional relacionada con la privacidad cuando el alcance de la consulta\/solicitud o la informaci\u00f3n personal que requerimos queden fuera del \u00e1mbito de esta Declaraci\u00f3n de Confidencialidad. En ese caso, la declaraci\u00f3n de confidencialidad adicional regular\u00e1 la forma en que podemos tratar la informaci\u00f3n proporcionada en ese momento.<\/p>\n\n\n\n<h3 class=\"wp-block-heading\">1.3 C\u00d3MO COMPARTIMOS LA INFORMACI\u00d3N PERSONAL<\/h3>\n\n\n\n<p>Tambi\u00e9n podemos compartir, transmitir, comunicar, conceder o habilitar el acceso y proporcionar informaci\u00f3n personal con y a terceros, como se describe a continuaci\u00f3n.<\/p>\n\n\n\n<p>\u00a0<\/p>\n\n\n\n<ul class=\"wp-block-list\">\n<li><strong>Proveedores de servicios:\u00a0<\/strong>Compartimos informaci\u00f3n personal con terceros contratistas y proveedores de servicios que prestan servicios en nuestro nombre, que est\u00e1n sujetos a condiciones de confidencialidad razonables, y que pueden incluir el procesamiento de pagos, la prestaci\u00f3n de servicios de alojamiento y mantenimiento de p\u00e1ginas web, proveedores de apoyo tecnol\u00f3gico, gesti\u00f3n de reservas, proveedores de comunicaciones por correo electr\u00f3nico, proveedores de an\u00e1lisis, proveedores de conservaci\u00f3n de datos, gesti\u00f3n de la competencia y proveedores y desarrolladores de alojamiento web y de v\u00eddeo.<\/li>\n<li><strong>Grupo Campari:\u00a0<\/strong>Podemos compartir con otras empresas y marcas que son propiedad o est\u00e1n controladas por el Grupo Campari, y otras empresas que son propiedad o est\u00e1n bajo la propiedad com\u00fan del Grupo Campari. Estas empresas utilizar\u00e1n su informaci\u00f3n personal de la misma manera que nosotros podemos hacerlo en virtud de esta Declaraci\u00f3n de Confidencialidad.<\/li>\n<li><strong>Socios comerciales:\u00a0<\/strong>Podemos comunicar su informaci\u00f3n personal a nuestros socios comerciales y otras partes interesadas con fines transaccionales y de mercadotecnia, incluida la promoci\u00f3n de sus propios productos o servicios. Por ejemplo, podemos comunicar informaci\u00f3n personal a socios comerciales para ofrecer eventos, concursos, sorteos o programas de recomendaci\u00f3n en los que usted decida participar. En estos casos, el tratamiento de su informaci\u00f3n personal estar\u00e1 sujeto a la declaraci\u00f3n de confidencialidad de los socios comerciales.<\/li>\n<li><strong>Proveedores de an\u00e1lisis de datos:<\/strong>\u00a0Podemos compartir su informaci\u00f3n personal con proveedores de an\u00e1lisis de datos que analizan las estad\u00edsticas y las tendencias relacionadas con el uso y la actividad de nuestros servicios.\u00a0 Estos proveedores de an\u00e1lisis de datos elaboran informes y hacen sugerencias para nuestra estrategia comercial y de clientes bas\u00e1ndose en la informaci\u00f3n personal y otros datos analizados.<\/li>\n<li><strong>Socios de publicidad en l\u00ednea:\u00a0<\/strong>Tambi\u00e9n podemos compartir su informaci\u00f3n personal con redes publicitarias o permitir que estos socios recojan informaci\u00f3n de usted directamente en nuestros sitios web para facilitar la publicidad en l\u00ednea, como los motores de b\u00fasqueda y los proveedores de publicidad en redes sociales para ofrecerle anuncios dirigidos a usted o a grupos de otros usuarios que comparten rasgos similares, como probables intereses comerciales y datos demogr\u00e1ficos, en plataformas de terceros. Para m\u00e1s informaci\u00f3n, incluida la forma de excluirse voluntariamente de la publicidad basada en intereses, consulte nuestro\u00a0<strong>Aviso sobre Cookies<\/strong>.<\/li>\n<li><strong>Operaciones corporativas:\u00a0<\/strong>Podemos transferir cualquier informaci\u00f3n que recojamos en caso de que vendamos o transfiramos la totalidad o una parte de nuestro negocio o activos (incluidas las acciones de la empresa) o cualquier parte o combinaci\u00f3n de nuestros productos, servicios, negocios o activos. En caso de que se produzca una transacci\u00f3n de este tipo (ya sea una desinversi\u00f3n, una fusi\u00f3n, una adquisici\u00f3n, una quiebra, una disoluci\u00f3n, una reestructuraci\u00f3n, una liquidaci\u00f3n o una transacci\u00f3n o un procedimiento similares), realizaremos esfuerzos razonables para garantizar que cualquier informaci\u00f3n transferida sea tratada de forma coherente con esta Declaraci\u00f3n de Confidencialidad.<\/li>\n<li><strong>Obligaciones legales y derechos:\u00a0<\/strong>Podemos comunicar su informaci\u00f3n personal a terceros, como asesores jur\u00eddicos y agentes de la ley:\u00a0<\/li>\n<li><strong>Con su consentimiento:\u00a0<\/strong>Podemos comunicar informaci\u00f3n personal sobre un individuo a otros terceros o p\u00fablicamente con su consentimiento o seg\u00fan sus instrucciones. Por ejemplo, con el consentimiento o las instrucciones de una persona, podemos publicar su testimonio en nuestro sitio web o en publicaciones relacionadas con el servicio.<\/li>\n<\/ul>\n\n\n\n<h3 class=\"wp-block-heading\">1.4 CONTROL DE SU INFORMACI\u00d3N<\/h3>\n\n\n\n<ul class=\"wp-block-list\">\n<li><strong>Comunicaciones por correo electr\u00f3nico.<\/strong>\u00a0Eventualmente, podemos enviarle correos electr\u00f3nicos sobre actualizaciones de nuestros Servicios, productos o servicios, avisos sobre nuestra organizaci\u00f3n o informaci\u00f3n sobre productos\/servicios que ofrecemos (u ofertas promocionales de terceros) que creemos que pueden ser de su inter\u00e9s.\u00a0 Si desea darse de baja de dichos correos electr\u00f3nicos, solo tiene que hacer clic en el \u00abenlace para darse de baja\u00bb que aparece en la parte inferior de la comunicaci\u00f3n por correo electr\u00f3nico.\u00a0 Tenga en cuenta que no puede darse de baja de ciertas comunicaciones por correo electr\u00f3nico relacionadas con los servicios (por ejemplo, verificaci\u00f3n de cuentas, confirmaciones de transacciones, avisos t\u00e9cnicos o legales).<\/li>\n<li><strong>Mensajes de texto SMS.\u00a0<\/strong>Podemos utilizar la informaci\u00f3n personal que recogemos para comunicarnos con las personas a trav\u00e9s de mensajes de texto y llamadas telef\u00f3nicas (si es necesario, por ejemplo, para notificar a las personas que han ganado un concurso), incluido para comercializar ante usted (con su consentimiento, seg\u00fan pueda requerir la ley aplicable) u ofrecerle informaci\u00f3n y actualizaciones sobre productos o servicios que pensamos que pueden ser de su inter\u00e9s. Puede darse de baja de los mensajes de texto de mercadotecnia en cualquier momento respondiendo STOP o haciendo clic en el enlace para darse de baja (cuando est\u00e9 disponible) en uno de nuestros mensajes. Para m\u00e1s informaci\u00f3n, consulte nuestras\u00a0<strong>Condiciones de Servicio<\/strong>.<\/li>\n<li><strong>Modificaci\u00f3n de la informaci\u00f3n de la cuenta.<\/strong>\u00a0Si usted tiene una cuenta en l\u00ednea con nosotros, tiene la posibilidad de modificar cierta informaci\u00f3n en su cuenta (por ejemplo, su informaci\u00f3n de contacto) a trav\u00e9s del \u00abperfil\u00bb, de la \u00abcuenta\u00bb u de opciones similares proporcionadas en los No toda la informaci\u00f3n personal se mantiene en un formato al que usted pueda acceder o modificar. Si desea solicitar el acceso, la correcci\u00f3n o la supresi\u00f3n de la informaci\u00f3n personal, puede enviarnos su solicitud a la direcci\u00f3n de correo electr\u00f3nico indicada a continuaci\u00f3n. Revisaremos su solicitud y es posible que le pidamos informaci\u00f3n adicional para identificarse, pero no prometemos que podamos satisfacer dicha solicitud.<\/li>\n<li><strong>Acceso a la informaci\u00f3n de su dispositivo.<\/strong>\u00a0Puede controlar el acceso a la informaci\u00f3n de su dispositivo a trav\u00e9s de la aplicaci\u00f3n \u00abAjustes\u00bb del mismo.\u00a0 Por ejemplo, puede retirar el permiso para que los Servicios accedan a su geolocalizaci\u00f3n.<\/li>\n<li><strong>C\u00f3mo controlar las notificaciones autom\u00e1ticas.<\/strong>\u00a0Puede dejar de recibir nuestras notificaciones autom\u00e1ticas cambiando sus preferencias en el men\u00fa de configuraci\u00f3n de notificaciones de iOS o Android.<\/li>\n<\/ul>\n\n\n\n<h3 class=\"wp-block-heading\">1.5 MENORES<\/h3>\n\n\n\n<p>Nuestros Servicios no est\u00e1n dirigidos a menores de 16 a\u00f1os, ni tenemos la intenci\u00f3n de recoger o solicitar adrede informaci\u00f3n personal de ellos. Si una persona es menor de 16 a\u00f1os, no debe utilizar nuestros Servicios ni proporcionarnos ninguna informaci\u00f3n personal, ya sea directamente o por otros medios. Si un menor de 16 a\u00f1os nos ha proporcionado informaci\u00f3n personal, animamos a los padres o tutores del a que se pongan en contacto con nosotros para solicitar que suprimamos la informaci\u00f3n personal de nuestros sistemas. Si nos enteramos de que cualquier informaci\u00f3n personal que recogemos ha sido proporcionada por un menor de 16 a\u00f1os, suprimiremos r\u00e1pidamente esa informaci\u00f3n personal.<\/p>\n\n\n\n<h3 class=\"wp-block-heading\">1.6 SITIOS WEB Y SERVICIOS DE TERCEROS<\/h3>\n\n\n\n<p>Los Servicios pueden contener integraciones o enlaces a sitios web o servicios de terceros, incluidos los de nuestros socios comerciales.\u00a0 Al interactuar con estos terceros, usted est\u00e1 proporcionando informaci\u00f3n directamente al tercero y no a Campari.\u00a0 Tenga en cuenta que Campari no es responsable de las pr\u00e1cticas de privacidad de estos terceros o de cualquier entidad que no posea o controle.\u00a0 Le recomendamos que revise las pol\u00edticas de confidencialidad y las condiciones en l\u00ednea de esos terceros para saber m\u00e1s sobre c\u00f3mo gestionan su informaci\u00f3n personal.<\/p>\n\n\n\n<h3 class=\"wp-block-heading\">1.7 CAMBIOS EN LA DECLARACI\u00d3N DE CONFIDENCIALIDAD<\/h3>\n\n\n\n<p>Nos reservamos el derecho de cambiar esta Declaraci\u00f3n de Confidencialidad eventualmente a nuestra entera discreci\u00f3n.\u00a0 Le notificaremos los cambios importantes en la forma en que tratamos los datos personales enviando un aviso a la direcci\u00f3n de correo electr\u00f3nico principal especificada en su cuenta, colocando un aviso destacado en nuestro sitio web o a trav\u00e9s de otros canales de comunicaci\u00f3n adecuados.\u00a0 Es su responsabilidad revisar peri\u00f3dicamente esta Declaraci\u00f3n de Confidencialidad. Todos los cambios entrar\u00e1n en vigor a partir de la fecha de publicaci\u00f3n, salvo que se disponga lo contrario.<\/p>\n\n\n\n<h3 class=\"wp-block-heading\">1.8 CONTACTO<\/h3>\n\n\n\n<p>Si tiene alguna pregunta o solicitud en relaci\u00f3n con esta Declaraci\u00f3n de Confidencialidad u otros asuntos relacionados con la privacidad, env\u00ede un correo electr\u00f3nico a\u00a0<a href=\"mailto:gpdp.office@campari.com\">gpdp.office@campari.com<\/a><\/p>\n\n\n\n<h2 class=\"wp-block-heading\">2. AVISO ADICIONAL PARA RESIDENTES DE CALIFORNIA<\/h2>\n\n\n\n<p>Este Aviso Adicional para Residentes de California (\u00ab<strong>Comunicaciones CA<\/strong>\u00bb) complementa la informaci\u00f3n contenida en nuestra\u00a0<strong>Declaraci\u00f3n de Confidencialidad<\/strong>\u00a0y se aplica \u00fanicamente a los residentes particulares del estado de California (\u00ab<strong>consumidores<\/strong>\u00bb o \u00ab<strong>usted<\/strong>\u00bb).<\/p>\n\n\n\n<p>\u00a0<\/p>\n\n\n\n<p>Estas Comunicaciones CA proporcionan informaci\u00f3n adicional sobre c\u00f3mo recogemos, usamos, comunicamos y tratamos de otro modo la informaci\u00f3n personal de los residentes particulares del estado de California, ya sea en l\u00ednea o fuera de l\u00ednea, dentro del \u00e1mbito de la Ley de Privacidad del Consumidor de California de 2018 (\u00ab<strong>CCPA<\/strong>\u00bb).<\/p>\n\n\n\n<p>\u00a0<\/p>\n\n\n\n<p>A menos que se indique expresamente lo contrario, todos los t\u00e9rminos de estas Comunicaciones CA tienen el mismo significado que se define en nuestra\u00a0<strong>Declaraci\u00f3n de Confidencialidad<\/strong>\u00a0o que se define de otra manera en la CCPA.<\/p>\n\n\n\n<p>\u00a0<\/p>\n\n\n\n<p>Cuando utilizamos el t\u00e9rmino \u00ab<strong>informaci\u00f3n personal<\/strong>\u00bb en este Aviso CA, nos referimos a la informaci\u00f3n que identifica, se relaciona con, describe, es razonablemente susceptible de ser asociada con, o podr\u00eda ser razonablemente vinculada, directa o indirectamente, con un consumidor u hogar en particular.<\/p>\n\n\n\n<h3 class=\"wp-block-heading\">RECOGIDA Y USO DE INFORMACI\u00d3N PERSONAL<\/h3>\n\n\n\n<p>Recogemos informaci\u00f3n personal de usted y sobre usted para una variedad de finalidades, como se describe en los apartados\u00a0<strong>C\u00f3mo recogemos su informaci\u00f3n personal<\/strong>\u00a0y\u00a0<strong>C\u00f3mo utilizamos su informaci\u00f3n personal<\/strong>\u00a0de la\u00a0<strong>Declaraci\u00f3n de Confidencialidad<\/strong>.<\/p>\n\n\n\n<p>\u00a0<\/p>\n\n\n\n<p>En los \u00faltimos 12 meses, hemos recogido las siguientes categor\u00edas de informaci\u00f3n personal:<\/p>\n\n\n\n<p>\u00a0<\/p>\n\n\n\n<ul class=\"wp-block-list\">\n<li><strong>Identificadores<\/strong>, como su nombre y apellidos, direcci\u00f3n de correo electr\u00f3nico, nombre de usuario, direcci\u00f3n postal, fecha de nacimiento o edad, direcci\u00f3n postal u otros identificadores similares;<\/li>\n<li><strong>Informaci\u00f3n comercial<\/strong>, como registros de servicios comprados, obtenidos o considerados;<\/li>\n<li><strong>Informaci\u00f3n de internet\/red<\/strong>, como informaci\u00f3n de dispositivos, registros y datos anal\u00edticos;<\/li>\n<li><strong>Datos de geolocalizaci\u00f3n<\/strong>, como los datos de localizaci\u00f3n aproximados generados a partir de su direcci\u00f3n IP u otra informaci\u00f3n;<\/li>\n<li><strong>Informaci\u00f3n sensorial<\/strong>, como las grabaciones (con su permiso, si procede) de cualquier llamada telef\u00f3nica entre usted y el Grupo Campari;<\/li>\n<li><strong>Deducciones\u00a0<\/strong>sobre sus intereses y preferencias, generadas a partir de su uso de nuestros sitios web; y<\/li>\n<li><strong>Otra informaci\u00f3n personal<\/strong>, incluida la informaci\u00f3n que usted env\u00eda en el formulario de comentarios y cualquier comunicaci\u00f3n entre usted y el Grupo Campari, as\u00ed como la informaci\u00f3n que recibimos de las redes sociales.<\/li>\n<\/ul>\n\n\n\n<p>\u00a0<\/p>\n\n\n\n<p>Recogemos esta informaci\u00f3n de las siguientes fuentes: directamente de usted, de nuestros socios comerciales y afiliados, de su navegador o dispositivo cuando visita nuestra aplicaci\u00f3n o utiliza nuestros Servicios, o de terceros a los que usted permite compartir informaci\u00f3n con nosotros. Consulte el apartado\u00a0<strong>C\u00f3mo recogemos su informaci\u00f3n personal<\/strong>\u00a0de la Declaraci\u00f3n de Confidencialidad para obtener m\u00e1s informaci\u00f3n sobre las fuentes de informaci\u00f3n personal que recogemos.<\/p>\n\n\n\n<h3 class=\"wp-block-heading\">2.1 COMUNICACI\u00d3N DE INFORMACI\u00d3N PERSONAL<\/h3>\n\n\n\n<p>Compartimos informaci\u00f3n personal con terceros con fines comerciales. Las categor\u00edas de terceros a los que comunicamos su informaci\u00f3n personal con fines comerciales incluyen: i) otras marcas y filiales de nuestra familia de empresas; ii) nuestros proveedores de servicios y asesores; iii) proveedores de an\u00e1lisis; iv) socios estrat\u00e9gicos y de mercadotecnia; y v) redes sociales.<\/p>\n\n\n\n<p>\u00a0<\/p>\n\n\n\n<p>En los \u00faltimos 12 meses, hemos comunicado todas las categor\u00edas de informaci\u00f3n personal que recogemos, explicadas en el apartado\u00a0<strong>Recogida y uso de informaci\u00f3n personal<\/strong>\u00a0de estas Comunicaciones CA, a terceros con una finalidad comercial.<\/p>\n\n\n\n<h3 class=\"wp-block-heading\">2.2 SUS DERECHOS DE PRIVACIDAD EN CALIFORNIA<\/h3>\n\n\n\n<p>Como residente de California, puede ejercer los siguientes derechos en relaci\u00f3n con la informaci\u00f3n personal que hemos recogido sobre usted (con sujeci\u00f3n a ciertas limitaciones legales):<\/p>\n\n\n\n<figure class=\"wp-block-table\"><table>\n<tbody>\n<tr>\n<td><p><strong>El derecho de acceso\/conocimiento<\/strong><\/p>\n<p>Usted tiene derecho a solicitar una o todas las informaciones siguientes relativas a su informaci\u00f3n personal que hayamos recogido y comunicado en los \u00faltimos 12 meses, previa verificaci\u00f3n de su identidad:<\/p>\n<p>\u00a0<\/p>\n<p>\u00a0<\/p>\n<p>los fines empresariales o comerciales de la recogida o, en su caso, de la venta de la informaci\u00f3n personal.<\/p><\/td>\n<\/tr>\n<tr>\n<td><p><strong>Derecho a solicitar la supresi\u00f3n<\/strong><\/p>\n<p>Tiene derecho a solicitar la supresi\u00f3n de la informaci\u00f3n personal que hayamos recogido de usted, con ciertas excepciones.<\/p><\/td>\n<\/tr>\n<tr>\n<td><p><strong>El derecho de exclusi\u00f3n de la venta de informaci\u00f3n personal<\/strong><\/p>\n<p>Tiene derecho a indicarnos que no vendamos a terceros la informaci\u00f3n personal que hayamos recogido sobre usted, ahora o en el futuro.<\/p>\n<p>\u00a0<\/p>\n<p>Si es menor de 16 a\u00f1os, tiene derecho a aceptar dichas ventas, o a que uno de sus padres o tutores acepte en su nombre.<\/p><\/td>\n<\/tr>\n<tr>\n<td><p><strong>El derecho a la no discriminaci\u00f3n<\/strong><\/p>\n<p>Tiene derecho a no recibir un trato discriminatorio por ejercer estos derechos.<br>Sin embargo, tenga en cuenta que si el ejercicio de estos derechos limita nuestra capacidad de tratar la informaci\u00f3n personal (como en el caso de una solicitud de supresi\u00f3n), es posible que ya no podamos ofrecerle nuestros productos y servicios o relacionarnos con usted de la misma manera.<\/p><\/td>\n<\/tr>\n<tr>\n<td><p><strong>\u00abShine the Light\u00bb<\/strong><\/p>\n<p>Los residentes de California que tienen una relaci\u00f3n comercial establecida con nosotros tienen derecho a saber c\u00f3mo se comunican sus datos a terceros para sus fines de mercadotecnia directa en virtud de la ley \u00ab<em>Shine the Light<\/em>\u00bb de California (C\u00f3d. civ., \u00a71798.83).<\/p><\/td>\n<\/tr>\n<\/tbody>\n<\/table><\/figure>\n\n\n\n<h3 class=\"wp-block-heading\">2.3 C\u00d3MO EJERCER SUS DERECHOS DE PRIVACIDAD EN CALIFORNIA<\/h3>\n\n\n\n<p><u><em>Para ejercer su derecho de conocimiento o su derecho de supresi\u00f3n<\/em><\/u><\/p>\n\n\n\n<p>Para ejercer su derecho de acceso, su derecho de conocimiento o su derecho de supresi\u00f3n, presente una solicitud:<\/p>\n\n\n\n<p>\u00a0<\/p>\n\n\n\n<ul class=\"wp-block-list\">\n<li>enviando un correo electr\u00f3nico a\u00a0<a href=\"mailto:gpdp.office@campari.com\">office@campari.com<\/a>\u00a0con el asunto \u00abSolicitud de derechos de California\u00bb;<\/li>\n<li>rellenando nuestro\u00a0<strong>formulario de solicitud de derechos de privacidad<\/strong>.<\/li>\n<\/ul>\n\n\n\n<p>\u00a0<\/p>\n\n\n\n<p>Antes de tramitar su solicitud, necesitaremos verificar su identidad y confirmar que es residente del estado de California. Para verificar su identidad, generalmente requeriremos la autentificaci\u00f3n correcta de su cuenta, o el cotejo de la informaci\u00f3n suficiente que nos proporcione con la informaci\u00f3n que mantenemos sobre usted en nuestros sistemas. Este proceso puede requerir que solicitemos informaci\u00f3n personal adicional de usted, incluidos, con car\u00e1cter enunciativo y no limitativo, su direcci\u00f3n de correo electr\u00f3nico, n\u00famero de tel\u00e9fono o la fecha de la \u00faltima transacci\u00f3n en nuestros Servicios.<\/p>\n\n\n\n<p>\u00a0<\/p>\n\n\n\n<p>En determinadas circunstancias, podemos rechazar una solicitud de ejercicio de los derechos descritos anteriormente, especialmente cuando no podamos verificar su identidad o localizar su informaci\u00f3n en nuestros sistemas. Si no podemos atender toda o parte de su solicitud, le explicaremos los motivos por los que no podemos.<\/p>\n\n\n\n<p>\u00a0<\/p>\n\n\n\n<p><u><em>Para ejercer su derecho de exclusi\u00f3n de la venta de informaci\u00f3n personal<\/em><\/u><\/p>\n\n\n\n<p>\u00a0<\/p>\n\n\n\n<p>A menos que usted haya ejercido su derecho de exclusi\u00f3n de la venta de informaci\u00f3n personal, podemos vender informaci\u00f3n personal a terceros a cambio de una contraprestaci\u00f3n monetaria o de otro tipo. Los terceros pueden utilizar dicha informaci\u00f3n para sus propios fines de acuerdo con sus propias declaraciones de confidencialidad, lo que puede incluir la reventa de esta informaci\u00f3n a otros terceros.<\/p>\n\n\n\n<p>No es necesario que cree una cuenta con nosotros para ejercer su derecho de exclusi\u00f3n de la venta de informaci\u00f3n personal. Sin embargo, es posible que le pidamos que nos proporcione informaci\u00f3n personal adicional para poder identificarle correctamente en nuestro conjunto de datos y para hacer un seguimiento del cumplimiento de su solicitud de exclusi\u00f3n. Esta informaci\u00f3n puede incluir, con car\u00e1cter enunciativo y no limitativo, su nombre, correo electr\u00f3nico y c\u00f3digo postal. Solo utilizaremos la informaci\u00f3n personal proporcionada en una solicitud de exclusi\u00f3n para revisar y cumplir con la solicitud. Si decide no proporcionar esta informaci\u00f3n, es posible que solo podamos tramitar su solicitud en la medida en que podamos identificarle en nuestros sistemas de datos.<\/p>\n\n\n\n<p>\u00a0<\/p>\n\n\n\n<ul class=\"wp-block-list\">\n<li><strong>Exclusi\u00f3n de cookies (que no vendan mi informaci\u00f3n personal):\u00a0<\/strong>para ejercer su derecho de exclusi\u00f3n en relaci\u00f3n con el uso de\u00a0<em>cookies\u00a0<\/em>y otras tecnolog\u00edas de seguimiento para an\u00e1lisis y anuncios concretos, introduzca su elecci\u00f3n en el anuncio de\u00a0<em>cookies<\/em><\/li>\n<\/ul>\n\n\n\n<p>\u00a0<\/p>\n\n\n\n<p>Tambi\u00e9n puede excluirse utilizando la herramienta CCPA de la\u00a0<strong>Digital Advertising Alliance (\u00abDAA\u00bb)<\/strong>. La DAA ofrece la herramienta de exclusi\u00f3n CCPA como un lugar centralizado para excluirse de la venta de informaci\u00f3n personal por parte de todas las empresas participantes en la DAA que recogen su informaci\u00f3n personal en m\u00faltiples sitios web y aplicaciones. Para ejercer su derecho de exclusi\u00f3n de la venta de este tipo de informaci\u00f3n personal, visite\u00a0<a href=\"https:\/\/optout.privacyrights.info\/\">https:\/\/optout.privacyrights.info<\/a>. Para realizar solicitudes de exclusi\u00f3n relacionadas con aplicaciones m\u00f3viles en su dispositivo, puede descargar la aplicaci\u00f3n correspondiente en\u00a0<a href=\"https:\/\/www.privacyrights.info\/appchoices\">https:\/\/www.privacyrights.info\/appchoices<\/a>. Para saber m\u00e1s sobre c\u00f3mo los terceros recogen informaci\u00f3n autom\u00e1ticamente en nuestro Sitio Web y las opciones que usted puede tener en relaci\u00f3n con esas actividades, consulte nuestro\u00a0<strong>Aviso sobre Cookies<\/strong>.<\/p>\n\n\n\n<ul class=\"wp-block-list\">\n<li><strong>Exclusi\u00f3n de la venta o del intercambio de informaci\u00f3n personal:\u00a0<\/strong>para ejercer su derecho de exclusi\u00f3n en relaci\u00f3n con la venta o el intercambio de su informaci\u00f3n personal (como su nombre, direcci\u00f3n de correo electr\u00f3nico, direcci\u00f3n postal) con terceros para su comercializaci\u00f3n directa u otros fines comerciales, env\u00ede una solicitud utilizando nuestro\u00a0<u><strong>formulario de solicitud de derechos de privacidad<\/strong><\/u>.<\/li>\n<\/ul>\n\n\n\n<p><u><strong>Agentes autorizados<\/strong><\/u><\/p>\n\n\n\n<p>\u00a0<\/p>\n\n\n\n<p>En determinadas circunstancias, se permite a los residentes de California utilizar un agente autorizado para presentar solicitudes de conocimiento o supresi\u00f3n de informaci\u00f3n personal en su nombre a trav\u00e9s de los m\u00e9todos designados establecidos en estas Comunicaciones CA, en cuyo \u00e1mbito podemos verificar la autoridad del agente autorizado para actuar en su nombre:<\/p>\n\n\n\n<p>\u00a0<\/p>\n\n\n\n<ul class=\"wp-block-list\">\n<li>recibiendo un poder notarial v\u00e1lido seg\u00fan las leyes de California del consumidor o de su agente autorizado; o<\/li>\n<li>recibiendo pruebas suficientes que demuestren que el consumidor ha:\u00a0<\/li>\n<\/ul>\n\n\n\n<p>\u00a0<\/p>\n\n\n\n<p>Para las solicitudes de exclusi\u00f3n de la \u00abventa\u00bb de informaci\u00f3n personal, necesitamos un permiso firmado que demuestre que su agente autorizado ha sido autorizado por usted para actuar en su nombre.<\/p>\n\n\n\n<h2 class=\"wp-block-heading\">3. AVISO ADICIONAL PARA EL ESPACIO ECON\u00d3MICO EUROPEO, EL REINO UNIDO Y SUIZA<\/h2>\n\n\n\n<p>Este Aviso Adicional complementa la informaci\u00f3n contenida en nuestra Declaraci\u00f3n de Confidencialidad y se aplica a las personas f\u00edsicas que residen en el Espacio Econ\u00f3mico Europeo (\u00ab<em><strong>EEE<\/strong><\/em>\u00bb), el Reino Unido (\u00ab<strong>UK<\/strong>\u00bb) y Suiza, incluso temporalmente. Este Aviso Adicional proporciona informaci\u00f3n sobre c\u00f3mo recogemos, utilizamos, comunicamos y tratamos de otro modo los datos personales, ya sea en internet o fuera de internet, en el \u00e1mbito del Reglamento General de Protecci\u00f3n de Datos (UE) 2016\/679 (\u00ab<em><strong>RGPD<\/strong><\/em>\u00bb), el RGPD del Reino Unido y la legislaci\u00f3n de protecci\u00f3n de datos de Suiza. A menos que se indique expresamente lo contrario, todos los t\u00e9rminos de esta nota tienen el mismo significado que se define en nuestra Declaraci\u00f3n de Confidencialidad o que se define de otro modo en las legislaciones mencionadas.<\/p>\n\n\n\n<p>\u00a0<\/p>\n\n\n\n<p>El Grupo Campari mantiene operaciones en Europa y puede dirigir nuestros servicios a personas ubicadas en el\u00a0<em><strong>EEE<\/strong><\/em>,\u00a0<em><strong>Reino Unido<\/strong><\/em>\u00a0y Suiza, incluido a trav\u00e9s de nuestros sitios web europeos (colectivamente, nuestros \u00ab<em><strong>Servicios Europeos<\/strong><\/em>\u00bb).\u00a0 Las siguientes comunicaciones (\u00ab<em><strong>Comunicaciones de Confidencialidad<\/strong><\/em>\u00bb) se aplican a nuestro tratamiento de datos personales en relaci\u00f3n con nuestros Servicios Europeos.<\/p>\n\n\n\n<p>\u00a0<\/p>\n\n\n\n<p>Cuando utilizamos el t\u00e9rmino \u00ab<em><strong>datos personales<\/strong><\/em>\u00bb en este apartado, nos referimos a la informaci\u00f3n relativa a una persona f\u00edsica identificada o identificable.<\/p>\n\n\n\n<p>\u00a0<\/p>\n\n\n\n<p><strong>El delegado de protecci\u00f3n de datos puede ser contactado en:\u00a0<\/strong><a href=\"mailto:gpdp.office@campari.com\"><strong>gpdp.office@campari.com<\/strong><\/a><\/p>\n\n\n\n<h3 class=\"wp-block-heading\">3.1 DATOS PERSONALES QUE RECOGEMOS DE USTED CUANDO UTILIZA LOS SERVICIOS DEL GRUPO CAMPARI EUROPA, Y C\u00d3MO LOS UTILIZAMOS<\/h3>\n\n\n\n<p>Recogemos las categor\u00edas de datos personales que usted nos env\u00eda voluntariamente de forma directa cuando utiliza los Servicios Europeos, tal y como se establece en nuestra Declaraci\u00f3n de Confidencialidad en los apartados titulados\u00a0<strong>C\u00f3mo recogemos su informaci\u00f3n personal<\/strong>\u00a0y\u00a0<strong>C\u00f3mo utilizamos su informaci\u00f3n personal<\/strong>.<\/p>\n\n\n\n<p>\u00a0<\/p>\n\n\n\n<p>Le indicaremos si el suministro de determinada informaci\u00f3n personal es obligatorio o facultativo. Si decide no proporcionar cualquier informaci\u00f3n personal marcada como obligatoria, es posible que no podamos responder a sus consultas o prestarle otros servicios.<\/p>\n\n\n\n<p>\u00a0<\/p>\n\n\n\n<p>En el cuadro del\u00a0<strong>Anexo 1\u00a0<\/strong>se detallan las categor\u00edas de datos personales que recogemos sobre usted y el uso que hacemos de esa informaci\u00f3n cuando utiliza los Servicios Europeos, as\u00ed como la base jur\u00eddica a la que recurrimos para tratar la informaci\u00f3n personal y los destinatarios de esa informaci\u00f3n personal.<\/p>\n\n\n\n<h3 class=\"wp-block-heading\">3.2 INFORMACI\u00d3N QUE RECOGEMOS SOBRE USTED AUTOM\u00c1TICAMENTE<\/h3>\n\n\n\n<p>Tambi\u00e9n recogemos autom\u00e1ticamente informaci\u00f3n personal de forma indirecta sobre c\u00f3mo accede y utiliza los Servicios Europeos, as\u00ed como informaci\u00f3n sobre el dispositivo que utiliza para acceder a los Servicios Europeos. Por ejemplo, podemos recoger:<\/p>\n\n\n\n<p>\u00a0<\/p>\n\n\n\n<ol class=\"wp-block-list\">\n<li>a) informaci\u00f3n sobre las funciones que utiliza y las p\u00e1ginas que visualiza en los Servicios Europeos;<\/li>\n<li>b) informaci\u00f3n sobre su dispositivo (como su direcci\u00f3n IP, el identificador del dispositivo, el tipo de dispositivo, el modelo y el fabricante); e<\/li>\n<li>c) informaci\u00f3n sobre sus patrones de uso (como la frecuencia con la que utiliza los Servicios Europeos del Grupo Campari y su configuraci\u00f3n de idioma).<\/li>\n<\/ol>\n\n\n\n<p>Utilizamos esta informaci\u00f3n para ofrecerle las caracter\u00edsticas y funcionalidades de los Servicios Europeos, para supervisar y mejorar los Servicios Europeos y para desarrollar nuevos servicios.<\/p>\n\n\n\n<p>El cuadro del\u00a0<strong>Anexo 2\u00a0<\/strong>contiene m\u00e1s informaci\u00f3n sobre las categor\u00edas de informaci\u00f3n personal que recogemos sobre usted de forma autom\u00e1tica y el uso que hacemos de esa informaci\u00f3n. El cuadro tambi\u00e9n enumera la base jur\u00eddica a la que recurrimos para tratar la informaci\u00f3n personal y los destinatarios de la misma.<\/p>\n\n\n\n<p>Podemos vincular o combinar la informaci\u00f3n personal que recogemos sobre usted y la informaci\u00f3n que recogemos autom\u00e1ticamente.<\/p>\n\n\n\n<p>Podemos anonimizar y agregar cualquier informaci\u00f3n personal que recojamos (para que no le identifique directamente). Podemos utilizar la informaci\u00f3n anonimizada para fines que incluyen la prueba de nuestros sistemas inform\u00e1ticos, la investigaci\u00f3n, el an\u00e1lisis de datos y la mejora de los Servicios Europeos. Tambi\u00e9n podemos compartir dicha informaci\u00f3n an\u00f3nima y agregada con terceros.<\/p>\n\n\n\n<h3 class=\"wp-block-heading\">3.3 DURANTE CU\u00c1NTO TIEMPO CONSERVAREMOS SU INFORMACI\u00d3N PERSONAL<\/h3>\n\n\n\n<p>En los\u00a0<strong>Anexos 1\u00a0<\/strong>y<strong>\u00a02\u00a0<\/strong>se indica el tiempo de conservaci\u00f3n de su informaci\u00f3n personal. Por lo general, conservaremos la informaci\u00f3n personal que recojamos sobre usted durante un tiempo no superior al necesario para los fines establecidos, de acuerdo con nuestras obligaciones legales e intereses comerciales leg\u00edtimos.<\/p>\n\n\n\n<p>\u00a0<\/p>\n\n\n\n<p>Los criterios utilizados para determinar el plazo durante el cual se conservar\u00e1 la informaci\u00f3n personal sobre usted var\u00edan en funci\u00f3n de la base jur\u00eddica en virtud de la cual tratamos la informaci\u00f3n personal:<\/p>\n\n\n\n<p>\u00a0<\/p>\n\n\n\n<ul class=\"wp-block-list\">\n<li><strong>Intereses leg\u00edtimos.\u00a0<\/strong>Cuando tratamos la informaci\u00f3n personal bas\u00e1ndonos en nuestros intereses leg\u00edtimos, generalmente conservamos dicha informaci\u00f3n durante un per\u00edodo de tiempo razonable en funci\u00f3n del inter\u00e9s particular, teniendo en cuenta los intereses fundamentales y los derechos y libertades de los interesados.<\/li>\n<li>En los casos en que el tratamiento de la informaci\u00f3n personal se base en su consentimiento, generalmente conservaremos la informaci\u00f3n hasta que usted retire su consentimiento o, de lo contrario, durante el per\u00edodo de tiempo necesario para cumplir el acuerdo subyacente con usted o prestarle el servicio aplicable para el que tratamos esa informaci\u00f3n personal.<\/li>\n<li>En los casos en que el tratamiento de la informaci\u00f3n personal se base en un contrato, generalmente conservaremos la informaci\u00f3n a lo largo de la duraci\u00f3n del contrato m\u00e1s un per\u00edodo de tiempo limitado adicional que coincida con la prescripci\u00f3n de las reclamaciones legales que pudieran surgir de la relaci\u00f3n contractual.<\/li>\n<li><strong>Obligaci\u00f3n legal.\u00a0<\/strong>Cuando tratamos informaci\u00f3n personal con arreglo a una obligaci\u00f3n legal, generalmente conservamos la informaci\u00f3n durante el per\u00edodo de tiempo necesario para cumplir con la obligaci\u00f3n legal.<\/li>\n<li>Es posible que tengamos que aplicar una \u00abretenci\u00f3n legal\u00bb que conserve la informaci\u00f3n m\u00e1s all\u00e1 de nuestro plazo de conservaci\u00f3n habitual cuando nos enfrentemos a la amenaza de una reclamaci\u00f3n.\u00a0 En ese caso, conservaremos la informaci\u00f3n hasta que se levante la retenci\u00f3n, lo que suele significar que la reclamaci\u00f3n o la amenaza de reclamaci\u00f3n se han resuelto.<\/li>\n<\/ul>\n\n\n\n<p>\u00a0<\/p>\n\n\n\n<p>En todos los casos, adem\u00e1s de las finalidades y las bases jur\u00eddicas, tenemos en cuenta la cantidad, la naturaleza y la sensibilidad de la informaci\u00f3n personal, as\u00ed como el riesgo potencial de da\u00f1o por el uso o la comunicaci\u00f3n no autorizados de su informaci\u00f3n personal.<\/p>\n\n\n\n<p>\u00a0<\/p>\n\n\n\n<p>Al retirar el consentimiento o al expirar el plazo de conservaci\u00f3n de los datos recogidos para los fines mencionados en los anexos 1 y 2, lo que ocurra primero, los datos se suprimir\u00e1n autom\u00e1ticamente o se anonimizar\u00e1n de forma permanente.<\/p>\n\n\n\n<h3 class=\"wp-block-heading\">3.4 DESTINATARIOS DE LA INFORMACI\u00d3N PERSONAL<\/h3>\n\n\n\n<p>Adem\u00e1s de los destinatarios enumerados en los\u00a0<strong>Anexos 1\u00a0<\/strong>y<strong>\u00a02<\/strong>, tambi\u00e9n podemos compartir su informaci\u00f3n personal con los siguientes (seg\u00fan sea necesario de acuerdo con los usos establecidos en los\u00a0<strong>Anexos 1<\/strong>\u00a0y\u00a0<strong>2<\/strong>)<\/p>\n\n\n\n<p>\u00a0<\/p>\n\n\n\n<ul class=\"wp-block-list\">\n<li><strong>Proveedores de servicios y asesores<\/strong>: podemos compartir su informaci\u00f3n personal con proveedores externos y otros proveedores de servicios que prestan servicios para nosotros o en nuestro nombre, lo que puede incluir la prestaci\u00f3n de servicios profesionales, como servicios legales y de contabilidad, servicios de correo, correo electr\u00f3nico o chat, prevenci\u00f3n del fraude, alojamiento web o prestaci\u00f3n de servicios anal\u00edticos.<\/li>\n<li><strong>Afiliadas<\/strong>. Otras empresas que son propiedad del Grupo Campari o que est\u00e9n bajo titularidad com\u00fan como Grupo Campari, incluidas nuestras filiales (es decir, cualquier organizaci\u00f3n que poseamos o controlemos) y nuestra sociedad de cartera final (es decir, cualquier organizaci\u00f3n que nos posea o controle) y cualquier filial que posea. Estas empresas utilizar\u00e1n su informaci\u00f3n personal de la misma manera que podemos hacerlo nosotros en virtud de estas Comunicaciones de Confidencialidad, y aplicar\u00e1n, cuando sea necesario, un acuerdo de protecci\u00f3n de datos interno de la empresa.<\/li>\n<li><strong>Compradores y terceros en relaci\u00f3n con una transacci\u00f3n comercial<\/strong>: su informaci\u00f3n personal puede ser comunicada a terceros en relaci\u00f3n con una operaci\u00f3n, como una fusi\u00f3n, venta de activos o acciones, reestructuraci\u00f3n, financiaci\u00f3n, cambio de control o adquisici\u00f3n de la totalidad o una parte de nuestro negocio.<\/li>\n<li><strong>Aplicaci\u00f3n de la ley, reguladores y otras partes por razones legales<\/strong>: podemos compartir su informaci\u00f3n personal con terceras partes seg\u00fan lo requiera la ley o si creemos razonablemente que dicha acci\u00f3n es necesaria para i) cumplir con la ley y con las solicitudes razonables de la aplicaci\u00f3n de la ley; ii) detectar e investigar actividades ilegales e incumplimientos de acuerdos, incluidas nuestras Condiciones; o iii) ejercer o proteger los derechos, la propiedad o la seguridad personal del Grupo Campari, sus usuarios o terceros.<\/li>\n<\/ul>\n\n\n\n<h3 class=\"wp-block-heading\">3.5 MERCADOTECNIA Y PUBLICIDAD<\/h3>\n\n\n\n<p>Eventualmente podemos ponernos en contacto con usted para informarle sobre nuestros servicios, incluido para enviarle mensajes de mercadotecnia y pedirle su opini\u00f3n sobre nuestros Servicios. La mayor\u00eda de los mensajes de mercadotecnia que enviamos son por correo electr\u00f3nico. Para algunos mensajes de mercadotecnia, podemos utilizar la informaci\u00f3n personal que recogemos sobre usted para ayudarnos a determinar la informaci\u00f3n de mercadotecnia m\u00e1s relevante para compartir con usted.<\/p>\n\n\n\n<p>\u00a0<\/p>\n\n\n\n<p>Podemos enviarle mensajes de mercadotecnia si nos ha dado su consentimiento para ello o si nos hemos basado en la norma de inclusi\u00f3n voluntaria (si procede).\u00a0\u00a0 Si desea darse de baja de dichos correos electr\u00f3nicos, solo tiene que hacer clic en el \u00abenlace para darse de baja\u00bb que aparece en la parte inferior de la comunicaci\u00f3n por correo electr\u00f3nico.<\/p>\n\n\n\n<h3 class=\"wp-block-heading\">3.6 CONSERVACI\u00d3N Y TRANSFERENCIA DE SU INFORMACI\u00d3N PERSONAL<\/h3>\n\n\n\n<p><strong>Seguridad<\/strong>. Aplicamos las medidas t\u00e9cnicas y organizativas adecuadas para proteger su informaci\u00f3n personal contra la destrucci\u00f3n, p\u00e9rdida, modificaci\u00f3n o da\u00f1o accidentales o il\u00edcitos. Toda la informaci\u00f3n personal que recogemos ser\u00e1 conservada por nuestro proveedor de alojamiento en la nube en servidores seguros. Nunca le enviaremos correos electr\u00f3nicos no solicitados ni nos pondremos en contacto con usted por tel\u00e9fono para pedirle informaci\u00f3n sobre su tarjeta de cr\u00e9dito o d\u00e9bito o su n\u00famero de identificaci\u00f3n nacional.<\/p>\n\n\n\n<p>\u00a0<\/p>\n\n\n\n<p><strong>Transferencias internacionales de su informaci\u00f3n personal<\/strong>. La informaci\u00f3n personal que recogemos puede ser transferida y conservada en pa\u00edses fuera de la jurisdicci\u00f3n en la que usted se encuentra, donde operamos nosotros y nuestros proveedores de servicios externos. Si usted se encuentra en el EEE, el Reino Unido o Suiza, su informaci\u00f3n personal puede ser tratada fuera de esas regiones, incluido en Estados Unidos.<\/p>\n\n\n\n<p>\u00a0<\/p>\n\n\n\n<p>En el caso de dicha transferencia, nos aseguramos de que i) la informaci\u00f3n personal se transfiera a pa\u00edses reconocidos por ofrecer un nivel de protecci\u00f3n equivalente; o ii) la transferencia se realice en virtud de las garant\u00edas adecuadas, como las cl\u00e1usulas contractuales tipo adoptadas por la Comisi\u00f3n Europea (incluidas las garant\u00edas adicionales recomendadas por el Consejo Europeo de Protecci\u00f3n de Datos).<\/p>\n\n\n\n<p>\u00a0<\/p>\n\n\n\n<p>Si desea obtener m\u00e1s informaci\u00f3n sobre estas salvaguardias, p\u00f3ngase en contacto con nosotros a trav\u00e9s de los datos que figuran al final de estas Comunicaciones de Confidencialidad.<\/p>\n\n\n\n<h3 class=\"wp-block-heading\">3.7 ELABORACI\u00d3N DE PERFILES<\/h3>\n\n\n\n<p>Podemos analizar los datos personales que hemos recogido sobre usted para elaborar un perfil de sus intereses y preferencias, de modo que podamos ponernos en contacto con usted con informaci\u00f3n que le resulte relevante. Podemos hacer uso de informaci\u00f3n adicional sobre usted cuando est\u00e9 disponible a partir de fuentes externas para ayudarnos a enviar eficazmente las actualizaciones de los productos. Tambi\u00e9n podemos utilizar sus datos personales para detectar y reducir el fraude y el riesgo de cr\u00e9dito. La introducci\u00f3n de datos personales en nuestro sistema de gesti\u00f3n de relaciones con los clientes (CRM) es opcional y se produce solo si se da el consentimiento para uno de los fines detallados en los Anexos 1 y 2; implica autom\u00e1ticamente que los empleados del Grupo Campari en todo el mundo, a cargo del tratamiento de datos, podr\u00e1n ver los datos, as\u00ed como modificarlos y actualizarlos.<\/p>\n\n\n\n<h3 class=\"wp-block-heading\">3.8 SUS DERECHOS CON RESPECTO A SU INFORMACI\u00d3N PERSONAL<\/h3>\n\n\n\n<p>De acuerdo con la ley de privacidad aplicable, tiene los siguientes derechos con respecto a la informaci\u00f3n personal que tenemos sobre usted:<\/p>\n\n\n\n<p>\u00a0<\/p>\n\n\n\n<ul class=\"wp-block-list\">\n<li><strong>Derecho de acceso<\/strong>. Tiene derecho a obtener:\u00a0<\/li>\n<li><strong>Derecho a la portabilidad<\/strong>. Usted tiene derecho, en determinadas circunstancias, a recibir una copia de la informaci\u00f3n personal que nos ha proporcionado en un formato estructurado, de uso com\u00fan y lectura mec\u00e1nica que permita su reutilizaci\u00f3n, o a solicitar la transferencia de sus datos personales a otra persona.<\/li>\n<li><strong>Derecho de rectificaci\u00f3n<\/strong>. Tiene derecho a obtener la rectificaci\u00f3n de cualquier informaci\u00f3n personal inexacta o incompleta que tengamos sobre usted sin demora indebida.<\/li>\n<li><strong>Derecho de supresi\u00f3n<\/strong>. Usted tiene derecho, en determinadas circunstancias, a exigirnos que suprimamos su informaci\u00f3n personal sin demora indebida si el tratamiento continuado de esa informaci\u00f3n personal no est\u00e1 justificado.<\/li>\n<li><strong>Derecho a la limitaci\u00f3n del tratamiento<\/strong>. Usted tiene derecho, en determinadas circunstancias, a exigirnos que limitemos los fines para los que tratamos su informaci\u00f3n personal si el tratamiento continuado de la informaci\u00f3n personal de esa manera no est\u00e1 justificado, como cuando usted impugna la exactitud de la informaci\u00f3n personal.<\/li>\n<li><strong>Derecho a retirar el consentimiento<\/strong>. En algunas circunstancias necesitamos su consentimiento para tratar su informaci\u00f3n personal. En estos casos, y si usted ha dado su consentimiento, tiene derecho a retirarlo. Si retira su consentimiento, esto no afectar\u00e1 a la licitud del uso que hayamos hecho de su informaci\u00f3n personal antes de su retirada.<\/li>\n<\/ul>\n\n\n\n<p>\u00a0<\/p>\n\n\n\n<p>Tiene derecho a dar instrucciones sobre la conservaci\u00f3n, supresi\u00f3n y comunicaci\u00f3n de su informaci\u00f3n personal despu\u00e9s de su fallecimiento. En ausencia de instrucciones por su parte, es posible que sus herederos soliciten la comunicaci\u00f3n o supresi\u00f3n de su informaci\u00f3n personal.<\/p>\n\n\n\n<p>\u00a0<\/p>\n\n\n\n<p><strong>Tambi\u00e9n tiene derecho a oponerse a cualquier tratamiento basado en nuestros intereses leg\u00edtimos cuando existan motivos relacionados con su situaci\u00f3n particular. Puede haber motivos imperiosos para seguir tratando su informaci\u00f3n personal, y evaluaremos y le informaremos si ese es el caso.\u00a0 Puede oponerse a las actividades de mercadotecnia por cualquier motivo.<\/strong><\/p>\n\n\n\n<p>\u00a0<\/p>\n\n\n\n<p>Tambi\u00e9n tiene derecho a presentar una reclamaci\u00f3n ante la autoridad local de protecci\u00f3n de datos. Si est\u00e1 domiciliado en la Uni\u00f3n Europea,\u00a0<a href=\"http:\/\/ec.europa.eu\/justice\/data-protection\/bodies\/authorities\/index_en.htm\">aqu\u00ed<\/a>\u00a0encontrar\u00e1 informaci\u00f3n sobre c\u00f3mo ponerse en contacto con su autoridad local de protecci\u00f3n de datos. Si est\u00e1 domiciliado en el Reino Unido o Suiza, sus autoridades locales de protecci\u00f3n de datos son la Oficina del Comisionado de Informaci\u00f3n del Reino Unido (<a href=\"https:\/\/ico.org.uk\/global\/contact-us\/\">https:\/\/ico.org.uk\/global\/contact-us\/<\/a>) y el Comisionado Federal de Protecci\u00f3n de Datos e Informaci\u00f3n de Suiza (https:\/\/www.edoeb.admin.ch\/en\/contact-2).<\/p>\n\n\n\n<p>\u00a0<\/p>\n\n\n\n<p>Si desea ejercer alguno de estos derechos, rellene nuestro\u00a0<strong>formulario de solicitud de derechos de privacidad.<\/strong><\/p>\n\n\n\n<p>\u00a0<\/p>\n\n\n\n<p>Debido a la naturaleza confidencial del tratamiento de datos, podemos pedirle que proporcione una prueba de identidad cuando ejerza los derechos mencionados. Para ello, puede presentar una copia escaneada de un documento de identidad v\u00e1lido o una fotocopia firmada de un documento de identidad v\u00e1lido.<\/p>\n\n\n\n<h3 class=\"wp-block-heading\">3.9 COOKIES Y TECNOLOG\u00cdAS SIMILARES UTILIZADAS EN NUESTROS SERVICIOS EUROPEOS<\/h3>\n\n\n\n<p>Nuestros Servicios Europeos utilizan\u00a0<em>cookies\u00a0<\/em>y tecnolog\u00edas similares, como p\u00edxeles y objetos de almacenamiento local (LSO) como HTML5 (en conjunto, \u00ab<em><strong>cookies<\/strong><\/em>\u00bb) para distinguirle de otros usuarios de nuestros servicios. Esto nos ayuda a proporcionarle una buena experiencia cuando navega por nuestros Servicios y tambi\u00e9n nos permite controlar y analizar c\u00f3mo utiliza e interact\u00faa con nuestros Servicios para que podamos seguir mejor\u00e1ndolos. Tambi\u00e9n nos ayuda, a nosotros y a nuestros socios, a determinar los productos y servicios que pueden ser de su inter\u00e9s. Consulte nuestro\u00a0<strong>Aviso sobre Cookies\u00a0<\/strong>para obtener m\u00e1s informaci\u00f3n sobre estas pr\u00e1cticas y sus opciones en relaci\u00f3n con las\u00a0<em>cookies<\/em>.<\/p>\n\n\n\n<h3 class=\"wp-block-heading\">3.10 TECNOLOG\u00cdAS DE SEGUIMIENTO UTILIZADAS EN NUESTROS CORREOS ELECTR\u00d3NICOS<\/h3>\n\n\n\n<p>Nuestros correos electr\u00f3nicos pueden contener p\u00edxeles de seguimiento que identifican si usted ha abierto un correo electr\u00f3nico que le hemos enviado y cu\u00e1ndo lo ha hecho, cu\u00e1ntas veces lo ha le\u00eddo y si ha hecho clic en alg\u00fan enlace de ese correo. Esto nos ayuda a medir la eficacia de nuestras campa\u00f1as de mercadotecnia por correo electr\u00f3nico, a hacer que los correos electr\u00f3nicos que le enviamos sean m\u00e1s relevantes para sus intereses y a entender si ha abierto y le\u00eddo cualquier correo electr\u00f3nico administrativo importante que podamos enviarle.<\/p>\n\n\n\n<p>\u00a0<\/p>\n\n\n\n<p>La mayor\u00eda de los clientes de correo electr\u00f3nico m\u00e1s populares le permitir\u00e1n bloquear estos p\u00edxeles desactivando ciertas im\u00e1genes externas en los correos electr\u00f3nicos. Puede hacerlo a trav\u00e9s de la configuraci\u00f3n de su cliente de correo electr\u00f3nico, que generalmente le da la opci\u00f3n de elegir si los correos electr\u00f3nicos mostrar\u00e1n \u00abim\u00e1genes remotas\u00bb, \u00abcontenido remoto\u00bb o \u00abim\u00e1genes\u00bb por defecto.<\/p>\n\n\n\n<p>\u00a0<\/p>\n\n\n\n<p>Algunos navegadores tambi\u00e9n le dan la opci\u00f3n de descargar e instalar extensiones que bloquean los p\u00edxeles y otras tecnolog\u00edas de seguimiento.<\/p>\n\n\n\n<h3 class=\"wp-block-heading\">3.11 M\u00c9TODO DE TRATAMIENTO<\/h3>\n\n\n\n<p>Los datos personales se tratar\u00e1n con herramientas inform\u00e1ticas o manualmente durante el tiempo necesario para lograr el objetivo para el que se recogieron. En particular, los datos personales recogidos para las finalidades se\u00f1aladas en los<strong>\u00a0Anexos 1<\/strong>\u00a0y\u00a0<strong>2\u00a0<\/strong>ser\u00e1n tratados tambi\u00e9n con el uso de mecanismos automatizados basados en procedimientos y l\u00f3gicas estrictamente relacionados con las finalidades se\u00f1aladas.<\/p>\n\n\n\n<h2 class=\"wp-block-heading\">ANEXO 1. INFORMACI\u00d3N PERSONAL QUE NOS PROPORCIONA<\/h2>\n\n\n\n<figure class=\"wp-block-table\"><table>\n<tbody>\n<tr>\n<td><p><strong>Categor\u00eda de datos<\/strong><\/p>\n<p><strong>Verificaci\u00f3n de la edad legal para consumir alcohol<\/strong>, que incluye su fecha de nacimiento y su pa\u00eds o regi\u00f3n.<\/p><\/td>\n<\/tr>\n<tr>\n<td><p><strong>Finalidad del tratamiento<\/strong><\/p>\n<p>Verificar su edad y su capacidad para utilizar los Servicios Europeos.<\/p><\/td>\n<\/tr>\n<tr>\n<td><p><strong>Base jur\u00eddica del tratamiento<\/strong><\/p>\n<p>El tratamiento es necesario para nuestros intereses leg\u00edtimos, a saber, el suministro de los Servicios Europeos, y para la ejecuci\u00f3n de un contrato con usted, a saber, nuestras Condiciones de Servicio.<\/p><\/td>\n<\/tr>\n<tr>\n<td><p><strong>Conservaci\u00f3n de datos<\/strong><\/p>\n<p>El per\u00edodo de tiempo requerido por la legislaci\u00f3n aplicable.<\/p><\/td>\n<\/tr>\n<tr>\n<td><p><strong>Destinatarios de la informaci\u00f3n personal<\/strong><\/p>\n<p>Podemos compartir cualquier informaci\u00f3n que nos proporcione con terceros que nos apoyan en la definici\u00f3n de campa\u00f1as de mercadotecnia o con proveedores de servicios de alojamiento o mantenimiento de nuestros activos digitales.<\/p><\/td>\n<\/tr>\n<\/tbody>\n<\/table><\/figure>\n\n\n\n<figure class=\"wp-block-table\"><table>\n<tbody>\n<tr>\n<th colspan=\"4\"><p>Categor\u00eda de datos<\/p>\n<p><strong>Informaci\u00f3n de contacto<\/strong>, como el nombre, los apellidos y la direcci\u00f3n de correo electr\u00f3nico.<\/p><\/th>\n<\/tr>\n<tr>\n<td><p><strong>Finalidad del tratamiento<\/strong><\/p>\n<p>Podemos utilizar esta informaci\u00f3n para configurar y autenticar su cuenta en los Servicios Europeos.<\/p><\/td>\n<td><p><strong>Finalidad del tratamiento<\/strong><\/p>\n<p>Podemos utilizar esta informaci\u00f3n para comunicarnos con usted, incluido el env\u00edo de comunicaciones relacionadas con el servicio.<\/p><\/td>\n<td><p><strong>Finalidad del tratamiento<\/strong><\/p>\n<p>Podremos utilizar esta informaci\u00f3n para atender las consultas y reclamaciones realizadas por o sobre usted en relaci\u00f3n con los Servicios Europeos.<\/p><\/td>\n<td><p><strong>Finalidad del tratamiento<\/strong><\/p>\n<p>Podemos utilizar esta informaci\u00f3n en relaci\u00f3n con el suministro de comunicaciones de mercadotecnia de acuerdo con sus preferencias.<\/p><\/td>\n<\/tr>\n<tr>\n<td><p><strong>Base jur\u00eddica del tratamiento<\/strong><\/p>\n<p>El tratamiento es necesario para la ejecuci\u00f3n de un contrato con usted y para adoptar medidas previas a la celebraci\u00f3n de un contrato con usted, es decir, nuestras Condiciones de Servicio.<\/p><\/td>\n<td><p><strong>Base jur\u00eddica del tratamiento<\/strong><\/p>\n<p>El tratamiento es necesario para la ejecuci\u00f3n de un contrato con usted, es decir, nuestras Condiciones de Servicio.<\/p><\/td>\n<td><p><strong>Base jur\u00eddica del tratamiento<\/strong><\/p>\n<p>El tratamiento es necesario para nuestros intereses leg\u00edtimos, a saber, el suministro de los Servicios Europeos, y para comunicarnos con usted de forma eficaz para responder a sus consultas o reclamaciones.<\/p><\/td>\n<td><p><strong>Base jur\u00eddica del tratamiento<\/strong><\/p>\n<p>Solo utilizaremos su informaci\u00f3n personal de esta manera en la medida en que nos haya dado su consentimiento para hacerlo.<\/p><\/td>\n<\/tr>\n<tr>\n<td><p><strong>Conservaci\u00f3n de datos<\/strong><\/p>\n<p>Vigencia de la cuenta y, despu\u00e9s de su eliminaci\u00f3n, durante el per\u00edodo requerido por la legislaci\u00f3n aplicable.<\/p><\/td>\n<td><p><strong>Conservaci\u00f3n de datos<\/strong><\/p>\n<p>Durante el tiempo necesario para tramitar su solicitud o, como m\u00e1ximo, durante un a\u00f1o.<\/p><\/td>\n<td><p><strong>Conservaci\u00f3n de datos<\/strong><\/p>\n<p>El per\u00edodo de tiempo requerido por la legislaci\u00f3n aplicable.<\/p><\/td>\n<td><p><strong>Conservaci\u00f3n de datos<\/strong><\/p>\n<p>Hasta que retire su co<\/p><\/td>\n<\/tr>\n<tr>\n<td colspan=\"4\"><p><strong>Destinatarios de la informaci\u00f3n personal<\/strong><\/p>\n<p>Podemos compartir esta informaci\u00f3n con [por ejemplo, Stripe] con el fin de identificarle para que pueda realizar y recibir pagos a trav\u00e9s de los Servicios Europeos.<\/p><\/td>\n<\/tr>\n<\/tbody>\n<\/table><\/figure>\n\n\n\n<figure class=\"wp-block-table\"><table>\n<tbody>\n<tr>\n<th colspan=\"2\"><p>Categor\u00eda de datos<\/p>\n<p>La informaci\u00f3n de su cuenta y perfil, como su nombre completo, correo electr\u00f3nico y contrase\u00f1a. Cuando usted actualiza la informaci\u00f3n de su perfil, tambi\u00e9n podemos recoger su n\u00famero de tel\u00e9fono, direcci\u00f3n de correo electr\u00f3nico, fecha de nacimiento y sus preferencias.<\/p><\/th>\n<\/tr>\n<tr>\n<td><p><strong>Finalidad del tratamiento<\/strong><\/p>\n<p>Podemos utilizar esta informaci\u00f3n para crear su cuenta en los Servicios Europeos.<\/p><\/td>\n<td><p><strong>Finalidad del tratamiento<\/strong><\/p>\n<p>Utilizamos esta informaci\u00f3n para atender las consultas y reclamaciones realizadas por o sobre usted en relaci\u00f3n con los Servicios Europeos.<\/p><\/td>\n<\/tr>\n<tr>\n<td><p><strong>Base jur\u00eddica del tratamiento<\/strong><\/p>\n<p>El tratamiento es necesario para la ejecuci\u00f3n de un contrato con usted.<\/p><\/td>\n<td><p><strong>Base jur\u00eddica del tratamiento<\/strong><\/p>\n<p>El tratamiento es necesario para nuestros intereses leg\u00edtimos, a saber, para comunicarnos con nuestros miembros de manera eficaz para responder a cualquier consulta o reclamaci\u00f3n.<\/p><\/td>\n<\/tr>\n<tr>\n<td><p><strong>Conservaci\u00f3n de datos<\/strong><\/p>\n<p>Vigencia de la cuenta y, despu\u00e9s de su eliminaci\u00f3n, durante el per\u00edodo requerido por la legislaci\u00f3n aplicable.<\/p><\/td>\n<td><p><strong>Conservaci\u00f3n de datos<\/strong><\/p>\n<p>El per\u00edodo de tiempo requerido por la legislaci\u00f3n aplicable.<\/p><\/td>\n<\/tr>\n<tr>\n<td colspan=\"2\"><p><strong>Destinatarios de la informaci\u00f3n personal<\/strong><\/p>\n<p>Podemos compartir cualquier informaci\u00f3n que nos proporcione con terceros que nos apoyan en la definici\u00f3n de campa\u00f1as de mercadotecnia o con proveedores de servicios de alojamiento o mantenimiento de nuestros activos digitales.<\/p><\/td>\n<\/tr>\n<\/tbody>\n<\/table><\/figure>\n\n\n\n<figure class=\"wp-block-table\"><table>\n<tbody>\n<tr>\n<th colspan=\"2\"><p>Categor\u00eda de datos<\/p>\n<p><strong>Reservas.\u00a0<\/strong>Cuando usted hace una reserva en l\u00ednea con cualquiera de nuestros establecimientos de marca, recogemos la informaci\u00f3n necesaria para hacer su reserva, que puede incluir su nombre, apellidos, n\u00famero de m\u00f3vil, direcci\u00f3n de correo electr\u00f3nico, n\u00famero de asistentes y cualquier informaci\u00f3n que usted proporcione en el apartado de comentarios (por ejemplo, preferencias, peticiones especiales).<\/p><\/th>\n<\/tr>\n<tr>\n<td><p><strong>Finalidad del tratamiento<\/strong><\/p>\n<p>Podemos utilizar esta informaci\u00f3n para procesar sus pedidos a trav\u00e9s de los Servicios Europeos.<\/p><\/td>\n<td><p><strong>Finalidad del tratamiento<\/strong><\/p>\n<p>Podemos utilizar esta informaci\u00f3n para mejorar los Servicios Europeos.<\/p><\/td>\n<\/tr>\n<tr>\n<td><p><strong>Base jur\u00eddica del tratamiento<\/strong><\/p>\n<p>El tratamiento es necesario para la ejecuci\u00f3n de un contrato.<\/p><\/td>\n<td><p><strong>Base jur\u00eddica del tratamiento<\/strong><\/p>\n<p>El tratamiento es necesario para nuestros intereses leg\u00edtimos (desarrollar y mejorar nuestro servicio).<\/p><\/td>\n<\/tr>\n<tr>\n<td><p><strong>Conservaci\u00f3n de datos<\/strong><\/p>\n<p>Durante el tiempo necesario para cumplir con la legislaci\u00f3n aplicable.<\/p><\/td>\n<td><p><strong>Conservaci\u00f3n de datos<\/strong><\/p>\n<p>Como m\u00e1ximo durante un a\u00f1o.<\/p><\/td>\n<\/tr>\n<tr>\n<td colspan=\"2\"><p><strong>Destinatarios de la informaci\u00f3n personal<\/strong><\/p>\n<p>Podemos compartir esta informaci\u00f3n con terceros que nos apoyan en la definici\u00f3n de campa\u00f1as de mercadotecnia o con proveedores de servicios de alojamiento o mantenimiento de nuestros activos digitales.<\/p><\/td>\n<\/tr>\n<\/tbody>\n<\/table><\/figure>\n\n\n\n<figure class=\"wp-block-table\"><table>\n<tbody>\n<tr>\n<th colspan=\"2\"><p>Categor\u00eda de datos<\/p>\n<p><strong>Informaci\u00f3n sobre transacciones de pago.\u00a0<\/strong>Cuando se suscribe a nuestros servicios, podemos recoger informaci\u00f3n como su direcci\u00f3n de facturaci\u00f3n y otros datos como la fecha y la hora de su transacci\u00f3n.<\/p><\/th>\n<\/tr>\n<tr>\n<td><p><strong>Finalidad del tratamiento<\/strong><\/p>\n<p>Podemos utilizar esta informaci\u00f3n para procesar sus pedidos a trav\u00e9s de los Servicios Europeos.<\/p><\/td>\n<td><p><strong>Finalidad del tratamiento<\/strong><\/p>\n<p>Podemos utilizar esta informaci\u00f3n para verificar su identidad en relaci\u00f3n con la detecci\u00f3n y prevenci\u00f3n de fraudes o delitos financieros.<\/p><\/td>\n<\/tr>\n<tr>\n<td><p><strong>Base jur\u00eddica del tratamiento<\/strong><\/p>\n<p>El tratamiento es necesario para la ejecuci\u00f3n de un contrato.<\/p><\/td>\n<td><p><strong>Base jur\u00eddica del tratamiento<\/strong><\/p>\n<p>El tratamiento es necesario para nuestros intereses leg\u00edtimos y los de terceros, a saber, la detecci\u00f3n y prevenci\u00f3n de fraudes y delitos financieros.<\/p><\/td>\n<\/tr>\n<tr>\n<td><p><strong>Conservaci\u00f3n de datos<\/strong><\/p>\n<p>Durante el tiempo necesario para cumplir con la legislaci\u00f3n financiera aplicable.<\/p><\/td>\n<td><p><strong>Conservaci\u00f3n de datos<\/strong><\/p>\n<p>Como m\u00e1ximo durante un a\u00f1o.<\/p><\/td>\n<\/tr>\n<tr>\n<td colspan=\"2\"><p><strong>Destinatarios de la informaci\u00f3n personal<\/strong><\/p>\n<p>Podemos compartir cualquier informaci\u00f3n que nos proporcione con terceros que nos presten servicios de pago.<\/p><\/td>\n<\/tr>\n<\/tbody>\n<\/table><\/figure>\n\n\n\n<figure class=\"wp-block-table\"><table>\n<tbody>\n<tr>\n<th colspan=\"3\"><p>Categor\u00eda de datos<\/p>\n<p><strong>Bolet\u00edn de noticias y correos electr\u00f3nicos de mercadotecnia.<\/strong>\u00a0 Si se inscribe para recibir nuestras noticias o alertas, o se inscribe en nuestra lista de espera, podemos recoger su correo electr\u00f3nico y sus intereses y preferencias de comunicaci\u00f3n.<\/p><\/th>\n<\/tr>\n<tr>\n<td><p><strong>Finalidad del tratamiento<\/strong><\/p>\n<p>Podemos utilizar esta informaci\u00f3n para presentarle comunicaciones promocionales y comerciales relacionadas con los servicios\/productos ofrecidos por el Responsable del tratamiento.<\/p><\/td>\n<td><p><strong>Finalidad del tratamiento<\/strong><\/p>\n<p>Podemos utilizar esta informaci\u00f3n para localizar caracter\u00edsticas de los Servicios Europeos.<\/p><\/td>\n<td><p><strong>Finalidad del tratamiento<\/strong><\/p>\n<p>Podemos utilizar esta informaci\u00f3n para determinar el contenido que puede ser de su inter\u00e9s.<\/p><\/td>\n<\/tr>\n<tr>\n<td><p><strong>Base jur\u00eddica del tratamiento<\/strong><\/p>\n<p>Solo utilizaremos su informaci\u00f3n personal de esta manera en la medida en que nos haya dado su consentimiento para hacerlo.<\/p><\/td>\n<td><p><strong>Base jur\u00eddica del tratamiento<\/strong><\/p>\n<p>El tratamiento es necesario para nuestro inter\u00e9s leg\u00edtimo, es decir, la localizaci\u00f3n de las caracter\u00edsticas de los Servicios Europeos y la adaptaci\u00f3n de los Servicios Europeos para que sean m\u00e1s relevantes para nuestros usuarios.<\/p><\/td>\n<td><p><strong>Base jur\u00eddica del tratamiento<\/strong><\/p>\n<p>El tratamiento es necesario para nuestros intereses leg\u00edtimos, es decir, adaptar los Servicios Europeos para que sean m\u00e1s pertinentes para usted.<\/p><\/td>\n<\/tr>\n<tr>\n<td><p><strong>Conservaci\u00f3n de datos<\/strong><\/p>\n<p>Hasta que retire su consentimiento, sin perjuicio de los plazos m\u00e1s breves que puedan exigirse en su jurisdicci\u00f3n particular.<\/p><\/td>\n<td><p><strong>Conservaci\u00f3n de datos<\/strong><\/p>\n<p>El plazo de conservaci\u00f3n depende de la cookie instalada (v\u00e9ase la pol\u00edtica de cookies del sitio web\/la aplicaci\u00f3n).<\/p><\/td>\n<td><p><strong>Conservaci\u00f3n de datos<\/strong><\/p>\n<p>El plazo de conservaci\u00f3n depende de la cookie instalada (v\u00e9ase la pol\u00edtica de cookies del sitio web\/la aplicaci\u00f3n).<\/p><\/td>\n<\/tr>\n<tr>\n<td colspan=\"3\"><p><strong>Destinatarios de la informaci\u00f3n personal<\/strong><\/p>\n<p>Podemos compartir esta informaci\u00f3n con terceros que nos apoyan en la definici\u00f3n de campa\u00f1as de mercadotecnia o con proveedores de servicios de alojamiento o mantenimiento de nuestros activos digitales.<\/p><\/td>\n<\/tr>\n<\/tbody>\n<\/table><\/figure>\n\n\n\n<figure class=\"wp-block-table\"><table>\n<tbody>\n<tr>\n<th colspan=\"2\"><p>Categor\u00eda de datos<\/p>\n<p><strong>Chat, comentarios y opiniones.\u00a0<\/strong>Cuando se ponga en contacto con nosotros directamente, por ejemplo, por correo electr\u00f3nico o por tel\u00e9fono, registraremos sus comentarios y opiniones.<\/p><\/th>\n<\/tr>\n<tr>\n<td><p><strong>Finalidad del tratamiento<\/strong><\/p>\n<p>Podemos utilizar esta informaci\u00f3n para responder a sus preguntas, problemas e inquietudes.<\/p><\/td>\n<td><p><strong>Finalidad del tratamiento<\/strong><\/p>\n<p>Podemos utilizar esta informaci\u00f3n para mejorar los Servicios Europeos.<\/p><\/td>\n<\/tr>\n<tr>\n<td><p><strong>Base jur\u00eddica del tratamiento<\/strong><\/p>\n<p>El tratamiento es necesario para nuestros intereses leg\u00edtimos, a saber, comunicarnos con usted y responder a las consultas, quejas e inquietudes.<\/p><\/td>\n<td><p><strong>Base jur\u00eddica del tratamiento<\/strong><\/p>\n<p>El tratamiento es necesario para nuestros intereses leg\u00edtimos (desarrollar y mejorar nuestro servicio).<\/p><\/td>\n<\/tr>\n<tr>\n<td><p><strong>Conservaci\u00f3n de datos<\/strong><\/p>\n<p>Como m\u00e1ximo durante un a\u00f1o.<\/p><\/td>\n<td><p><strong>Conservaci\u00f3n de datos<\/strong><\/p>\n<p>Como m\u00e1ximo durante un a\u00f1o.<\/p><\/td>\n<\/tr>\n<tr>\n<td colspan=\"2\"><p><strong>Destinatarios de la informaci\u00f3n personal<\/strong><\/p>\n<p>Podemos compartir cualquier informaci\u00f3n, que nos proporcione cuando contacte con nosotros, con terceros que nos apoyan en la definici\u00f3n de campa\u00f1as de mercadotecnia o con proveedores de servicios de alojamiento o mantenimiento de nuestros activos digitales.<\/p><\/td>\n<\/tr>\n<\/tbody>\n<\/table><\/figure>\n\n\n\n<figure class=\"wp-block-table\"><table>\n<tbody>\n<tr>\n<td><p><strong>Categor\u00eda de datos<\/strong><\/p>\n<p><strong>Informaci\u00f3n recibida de terceros, como las redes sociales.\u00a0<\/strong>Si usted interact\u00faa con nosotros a trav\u00e9s de una red social, podremos recibir informaci\u00f3n de la red social como su nombre, informaci\u00f3n de perfil y cualquier otra informaci\u00f3n que usted permita a la red social compartir con terceros. Los datos que recibimos dependen de su configuraci\u00f3n de privacidad en la red social.<\/p><\/td>\n<\/tr>\n<tr>\n<td><p><strong>Finalidad del tratamiento<\/strong><\/p>\n<p>Podemos utilizar esta informaci\u00f3n para compartir contenidos creados a trav\u00e9s del uso de los Servicios Europeos.<\/p><\/td>\n<\/tr>\n<tr>\n<td><p><strong>Base jur\u00eddica del tratamiento<\/strong><\/p>\n<p>El tratamiento es necesario para nuestros intereses leg\u00edtimos (desarrollar nuestro servicio y dotar de contenido nuestra estrategia de mercadotecnia).<\/p><\/td>\n<\/tr>\n<tr>\n<td><p><strong>Conservaci\u00f3n de datos<\/strong><\/p>\n<p>Como m\u00e1ximo durante un a\u00f1o.<\/p><\/td>\n<\/tr>\n<tr>\n<td><p><strong>Destinatarios de la informaci\u00f3n personal<\/strong><\/p>\n<p>Podemos compartir cualquier informaci\u00f3n, que nos proporcione cuando contacte con nosotros, con terceros que nos apoyan en la definici\u00f3n de campa\u00f1as de mercadotecnia o con proveedores de servicios de alojamiento o mantenimiento de nuestros activos digitales.<\/p><\/td>\n<\/tr>\n<\/tbody>\n<\/table><\/figure>\n\n\n\n<figure class=\"wp-block-table\"><table>\n<tbody>\n<tr>\n<th colspan=\"2\"><p>Categor\u00eda de datos<\/p>\n<p><strong>Sus preferencias<\/strong>, como las establecidas para las notificaciones, las comunicaciones de mercadotecnia, la forma en que se muestran los Servicios Europeos y las funcionalidades activas en los Servicios Europeos.<\/p><\/th>\n<\/tr>\n<tr>\n<td><p><strong>Finalidad del tratamiento<\/strong><\/p>\n<p>Utilizamos esta informaci\u00f3n para proporcionar notificaciones, enviar noticias, alertas y comunicaciones de mercadotecnia y proporcionar los Servicios Europeos de acuerdo con sus elecciones.<\/p><\/td>\n<td><p><strong>Finalidad del tratamiento<\/strong><\/p>\n<p>Utilizamos esta informaci\u00f3n para asegurarnos de que cumplimos con nuestra obligaci\u00f3n legal de enviar \u00fanicamente las comunicaciones de mercadotecnia para las que usted ha dado su consentimiento.<\/p><\/td>\n<\/tr>\n<tr>\n<td><p><strong>Base jur\u00eddica del tratamiento<\/strong><\/p>\n<p>El tratamiento es necesario para nuestro inter\u00e9s leg\u00edtimo, a saber, garantizar que el usuario reciba las comunicaciones de mercadotecnia y de otro tipo correctas, y que estas se muestren de acuerdo con las preferencias del usuario.<\/p><\/td>\n<td><p><strong>Base jur\u00eddica del tratamiento<\/strong><\/p>\n<p>El tratamiento es necesario para el cumplimiento de una obligaci\u00f3n legal a la que estamos sujetos.<\/p><\/td>\n<\/tr>\n<tr>\n<td><p><strong>Conservaci\u00f3n de datos<\/strong><\/p>\n<p>Como m\u00e1ximo durante un a\u00f1o.<\/p><\/td>\n<td><p><strong>Conservaci\u00f3n de datos<\/strong><\/p>\n<p>Como m\u00e1ximo durante un a\u00f1o.<\/p><\/td>\n<\/tr>\n<tr>\n<td colspan=\"2\"><p><strong>Destinatarios de la informaci\u00f3n personal<\/strong><\/p>\n<p>Tambi\u00e9n podemos compartir su informaci\u00f3n personal con terceros que nos apoyan en la definici\u00f3n de campa\u00f1as de mercadotecnia o con proveedores de servicios de alojamiento o mantenimiento de nuestros activos digitales.<\/p><\/td>\n<\/tr>\n<\/tbody>\n<\/table><\/figure>\n\n\n\n<h2 class=\"wp-block-heading\">ANEXO 2. INFORMACI\u00d3N PERSONAL RECOGIDA AUTOM\u00c1TICAMENTE<\/h2>\n\n\n\n<figure class=\"wp-block-table\"><table>\n<tbody>\n<tr>\n<th colspan=\"2\"><p>Categor\u00eda de datos<\/p>\n<p><strong>Informaci\u00f3n sobre la ubicaci\u00f3n aproximada.<\/strong>\u00a0Adem\u00e1s de la informaci\u00f3n que usted decida proporcionarnos, no recogemos informaci\u00f3n sobre su ubicaci\u00f3n exacta. Sin embargo, la direcci\u00f3n IP de su dispositivo puede ayudarnos a determinar una ubicaci\u00f3n aproximada.<\/p><\/th>\n<\/tr>\n<tr>\n<td><p><strong>Finalidad del tratamiento<\/strong><\/p>\n<p>Podemos utilizar la informaci\u00f3n que nos proporciona sobre su ubicaci\u00f3n para controlar y detectar fraudes o actividades sospechosas en relaci\u00f3n con su cuenta.<\/p><\/td>\n<td><p><strong>Finalidad del tratamiento<\/strong><\/p>\n<p>Podemos utilizar esta informaci\u00f3n para adaptar la forma en que se le muestran los Servicios Europeos (como el idioma en el que se le proporcionan).<\/p><\/td>\n<\/tr>\n<tr>\n<td><p><strong>Base jur\u00eddica del tratamiento<\/strong><\/p>\n<p>El tratamiento es necesario para nuestros intereses leg\u00edtimos, concretamente para proteger nuestro negocio y su cuenta contra el fraude y otras actividades ilegales.<\/p><\/td>\n<td><p><strong>Base jur\u00eddica del tratamiento<\/strong><\/p>\n<p>El tratamiento es necesario para nuestro inter\u00e9s leg\u00edtimo, a saber, adaptar nuestro servicio para que sea m\u00e1s pertinente para nuestros usuarios.<\/p><\/td>\n<\/tr>\n<tr>\n<td><p><strong>Conservaci\u00f3n de datos<\/strong><\/p>\n<p>Como m\u00e1ximo durante un a\u00f1o.<\/p><\/td>\n<td><p><strong>Conservaci\u00f3n de datos<\/strong><\/p>\n<p>Como m\u00e1ximo durante un a\u00f1o.<\/p><\/td>\n<\/tr>\n<tr>\n<td colspan=\"2\"><p><strong>Destinatarios de los datos personales<\/strong><\/p>\n<p>Podemos compartir esta informaci\u00f3n con los terceros siguientes que nos apoyan en la definici\u00f3n de campa\u00f1as de mercadotecnia o con proveedores de servicios de alojamiento o mantenimiento de nuestros activos digitales, como, por ejemplo:<\/p>\n<p>\u00a0<\/p><\/td>\n<\/tr>\n<\/tbody>\n<\/table><\/figure>\n\n\n\n<figure class=\"wp-block-table\"><table>\n<tbody>\n<tr>\n<th colspan=\"3\"><p>Categor\u00eda de datos<\/p>\n<p><strong>Informaci\u00f3n sobre c\u00f3mo accede y utiliza los Servicios Europeos.\u00a0<\/strong>Por ejemplo, la frecuencia con la que accede a los Servicios Europeos, la hora a la que accede a los Servicios Europeos y el tiempo que los utiliza, la ubicaci\u00f3n aproximada desde la que accede a los Servicios Europeos, el sitio del que procede y el sitio al que se dirige cuando abandona nuestro sitio web, las p\u00e1ginas del sitio web que visita, los enlaces en los que hace clic, si abre correos electr\u00f3nicos o hace clic en los enlaces contenidos en los correos electr\u00f3nicos, si accede a los Servicios Europeos desde varios dispositivos y otras acciones que realiza en los Servicios Europeos.<\/p><\/th>\n<\/tr>\n<tr>\n<td><p><strong>Finalidad del tratamiento<\/strong><\/p>\n<p>Podemos utilizar informaci\u00f3n sobre c\u00f3mo utiliza y se conecta a los Servicios Europeos para present\u00e1rselos en su dispositivo.<\/p><\/td>\n<td><p><strong>Finalidad del tratamiento<\/strong><\/p>\n<p>Podemos utilizar esta informaci\u00f3n para determinar los productos y servicios que pueden ser de su inter\u00e9s con fines de mercadotecnia.<\/p><\/td>\n<td><p><strong>Finalidad del tratamiento<\/strong><\/p>\n<p>Podemos utilizar esta informaci\u00f3n para supervisar y mejorar los Servicios Europeos y el negocio, resolver problemas e informar sobre el desarrollo de nuevos productos y servicios.<\/p><\/td>\n<\/tr>\n<tr>\n<td><p><strong>Base jur\u00eddica del tratamiento<\/strong><\/p>\n<p>El tratamiento es necesario para nuestros intereses leg\u00edtimos, es decir, adaptar los Servicios Europeos al usuario.<\/p><\/td>\n<td><p><strong>Base jur\u00eddica del tratamiento<\/strong><\/p>\n<p>El tratamiento es necesario para nuestros intereses leg\u00edtimos, es decir, para dotar de contenido nuestra mercadotecnia directa.<\/p><\/td>\n<td><p><strong>Base jur\u00eddica del tratamiento<\/strong><\/p>\n<p>El tratamiento es necesario para nuestros intereses leg\u00edtimos, a saber, supervisar y resolver problemas con los Servicios Europeos y mejorar los Servicios Europeos en general.<\/p><\/td>\n<\/tr>\n<tr>\n<td><p><strong>Conservaci\u00f3n de datos<\/strong><\/p>\n<p>El plazo de conservaci\u00f3n depende de la cookie instalada (v\u00e9ase la pol\u00edtica de cookies del sitio web\/la aplicaci\u00f3n).<\/p><\/td>\n<td><p><strong>Conservaci\u00f3n de datos<\/strong><\/p>\n<p>El plazo de conservaci\u00f3n depende de la cookie instalada (v\u00e9ase la pol\u00edtica de cookies del sitio web\/la aplicaci\u00f3n).<\/p><\/td>\n<td><p><strong>Conservaci\u00f3n de datos<\/strong><\/p>\n<p>El plazo de conservaci\u00f3n depende de la cookie instalada (v\u00e9ase la pol\u00edtica de cookies del sitio web\/la aplicaci\u00f3n).<\/p><\/td>\n<\/tr>\n<tr>\n<td colspan=\"3\"><p><strong>Destinatarios de los datos personales<\/strong><\/p>\n<p>Podemos compartir esta informaci\u00f3n con los terceros siguientes que nos apoyan en la definici\u00f3n de campa\u00f1as de mercadotecnia o con proveedores de servicios de alojamiento o mantenimiento de nuestros activos digitales, como, por ejemplo:<\/p>\n<p>\u00a0<\/p><\/td>\n<\/tr>\n<\/tbody>\n<\/table><\/figure>\n\n\n\n<figure class=\"wp-block-table\"><table>\n<tbody>\n<tr>\n<th colspan=\"2\"><p>Categor\u00eda de datos<\/p>\n<p><strong>Archivos de registro e informaci\u00f3n sobre su dispositivo.\u00a0<\/strong>Tambi\u00e9n recogemos informaci\u00f3n sobre la tableta, el\u00a0<em>smartphone<\/em>\u00a0u otro dispositivo electr\u00f3nico que utiliza para conectarse a los Servicios Europeos. Esta informaci\u00f3n puede incluir detalles sobre el tipo de dispositivo, n\u00fameros \u00fanicos de identificaci\u00f3n del dispositivo, sistemas operativos, navegadores y aplicaciones conectadas a los Servicios Europeos a trav\u00e9s del dispositivo, su red m\u00f3vil, su direcci\u00f3n IP y el n\u00famero de tel\u00e9fono de su dispositivo (si lo tiene).<\/p><\/th>\n<\/tr>\n<tr>\n<td><p><strong>Finalidad del tratamiento<\/strong><\/p>\n<p>Podemos utilizar informaci\u00f3n sobre c\u00f3mo utiliza y se conecta a los Servicios Europeos para present\u00e1rselos en su dispositivo.<\/p><\/td>\n<td><p><strong>Finalidad del tratamiento<\/strong><\/p>\n<p>Podemos utilizar esta informaci\u00f3n para supervisar y mejorar los Servicios Europeos y el negocio, resolver problemas e informar sobre el desarrollo de nuevos productos y servicios.<\/p><\/td>\n<\/tr>\n<tr>\n<td><p><strong>Base jur\u00eddica del tratamiento<\/strong><\/p>\n<p>El tratamiento es necesario para nuestros intereses leg\u00edtimos, es decir, adaptar los Servicios Europeos al usuario.<\/p><\/td>\n<td><p><strong>Base jur\u00eddica del tratamiento<\/strong><\/p>\n<p>El tratamiento es necesario para nuestros intereses leg\u00edtimos, a saber, supervisar y resolver problemas con los Servicios Europeos y mejorar los Servicios Europeos en general.<\/p><\/td>\n<\/tr>\n<tr>\n<td><p><strong>Conservaci\u00f3n de datos<\/strong><\/p>\n<p>Como m\u00e1ximo durante un a\u00f1o.<\/p><\/td>\n<td><p><strong>Conservaci\u00f3n de datos<\/strong><\/p>\n<p>Como m\u00e1ximo durante un a\u00f1o.<\/p><\/td>\n<\/tr>\n<tr>\n<td colspan=\"2\"><p><strong>Destinatarios de los datos personales<\/strong><\/p>\n<p>Podemos compartir esta informaci\u00f3n con los terceros siguientes que nos apoyan en la definici\u00f3n de campa\u00f1as de mercadotecnia o con proveedores de servicios de alojamiento o mantenimiento de nuestros activos digitales, como, por ejemplo:<\/p>\n<p>\u00a0<\/p><\/td>\n<\/tr>\n<\/tbody>\n<\/table><\/figure>\n\n\n\n<p>Last modified: \u00daltima modificaci\u00f3n: Diciembre de 2021<\/p>\n\n<\/div><\/div>\n","protected":false},"excerpt":{"rendered":"<p>DECLARACI\u00d3N DE CONFIDENCIALIDAD \u00a1Gracias por su inter\u00e9s en Campari! Esta Declaraci\u00f3n de Confidencialidad explica c\u00f3mo la informaci\u00f3n sobre usted, que lo identifica directamente, o que lo hace identificable (\u00abinformaci\u00f3n personal\u00bb) es recogida, utilizada, comunicada y tratada de otra manera por Campari en relaci\u00f3n con nuestros Servicios. Cuando utilizamos los t\u00e9rminos \u00abCampari\u00bb, \u00abGrupo Campari\u00bb, \u00abnosotros\u00bb, \u00abnos\u00bb [&hellip;]<\/p>\n","protected":false},"author":2,"featured_media":0,"parent":0,"menu_order":0,"comment_status":"closed","ping_status":"closed","template":"templates\/tpl-blocks.php","meta":{"_acf_changed":false,"footnotes":""},"class_list":["post-3381","page","type-page","status-publish","hentry"],"acf":[],"yoast_head":"<!-- This site is optimized with the Yoast SEO plugin v27.9 - https:\/\/yoast.com\/product\/yoast-seo-wordpress\/ -->\n<title>Pol\u00edtica de privacidad | Aperol<\/title>\n<meta name=\"description\" content=\"Inf\u00f3rmate sobre los aspectos de la pol\u00edtica de privacidad en nuestra p\u00e1gina web Aperol.com Espa\u00f1a.\" \/>\n<meta name=\"robots\" content=\"noindex, follow, max-snippet:-1, max-image-preview:large, max-video-preview:-1\" \/>\n<meta property=\"og:type\" content=\"article\" \/>\n<meta property=\"og:title\" content=\"Pol\u00edtica de privacidad | Aperol\" \/>\n<meta property=\"og:description\" content=\"Inf\u00f3rmate sobre los aspectos de la pol\u00edtica de privacidad en nuestra p\u00e1gina web Aperol.com Espa\u00f1a.\" \/>\n<meta property=\"og:url\" content=\"https:\/\/www.aperol.com\/es-es\/politica-privacidad\/\" \/>\n<meta property=\"og:site_name\" content=\"Aperol\" \/>\n<meta property=\"article:modified_time\" content=\"2026-09-05T05:15:29+00:00\" \/>\n<meta name=\"twitter:card\" content=\"summary_large_image\" \/>\n<meta name=\"twitter:label1\" content=\"Est. reading time\" \/>\n\t<meta name=\"twitter:data1\" content=\"62 minutes\" \/>\n<!-- \/ Yoast SEO plugin. -->","yoast_head_json":{"title":"Pol\u00edtica de privacidad | Aperol","description":"Inf\u00f3rmate sobre los aspectos de la pol\u00edtica de privacidad en nuestra p\u00e1gina web Aperol.com Espa\u00f1a.","robots":{"index":"noindex","follow":"follow","max-snippet":"max-snippet:-1","max-image-preview":"max-image-preview:large","max-video-preview":"max-video-preview:-1"},"og_type":"article","og_title":"Pol\u00edtica de privacidad | Aperol","og_description":"Inf\u00f3rmate sobre los aspectos de la pol\u00edtica de privacidad en nuestra p\u00e1gina web Aperol.com Espa\u00f1a.","og_url":"https:\/\/test.aperol.com\/stg\/es-es\/politica-privacidad\/","og_site_name":"Aperol","article_modified_time":"2026-09-05T05:15:29+00:00","twitter_card":"summary_large_image","twitter_misc":{"Est. reading time":"62 minutes"},"schema":{"@context":"https:\/\/schema.org","@graph":[{"@type":"WebPage","@id":"https:\/\/test.aperol.com\/stg\/es-es\/politica-privacidad\/","url":"https:\/\/test.aperol.com\/stg\/es-es\/politica-privacidad\/","name":"Pol\u00edtica de privacidad | Aperol","isPartOf":{"@id":"https:\/\/test.aperol.com\/stg\/es-es\/#website"},"datePublished":"2023-04-04T10:47:17+00:00","dateModified":"2026-09-05T05:15:29+00:00","description":"Inf\u00f3rmate sobre los aspectos de la pol\u00edtica de privacidad en nuestra p\u00e1gina web Aperol.com Espa\u00f1a.","breadcrumb":{"@id":"https:\/\/test.aperol.com\/stg\/es-es\/politica-privacidad\/#breadcrumb"},"inLanguage":"es-ES","potentialAction":[{"@type":"ReadAction","target":["https:\/\/test.aperol.com\/stg\/es-es\/politica-privacidad\/"]}]},{"@type":"BreadcrumbList","@id":"https:\/\/test.aperol.com\/stg\/es-es\/politica-privacidad\/#breadcrumb","itemListElement":[{"@type":"ListItem","position":1,"name":"Home","item":"https:\/\/test.aperol.com\/stg\/es-es\/"},{"@type":"ListItem","position":2,"name":"Pol\u00edtica de privacidad"}]},{"@type":"WebSite","@id":"https:\/\/test.aperol.com\/stg\/es-es\/#website","url":"https:\/\/test.aperol.com\/stg\/es-es\/","name":"Aperol-spain-es","description":"","publisher":{"@id":"https:\/\/test.aperol.com\/stg\/es-es\/#organization"},"potentialAction":[{"@type":"SearchAction","target":{"@type":"EntryPoint","urlTemplate":"https:\/\/test.aperol.com\/stg\/es-es\/?s={search_term_string}"},"query-input":{"@type":"PropertyValueSpecification","valueRequired":true,"valueName":"search_term_string"}}],"inLanguage":"es-ES"},{"@type":"Organization","@id":"https:\/\/test.aperol.com\/stg\/es-es\/#organization","name":"Aperol","url":"https:\/\/test.aperol.com\/stg\/es-es\/","logo":{"@type":"ImageObject","inLanguage":"es-ES","@id":"https:\/\/test.aperol.com\/stg\/es-es\/#\/schema\/logo\/image\/","url":"https:\/\/test.aperol.com\/stg\/app\/uploads\/2023\/05\/aperol-organization-logo.png","contentUrl":"https:\/\/test.aperol.com\/stg\/app\/uploads\/2023\/05\/aperol-organization-logo.png","width":720,"height":720,"caption":"Aperol"},"image":{"@id":"https:\/\/test.aperol.com\/stg\/es-es\/#\/schema\/logo\/image\/"}}]}},"_links":{"self":[{"href":"https:\/\/test.aperol.com\/stg\/es-es\/wp-json\/wp\/v2\/pages\/3381","targetHints":{"allow":["GET"]}}],"collection":[{"href":"https:\/\/test.aperol.com\/stg\/es-es\/wp-json\/wp\/v2\/pages"}],"about":[{"href":"https:\/\/test.aperol.com\/stg\/es-es\/wp-json\/wp\/v2\/types\/page"}],"author":[{"embeddable":true,"href":"https:\/\/test.aperol.com\/stg\/es-es\/wp-json\/wp\/v2\/users\/2"}],"replies":[{"embeddable":true,"href":"https:\/\/test.aperol.com\/stg\/es-es\/wp-json\/wp\/v2\/comments?post=3381"}],"version-history":[{"count":6,"href":"https:\/\/test.aperol.com\/stg\/es-es\/wp-json\/wp\/v2\/pages\/3381\/revisions"}],"predecessor-version":[{"id":21443,"href":"https:\/\/test.aperol.com\/stg\/es-es\/wp-json\/wp\/v2\/pages\/3381\/revisions\/21443"}],"wp:attachment":[{"href":"https:\/\/test.aperol.com\/stg\/es-es\/wp-json\/wp\/v2\/media?parent=3381"}],"curies":[{"name":"wp","href":"https:\/\/api.w.org\/{rel}","templated":true}]}}