{"id":5504,"date":"2023-04-04T10:47:17","date_gmt":"2023-04-04T10:47:17","guid":{"rendered":"https:\/\/test.aperol.com\/stg\/privacy-policy\/"},"modified":"2026-09-05T07:04:14","modified_gmt":"2026-09-05T07:04:14","slug":"adatvedelmi-szabalyzat","status":"publish","type":"page","link":"https:\/\/test.aperol.com\/stg\/hu-hu\/adatvedelmi-szabalyzat\/","title":{"rendered":"Adatv\u00e9delmi szab\u00e1lyzat"},"content":{"rendered":"\n<div class=\"wp-block-group wdf-legal-page-content-pp\"><div class=\"wp-block-group__inner-container is-layout-flow wp-block-group-is-layout-flow\">\n\n<h1 class=\"wp-block-heading\">ADATV\u00c9DELMI NYILATKOZAT<\/h1>\n\n\n\n<p>K\u00f6sz\u00f6nj\u00fck, hogy \u00e9rdekl\u0151dik a Campari ir\u00e1nt! Ez az Adatv\u00e9delmi Nyilatkozat ismerteti, hogy a Campari hogyan gy\u0171jti, haszn\u00e1lja fel, k\u00f6zli \u00e9s egy\u00e9b m\u00f3don kezeli az \u00d6nre vonatkoz\u00f3, \u00d6nt k\u00f6zvetlen\u00fcl azonos\u00edt\u00f3 vagy azonos\u00edthat\u00f3v\u00e1 tev\u0151 inform\u00e1ci\u00f3kat (\u201c<strong>szem\u00e9lyes adatok<\/strong>\u201c) a Szolg\u00e1ltat\u00e1sainkkal kapcsolatban.<\/p>\n\n\n\n<p>\u00a0<\/p>\n\n\n\n<p>Amikor a jelen Adatv\u00e9delmi Nyilatkozatban a \u201c<strong>Campari<\/strong>\u201c, \u201c<strong>Campari Group<\/strong>\u201c, \u201c<strong>mi<\/strong>\u201c, \u201c<strong>minket<\/strong>\u201d vagy \u201c<strong>mi\u00e9nk<\/strong>\u201d kifejez\u00e9seket haszn\u00e1ljuk, akkor a Davide Campari-Milano N.V. t\u00e1rsas\u00e1gra, valamint annak kapcsolt \u00e9s le\u00e1nyv\u00e1llalataira utalunk.\u00a0 Amikor a \u201c<strong>Szolg\u00e1ltat\u00e1s<\/strong>\u201d kifejez\u00e9st haszn\u00e1ljuk, az \u00f6sszes olyan szolg\u00e1ltat\u00e1sra \u00e9s term\u00e9kk\u00edn\u00e1latra utalunk, amelyet a saj\u00e1t nev\u00fcnkben k\u00edn\u00e1lunk, ide\u00e9rtve az olyan term\u00e9kk\u00edn\u00e1latainkat, mint a\u00a0<a href=\"https:\/\/www.campari.com\/\">https:\/\/www.campari.com\/<\/a>\u00a0weboldalunk, mobilalkalmaz\u00e1saink, vagy b\u00e1rmely m\u00e1s Campari Group term\u00e9k vagy szolg\u00e1ltat\u00e1s, amely jelen Adatv\u00e9delmi Nyilatkozatot k\u00f6zz\u00e9teszi vagy arra hivatkozik.<\/p>\n\n\n\n<h2 class=\"wp-block-heading\">1. GLOB\u00c1LIS ALKALMAZHAT\u00d3S\u00c1G \u00c9S R\u00c9GI\u00d3SPECIFIKUS T\u00c1J\u00c9KOZTAT\u00d3K<\/h2>\n\n\n\n<p>A jelen Adatv\u00e9delmi Nyilatkozat glob\u00e1lisan alkalmazand\u00f3 weboldalunk l\u00e1togat\u00f3ira, szolg\u00e1ltat\u00e1sunk felhaszn\u00e1l\u00f3ira, valamint m\u00e1s v\u00e1llalatokra \u00e9s felhaszn\u00e1l\u00f3kra. D\u00f6nthet\u00fcnk \u00fagy, vagy t\u00f6rv\u00e9ny arra k\u00f6telezhet minket, hogy bizonyos orsz\u00e1gokban, r\u00e9gi\u00f3kban vagy \u00e1llamokban a szem\u00e9lyes adatok kezel\u00e9s\u00e9vel kapcsolatban tov\u00e1bbi adatk\u00f6zl\u00e9seket szolg\u00e1ltassunk. K\u00e9rj\u00fck, olvassa el az al\u00e1bbiakban az \u00d6nre vonatkoz\u00f3 t\u00e1j\u00e9koztat\u00f3kat:<\/p>\n\n\n\n<p>\u00a0<\/p>\n\n\n\n<ul class=\"wp-block-list\">\n<li><strong>Kalifornia (Egyes\u00fclt \u00c1llamok):\u00a0<\/strong>Ha \u00d6nnek az Egyes\u00fclt \u00c1llamokban, Kalifornia \u00e1llamban tal\u00e1lhat\u00f3 lak\u00f3helye, k\u00e9rj\u00fck, tekintse meg a\u00a0<strong>Kaliforniai Lakosoknak sz\u00f3l\u00f3 Kieg\u00e9sz\u00edt\u0151 Nyilatkozat<\/strong>\u00a0a Kaliforni\u00e1ra vonatkoz\u00f3 tov\u00e1bbi adatv\u00e9delmi inform\u00e1ci\u00f3k\u00e9rt.<\/li>\n<li><strong>Nevada (Egyes\u00fclt \u00c1llamok):\u00a0<\/strong>\u00a0Ha az \u00d6n lak\u00f3helye Nevada \u00e1llamban tal\u00e1lhat\u00f3, a \u201eNevada Revised Statutes\u201c 603A fejezete lehet\u0151v\u00e9 teszi a nevadai lakosok sz\u00e1m\u00e1ra, hogy lemondjanak bizonyos, a weboldal \u00fczemeltet\u0151je \u00e1ltal a lakosr\u00f3l gy\u0171jt\u00f6tt vagy gy\u0171jteni k\u00edv\u00e1nt inform\u00e1ci\u00f3k j\u00f6v\u0151beli \u00e9rt\u00e9kes\u00edt\u00e9s\u00e9r\u0151l.\u00a0 Megjegyezz\u00fck, hogy a 603A fejezet \u00e9rtelm\u00e9ben mi nem \u00e9rt\u00e9kes\u00edtj\u00fck az \u00d6n szem\u00e9lyes adatait. Azonban ha m\u00e9gis szeretne ilyen k\u00e9relmet beny\u00fajtani, k\u00e9rj\u00fck, l\u00e9pjen vel\u00fcnk kapcsolatba a<a href=\"mailto:gpdp.office@campari.com\">office@campari.com<\/a>\u00a0c\u00edmen<\/li>\n<li><strong>Eur\u00f3pai Gazdas\u00e1gi T\u00e9rs\u00e9g, Egyes\u00fclt Kir\u00e1lys\u00e1g vagy Sv\u00e1jc:<\/strong>\u00a0Ha \u00d6n az Eur\u00f3pai Gazdas\u00e1gi T\u00e9rs\u00e9gben (\u201c<em><strong>EGT<\/strong><\/em>\u201c), az Egyes\u00fclt Kir\u00e1lys\u00e1gban (\u201c<em><strong>UK<\/strong><\/em>\u201c) vagy Sv\u00e1jcban tart\u00f3zkodik, vagy egy\u00e9b m\u00f3don kapcsolatba ker\u00fcl a Campari Group eur\u00f3pai tev\u00e9kenys\u00e9geivel, k\u00e9rj\u00fck, olvassa el az\u00a0<strong>Eur\u00f3pai Gazdas\u00e1gi T\u00e9rs\u00e9gre, az Egyes\u00fclt Kir\u00e1lys\u00e1gra \u00e9s Sv\u00e1jcra vonatkoz\u00f3 Kieg\u00e9sz\u00edt\u0151 Nyilatkozatot<\/strong>, amelyben tov\u00e1bbi, Eur\u00f3p\u00e1ra vonatkoz\u00f3 adatv\u00e9delmi inform\u00e1ci\u00f3kat tal\u00e1l, ide\u00e9rtve, de nem kiz\u00e1r\u00f3lag arr\u00f3l, hogy mi min\u0151s\u00fcl az \u00d6n szem\u00e9lyes adat\u00e1nak, milyen jogalapokra t\u00e1maszkodunk a szem\u00e9lyes adatainak kezel\u00e9s\u00e9hez, hogyan haszn\u00e1lunk cookie-kat, amikor \u00d6n az EGT t\u00e9rs\u00e9gb\u0151l, az Egyes\u00fclt Kir\u00e1lys\u00e1gb\u00f3l vagy Sv\u00e1jcb\u00f3l \u00e9ri el szolg\u00e1ltat\u00e1sainkat, valamint a szem\u00e9lyes adatokkal kapcsolatos jogair\u00f3l is.<\/li>\n<\/ul>\n\n\n\n<h3 class=\"wp-block-heading\">1.1 HOGYAN GY\u0170JTJ\u00dcK SZEM\u00c9LYES ADATAIT<\/h3>\n\n\n\n<p>Att\u00f3l a pillanatt\u00f3l kezdve, hogy kapcsolatba l\u00e9p vel\u00fcnk, szem\u00e9lyes adatokat gy\u0171jt\u00fcnk \u00d6nr\u0151l. Olykor automatikusan gy\u0171jt\u00fcnk szem\u00e9lyes adatokat, amikor \u00d6n haszn\u00e1lja a szolg\u00e1ltat\u00e1sainkat, n\u00e9ha pedig k\u00f6zvetlen\u00fcl \u00d6nt\u0151l gy\u0171jtj\u00fck a szem\u00e9lyes adatokat.\u00a0 Id\u0151nk\u00e9nt m\u00e1s forr\u00e1sokb\u00f3l \u00e9s harmadik felekt\u0151l is gy\u0171jthet\u00fcnk \u00d6nr\u0151l szem\u00e9lyes adatokat, m\u00e9g az els\u0151 k\u00f6zvetlen kapcsolatfelv\u00e9tel\u00fcnk el\u0151tt. Az \u00e1ltalunk gy\u0171jt\u00f6tt szem\u00e9lyes adatok t\u00edpusa att\u00f3l is f\u00fcgghet, hogy milyen kapcsolatban \u00e1llunk \u00d6nnel (pl. \u00fczleti k\u00e9pvisel\u0151, fogyaszt\u00f3).<\/p>\n\n\n\n<p>\u00a0<\/p>\n\n\n\n<p><u><strong>ADATKEZEL\u0150K<\/strong><\/u><\/p>\n\n\n\n<p>\u00a0<\/p>\n\n\n\n<p>Az adatkezel\u0151, azaz a Campari Group-hoz tartoz\u00f3 v\u00e1llalat, amely az \u00d6n szem\u00e9lyes adatainak kezel\u00e9s\u00e9\u00e9rt felel\u0151s, att\u00f3l f\u00fcgg, hogy \u00d6n hogyan l\u00e9p kapcsolatba a Campari Group m\u00e1rk\u00e1ival. \u00cdgy az illet\u00e9kes adatkezel\u0151 jellemz\u0151en egy vagy k\u00e9t szervezetb\u0151l \u00e1ll: (1) a Campari m\u00e1rk\u00e1kat r\u00e9gi\u00f3 szerint kezel\u0151 f\u0151 szervezet, \u00e9s adott esetben (2) az a helyi v\u00e1llalat, amellyel \u00d6n a lokaliz\u00e1lt tev\u00e9kenys\u00e9gek sor\u00e1n (pl. marketing kamp\u00e1nyok, esem\u00e9nyek, versenyek) kapcsolatba ker\u00fcl.\u00a0 A helyi adatkezel\u0151vel kapcsolatban, az adatkezel\u0151 \u00e9s az el\u00e9rhet\u0151s\u00e9gi adatok a konkr\u00e9t kapcsolatfelv\u00e9tel m\u00f3dj\u00e1ban ker\u00fcl k\u00f6zl\u00e9sre.<\/p>\n\n\n\n<p>\u00a0<\/p>\n\n\n\n<p>Ezeket az adatkezel\u0151ket a k\u00f6vetkez\u0151 t\u00e1bl\u00e1zatok tartalmazz\u00e1k:<\/p>\n\n\n\n<figure class=\"wp-block-table\"><table>\n<tbody>\n<tr>\n<th colspan=\"3\"><p>TITOLARI DEL TRATTAMENTO PRINCIPALI (IN BASE AI MARCHI)<\/p><\/th>\n<\/tr>\n<tr>\n<td><p><strong>ADATKEZEL\u0150:<\/strong><\/p>\n<p>CAMPARI AMERICA LLC<br>1114 AVENUE OF THE AMERICAS<br>FL 19 NEW YORK, NY, 10036-7703<br><a href=\"mailto:GPDP.OFFICE@CAMPARI.COM\">GPDP.OFFICE@CAMPARI.COM<\/a><\/p><\/td>\n<td><p><strong>ADATKEZEL\u0150:<\/strong><\/p>\n<p>DAVIDE CAMPARI &#8211; MILANO N.V.<br>VIA F. SACCHETTI, 20 \u2013 20099 SESTO SAN GIOVANNI (MI) &#8211; OLASZORSZ\u00c1G<br><a href=\"mailto:GPDP.OFFICE@CAMPARI.COM\">GPDP.OFFICE@CAMPARI.COM<\/a><\/p><\/td>\n<td><p><strong>ADATKEZEL\u0150:<\/strong><\/p>\n<p>SOCIETE DES PRODUITS MARNIER LAPOSTOLLE<br>S.A. 32 RUE DE MONCEAU, 75008 PARIS<br><a href=\"mailto:GPDP.OFFICE@CAMPARI.COM\">GPDP.OFFICE@CAMPARI.COM<\/a><\/p><\/td>\n<\/tr>\n<tr>\n<td><p><strong>M\u00c1RK\u00c1K<\/strong><\/p>\n<p>AMERICAN HONEY<br>APPLETON ESTATE<br>BOND &amp; LILLARD<br>CABO WABO<br>SKYY<br>WILD TURKEY<br>LONGBRANCH<br>RUSSELL\u2019S RESERVE<br>WRAY &amp; NEPHEW<br>FORTY CREEK<br>PRINCE IGOR<br>ESPOLON<br>ANCHO REYES<br>MONTELOBOS<br>KOKO KANU<br>SANGSTERS<br>CORUBA<br>OLD EIGHT<br>DRURY\u2019S<br>DREHER<br>SAGATIBA<br>SAFFELL<\/p><\/td>\n<td><p><strong>M\u00c1RK\u00c1K<\/strong><\/p>\n<p>APEROL<br>APEROL SPRITZ<br>BANKES-BICKENS<br>BARBERO LIQUORS<br>BRAULIO<br>BIANCOSARTI<br>BULLDOG GIN<br>CAMPARI<br>CAMPARINO<br>CAMPARISODA<br>CORTE DELLA FRATESSA<br>CRODINO<br>CRODINO SPRITZ<br>CRODINO TWIST<br>DIESUS<br>CROSS<br>CYNAR<br>FRANGELICO LIQUEUR<br>FRATTINA<br>GLEN GRANT<br>MAGNUM TONIC WINE<br>MAISON LAMAUNY<br>MONDORO<br>ONDINA GIN<br>OUZO 12<br>RICCADONNA<br>TERRAZZA APEROL<br>THE NOTES COLLECTION<br>RICCADONNA SPARKLING WINES<\/p>\n<p>X-RATED<br>FUSION LIQUEUR<\/p><\/td>\n<td><p><strong>M\u00c1RK\u00c1K<\/strong><\/p>\n<p>GRAND MARNIER<br>BISQUIT &amp; DOUBOUCHE<br>LALLIER CHAMPAGNE<br>MARNIER RHUM<br>WINE &amp; CHAMPAGNE LVMH<\/p><\/td>\n<\/tr>\n<\/tbody>\n<\/table><\/figure>\n\n\n\n<figure class=\"wp-block-table\"><table>\n<tbody>\n<tr>\n<th colspan=\"2\"><p><strong>HELYI C\u00c9GEK (HELYI ADATKEZEL\u0150K)<\/strong><\/p><\/th>\n<\/tr>\n<tr>\n<td><p><strong>ORSZ\u00c1G<\/strong><\/p>\n<p>AUSZTRIA<\/p>\n<p><strong>SZERVEZET<\/strong><\/p>\n<p>CAMPARI AUSTRIA GMBH<\/p>\n<p><strong>C\u00cdM<\/strong><\/p>\n<p>NAGLERGASSE 1\/TOP 13 ,1010, B\u00c9CS<\/p><\/td>\n<td><p><strong>ORSZ\u00c1G<\/strong><\/p>\n<p>BENELUX<\/p>\n<p><strong>SZERVEZET<\/strong><\/p>\n<p>CAMPARI BENELUX S.A.<\/p>\n<p><strong>C\u00cdM<\/strong><\/p>\n<p>AVENUE DE LA M\u00c9TEROLOGIE, 10, BRUSSELS<\/p><\/td>\n<\/tr>\n<tr>\n<td><p><strong>ORSZ\u00c1G<\/strong><\/p>\n<p>ARGENTINA<\/p>\n<p><strong>SZERVEZET<\/strong><\/p>\n<p>CAMPARI ARGENTINA S.A.<\/p>\n<p><strong>C\u00cdM<\/strong><\/p>\n<p>OLGA COSSETTINI, 243 PISO 3, PUERTO MADEO, CABA, ARGENTINA<\/p><\/td>\n<td><p><strong>ORSZ\u00c1G<\/strong><\/p>\n<p>AUSZTR\u00c1LIA<\/p>\n<p><strong>SZERVEZET<\/strong><\/p>\n<p>CAMPARI AUSTRALIA PTY LTD.<\/p>\n<p><strong>C\u00cdM<\/strong><\/p>\n<p>LEVEL 21, 141 WALKER STREET NORTH SYDNEY, AUSTRALIA<\/p><\/td>\n<\/tr>\n<tr>\n<td><p><strong>ORSZ\u00c1G<\/strong><\/p>\n<p>BRAZ\u00cdLIA<\/p>\n<p><strong>SZERVEZET<\/strong><\/p>\n<p>CAMPARI DO BRASIL LTDA.<\/p>\n<p><strong>C\u00cdM<\/strong><\/p>\n<p>ALAMEDA RIO NEGRO 585, EDIFICIO DEMINI, CONJUNTO 62, ALPHAVILLEBARUERI-SP<\/p><\/td>\n<td><p><strong>ORSZ\u00c1G<\/strong><\/p>\n<p>KANADA<\/p>\n<p><strong>SZERVEZET<\/strong><\/p>\n<p>FORTY CREEK DISTILLERY LTD.<\/p>\n<p><strong>C\u00cdM<\/strong><\/p>\n<p>297 SOUTH SERVICE ROAD WEST, GRIMSBY, CANADA<\/p><\/td>\n<\/tr>\n<tr>\n<td><p><strong>ORSZ\u00c1G<\/strong><\/p>\n<p>K\u00cdNA<\/p>\n<p><strong>SZERVEZET<\/strong><\/p>\n<p>CAMPARI (BEIJING) TRADING CO. LTD.<\/p>\n<p><strong>C\u00cdM<\/strong><\/p>\n<p>Unit 4001-02, 4008, 40F, CITIC Square<\/p><\/td>\n<td><p><strong>ORSZ\u00c1G<\/strong><\/p>\n<p>N\u00c9METORSZ\u00c1G<\/p>\n<p><strong>SZERVEZET<\/strong><\/p>\n<p>CAMPARI DEUTSCHLAND GMBH<\/p>\n<p><strong>C\u00cdM<\/strong><\/p>\n<p>ADELGUNDENSTRASSE 7, 80538 M\u00dcNCHEN, DEUTSCHLAND<\/p><\/td>\n<\/tr>\n<tr>\n<td><p><strong>ORSZ\u00c1G<\/strong><\/p>\n<p>G\u00d6R\u00d6GORSZ\u00c1G<\/p>\n<p><strong>SZERVEZET<\/strong><\/p>\n<p>KALOYIANNIS &#8211; KOUTSIKOS DISTILLERIES S.A.<\/p>\n<p><strong>C\u00cdM<\/strong><\/p>\n<p>6 &amp; E STREET, A\u2019 INDUSTRIAL AREA, VOLOS<\/p><\/td>\n<td><p><strong>ORSZ\u00c1G<\/strong><\/p>\n<p>INDIA<\/p>\n<p><strong>SZERVEZET<\/strong><\/p>\n<p>CAMPARI INDIA PRIVATE LTD.<\/p>\n<p><strong>C\u00cdM<\/strong><\/p>\n<p>COWRKS, GROUND FLOOR AND FIRST FLOOR, WORLDMARK 1, ASSET AREA 11. AEROCITY, HOSPITALITY DISTRICT, INDIRA GANDHI INTERNATIONAL AIR-PORT, NH-8. NEW DELHI &#8211; 110037, INDIA<\/p><\/td>\n<\/tr>\n<tr>\n<td><p><strong>ORSZ\u00c1G<\/strong><\/p>\n<p>OLASZORSZ\u00c1G<\/p>\n<p><strong>SZERVEZET<\/strong><\/p>\n<p>CAMPARINO S.R.L.<\/p>\n<p><strong>C\u00cdM<\/strong><\/p>\n<p>PIAZZA DUOMO, 21 MILANO<\/p><\/td>\n<td><p><strong>ORSZ\u00c1G<\/strong><\/p>\n<p>OLASZORSZ\u00c1G<\/p>\n<p><strong>SZERVEZET<\/strong><\/p>\n<p>TERRAZZA APEROL SRL<\/p>\n<p><strong>C\u00cdM<\/strong><\/p>\n<p>CAMPO SANTO STEFANO SAN MARCO 2776 30124 VENEZIA (VE)<\/p><\/td>\n<\/tr>\n<tr>\n<td><p><strong>ORSZ\u00c1G<\/strong><\/p>\n<p>JAMAICA<\/p>\n<p><strong>SZERVEZET<\/strong><\/p>\n<p>J. WRAY&amp;NEPHEW LTD.<\/p>\n<p><strong>C\u00cdM<\/strong><\/p>\n<p>23 DOMINICA DRIVE, KINGSTON 5, GIAMAICA<\/p><\/td>\n<td><p><strong>ORSZ\u00c1G<\/strong><\/p>\n<p>MEXIK\u00d3<\/p>\n<p><strong>SZERVEZET<\/strong><\/p>\n<p>CAMPARI MEXICO S.A. DE C.V<\/p>\n<p><strong>C\u00cdM<\/strong><\/p>\n<p>AVENIDA AMERICAS 1500 PISO G-B COLONIA COUNTRY CLUB, GUADA-LAJARA, JALISCO, MEXICO<\/p><\/td>\n<\/tr>\n<tr>\n<td><p><strong>ORSZ\u00c1G<\/strong><\/p>\n<p>\u00daJ-Z\u00c9LAND<\/p>\n<p><strong>SZERVEZET<\/strong><\/p>\n<p>CAMPARI NEW ZEALAND LTD.<\/p>\n<p><strong>C\u00cdM<\/strong><\/p>\n<p>C\/O KPMG 18, VIADUCT HARBOUR AV., MARITIME SQUARE, AUCKLAND NUOVA ZELANDA<\/p><\/td>\n<td><p><strong>ORSZ\u00c1G<\/strong><\/p>\n<p>PER\u00d9<\/p>\n<p><strong>SZERVEZET<\/strong><\/p>\n<p>CAMPARI PERU SAC<\/p>\n<p><strong>C\u00cdM<\/strong><\/p>\n<p>AV. JORGE BASADRE NO.607, OFICINA 702, DISTRITO DE SAN ISIDRO, LIMA, PER\u00d9<\/p><\/td>\n<\/tr>\n<tr>\n<td><p><strong>ORSZ\u00c1G<\/strong><\/p>\n<p>OROSZORSZ\u00c1G<\/p>\n<p><strong>SZERVEZET<\/strong><\/p>\n<p>CAMPARI RUS OOO<\/p>\n<p><strong>C\u00cdM<\/strong><\/p>\n<p>2ND YUZHNOPORTOVIY PROEZD 14\/22, MOSCA, RUSSIA<\/p><\/td>\n<td><p><strong>ORSZ\u00c1G<\/strong><\/p>\n<p>SZINGAP\u00daR<\/p>\n<p><strong>SZERVEZET<\/strong><\/p>\n<p>CAMPARI SINGAPORE PTE LTD.<\/p>\n<p><strong>C\u00cdM<\/strong><\/p>\n<p>152 BEACH ROAD, #28-05-08, GATEWAY EAST, SINGAPORE 189721<\/p><\/td>\n<\/tr>\n<tr>\n<td><p><strong>ORSZ\u00c1G<\/strong><\/p>\n<p>D\u00c9L-AFRIKA<\/p>\n<p><strong>SZERVEZET<\/strong><\/p>\n<p>CAMPARI SOUTH AFRICA PTY LTD.<\/p>\n<p><strong>C\u00cdM<\/strong><\/p>\n<p>12TH FLOOR, CLIFFE DEKER HOF-MEYR 11 BUITENGRACHT STREET, FOKV\u00c1ROS, D\u00c9L-AFRIKA<\/p><\/td>\n<td><p><strong>ORSZ\u00c1G<\/strong><\/p>\n<p>SPANYOLORSZ\u00c1G<\/p>\n<p><strong>SZERVEZET<\/strong><\/p>\n<p>CAMPARI ESPA\u00d1A S.L.<\/p>\n<p><strong>C\u00cdM<\/strong><\/p>\n<p>CALLE DE LA MARINA 16-18, PLANTA 29, BARCELLONA<\/p><\/td>\n<\/tr>\n<tr>\n<td><p><strong>ORSZ\u00c1G<\/strong><\/p>\n<p>SV\u00c1JC<\/p>\n<p><strong>SZERVEZET<\/strong><\/p>\n<p>CAMPARI SCHWEIZ A.G.<\/p>\n<p><strong>C\u00cdM<\/strong><\/p>\n<p>LINDENSTRASSE 8, BAAR<\/p><\/td>\n<td><p><strong>ORSZ\u00c1G<\/strong><\/p>\n<p>EGYES\u00dcLT KIR\u00c1LYS\u00c1G<\/p>\n<p><strong>SZERVEZET<\/strong><\/p>\n<p>GLEN GRANT LTD.<\/p>\n<p><strong>C\u00cdM<\/strong><\/p>\n<p>UK Campari UK House of Campari UK14-16 Great Portland St, London W1W 8QW<\/p><\/td>\n<\/tr>\n<tr>\n<td><p><strong>ORSZ\u00c1G<\/strong><\/p>\n<p>UKRAJNA<\/p>\n<p><strong>SZERVEZET<\/strong><\/p>\n<p>CAMPARI UKRAINE LLC<\/p>\n<p><strong>C\u00cdM<\/strong><\/p>\n<p>8, ILLINSKA STREET, 5 FLOOR, BLOCK 8 AND 9, KIEV, UCRAINA<\/p><\/td>\n<td><\/td>\n<\/tr>\n<\/tbody>\n<\/table><\/figure>\n\n\n\n<h3 class=\"wp-block-heading\">Az \u00d6n \u00e1ltal megadott Szem\u00e9lyes Adatok<\/h3>\n\n\n\n<p>A k\u00f6vetkez\u0151 szem\u00e9lyes adatokat gy\u0171jthetj\u00fck, amelyeket \u00d6n a Szolg\u00e1ltat\u00e1sunkkal kapcsolatban rendelkez\u00e9sre bocs\u00e1jt:<\/p>\n\n\n\n<p>\u00a0<\/p>\n\n\n\n<ul class=\"wp-block-list\">\n<li><strong>Alkoholfogyaszt\u00e1si korhat\u00e1r ellen\u0151rz\u00e9se:<\/strong>\u00a0Amikor \u00d6n el\u0151sz\u00f6r l\u00e1togat el weboldalunkra, a sz\u00fclet\u00e9si d\u00e1tum\u00e1t k\u00e9rhetj\u00fck, hogy meggy\u0151z\u0151dj\u00fcnk, arr\u00f3l hogy jogszer\u0171en fogyaszthat az alkoholt.<\/li>\n<li><strong>Felhaszn\u00e1l\u00f3i fi\u00f3k l\u00e9trehoz\u00e1sa \u00e9s Profil Inform\u00e1ci\u00f3k.<\/strong>\u00a0Gy\u0171jthet\u00fcnk olyan szem\u00e9lyes adatokat, amelyeket \u00d6n egy felhaszn\u00e1l\u00f3i fi\u00f3k regisztr\u00e1ci\u00f3ja sor\u00e1n ad meg. (ha ez alkalmazhat\u00f3). Ezek az inform\u00e1ci\u00f3k tartalmazz\u00e1k a teljes nev\u00e9t, e-mail c\u00edm\u00e9t \u00e9s jelszav\u00e1t. Amint l\u00e9trehozott egy felhaszn\u00e1l\u00f3i fi\u00f3kot, friss\u00edtheti fi\u00f3kadatait, \u00fagy mint, a nev\u00e9t, telefonsz\u00e1m\u00e1t, e-mail c\u00edm\u00e9t, sz\u00fclet\u00e9si d\u00e1tum\u00e1t \u00e9s preferenci\u00e1it.<\/li>\n<li><strong>Foglal\u00e1sok:<\/strong>\u00a0Amikor \u00d6n valamely m\u00e1rka h\u00e1zunkn\u00e1l online foglal\u00e1st r\u00f6gz\u00edt, p\u00e9ld\u00e1ul egy aperitivo vagy vacsora foglal\u00e1st, a foglal\u00e1shoz sz\u00fcks\u00e9ges adatokat gy\u0171jtj\u00fck, amelyek tartalmazhatj\u00e1k az \u00d6n keresztnev\u00e9t, vezet\u00e9knev\u00e9t, mobiltelefonsz\u00e1m\u00e1t, e-mail c\u00edm\u00e9t, a megjelent vend\u00e9gek sz\u00e1m\u00e1t, valamint a megjegyz\u00e9s rovatban megadott inform\u00e1ci\u00f3kat (pl. preferenci\u00e1k, egyedi k\u00e9r\u00e9sek).<\/li>\n<li><strong>Fizet\u00e9si inform\u00e1ci\u00f3k:\u00a0<\/strong>Ha \u00d6n valamelyik fizet\u00e9st ig\u00e9nyl\u0151 szolg\u00e1ltat\u00e1sunkra regisztr\u00e1l, vagy megv\u00e1s\u00e1rolja valamelyik term\u00e9k\u00fcnket, akkor az ilyen fizet\u00e9ssel kapcsolatban megadott adatokat gy\u0171jtj\u00fck. Felh\u00edvjuk figyelm\u00e9t, hogy harmadik f\u00e9l p\u00e9nzforgalmi adatkezel\u0151ket haszn\u00e1lunk a t\u00f6rt\u00e9n\u0151 fizet\u00e9sek feldolgoz\u00e1s\u00e1hoz. Ez\u00e9rt nem t\u00e1rolunk semmilyen szem\u00e9lyazonos\u00edt\u00e1sra alkalmas p\u00e9nz\u00fcgyi inform\u00e1ci\u00f3t, p\u00e9ld\u00e1ul hitelk\u00e1rtyasz\u00e1mot. Ehelyett, minden ilyen inform\u00e1ci\u00f3t k\u00f6zvetlen\u00fcl \u00d6n ad meg harmadik f\u00e9l adatfeldolgoz\u00f3nknak. Az \u00d6n szem\u00e9lyes adatainak a p\u00e9nzforgalmi adatkezel\u0151 \u00e1ltali felhaszn\u00e1l\u00e1s\u00e1t a p\u00e9nzforgalmi adatkezel\u0151 adatv\u00e9delmi t\u00e1j\u00e9koztat\u00f3ja szab\u00e1lyozza.<\/li>\n<li><strong>Kommunik\u00e1ci\u00f3:<\/strong>\u00a0Amikor \u00d6n valamilyen kommunik\u00e1ci\u00f3s eszk\u00f6z\u00f6n kereszt\u00fcl, ide\u00e9rtve a weboldalunk \u201cKapcsolatfelv\u00e9tel\u201d \u0171rlapjait is, kapcsolatba l\u00e9p vel\u00fcnk, gy\u0171jthetj\u00fck az \u00d6n nev\u00e9t, e-mail c\u00edm\u00e9t, levelez\u00e9si c\u00edm\u00e9t, telefonsz\u00e1m\u00e1t, a megkeres\u00e9s t\u00edpus\u00e1t vagy b\u00e1rmely m\u00e1s szem\u00e9lyes adatot, amelyet \u00d6n megad nek\u00fcnk.<\/li>\n<li><strong>Demogr\u00e1fiai Inform\u00e1ci\u00f3k:<\/strong>\u00a0Amikor \u00d6n kit\u00f6lti valamelyik felm\u00e9r\u00e9s\u00fcnket vagy piackutat\u00e1si k\u00e9rd\u0151\u00edv\u00fcnket, demogr\u00e1fiai adatokat gy\u0171jthet\u00fcnk, ide\u00e9rtve az \u00d6n \u00e9letkor\u00e1t, nem\u00e9t vagy \u00e9ves j\u00f6vedelm\u00e9t, valamint egy\u00e9b inform\u00e1ci\u00f3kat az \u00d6n v\u00e1llalkoz\u00e1s\u00e1r\u00f3l, ide\u00e9rtve p\u00e9ld\u00e1ul az \u00e9ves bev\u00e9teleit \u00e9s a demogr\u00e1fiai c\u00e9lcsoportj\u00e1t. A gy\u0171jt\u00f6tt inform\u00e1ci\u00f3k a felm\u00e9r\u00e9st\u0151l \u00e9s a felm\u00e9r\u00e9st v\u00e9gz\u0151 Campari Group v\u00e1llalatt\u00f3l f\u00fcggnek.<\/li>\n<li><strong>H\u00edrlev\u00e9l \/ Marketing E-mailek.\u00a0<\/strong>Ha feliratkozik, hogy h\u00edreket vagy \u00e9rtes\u00edt\u00e9seket kapjon t\u0151l\u00fcnk, akkor gy\u0171jthetj\u00fck az \u00d6n e-mail c\u00edm\u00e9t, valamint az \u00d6n \u00e9rdekl\u0151d\u00e9si k\u00f6r\u00e9t \u00e9s kommunik\u00e1ci\u00f3s preferenci\u00e1it.\u00a0 Ha nem szeretne t\u00f6bb\u00e9 e-mail \u00fczeneteket kapni t\u0151l\u00fcnk, akkor az e-mailjeink alj\u00e1n tal\u00e1lhat\u00f3 \u201cleiratkoz\u00e1s\u201d link seg\u00edts\u00e9g\u00e9vel lemondhat ezekr\u0151l a k\u00f6zlem\u00e9nyekr\u0151l.<\/li>\n<li><strong>Esem\u00e9nyek, Felm\u00e9r\u00e9sek \u00e9s Prom\u00f3ci\u00f3k.<\/strong>\u00a0Ha \u00d6n \u0171rlapokat t\u00f6lt ki, vagy r\u00e9szt vesz a Campari Group rendezv\u00e9nyein, felm\u00e9r\u00e9sein, versenyein (vet\u00e9lked\u0151k\/nyerem\u00e9nyj\u00e1t\u00e9kok) vagy egy\u00e9b prom\u00f3ci\u00f3s esem\u00e9nyeken, akkor gy\u0171jthetj\u00fck az \u00d6n kapcsolattart\u00e1si adatait (p\u00e9ld\u00e1ul nev\u00e9t, e-mail c\u00edm\u00e9t \u00e9s telefonsz\u00e1m\u00e1t, ir\u00e1ny\u00edt\u00f3sz\u00e1m\u00e1t), \u00d6nt \u00e9rint\u0151 Demogr\u00e1fiai Inform\u00e1ci\u00f3kat, valamint az \u0171rlapon, a regisztr\u00e1ci\u00f3kor vagy a versenyre val\u00f3 jelentkez\u00e9s r\u00e9szek\u00e9nt k\u00e9rt egy\u00e9b inform\u00e1ci\u00f3kat, ide\u00e9rtve a f\u00e9nyk\u00e9peket\/vide\u00f3kat (mindegyiket, alkalmazhat\u00f3s\u00e1g szerint). Alkalmank\u00e9nt a sz\u00e1ll\u00edt\u00e1si \u00e9s sz\u00e1ml\u00e1z\u00e1si adatokat is gy\u0171jthetj\u00fck, p\u00e9ld\u00e1ul ha \u00d6n egy verseny nyertese, vagy ha megv\u00e1s\u00e1rolja term\u00e9keinket vagy szolg\u00e1ltat\u00e1sainkat (ha alkalmazhat\u00f3). Ha \u00d6n a rendezv\u00e9ny\u00fcnk vagy prom\u00f3ci\u00f3s partner\u00fcnk tagja, akkor az \u00d6n szem\u00e9lyes adatait is gy\u0171jthetj\u00fck, ide\u00e9rtve az \u00d6n nev\u00e9t, c\u00e9ges e-mail c\u00edm\u00e9t \u00e9s c\u00e9gnek c\u00edm\u00e9t.<\/li>\n<li><strong>Visszajelz\u00e9s:<\/strong>\u00a0Gy\u0171jthetj\u00fck az \u00d6n \u00e1ltal a szolg\u00e1ltat\u00e1sainkkal vagy term\u00e9keinkkel kapcsolatban adott visszajelz\u00e9seket \u00e9s \u00e9rt\u00e9kel\u00e9seket is.<\/li>\n<li><strong>\u00dczleti V\u00e1llalkoz\u00e1s K\u00e9pvisel\u0151j\u00e9nek el\u00e9rhet\u0151s\u00e9gei:<\/strong>\u00a0Ha \u00d6n \u00fczleti v\u00e1llalkoz\u00e1s k\u00e9pviselje, az \u00d6n adatait a vel\u00fcnk k\u00f6t\u00f6tt meg\u00e1llapod\u00e1s vagy potenci\u00e1lis meg\u00e1llapod\u00e1s teljes\u00edt\u00e9s\u00e9vel kapcsolatban gy\u0171jtj\u00fck. Ezek az adatok tartalmazhatj\u00e1k az \u00d6n keresztnev\u00e9t, vezet\u00e9knev\u00e9t, a c\u00e9g el\u00e9rhet\u0151s\u00e9gi adatait (pl. e-mail, telefon, c\u00edm), munkak\u00f6r\u00e9t \u00e9s a vel\u00fcnk k\u00f6t\u00f6tt meg\u00e1llapod\u00e1s teljes\u00edt\u00e9s\u00e9vel kapcsolatos b\u00e1rmely m\u00e1s inform\u00e1ci\u00f3t.<\/li>\n<\/ul>\n\n\n\n<p>\u00a0<\/p>\n\n\n\n<p>B\u00e1r a fent le\u00edrt szem\u00e9lyes adatokat gyakran k\u00f6zvetlen\u00fcl \u00d6nt\u0151l gy\u0171jtj\u00fck, ezeket az adatokat olyan szolg\u00e1ltat\u00f3kon \u00e9s egy\u00e9b harmadik feleken kereszt\u00fcl is gy\u0171jtj\u00fck, akik a nev\u00fcnkben gy\u0171jtik azokat, mint p\u00e9ld\u00e1ul kommunik\u00e1ci\u00f3s szolg\u00e1ltat\u00f3k, elemz\u00e9si szolg\u00e1ltat\u00f3k, felm\u00e9r\u00e9sen, versenyen \u00e9s prom\u00f3ci\u00f3n r\u00e9szt vev\u0151 szolg\u00e1ltat\u00f3k \u00e9s marketing szolg\u00e1ltat\u00f3k. K\u00e9rj\u00fck, olvassa el az al\u00e1bbi,\u00a0<strong>M\u00e1s forr\u00e1sokb\u00f3l \u00e9s Harmadik Felekt\u0151l sz\u00e1rmaz\u00f3 Szem\u00e9lyes Adatok\u00a0<\/strong>\u00a0c\u00edm\u0171 r\u00e9szt.<\/p>\n\n\n\n<h3 class=\"wp-block-heading\">Automatikusan Gy\u0171jt\u00f6tt Szem\u00e9lyes Adatok<\/h3>\n\n\n\n<p>Mint a legt\u00f6bb digit\u00e1lis platform eset\u00e9ben, mi \u00e9s harmadik f\u00e9l szolg\u00e1ltat\u00f3ink \u00e9s partnereink is automatikusan gy\u0171jt\u00fcnk bizonyos szem\u00e9lyes adatokat, amikor \u00d6n felkeresi vagy haszn\u00e1lja a Szolg\u00e1ltat\u00e1sunkat:<\/p>\n\n\n\n<p>\u00a0<\/p>\n\n\n\n<ul class=\"wp-block-list\">\n<li><strong>Napl\u00f3adatok:<\/strong>\u00a0Ide\u00e9rtve az \u00d6n internetprotokoll (IP) c\u00edm\u00e9t, oper\u00e1ci\u00f3s rendszer\u00e9t, b\u00f6ng\u00e9sz\u0151 t\u00edpus\u00e1t, b\u00f6ng\u00e9sz\u0151 azonos\u00edt\u00f3j\u00e1t, a megadott URL-t \u00e9s a hivatkoz\u00f3 oldalt\/kamp\u00e1nyt, a l\u00e1togat\u00e1s d\u00e1tum\u00e1t\/id\u0151pontj\u00e1t, a szolg\u00e1ltat\u00e1sainkban elt\u00f6lt\u00f6tt id\u0151t \u00e9s a szolg\u00e1ltat\u00e1saink l\u00e1togat\u00e1sa sor\u00e1n esetlegesen el\u0151fordul\u00f3 hib\u00e1kat. Felh\u00edvjuk figyelm\u00e9t, hogy rendszereink akkor is r\u00f6gz\u00edthetnek szem\u00e9lyes adatokat, ha \u00d6n azokat a weboldalainkon \u00e9s m\u00e1s online szolg\u00e1ltat\u00e1sainkba \u00edrja, m\u00e9g akkor is, ha \u00d6n \u00fagy d\u00f6nt azokat nem k\u00edv\u00e1nja bek\u00fcldeni.<\/li>\n<li><strong>Analitikai adatok:<\/strong>\u00a0Ide\u00e9rtve a szolg\u00e1ltat\u00e1sainkhoz vezet\u0151, a szolg\u00e1ltat\u00e1sainkon kereszt\u00fcl vezet\u0151 \u00e9s a szolg\u00e1ltat\u00e1sainkb\u00f3l kil\u00e9p\u0151 elektronikus \u00fatvonalat, valamint a szolg\u00e1ltat\u00e1sainkban v\u00e9gzett haszn\u00e1lat\u00e1t \u00e9s tev\u00e9kenys\u00e9g\u00e9t, p\u00e9ld\u00e1ul a linkeket, t\u00e1rgyakat, term\u00e9keket \u00e9s el\u0151ny\u00f6ket, amelyeket megtekint, amelyekre r\u00e1kattint, vagy amelyekkel m\u00e1s m\u00f3don kapcsolatba l\u00e9p (m\u00e1s n\u00e9ven \u201c<strong>Clickstream Data<\/strong>\u201d vagy \u201cKattint\u00e1ssorozat adatok<strong>\u201c<\/strong>).\u00a0 Az e-mailjeink tartalmazhatnak olyan nyomk\u00f6vet\u0151 pixeleket is, amelyek azonos\u00edtj\u00e1k, hogy \u00d6n megnyitotta-e \u00e9s mikor nyitotta meg az \u00e1ltalunk k\u00fcld\u00f6tt e-mailt, h\u00e1nyszor olvasta el azt, \u00e9s r\u00e1kattintott-e az e-mailben tal\u00e1lhat\u00f3 linkekre. Ez seg\u00edt nek\u00fcnk abban, hogy m\u00e9rni tudjuk marketing e-mail kamp\u00e1nyaink hat\u00e9konys\u00e1g\u00e1t, hogy az \u00d6nnek k\u00fcld\u00f6tt e-maileket \u00e9rdekl\u0151d\u00e9si k\u00f6r\u00e9nek legink\u00e1bb megfelel\u0151v\u00e9 tegy\u00fck, \u00e9s hogy meg\u00e9rts\u00fck, hogy \u00d6n megnyitott-e \u00e9s elolvasott-e b\u00e1rmilyen fontos adminisztrat\u00edv e-mailt, amelyet esetleg k\u00fcld\u00fcnk \u00d6nnek.<\/li>\n<li><strong>Helyadatok:<\/strong>\u00a0Ide\u00e9rtve az \u00d6n \u00e1ltal\u00e1nos f\u00f6ldrajzi elhelyezked\u00e9s\u00e9t az \u00e1ltalunk gy\u0171jt\u00f6tt napl\u00f3adatok alapj\u00e1n.<\/li>\n<li><strong>Alkalmaz\u00e1si adatok:<\/strong>\u00a0Egyes szolg\u00e1ltat\u00e1saink mobil- vagy b\u00f6ng\u00e9sz\u0151alkalmaz\u00e1sokat k\u00edn\u00e1lnak, hogy \u00d6n \u00fatk\u00f6zben \u00e9s\/vagy harmadik f\u00e9l weboldalainak \u00e9s egy\u00e9b online szolg\u00e1ltat\u00e1sainak felkeres\u00e9se sor\u00e1n is kihaszn\u00e1lhassa szolg\u00e1ltat\u00e1saink el\u0151nyeit.\u00a0 Ezen alkalmaz\u00e1sok n\u00e9melyike lehet\u0151v\u00e9 teszi sz\u00e1munkra azt is, hogy pontosabb helyadatokhoz f\u00e9rj\u00fcnk hozz\u00e1 \u00d6nr\u0151l, \u00e9s inform\u00e1ci\u00f3kat gy\u0171jts\u00fcnk a harmadik f\u00e9l webhelyeinek \u00e9s online szolg\u00e1ltat\u00e1sainak (ide\u00e9rtve az \u00d6nt \u00e9rdekl\u0151 vagy megv\u00e1s\u00e1rolt term\u00e9keket vagy szolg\u00e1ltat\u00e1sokat) haszn\u00e1lat\u00e1r\u00f3l \u00e9s interakci\u00f3ir\u00f3l, az\u00e9rt, hogy jobban kiszolg\u00e1lhassuk \u00d6nt.<\/li>\n<li><strong>Rekl\u00e1madatok<\/strong>: Egyes napl\u00f3adatokat \u00e9s elemz\u00e9si adatokat (az \u00d6n hozz\u00e1j\u00e1rul\u00e1s\u00e1val, a vonatkoz\u00f3 jogszab\u00e1lyok el\u0151\u00edr\u00e1sainak megfelelve) rekl\u00e1mkamp\u00e1nyok lefuttat\u00e1s\u00e1hoz is gy\u0171jt\u00fcnk \u00e9s felhaszn\u00e1lunk, ide\u00e9rtve a c\u00e9lzott hirdet\u00e9sek megjelen\u00edt\u00e9s\u00e9t, hirdet\u00e9si h\u00e1l\u00f3zatok, k\u00f6z\u00f6ss\u00e9gi m\u00e9diav\u00e1llalatok \u00e9s m\u00e1s harmadik f\u00e9lt\u0151l sz\u00e1rmaz\u00f3 szolg\u00e1ltat\u00e1sok felhaszn\u00e1l\u00e1s\u00e1val. Ezekkel a gyakorlatokkal kapcsolatos tov\u00e1bbi inform\u00e1ci\u00f3k\u00e9rt, k\u00e9rj\u00fck keresse fel\u00a0<strong>Cookie Nyilatkozatunkat<\/strong>.<\/li>\n<\/ul>\n\n\n\n<p>\u00a0<\/p>\n\n\n\n<p>Mi \u00e9s harmadik f\u00e9l szolg\u00e1ltat\u00f3ink (i) cookie-kat vagy kis adatf\u00e1jlokat haszn\u00e1lhatunk, amelyeket az egy\u00e9n sz\u00e1m\u00edt\u00f3g\u00e9p\u00e9n t\u00e1rolunk, \u00e9s (ii) m\u00e1s, kapcsol\u00f3d\u00f3 technol\u00f3gi\u00e1kat, p\u00e9ld\u00e1ul webes nyomjelz\u0151ket, pixeleket, be\u00e1gyazott szkripteket, helymeghat\u00e1roz\u00f3 technol\u00f3gi\u00e1kat \u00e9s napl\u00f3z\u00e1si technol\u00f3gi\u00e1kat (egy\u00fcttesen \u201c<strong>cookie-k<\/strong>\u201c), hogy automatikusan \u00f6sszegy\u0171jts\u00fck ezeket a szem\u00e9lyes adatokat.<\/p>\n\n\n\n<p>\u00a0<\/p>\n\n\n\n<p>Ezekkel a gyakorlatokkal \u00e9s cookie lehet\u0151s\u00e9geivel kapcsolatos tov\u00e1bbi inform\u00e1ci\u00f3k\u00e9rt, k\u00e9rj\u00fck keresse fel\u00a0<strong>Cookie Nyilatkozatunkat<\/strong>.<\/p>\n\n\n\n<h3 class=\"wp-block-heading\">M\u00e1s forr\u00e1sokb\u00f3l \u00e9s Harmadik Felekt\u0151l sz\u00e1rmaz\u00f3 Szem\u00e9lyes Adatok<\/h3>\n\n\n\n<p>Harmadik felekt\u0151l \u00e9s m\u00e1s forr\u00e1sokb\u00f3l is szerezhet\u00fcnk szem\u00e9lyes adatokat, amelyeket gyakran kombin\u00e1lunk az \u00e1ltalunk automatikusan vagy k\u00f6zvetlen\u00fcl az egy\u00e9nt\u0151l gy\u0171jt\u00f6tt szem\u00e9lyes adatokkal.<\/p>\n\n\n\n<p>\u00a0<\/p>\n\n\n\n<p>A szem\u00e9lyes adatok fent le\u00edrt kateg\u00f3ri\u00e1it a k\u00f6vetkez\u0151 harmadik felekt\u0151l kaphatjuk meg:<\/p>\n\n\n\n<p>\u00a0<\/p>\n\n\n\n<ul class=\"wp-block-list\">\n<li><strong>Campari Group:<\/strong>\u00a0Szem\u00e9lyes adatokat gy\u0171jthet\u00fcnk a Campari Group tulajdon\u00e1ban vagy ellen\u0151rz\u00e9se alatt \u00e1ll\u00f3 m\u00e1s v\u00e1llalatokt\u00f3l, valamint a Campari Group tulajdon\u00e1ban l\u00e9v\u0151 vagy vele k\u00f6z\u00f6s tulajdonban l\u00e9v\u0151 m\u00e1s v\u00e1llalatokt\u00f3l, amely mag\u00e1ban foglalja a le\u00e1nyv\u00e1llalatainkat (azaz minden olyan szervezetet, amely a tulajdonunkban vagy ellen\u0151rz\u00e9s\u00fcnk alatt \u00e1ll) vagy a vezet\u0151 holdingt\u00e1rsas\u00e1gunkat (azaz minden olyan szervezetet, amely a tulajdonunkban vagy ellen\u0151rz\u00e9s\u00fcnk alatt \u00e1ll) \u00e9s az \u00e1ltala tulajdonolt le\u00e1nyv\u00e1llalatokat is, k\u00fcl\u00f6n\u00f6sen akkor, ha egy\u00fcttm\u0171k\u00f6d\u00fcnk a Szolg\u00e1ltat\u00e1sok ny\u00fajt\u00e1sa sor\u00e1n.<\/li>\n<li><strong>K\u00f6z\u00f6ss\u00e9gi m\u00e9dia:<\/strong>\u00a0Amikor egy szem\u00e9ly k\u00fcl\u00f6nb\u00f6z\u0151 k\u00f6z\u00f6ss\u00e9gi m\u00e9diah\u00e1l\u00f3zatokon kereszt\u00fcl l\u00e9p kapcsolatba a Szolg\u00e1ltat\u00e1sainkkal, p\u00e9ld\u00e1ul amikor valaki \u201ckedvel\u201d minket a Facebookon, vagy k\u00f6vet minket, vagy megosztja tartalmainkat a Google, a Facebook, a Twitter vagy m\u00e1s k\u00f6z\u00f6ss\u00e9gi h\u00e1l\u00f3zatokon, p\u00e9ld\u00e1ul a weboldalunk megoszt\u00f3 gombjain kereszt\u00fcl, akkor kaphatunk bizonyos olyan inform\u00e1ci\u00f3kat az egy\u00e9nekr\u0151l, amelyek a k\u00f6z\u00f6ss\u00e9gi h\u00e1l\u00f3zatnak enged\u00e9lyezik, hogy harmadik felekkel megosszon. Az \u00e1ltalunk kapott adatok az egy\u00e9n adatv\u00e9delmi be\u00e1ll\u00edt\u00e1sait\u00f3l f\u00fcggnek a k\u00f6z\u00f6ss\u00e9gi h\u00e1l\u00f3zaton. A mag\u00e1nszem\u00e9lyeknek mindig fel\u00fcl kell vizsg\u00e1lniuk \u00e9s sz\u00fcks\u00e9g eset\u00e9n m\u00f3dos\u00edtaniuk kell adatv\u00e9delmi be\u00e1ll\u00edt\u00e1saikat harmadik f\u00e9l webhelyein \u00e9s k\u00f6z\u00f6ss\u00e9gi m\u00e9diah\u00e1l\u00f3zatain \u00e9s szolg\u00e1ltat\u00e1sain, miel\u0151tt inform\u00e1ci\u00f3kat osztan\u00e1nak meg \u00e9s\/vagy azokat m\u00e1s szolg\u00e1ltat\u00e1sokkal k\u00f6tik vagy kapcsolj\u00e1k \u00f6ssze.<\/li>\n<li><strong>Szolg\u00e1ltat\u00f3k:<\/strong>\u00a0A kiz\u00e1r\u00f3lag a nev\u00fcnkben szolg\u00e1ltat\u00e1sokat ny\u00fajt\u00f3 szolg\u00e1ltat\u00f3ink, p\u00e9ld\u00e1ul a chat szolg\u00e1ltat\u00f3k, a kifizet\u00e9sek feldolgoz\u00e1s\u00e1t v\u00e9gz\u0151 \u00e9s marketing szolg\u00e1ltat\u00f3k szem\u00e9lyes adatokat gy\u0171jtenek, \u00e9s gyakran megosztj\u00e1k vel\u00fcnk ezen adatok egy r\u00e9sz\u00e9t vagy eg\u00e9sz\u00e9t.<\/li>\n<li><strong>Adatszolg\u00e1ltat\u00f3k:<\/strong>\u00a0Id\u0151r\u0151l id\u0151re inform\u00e1ci\u00f3kat szerezhet\u00fcnk be harmadik f\u00e9l adatszolg\u00e1ltat\u00f3kt\u00f3l az \u00e1ltalunk gy\u0171jt\u00f6tt szem\u00e9lyes adatok helyesb\u00edt\u00e9se vagy kieg\u00e9sz\u00edt\u00e9se \u00e9rdek\u00e9ben. P\u00e9ld\u00e1ul friss\u00edtett el\u00e9rhet\u0151s\u00e9gi adatokat szerezhet\u00fcnk be harmadik f\u00e9l adatszolg\u00e1ltat\u00f3kt\u00f3l, hogy \u00fajra kapcsolatba l\u00e9phess\u00fcnk egy szem\u00e9llyel.<\/li>\n<li><strong>Egy\u00e9b forr\u00e1sokb\u00f3l sz\u00e1rmaz\u00f3 inform\u00e1ci\u00f3k:<\/strong>\u00a0Olyan szem\u00e9lyes adatokat is gy\u0171jthet\u00fcnk egy\u00e9nekr\u0151l, amelyekkel egy\u00e9bk\u00e9nt nem rendelkez\u00fcnk, p\u00e9ld\u00e1ul nyilv\u00e1nosan el\u00e9rhet\u0151 forr\u00e1sokb\u00f3l, harmadik f\u00e9l adatszolg\u00e1ltat\u00f3kt\u00f3l, \u00fcgyfelekt\u0151l, \u00fczleti partnerekt\u0151l vagy tranzakci\u00f3k, p\u00e9ld\u00e1ul f\u00fazi\u00f3k \u00e9s felv\u00e1s\u00e1rl\u00e1sok r\u00e9v\u00e9n. Ezek az inform\u00e1ci\u00f3k tartalmazhatnak el\u00e9rhet\u0151s\u00e9gi adatokat \u00e9s a szolg\u00e1ltat\u00e1sok ir\u00e1nti \u00e9rdekl\u0151d\u00e9sre vonatkoz\u00f3 inform\u00e1ci\u00f3kat. Ezeket az inform\u00e1ci\u00f3kat kombin\u00e1lhatjuk az egy\u00e9nt\u0151l k\u00f6zvetlen\u00fcl gy\u0171jt\u00f6tt adatokkal, \u00e9s ehhez hozz\u00e1j\u00e1rul\u00e1st szerz\u00fcnk be, amennyiben az alkalmazand\u00f3 jogszab\u00e1lyok ezt megk\u00f6vetelik. Ezeket az inform\u00e1ci\u00f3kat arra haszn\u00e1ljuk, hogy kapcsolatba l\u00e9pj\u00fcnk mag\u00e1nszem\u00e9lyekkel, rekl\u00e1m- vagy prom\u00f3ci\u00f3s anyagokat k\u00fcldj\u00fcnk, vagy szem\u00e9lyre szabjuk Szolg\u00e1ltat\u00e1sainkat, \u00e9s jobban meg\u00e9rts\u00fck azon szem\u00e9lyek demogr\u00e1fiai adatait, akikkel kapcsolatba l\u00e9p\u00fcnk.<\/li>\n<\/ul>\n\n\n\n<p>\u00a0<\/p>\n\n\n\n<p>Mindezen esetekben az \u00d6n szem\u00e9lyes adatainak kezel\u00e9s\u00e9t Adatv\u00e9delmi Nyilatkozatunk szab\u00e1lyozza. Megjegyezz\u00fck, hogy nem ellen\u0151rizz\u00fck a harmadik felek \u00e1ltal gy\u0171jt\u00f6tt szem\u00e9lyes adatokat, illetve azt, hogy hogyan haszn\u00e1lj\u00e1k fel ezeket a szem\u00e9lyes adatokat. A harmadik felek adatv\u00e9delmi nyilatkozataiban tov\u00e1bbi inform\u00e1ci\u00f3kat tal\u00e1lhat arr\u00f3l, hogyan gy\u0171jtik, haszn\u00e1lj\u00e1k \u00e9s osztj\u00e1k meg az \u00e1ltaluk megszerzett \u00e9s felhaszn\u00e1lt inform\u00e1ci\u00f3kat.<\/p>\n\n\n\n<h3 class=\"wp-block-heading\">1.2 HOGYAN HASZN\u00c1LJUK SZEM\u00c9LYES ADATAIT<\/h3>\n\n\n\n<p>Az \u00e1ltalunk gy\u0171jt\u00f6tt szem\u00e9lyes adatokat arra haszn\u00e1ljuk, hogy<\/p>\n\n\n\n<p>\u00a0<\/p>\n\n\n\n<ul class=\"wp-block-list\">\n<li>Megfelelj\u00fcnk vagy teljes\u00edts\u00fck az inform\u00e1ci\u00f3szolg\u00e1ltat\u00e1s ok\u00e1t, p\u00e9ld\u00e1ul szerz\u0151d\u00e9ses k\u00f6telezetts\u00e9geink teljes\u00edt\u00e9se, az \u00d6n \u00e1ltal k\u00e9rt Szolg\u00e1ltat\u00e1sok ny\u00fajt\u00e1sa, ide\u00e9rtve az m\u00e1s felhaszn\u00e1l\u00f3knak vagy csoportoknak k\u00fcld\u00f6tt \u00fczenetei tov\u00e1bb\u00edt\u00e1s\u00e1nak megk\u00f6nny\u00edt\u00e9s\u00e9t;<\/li>\n<li>Ir\u00e1ny\u00edt\u00e1suk szervezet\u00fcnk \u00e9s annak mindennapi m\u0171k\u00f6d\u00e9s\u00e9t;<\/li>\n<li>Kommunik\u00e1ljunk mag\u00e1nszem\u00e9lyekkel, t\u00f6bbek k\u00f6z\u00f6tt e-mailben, sz\u00f6veges \u00fczenetben, \u00fczenetk\u00fcld\u0151 alkalmaz\u00e1sokon, k\u00f6z\u00f6ss\u00e9gi m\u00e9di\u00e1n \u00e9s\/vagy telefonh\u00edv\u00e1sokon, videokonferenci\u00e1kon kereszt\u00fcl.<\/li>\n<li>\u00c9rt\u00e9kes\u00edts\u00fck Szolg\u00e1ltat\u00e1sainkat egy\u00e9neknek, t\u00f6bbek k\u00f6z\u00f6tt e-mailben, k\u00f6zvetlen lev\u00e9lben, telefonon vagy sz\u00f6veges \u00fczenetben, k\u00f6z\u00f6ss\u00e9gi m\u00e9dia- \u00e9s hirdet\u00e9si h\u00e1l\u00f3zatokon, \u00fczenetk\u00fcld\u0151 alkalmaz\u00e1sokon, videokonferenci\u00e1kon kereszt\u00fcl;<\/li>\n<li>Kezelj\u00fck, jav\u00edt\u00e1suk \u00e9s szem\u00e9lyre szabjuk Szolg\u00e1ltat\u00e1sainkat, t\u00f6bbek k\u00f6z\u00f6tt az\u00e1ltal, hogy felismerj\u00fck az egy\u00e9nt \u00e9s megjegyezz\u00fck az adatait, amikor visszat\u00e9r a Szolg\u00e1ltat\u00e1sainkhoz;<\/li>\n<li>Feldolgozzuk a Szolg\u00e1ltat\u00e1saink\u00e9rt ny\u00fajtott fizet\u00e9st;<\/li>\n<li>El\u0151seg\u00edt\u00e9s\u00fck a felhaszn\u00e1l\u00f3i el\u0151ny\u00f6ket \u00e9s szolg\u00e1ltat\u00e1sokat, ide\u00e9rtve az \u00fcgyf\u00e9lt\u00e1mogat\u00e1st is;<\/li>\n<li>Azonos\u00edtsuk \u00e9s elemezz\u00fck, hogy az egy\u00e9nek hogyan haszn\u00e1lj\u00e1k szolg\u00e1ltat\u00e1sainkat;<\/li>\n<li>Kutat\u00e1st \u00e9s elemz\u00e9st v\u00e9gezz\u00fcnk \u00fcgyf\u00e9lk\u00f6r\u00fcnkkel \u00e9s szolg\u00e1ltat\u00e1sainkkal kapcsolatban;<\/li>\n<li>Fejlessz\u00fck \u00e9s testre szabjuk Szolg\u00e1ltat\u00e1sainkat a felhaszn\u00e1l\u00f3i b\u00e1zisunk \u00e9s m\u00e1s egy\u00e9nek ig\u00e9nyeinek \u00e9s \u00e9rdekl\u0151d\u00e9si k\u00f6r\u00e9nek kiel\u00e9g\u00edt\u00e9se \u00e9rdek\u00e9ben;<\/li>\n<li>Tesztelj\u00fck, fejlessz\u00fck, friss\u00edt\u00e9s\u00fck \u00e9s figyelemmel k\u00eds\u00e9rj\u00fck Szolg\u00e1ltat\u00e1sokat, illetve diagnosztiz\u00e1ljuk vagy jav\u00edtsuk a technol\u00f3giai probl\u00e9m\u00e1kat;<\/li>\n<li>Seg\u00edts\u00fcnk fenntartani tulajdonunk \u00e9s szolg\u00e1ltat\u00e1saink, technol\u00f3giai eszk\u00f6zeink \u00e9s \u00fczleti tev\u00e9kenys\u00e9g\u00fcnk biztons\u00e1g\u00e1t, v\u00e9delm\u00e9t \u00e9s integrit\u00e1s\u00e1t;<\/li>\n<li>Betartassuk\u00a0<strong>Szolg\u00e1ltat\u00e1si felt\u00e9teleinket<\/strong>, vit\u00e1kat rendezz\u00fcnk, teljes\u00edt\u00e9s\u00fck k\u00f6telezetts\u00e9geinket \u00e9s \u00e9rv\u00e9nyes\u00edt\u00e9s\u00fck jogainkat, valamint v\u00e9dj\u00fck saj\u00e1t \u00e9s harmadik felek \u00fczleti \u00e9rdekeit \u00e9s jogait;<\/li>\n<li>V\u00e9dj\u00fck \u00e9s \u00e9rv\u00e9nyes\u00edts\u00fck jogainkat vagy az alkalmazand\u00f3 szerz\u0151d\u00e9seket \u00e9s meg\u00e1llapod\u00e1sokat;<\/li>\n<li>Megel\u0151zz\u00fck, kivizsg\u00e1ljuk \u00e9s \u00e9rtes\u00edt\u00e9st adjunk csal\u00e1sr\u00f3l, jogellenes vagy b\u0171ncselekm\u00e9ny tev\u00e9kenys\u00e9gr\u0151l;<\/li>\n<li>Teljes\u00edt\u00e9s\u00fcnk b\u00e1rmely m\u00e1s olyan c\u00e9lt, amelyhez \u00d6n szem\u00e9lyes adatokat szolg\u00e1ltat; \u00e9s<\/li>\n<li>Megfelelj\u00fcnk a jogi k\u00f6telezetts\u00e9geknek.<\/li>\n<\/ul>\n\n\n\n<p>\u00a0<\/p>\n\n\n\n<p>Ha egy szem\u00e9ly \u00fagy d\u00f6nt, hogy kapcsolatba l\u00e9p vel\u00fcnk, tov\u00e1bbi inform\u00e1ci\u00f3kra lehet sz\u00fcks\u00e9g\u00fcnk a k\u00e9r\u00e9s teljes\u00edt\u00e9s\u00e9hez vagy a megkeres\u00e9sek megv\u00e1laszol\u00e1s\u00e1hoz. Tov\u00e1bbi adatv\u00e9delemmel kapcsolatos inform\u00e1ci\u00f3kkal szolg\u00e1lhatunk, amennyiben a megkeres\u00e9s\/k\u00e9r\u00e9s \u00e9s\/vagy az \u00e1ltalunk k\u00e9rt szem\u00e9lyes adatok k\u00f6re nem tartozik jelen Adatv\u00e9delmi Nyilatkozat hat\u00e1lya al\u00e1. Ebben az esetben a kieg\u00e9sz\u00edt\u0151 adatv\u00e9delmi nyilatkozat szab\u00e1lyozza, hogy hogyan kezelhetj\u00fck az akkor megadott adatokat.<\/p>\n\n\n\n<h3 class=\"wp-block-heading\">1.3 HOGYAN OSZTJUK MEG SZEM\u00c9LYES ADATAIT<\/h3>\n\n\n\n<p>Az al\u00e1bbiakban le\u00edrtak szerint szem\u00e9lyes adatokat harmadik felekkel is megoszthatunk, tov\u00e1bb\u00edthatunk, nyilv\u00e1noss\u00e1gra hozhatunk, azokhoz hozz\u00e1f\u00e9r\u00e9st biztos\u00edthatunk, hozz\u00e1f\u00e9rhet\u0151v\u00e9 tehet\u00fcnk \u00e9s \u00e1tadhatunk nekik.<\/p>\n\n\n\n<p>\u00a0<\/p>\n\n\n\n<ul class=\"wp-block-list\">\n<li><strong>Szolg\u00e1ltat\u00f3k:\u00a0<\/strong>Szem\u00e9lyes adatokat osztunk meg harmadik f\u00e9l v\u00e1llalkoz\u00f3kkal \u00e9s szolg\u00e1ltat\u00f3kkal, akik a nev\u00fcnkben szolg\u00e1ltat\u00e1sokat ny\u00fajtanak, amelyek \u00e9sszer\u0171 titoktart\u00e1si felt\u00e9telekhez k\u00f6t\u00f6ttek, \u00e9s amelyek magukban foglalhatj\u00e1k a fizet\u00e9sek feldolgoz\u00e1s\u00e1t, webt\u00e1rhely- \u00e9s karbantart\u00e1si szolg\u00e1ltat\u00e1sok ny\u00fajt\u00e1s\u00e1t, technol\u00f3giai t\u00e1mogat\u00e1si szolg\u00e1ltat\u00f3kat, foglal\u00e1sok kezel\u00e9s\u00e9t, e-mail kommunik\u00e1ci\u00f3s szolg\u00e1ltat\u00f3kat, elemz\u00e9si szolg\u00e1ltat\u00f3kat, adatt\u00e1rol\u00e1si szolg\u00e1ltat\u00f3kat, versenyrendez\u00e9st, valamint web- \u00e9s vide\u00f3hoszting szolg\u00e1ltat\u00f3kat \u00e9s fejleszt\u0151ket.<\/li>\n<li><strong>Campari Group:\u00a0<\/strong>Megoszthatjuk a Campari Group tulajdon\u00e1ban vagy ellen\u0151rz\u00e9se alatt \u00e1ll\u00f3 m\u00e1s v\u00e1llalatokkal \u00e9s m\u00e1rk\u00e1kkal, valamint a Campari Group tulajdon\u00e1ban l\u00e9v\u0151 vagy vele k\u00f6z\u00f6s tulajdonban l\u00e9v\u0151 m\u00e1s v\u00e1llalatokkal. Jelen Adatv\u00e9delmi nyilatkozatnak megfelel\u0151en ezek a v\u00e1llalatok ugyan\u00fagy haszn\u00e1lj\u00e1k az \u00d6n szem\u00e9lyes adatait, ahogyan mi is haszn\u00e1lhatjuk.<\/li>\n<li><strong>\u00dczleti partnerek:\u00a0<\/strong>Szem\u00e9lyes adatokat adhatunk \u00e1t \u00fczleti partnereinknek \u00e9s m\u00e1s \u00e9rdekelt feleknek tranzakci\u00f3s \u00e9s marketing c\u00e9lokb\u00f3l, ide\u00e9rtve saj\u00e1t term\u00e9keik vagy szolg\u00e1ltat\u00e1saik n\u00e9pszer\u0171s\u00edt\u00e9s\u00e9t is. P\u00e9ld\u00e1ul szem\u00e9lyes adatokat adhatunk \u00e1t \u00fczleti partnereknek, hogy olyan esem\u00e9nyeket, versenyeket, nyerem\u00e9nyj\u00e1t\u00e9kokat vagy aj\u00e1nl\u00f3programokat k\u00edn\u00e1ljunk, amelyekben \u00d6n r\u00e9szt k\u00edv\u00e1n venni. Ilyen esetekben az \u00d6n szem\u00e9lyes adatainak kezel\u00e9s\u00e9t az \u00fczleti partnerek adatv\u00e9delmi nyilatkozata szab\u00e1lyozza.<\/li>\n<li><strong>Adatelemz\u00e9si szolg\u00e1ltat\u00f3k:<\/strong>\u00a0Szem\u00e9lyes adatokat megoszthatunk adatelemz\u0151 szolg\u00e1ltat\u00f3kkal, akik a szolg\u00e1ltat\u00e1saink haszn\u00e1lat\u00e1val \u00e9s a szolg\u00e1ltat\u00e1sainkkal kapcsolatos tev\u00e9kenys\u00e9gekkel kapcsolatos statisztik\u00e1kat \u00e9s folyamatokat elemzik.\u00a0 Ezek az adatelemz\u0151 szolg\u00e1ltat\u00f3k jelent\u00e9seket k\u00e9sz\u00edtenek, \u00e9s az elemzett szem\u00e9lyes adatok \u00e9s egy\u00e9b inform\u00e1ci\u00f3k alapj\u00e1n javaslatokat tesznek \u00fcgyf\u00e9l- \u00e9s \u00fczleti strat\u00e9gi\u00e1nkkal kapcsolatban.<\/li>\n<li><strong>Online Hirdet\u00e9si Partnerek:\u00a0<\/strong>Megoszthatunk szem\u00e9lyes adatokat hirdet\u00e9si h\u00e1l\u00f3zatokkal is, vagy enged\u00e9lyezhetj\u00fck ezeknek a partnereknek, hogy az online hirdet\u00e9sek megk\u00f6nny\u00edt\u00e9se \u00e9rdek\u00e9ben k\u00f6zvetlen\u00fcl a weboldalainkon adatokat gy\u0171jtsenek \u00d6nr\u0151l, p\u00e9ld\u00e1ul a keres\u0151motorok \u00e9s a k\u00f6z\u00f6ss\u00e9gi h\u00e1l\u00f3zatok hirdet\u00e9si szolg\u00e1ltat\u00f3i sz\u00e1m\u00e1ra, hogy c\u00e9lzott hirdet\u00e9seket jelen\u00edtsenek meg \u00d6nnek vagy m\u00e1s felhaszn\u00e1l\u00f3k olyan csoportjainak, akik hasonl\u00f3 jellemz\u0151kkel rendelkeznek, p\u00e9ld\u00e1ul val\u00f3sz\u00edn\u0171s\u00edthet\u0151 kereskedelmi \u00e9rdekl\u0151d\u00e9ssel \u00e9s demogr\u00e1fiai adatokkal, harmadik f\u00e9l platformjain. Tov\u00e1bbi inform\u00e1ci\u00f3k\u00e9rt, ide\u00e9rtve az \u00e9rdekalap\u00fa hirdet\u00e9sek letilt\u00e1s\u00e1nak m\u00f3dj\u00e1t, k\u00e9rj\u00fck, tekintse meg a\u00a0<strong>Cookie Nyilatkozatunkat<\/strong>.<\/li>\n<li><strong>V\u00e1llalati Tranzakci\u00f3:\u00a0<\/strong>Az \u00e1ltalunk gy\u0171jt\u00f6tt adatokat tov\u00e1bb\u00edthatjuk abban az esetben, ha eladjuk vagy \u00e1truh\u00e1zzuk v\u00e1llalkoz\u00e1sunk vagy eszk\u00f6zeink eg\u00e9sz\u00e9t vagy egy r\u00e9sz\u00e9t (ide\u00e9rtve a v\u00e1llalatban l\u00e9v\u0151 r\u00e9szv\u00e9nyeket), vagy term\u00e9keink, szolg\u00e1ltat\u00e1saink, v\u00e1llalkoz\u00e1saink \u00e9s\/vagy eszk\u00f6zeink b\u00e1rmely r\u00e9sz\u00e9t vagy kombin\u00e1ci\u00f3j\u00e1t. Amennyiben ilyen tranzakci\u00f3ra ker\u00fcl sor (legyen az elidegen\u00edt\u00e9s, egyes\u00fcl\u00e9s, felv\u00e1s\u00e1rl\u00e1s, cs\u0151d, megsz\u0171n\u00e9s, \u00e1tszervez\u00e9s, felsz\u00e1mol\u00e1s vagy hasonl\u00f3 tranzakci\u00f3 vagy elj\u00e1r\u00e1s), elv\u00e1rhat\u00f3 er\u0151fesz\u00edt\u00e9seket tesz\u00fcnk annak biztos\u00edt\u00e1s\u00e1ra, hogy az \u00e1tadott adatokat a jelen Adatv\u00e9delmi Nyilatkozatnak megfelel\u0151 m\u00f3don kezelj\u00fck.<\/li>\n<li><strong>Jogi K\u00f6telezetts\u00e9gek \u00e9s Jogok:\u00a0<\/strong>Szem\u00e9lyes adatokat harmadik feleknek, p\u00e9ld\u00e1ul jogi tan\u00e1csad\u00f3knak \u00e9s b\u0171n\u00fcld\u00f6z\u0151 szerveknek \u00e1tadhatunk az al\u00e1bbiak \u00e9rdek\u00e9ben:\u00a0<\/li>\n<li><strong>Az \u00d6n hozz\u00e1j\u00e1rul\u00e1s\u00e1val:\u00a0<\/strong>Az egy\u00e9nre vonatkoz\u00f3 szem\u00e9lyes adatokat az egy\u00e9n beleegyez\u00e9s\u00e9vel vagy utas\u00edt\u00e1s\u00e1val bizonyos egy\u00e9b harmadik felekkel vagy nyilv\u00e1nosan k\u00f6z\u00f6lhet\u00fcnk. P\u00e9ld\u00e1ul az egy\u00e9n hozz\u00e1j\u00e1rul\u00e1s\u00e1val vagy utas\u00edt\u00e1s\u00e1val k\u00f6zz\u00e9tehetj\u00fck a v\u00e9lem\u00e9ny\u00e9t a weboldalunkon vagy a szolg\u00e1ltat\u00e1ssal kapcsolatos kiadv\u00e1nyainkban.<\/li>\n<\/ul>\n\n\n\n<h3 class=\"wp-block-heading\">1.4 ADATAI FELETTI ELLEN\u0150RZ\u00c9S<\/h3>\n\n\n\n<ul class=\"wp-block-list\">\n<li><strong>E-mail kommunik\u00e1ci\u00f3.<\/strong>\u00a0Id\u0151r\u0151l id\u0151re k\u00fcldhet\u00fcnk \u00d6nnek e-maileket a Szolg\u00e1ltat\u00e1saink, term\u00e9keink vagy szolg\u00e1ltat\u00e1saink friss\u00edt\u00e9seir\u0151l, a szervezet\u00fcnkkel kapcsolatos \u00e9rtes\u00edt\u00e9sekr\u0151l vagy az \u00e1ltalunk k\u00edn\u00e1lt term\u00e9kekr\u0151l\/szolg\u00e1ltat\u00e1sokr\u00f3l (vagy harmadik felek prom\u00f3ci\u00f3s aj\u00e1nlatair\u00f3l), amelyekr\u0151l \u00fagy gondoljuk, hogy \u00e9rdekelhetik \u00d6nt.\u00a0 Amennyiben leiratkozna az ilyen e-mailekr\u0151l, egyszer\u0171en kattintson az e-mail alj\u00e1n tal\u00e1lhat\u00f3 \u201cleiratkoz\u00e1si linkre\u201d.\u00a0 Ne feledje, hogy bizonyos szolg\u00e1ltat\u00e1sokkal kapcsolatos e-mail \u00fczenetekr\u0151l (pl. felhaszn\u00e1l\u00f3i fi\u00f3k meger\u0151s\u00edt\u00e9se, tranzakci\u00f3k visszaigazol\u00e1sa, m\u0171szaki vagy jogi \u00e9rtes\u00edt\u00e9sek) nem tud leiratkozni.<\/li>\n<li><strong>SMS sz\u00f6veges \u00fczenetek.\u00a0<\/strong>Az \u00e1ltalunk gy\u0171jt\u00f6tt szem\u00e9lyes adatokat felhaszn\u00e1lhatjuk arra, hogy SMS-ben \u00e9s telefonh\u00edv\u00e1sokon kereszt\u00fcl kommunik\u00e1ljunk az egy\u00e9nekkel (ha sz\u00fcks\u00e9ges, p\u00e9ld\u00e1ul arra, hogy \u00e9rtes\u00edts\u00fck az \u0151ket arr\u00f3l, hogy megnyertek egy versenyt), ide\u00e9rtve, hogy \u00e9rt\u00e9kes\u00edt\u00e9si tev\u00e9kenys\u00e9get folytassunk (az \u00d6n hozz\u00e1j\u00e1rul\u00e1s\u00e1val, ahogy azt a vonatkoz\u00f3 jogszab\u00e1lyok el\u0151\u00edrhatj\u00e1k), vagy hogy inform\u00e1ci\u00f3kat \u00e9s friss\u00edt\u00e9seket k\u00edn\u00e1ljunk \u00d6nnek olyan term\u00e9kekr\u0151l vagy szolg\u00e1ltat\u00e1sokr\u00f3l, amelyekr\u0151l \u00fagy gondoljuk, hogy \u00e9rdekelhetik \u00d6nt. A marketing c\u00e9l\u00fa sz\u00f6veges \u00fczenetekr\u0151l b\u00e1rmikor leiratkozhat, ha STOP \u00fczenettel v\u00e1laszol, vagy ha az \u00fczeneteinkben tal\u00e1lhat\u00f3 leiratkoz\u00e1si linkre (ahol el\u00e9rhet\u0151) kattint. Tov\u00e1bbi inform\u00e1ci\u00f3k\u00e9rt k\u00e9rj\u00fck, olvassa el\u00a0<strong>Szolg\u00e1ltat\u00e1si felt\u00e9teleinket<\/strong>.<\/li>\n<li><strong>Felhaszn\u00e1l\u00f3i fi\u00f3k adatainak m\u00f3dos\u00edt\u00e1sa.<\/strong>\u00a0Ha \u00d6n rendelkezik online felhaszn\u00e1l\u00f3i fi\u00f3kkal n\u00e1lunk, lehet\u0151s\u00e9ge van arra, hogy a fi\u00f3kj\u00e1ban szerepl\u0151 bizonyos adatokat (pl. az el\u00e9rhet\u0151s\u00e9gi adatait) m\u00f3dos\u00edtsa a \u201cprofil\u201d, \u201cfi\u00f3k\u201d vagy hasonl\u00f3, a Szolg\u00e1ltat\u00e1sokban biztos\u00edtott lehet\u0151s\u00e9geken kereszt\u00fcl. Nem minden szem\u00e9lyes adatot tartanak olyan form\u00e1tumban, amelyhez hozz\u00e1f\u00e9rhet, illetve amelyet megv\u00e1ltoztathat. Amennyiben szem\u00e9lyes adataihoz hozz\u00e1f\u00e9r\u00e9st, illetve azok helyesb\u00edt\u00e9s\u00e9t vagy t\u00f6rl\u00e9s\u00e9t szeretn\u00e9 k\u00e9rni, erre ir\u00e1nyul\u00f3 k\u00e9relm\u00e9t az al\u00e1bb megadott e-mail c\u00edmen k\u00fcldheti el nek\u00fcnk. Megvizsg\u00e1ljuk k\u00e9relm\u00e9t, \u00e9s el\u0151fordulhat, hogy tov\u00e1bbi inform\u00e1ci\u00f3kat kell megadnia az azonos\u00edt\u00e1shoz, de nem \u00edg\u00e9rj\u00fck, hogy k\u00e9r\u00e9s\u00e9t teljes\u00edteni tudjuk.<\/li>\n<li><strong>Hozz\u00e1f\u00e9r\u00e9s Eszk\u00f6z\u00e9nek Adataihoz.<\/strong>\u00a0Az eszk\u00f6z\u00e9n tal\u00e1lhat\u00f3 \u201cBe\u00e1ll\u00edt\u00e1sok\u201d alkalmaz\u00e1son kereszt\u00fcl szab\u00e1lyozhatja az eszk\u00f6z\u00e9n tal\u00e1lhat\u00f3 inform\u00e1ci\u00f3khoz val\u00f3 hozz\u00e1f\u00e9r\u00e9st.\u00a0 P\u00e9ld\u00e1ul visszavonhatja a Szolg\u00e1ltat\u00e1soknak a f\u00f6ldrajzi helymeghat\u00e1roz\u00e1s\u00e1hoz val\u00f3 hozz\u00e1f\u00e9r\u00e9si enged\u00e9ly\u00e9t.<\/li>\n<li><strong>Push-\u00e9rtes\u00edt\u00e9sek vez\u00e9rl\u00e9se.<\/strong>\u00a0A push \u00e9rtes\u00edt\u00e9sek fogad\u00e1s\u00e1t le\u00e1ll\u00edthatja, ha az iOS vagy az Android \u00e9rtes\u00edt\u00e9seinek be\u00e1ll\u00edt\u00e1sai men\u00fcj\u00e9ben megv\u00e1ltoztatja a be\u00e1ll\u00edt\u00e1sait.<\/li>\n<\/ul>\n\n\n\n<h3 class=\"wp-block-heading\">1.5 GYERMEKEK<\/h3>\n\n\n\n<p>Szolg\u00e1ltat\u00e1saink nem sz\u00f3lnak 16 \u00e9v alatti gyermekekhez, \u00e9s nem \u00e1ll sz\u00e1nd\u00e9kunkban, illetve akaratunkban, hogy 16 \u00e9v alatti gyermekekt\u0151l szem\u00e9lyes adatokat gy\u0171jts\u00fcnk vagy k\u00e9rj\u00fcnk. Ha egy szem\u00e9ly 16 \u00e9v alatti, nem haszn\u00e1lhatja a Szolg\u00e1ltat\u00e1sainkat, \u00e9s nem adhat meg nek\u00fcnk semmilyen szem\u00e9lyes adatot sem k\u00f6zvetlen\u00fcl, sem m\u00e1s m\u00f3don. Ha egy 16 \u00e9v alatti gyermek szem\u00e9lyes adatokat bocs\u00e1tott rendelkez\u00e9s\u00fcnkre, arra biztatjuk a gyermek sz\u00fcl\u0151j\u00e9t vagy gy\u00e1mj\u00e1t, hogy l\u00e9pjen kapcsolatba vel\u00fcnk, \u00e9s k\u00e9rje, hogy t\u00e1vol\u00edtsuk el a szem\u00e9lyes adatokat a rendszereinkb\u0151l. Ha tudom\u00e1sunkra jut, hogy az \u00e1ltalunk gy\u0171jt\u00f6tt szem\u00e9lyes adatokat 16 \u00e9v alatti gyermek adta meg, azonnal t\u00f6r\u00f6lj\u00fck azokat a szem\u00e9lyes adatokat.<\/p>\n\n\n\n<h3 class=\"wp-block-heading\">1.6 HARMADIK FELEK WEBOLDALAI \u00c9S SZOLG\u00c1LTAT\u00c1SAI<\/h3>\n\n\n\n<p>A Szolg\u00e1ltat\u00e1sok tartalmazhatnak integr\u00e1ci\u00f3kat vagy linkeket harmadik felek, ide\u00e9rtve \u00fczleti partnereinket is, weboldalaira vagy szolg\u00e1ltat\u00e1saira.\u00a0 Ha \u00d6n kapcsolatba l\u00e9p ezekkel a harmadik felekkel, akkor k\u00f6zvetlen\u00fcl a harmadik f\u00e9lnek, nem pedig a Campari-nak ad inform\u00e1ci\u00f3t.\u00a0 Felh\u00edvjuk figyelm\u00e9t, hogy a Campari nem felel\u0151s ezen harmadik felek vagy b\u00e1rmely olyan szervezet adatv\u00e9delmi gyakorlat\u00e1\u00e9rt, amely nem a Campari tulajdon\u00e1ban vagy ellen\u0151rz\u00e9se alatt \u00e1ll.\u00a0 Javasoljuk, hogy tekintse \u00e1t az eml\u00edtett harmadik felek adatv\u00e9delmi ir\u00e1nyelveit \u00e9s online felt\u00e9teleit, hogy t\u00f6bbet tudjon meg arr\u00f3l, hogyan kezelik az \u00d6n szem\u00e9lyes adatait.<\/p>\n\n\n\n<h3 class=\"wp-block-heading\">1.7 AZ ADATV\u00c9DELMI NYILATKOZAT V\u00c1LTOZ\u00c1SAI<\/h3>\n\n\n\n<p>Fenntartjuk a jogot, hogy id\u0151r\u0151l id\u0151re saj\u00e1t bel\u00e1t\u00e1sunk szerint m\u00f3dos\u00edtsuk jelen Adatv\u00e9delmi Nyilatkozatot.\u00a0 A szem\u00e9lyes adatok kezel\u00e9s\u00e9nek m\u00f3dj\u00e1ban bek\u00f6vetkez\u0151 l\u00e9nyeges v\u00e1ltoz\u00e1sokr\u00f3l a felhaszn\u00e1l\u00f3i fi\u00f3kj\u00e1ban megadott els\u0151dleges e-mail c\u00edmre k\u00fcld\u00f6tt \u00e9rtes\u00edt\u00e9ssel, a Weboldalunkon j\u00f3l l\u00e1that\u00f3 m\u00f3don elhelyezett \u00e9rtes\u00edt\u00e9ssel vagy m\u00e1s megfelel\u0151 kommunik\u00e1ci\u00f3s csatorn\u00e1kon kereszt\u00fcl \u00e9rtes\u00edtj\u00fck \u00d6nt.\u00a0 Az \u00d6n felel\u0151ss\u00e9ge, hogy rendszeresen \u00e1ttekintse jelen Adatv\u00e9delmi Nyilatkozatot. Elt\u00e9r\u0151 rendelkez\u00e9s hi\u00e1ny\u00e1ban minden m\u00f3dos\u00edt\u00e1s a k\u00f6zz\u00e9t\u00e9tel napj\u00e1t\u00f3l hat\u00e1lyos.<\/p>\n\n\n\n<h3 class=\"wp-block-heading\">1.8 KAPCSOLATFELV\u00c9TEL<\/h3>\n\n\n\n<p>Ha b\u00e1rmilyen k\u00e9rd\u00e9se vagy k\u00e9r\u00e9se van jelen Adatv\u00e9delmi Nyilatkozattal vagy m\u00e1s, az adatv\u00e9delemmel kapcsolatos \u00fcgyekkel \u00f6sszef\u00fcgg\u00e9sben, k\u00e9rj\u00fck, k\u00fcldj\u00f6n e-mailt a\u00a0<a href=\"mailto:gpdp.office@campari.com\">gpdp.office@campari.com<\/a>\u00a0c\u00edmre.<\/p>\n\n\n\n<h2 class=\"wp-block-heading\">2. KIEG\u00c9SZ\u00cdT\u0150 NYILATKOZAT KALIFORNIAI LAKOSOK R\u00c9SZ\u00c9RE<\/h2>\n\n\n\n<p>Ez a Kaliforniai Lakosoknak sz\u00f3l\u00f3 Kieg\u00e9sz\u00edt\u0151 Nyilatkozat (\u201c<strong>CA T\u00e1j\u00e9koztat\u00f3<\/strong>\u201c) kieg\u00e9sz\u00edti az\u00a0<strong>Adatv\u00e9delmi Nyilatkozatunkban<\/strong>\u00a0foglalt inform\u00e1ci\u00f3kat, \u00e9s kiz\u00e1r\u00f3lag Kalifornia \u00e1llam lakosaira (\u201c<strong>fogyaszt\u00f3k<\/strong>\u201d vagy \u201c<strong>\u00d6n<\/strong>\u201c) vonatkozik.<\/p>\n\n\n\n<p>\u00a0<\/p>\n\n\n\n<p>Ezek a CA T\u00e1j\u00e9koztat\u00f3 tov\u00e1bbi inform\u00e1ci\u00f3kat ny\u00fajt arr\u00f3l, hogy hogyan gy\u0171jtj\u00fck, haszn\u00e1ljuk fel, tessz\u00fck k\u00f6zz\u00e9 \u00e9s egy\u00e9b m\u00f3don dolgozzuk fel Kalifornia \u00e1llam egyes lakosainak szem\u00e9lyes adatait online vagy offline, a 2018-as kaliforniai fogyaszt\u00f3i adatv\u00e9delmi t\u00f6rv\u00e9ny (\u201c<strong>CCPA<\/strong>\u201c) hat\u00e1ly\u00e1nak megfelel\u0151en.<\/p>\n\n\n\n<p>\u00a0<\/p>\n\n\n\n<p>Hacsak kifejezetten m\u00e1sk\u00e9pp nem rendelkezik, a jelen CA T\u00e1j\u00e9koztat\u00f3ban szerepl\u0151 valamennyi kifejez\u00e9snek ugyanaz a jelent\u00e9se, mint az\u00a0<strong>Adatv\u00e9delmi nyilatkozatunkban<\/strong>\u00a0vagy a CCPA-ban meghat\u00e1rozottak szerint.<\/p>\n\n\n\n<p>\u00a0<\/p>\n\n\n\n<p>Amikor a \u201c<strong>szem\u00e9lyes adatok<\/strong>\u201d kifejez\u00e9st haszn\u00e1ljuk ebben a CA Nyilatkozatban, akkor azok alatt olyan inform\u00e1ci\u00f3kat \u00e9rt\u00fcnk, amelyek azonos\u00edtanak, kapcsol\u00f3dnak, le\u00edrnak, \u00e9sszer\u0171en kapcsolatba hozhat\u00f3k, vagy \u00e9sszer\u0171en \u00f6sszek\u00f6thet\u0151, k\u00f6zvetlen\u00fcl vagy k\u00f6zvetve, egy adott fogyaszt\u00f3val vagy h\u00e1ztart\u00e1ssal.<\/p>\n\n\n\n<h3 class=\"wp-block-heading\">SZEM\u00c9LYES ADATOK GY\u0170JT\u00c9SE \u00c9S FELHASZN\u00c1L\u00c1SA<\/h3>\n\n\n\n<p>Sz\u00e1mos c\u00e9lb\u00f3l gy\u0171jt\u00fcnk \u00d6nt\u0151l \u00e9s \u00d6nr\u0151l szem\u00e9lyes adatokat, ahogyan azt az\u00a0<strong>Adatv\u00e9delmi Nyilatkozat\u201dHogyan gy\u0171jtj\u00fck szem\u00e9lyes adatait\u201d\u00a0<\/strong>\u00e9s<strong>\u00a0\u201cHogyan haszn\u00e1ljuk szem\u00e9lyes adatait\u201d<\/strong>\u00a0szakaszai le\u00edrj\u00e1k.<\/p>\n\n\n\n<p>\u00a0<\/p>\n\n\n\n<p>Az elm\u00falt 12 h\u00f3napban a szem\u00e9lyes adatok k\u00f6vetkez\u0151 kateg\u00f3ri\u00e1it gy\u0171jt\u00f6tt\u00fck:<\/p>\n\n\n\n<p>\u00a0<\/p>\n\n\n\n<ul class=\"wp-block-list\">\n<li><strong>Azonos\u00edt\u00f3k<\/strong>, mint p\u00e9ld\u00e1ul az \u00d6n kereszt-, k\u00f6z\u00e9p- \u00e9s vezet\u00e9kneve, e-mail c\u00edme, felhaszn\u00e1l\u00f3neve, postac\u00edme, sz\u00fclet\u00e9si ideje vagy \u00e9letkora, postac\u00edme vagy egy\u00e9b hasonl\u00f3 azonos\u00edt\u00f3k;<\/li>\n<li><strong>Kereskedelmi inform\u00e1ci\u00f3k<\/strong>, p\u00e9ld\u00e1ul a v\u00e1s\u00e1rolt, beszerzett vagy figyelembe vett szolg\u00e1ltat\u00e1sok nyilv\u00e1ntart\u00e1sa;<\/li>\n<li><strong>Internet\/H\u00e1l\u00f3zati Inform\u00e1ci\u00f3k<\/strong>, p\u00e9ld\u00e1ul eszk\u00f6zinform\u00e1ci\u00f3k, napl\u00f3k \u00e9s elemz\u00e9si adatok;<\/li>\n<li><strong>F\u00f6ldrajzi helymeghat\u00e1roz\u00e1si adatok<\/strong>, p\u00e9ld\u00e1ul az \u00d6n IP-c\u00edme vagy m\u00e1s inform\u00e1ci\u00f3k alapj\u00e1n gener\u00e1lt hozz\u00e1vet\u0151leges helymeghat\u00e1roz\u00e1si adatok;<\/li>\n<li><strong>\u00c9rz\u00e9kszervi inform\u00e1ci\u00f3k<\/strong>, p\u00e9ld\u00e1ul az \u00d6n \u00e9s a Campari Group k\u00f6z\u00f6tti telefonbesz\u00e9lget\u00e9sek felv\u00e9telei (adott esetben az \u00d6n enged\u00e9ly\u00e9vel);<\/li>\n<li><strong>K\u00f6vetkeztet\u00e9sek\u00a0<\/strong>\u00e9rdekl\u0151d\u00e9si k\u00f6r\u00e9vel \u00e9s preferenci\u00e1ival kapcsolatban, amelyek az oldalaink haszn\u00e1lat\u00e1b\u00f3l sz\u00e1rmaznak; \u00e9s<\/li>\n<li><strong>Egy\u00e9b Szem\u00e9lyes Adatok<\/strong>, ide\u00e9rtve a visszajelz\u00e9si \u0171rlapon megadott inform\u00e1ci\u00f3kat, valamint az \u00d6n \u00e9s a Campari Group k\u00f6z\u00f6tti b\u00e1rmilyen kommunik\u00e1ci\u00f3t, valamint a k\u00f6z\u00f6ss\u00e9gi oldalakr\u00f3l kapott inform\u00e1ci\u00f3kat.<\/li>\n<\/ul>\n\n\n\n<p>\u00a0<\/p>\n\n\n\n<p>Ezeket az inform\u00e1ci\u00f3kat a k\u00f6vetkez\u0151 forr\u00e1sokb\u00f3l gy\u0171jtj\u00fck: k\u00f6zvetlen\u00fcl \u00d6nt\u0151l, \u00fczleti partnereinkt\u0151l \u00e9s kapcsolt v\u00e1llalkoz\u00e1sainkt\u00f3l, az \u00d6n b\u00f6ng\u00e9sz\u0151j\u00e9b\u0151l vagy eszk\u00f6z\u00e9r\u0151l, amikor \u00d6n megl\u00e1togatja az Alkalmaz\u00e1sunkat vagy haszn\u00e1lja a Szolg\u00e1ltat\u00e1sainkat, vagy olyan harmadik felekt\u0151l, akiknek \u00d6n enged\u00e9lyezi, hogy inform\u00e1ci\u00f3kat osszanak meg vel\u00fcnk. K\u00e9rj\u00fck, b\u0151vebb inform\u00e1ci\u00f3\u00e9rt az \u00e1ltalunk gy\u0171jt\u00f6tt szem\u00e9lyes adatok forr\u00e1sair\u00f3l tekintse meg az Adatv\u00e9delmi Nyilatkozat\u00a0<strong>Hogyan gy\u0171jtj\u00fck szem\u00e9lyes adatait<\/strong>\u00a0c\u00edm\u0171 r\u00e9sz\u00e9t<\/p>\n\n\n\n<h3 class=\"wp-block-heading\">2.1 SZEM\u00c9LYES ADATOK K\u00d6ZZ\u00c9T\u00c9TELE<\/h3>\n\n\n\n<p>\u00dczleti c\u00e9lokb\u00f3l szem\u00e9lyes adatokat osztunk meg harmadik felekkel. Azon harmadik felek kateg\u00f3ri\u00e1i, akiknek \u00fczleti c\u00e9lb\u00f3l \u00e1tadjuk az \u00d6n szem\u00e9lyes adatait, a k\u00f6vetkez\u0151k: (i) a v\u00e1llalatcsal\u00e1dunkhoz tartoz\u00f3 m\u00e1s m\u00e1rk\u00e1k \u00e9s le\u00e1nyv\u00e1llalatok; (ii) szolg\u00e1ltat\u00f3ink \u00e9s tan\u00e1csad\u00f3ink; (iii) elemz\u00e9si szolg\u00e1ltat\u00f3k; (vii) marketing \u00e9s strat\u00e9giai partnerek; \u00e9s (viii) k\u00f6z\u00f6ss\u00e9gi h\u00e1l\u00f3zatok.<\/p>\n\n\n\n<p>\u00a0<\/p>\n\n\n\n<p>Az el\u0151z\u0151 12 h\u00f3napban az \u00e1ltalunk gy\u0171jt\u00f6tt szem\u00e9lyes adatok valamennyi kateg\u00f3ri\u00e1j\u00e1t, amelyeket a jelen CA T\u00e1j\u00e9koztat\u00f3\u00a0<strong>Szem\u00e9lyes adatok gy\u0171jt\u00e9se \u00e9s felhaszn\u00e1l\u00e1sa<\/strong>\u00a0c\u00edm\u0171 fejezetben ismertet\u00fcnk, \u00fczleti c\u00e9lb\u00f3l harmadik f\u00e9llel k\u00f6z\u00f6lt\u00fck.<\/p>\n\n\n\n<h3 class=\"wp-block-heading\">2.2 KALIFORNIAI ADATV\u00c9DELMI JOGAI<\/h3>\n\n\n\n<p>Kaliforniai lakosk\u00e9nt az al\u00e1bbi jogokat gyakorolhatja az \u00d6nr\u0151l gy\u0171jt\u00f6tt szem\u00e9lyes adatokkal kapcsolatban (bizonyos t\u00f6rv\u00e9nyi korl\u00e1toz\u00e1sokkal \u00f6sszhangban):<\/p>\n\n\n\n<figure class=\"wp-block-table\"><table>\n<tbody>\n<tr>\n<td><p><strong>A Hozz\u00e1f\u00e9r\u00e9shez\/Megismer\u00e9shez val\u00f3 Jog<\/strong><\/p>\n<p>\u00d6n jogosult arra, hogy szem\u00e9lyazonoss\u00e1g\u00e1nak igazol\u00e1st k\u00f6vet\u0151en az elm\u00falt 12 h\u00f3napban gy\u0171jt\u00f6tt \u00e9s k\u00f6zz\u00e9tett szem\u00e9lyes adataira vonatkoz\u00f3 al\u00e1bbi inform\u00e1ci\u00f3k b\u00e1rmelyik\u00e9t vagy mindegyik\u00e9t k\u00e9rje:<\/p>\n<p>\u00a0<\/p><\/td>\n<\/tr>\n<tr>\n<td><p><strong>A t\u00f6rl\u00e9shez val\u00f3 joga<\/strong><\/p>\n<p>Bizonyos kiv\u00e9telekt\u0151l eltekintve joga van k\u00e9rni az \u00d6nr\u0151l gy\u0171jt\u00f6tt szem\u00e9lyes adatok t\u00f6rl\u00e9s\u00e9t.<\/p><\/td>\n<\/tr>\n<tr>\n<td><p><strong>A szem\u00e9lyes adatok \u00e9rt\u00e9kes\u00edt\u00e9s\u00e9nek letilt\u00e1s\u00e1hoz val\u00f3 joga<\/strong><\/p>\n<p>\u00d6nnek joga van arra utas\u00edtani minket, hogy ne \u00e9rt\u00e9kes\u00edts\u00fck az \u00d6nr\u0151l gy\u0171jt\u00f6tt szem\u00e9lyes adatokat harmadik f\u00e9lnek sem most, sem a j\u00f6v\u0151ben.<\/p>\n<p>\u00a0<\/p>\n<p>Ha \u00d6n 16 \u00e9vn\u00e9l fiatalabb, joga van ahhoz, hogy beleegyezzen, vagy hogy sz\u00fcl\u0151je vagy gondvisel\u0151je az \u00d6n nev\u00e9ben beleegyezzen az ilyen \u00e9rt\u00e9kes\u00edt\u00e9sbe.<\/p><\/td>\n<\/tr>\n<tr>\n<td><p><strong>A megk\u00fcl\u00f6nb\u00f6ztet\u00e9smentess\u00e9ghez val\u00f3 jog<\/strong><\/p>\n<p>\u00d6nnek joga van ahhoz, hogy e jogok gyakorl\u00e1sa miatt ne \u00e9rje h\u00e1tr\u00e1nyos megk\u00fcl\u00f6nb\u00f6ztet\u00e9s.<br>Felh\u00edvjuk azonban figyelm\u00e9t, hogy ha e jogok gyakorl\u00e1sa korl\u00e1tozza a szem\u00e9lyes adatok kezel\u00e9s\u00e9re vonatkoz\u00f3 k\u00e9pess\u00e9geinket (p\u00e9ld\u00e1ul t\u00f6rl\u00e9si k\u00e9relem eset\u00e9n), el\u0151fordulhat, hogy a tov\u00e1bbiakban nem tudjuk biztos\u00edtani \u00d6nnek term\u00e9keinket \u00e9s szolg\u00e1ltat\u00e1sainkat, vagy nem tudunk ugyanolyan sz\u00ednvonal\u00fa kapcsolatot fenntartani \u00d6nnel.<\/p><\/td>\n<\/tr>\n<tr>\n<td><p><strong>\u201cShine the Light\u201d t\u00f6rv\u00e9ny<\/strong><\/p>\n<p>A vel\u00fcnk \u00fczleti kapcsolatban \u00e1ll\u00f3 kaliforniai lakosoknak jogukban \u00e1ll megismerni, hogy a kaliforniai \u201cShine the Light\u201d t\u00f6rv\u00e9ny (Civ. Code \u00a71798.83) \u00e9rtelm\u00e9ben adataikat k\u00f6zvetlen \u00fczletszerz\u00e9si c\u00e9lok \u00e9rdek\u00e9ben hogyan k\u00f6zlik harmadik f\u00e9llel.<\/p><\/td>\n<\/tr>\n<\/tbody>\n<\/table><\/figure>\n\n\n\n<h3 class=\"wp-block-heading\">2.3 HOGYAN GYAKOROLHATJA KALIFORNIAI ADATV\u00c9DELMI JOGAIT<\/h3>\n\n\n\n<p><u><em>A megismer\u00e9shez vagy a t\u00f6rl\u00e9shez val\u00f3 jog gyakorl\u00e1sa<\/em><\/u><\/p>\n\n\n\n<p>\u00a0<\/p>\n\n\n\n<p><u><em>\u00a0<\/em><\/u><\/p>\n\n\n\n<p>\u00a0<\/p>\n\n\n\n<p>A hozz\u00e1f\u00e9r\u00e9shez, a megismer\u00e9shez vagy a t\u00f6rl\u00e9shez val\u00f3 jog gyakorl\u00e1sa \u00e9rdek\u00e9ben k\u00e9rj\u00fck, ny\u00fajtsa be k\u00e9relm\u00e9t a k\u00f6vetkez\u0151 c\u00edmre:<\/p>\n\n\n\n<p>\u00a0<\/p>\n\n\n\n<ul class=\"wp-block-list\">\n<li>\u00cdrjon nek\u00fcnk e-mailt a\u00a0<a href=\"mailto:gpdp.office@campari.com\">office@campari.com<\/a>\u00a0c\u00edmre a \u201cKaliforniai jogok ir\u00e1nti k\u00e9relem\u201d t\u00e1rgysorral;<\/li>\n<li><strong>Adatv\u00e9delmi jogok ir\u00e1nti k\u00e9relem<\/strong>\u00a0\u0171rlapunk kit\u00f6lt\u00e9se;<\/li>\n<\/ul>\n\n\n\n<p>\u00a0<\/p>\n\n\n\n<p>K\u00e9relme feldolgoz\u00e1sa el\u0151tt ellen\u0151rizn\u00fcnk kell szem\u00e9lyazonoss\u00e1g\u00e1t, \u00e9s meg kell er\u0151s\u00edten\u00fcnk, hogy \u00d6n val\u00f3ban Kalifornia \u00e1llam lakosa. A szem\u00e9lyazonoss\u00e1g\u00e1nak ellen\u0151rz\u00e9se \u00e9rdek\u00e9ben \u00e1ltal\u00e1ban vagy a fi\u00f3kj\u00e1nak sikeres hiteles\u00edt\u00e9s\u00e9t, vagy az \u00d6n \u00e1ltal megadott megfelel\u0151 inform\u00e1ci\u00f3 \u00e9s az \u00d6nr\u0151l a rendszereinkben t\u00e1rolt inform\u00e1ci\u00f3k egybevet\u00e9s\u00e9t k\u00e9rj\u00fck. Ez a folyamat megk\u00f6vetelheti, hogy tov\u00e1bbi szem\u00e9lyes adatokat k\u00e9rj\u00fcnk \u00d6nt\u0151l, t\u00f6bbek k\u00f6z\u00f6tt, de nem kiz\u00e1r\u00f3lagosan az \u00d6n e-mail c\u00edm\u00e9t, telefonsz\u00e1m\u00e1t \u00e9s\/vagy a Szolg\u00e1ltat\u00e1sainkban t\u00f6rt\u00e9nt utols\u00f3 tranzakci\u00f3 d\u00e1tum\u00e1t.<\/p>\n\n\n\n<p>\u00a0<\/p>\n\n\n\n<p>Bizonyos k\u00f6r\u00fclm\u00e9nyek k\u00f6z\u00f6tt elutas\u00edthatjuk a fent le\u00edrt jogok gyakorl\u00e1s\u00e1ra ir\u00e1nyul\u00f3 k\u00e9relmet, k\u00fcl\u00f6n\u00f6sen akkor, ha nem tudjuk ellen\u0151rizni az \u00d6n szem\u00e9lyazonoss\u00e1g\u00e1t vagy \u00a0fellelni adatait a rendszereinkben. Ha nem tudjuk teljes\u00edteni az \u00d6n k\u00e9r\u00e9s\u00e9nek eg\u00e9sz\u00e9t vagy egy r\u00e9sz\u00e9t, meg fogjuk indokolni, hogy mi\u00e9rt nem tudunk eleget tenni a k\u00e9r\u00e9snek.<\/p>\n\n\n\n<p>\u00a0<\/p>\n\n\n\n<p>\u00a0<\/p>\n\n\n\n<p>\u00a0<\/p>\n\n\n\n<p><u><em>A szem\u00e9lyes adatok \u00e9rt\u00e9kes\u00edt\u00e9s\u00e9nek letilt\u00e1s\u00e1hoz val\u00f3 jog gyakorl\u00e1sa<\/em><\/u><\/p>\n\n\n\n<p>\u00a0<\/p>\n\n\n\n<p>Amennyiben nem \u00e9lt a szem\u00e9lyes adatok \u00e9rt\u00e9kes\u00edt\u00e9s\u00e9nek letilt\u00e1s\u00e1hoz val\u00f3 jog\u00e1val, szem\u00e9lyes adatait \u00e9rt\u00e9kes\u00edthetj\u00fck harmadik feleknek p\u00e9nzbeli vagy egy\u00e9b \u00e9rt\u00e9kes ellenszolg\u00e1ltat\u00e1s fej\u00e9ben. A harmadik felek ezeket az inform\u00e1ci\u00f3kat saj\u00e1t c\u00e9ljaikra saj\u00e1t adatv\u00e9delmi nyilatkozataiknak megfelel\u0151en haszn\u00e1lhatj\u00e1k fel, ami mag\u00e1ban foglalhatja ezen inform\u00e1ci\u00f3k tov\u00e1bbi harmadik feleknek t\u00f6rt\u00e9n\u0151 tov\u00e1bb\u00e9rt\u00e9kes\u00edt\u00e9s\u00e9t is.<\/p>\n\n\n\n<p>\u00a0<\/p>\n\n\n\n<p>Nem kell felhaszn\u00e1l\u00f3i fi\u00f3kot l\u00e9trehoznia n\u00e1lunk ahhoz, hogy \u00e9lhessen a szem\u00e9lyes adatok \u00e9rt\u00e9kes\u00edt\u00e9s\u00e9nek letilt\u00e1s\u00e1hoz val\u00f3 jog\u00e1val. Azonban k\u00e9rhetj\u00fck, hogy tov\u00e1bbi szem\u00e9lyes adatokat adjon meg, hogy megfelel\u0151en azonos\u00edthassuk \u00d6nt az adat\u00e1llom\u00e1nyunkban, \u00e9s hogy nyomon k\u00f6vethess\u00fck a letilt\u00e1si k\u00e9relm\u00e9nek val\u00f3 megfelel\u00e9st. Ezek az inform\u00e1ci\u00f3k t\u00f6bbek k\u00f6z\u00f6tt az \u00d6n nev\u00e9t, e-mail c\u00edm\u00e9t \u00e9s ir\u00e1ny\u00edt\u00f3sz\u00e1m\u00e1t tartalmazhatj\u00e1k. A letilt\u00e1s ir\u00e1nti k\u00e9relemben megadott szem\u00e9lyes adatokat kiz\u00e1r\u00f3lag a k\u00e9relem fel\u00fclvizsg\u00e1lat\u00e1hoz \u00e9s teljes\u00edt\u00e9s\u00e9hez haszn\u00e1ljuk fel. Ha \u00d6n \u00fagy d\u00f6nt, hogy nem adja meg ezeket az inform\u00e1ci\u00f3kat, akkor csak olyan m\u00e9rt\u00e9kben tudjuk feldolgozni a k\u00e9r\u00e9s\u00e9t, amilyen m\u00e9rt\u00e9kben azonos\u00edtani tudjuk \u00d6nt az adatrendszereinkben.<\/p>\n\n\n\n<p>\u00a0<\/p>\n\n\n\n<ul class=\"wp-block-list\">\n<li><strong>Letilt\u00e1si Cookie-k (Ne adja el a szem\u00e9lyes adataimat):\u00a0<\/strong>A cookie-k \u00e9s egy\u00e9b, az analitikai \u00e9s c\u00e9lzott hirdet\u00e9sekhez haszn\u00e1lt nyomk\u00f6vet\u0151 technol\u00f3gi\u00e1k haszn\u00e1lat\u00e1val kapcsolatos letilt\u00e1si jog\u00e1nak gyakorl\u00e1s\u00e1hoz k\u00e9rj\u00fck, adja meg v\u00e1laszt\u00e1s\u00e1t a megfelel\u0151 cookie-kat tartalmaz\u00f3 s\u00e1vban.<\/li>\n<\/ul>\n\n\n\n<p>\u00a0<\/p>\n\n\n\n<p>\u00d6n a\u00a0<strong>Digital Advertising Alliance (\u201cDAA\u201d) CCPA eszk\u00f6z<\/strong>\u00a0haszn\u00e1lat\u00e1val is elv\u00e9gezheti a letilt\u00e1st. A DAA a CCPA letilt\u00e1s eszk\u00f6zt k\u00edn\u00e1lja, amely egy k\u00f6zponti hely, ahol az \u00f6sszes DAA-ban r\u00e9szt vev\u0151, az \u00d6n szem\u00e9lyes adatait t\u00f6bb weboldalon \u00e9s alkalmaz\u00e1son kereszt\u00fcl gy\u0171jt\u0151 v\u00e1llalkoz\u00e1s lemondhat a szem\u00e9lyes adatok \u00e9rt\u00e9kes\u00edt\u00e9s\u00e9r\u0151l. Ha \u00e9lni k\u00edv\u00e1n az ilyen t\u00edpus\u00fa szem\u00e9lyes adatok \u00e9rt\u00e9kes\u00edt\u00e9s\u00e9nek letilt\u00e1s\u00e1hoz val\u00f3 jog\u00e1val, k\u00e9rj\u00fck, l\u00e1togasson el a\u00a0<a href=\"https:\/\/optout.privacyrights.info\/\">https:\/\/optout.privacyrights.info<\/a>\u00a0weboldalra. Az eszk\u00f6z\u00e9n l\u00e9v\u0151 mobilalkalmaz\u00e1sokkal kapcsolatos letilt\u00e1si k\u00e9relmek beny\u00fajt\u00e1s\u00e1hoz let\u00f6ltheti a megfelel\u0151 alkalmaz\u00e1st a\u00a0<a href=\"https:\/\/www.privacyrights.info\/appchoices\">https:\/\/www.privacyrights.info\/appchoices<\/a>weboldalr\u00f3l. Ha t\u00f6bbet szeretne megtudni arr\u00f3l, hogy harmadik felek hogyan gy\u0171jtenek automatikusan inform\u00e1ci\u00f3kat a Webhely\u00fcnk\u00f6n \u00e9s, hogy milyen v\u00e1laszt\u00e1si lehet\u0151s\u00e9gei vannak ezekkel a tev\u00e9kenys\u00e9gekkel kapcsolatban, k\u00e9rj\u00fck, tekintse meg a\u00a0<strong>Cookie Nyilatkozatunkat<\/strong>.<\/p>\n\n\n\n<p>\u00a0<\/p>\n\n\n\n<p>\u00a0<\/p>\n\n\n\n<p>\u00a0<\/p>\n\n\n\n<ul class=\"wp-block-list\">\n<li><strong>A szem\u00e9lyes adatok \u00e9rt\u00e9kes\u00edt\u00e9s\u00e9nek vagy megoszt\u00e1s\u00e1nak letilt\u00e1sa:\u00a0<\/strong>Ha \u00e9lni k\u00edv\u00e1n a szem\u00e9lyes adatainak (p\u00e9ld\u00e1ul nev\u00e9nek, e-mail c\u00edm\u00e9nek, postac\u00edm\u00e9nek) harmadik f\u00e9llel val\u00f3, k\u00f6zvetlen \u00fczletszerz\u00e9si vagy egy\u00e9b kereskedelmi c\u00e9l\u00fa \u00e9rt\u00e9kes\u00edt\u00e9s\u00e9vel vagy megoszt\u00e1s\u00e1val kapcsolatos tiltakoz\u00e1si jog\u00e1val, k\u00e9rj\u00fck, ny\u00fajtsa be k\u00e9relm\u00e9t az\u00a0<u><strong>Adatv\u00e9delmi jogok ir\u00e1nti k\u00e9relem \u0171rlapon<\/strong><\/u>.<\/li>\n<\/ul>\n\n\n\n<p>\u00a0<\/p>\n\n\n\n<p>\u00a0<\/p>\n\n\n\n<p>\u00a0<\/p>\n\n\n\n<p><u><strong>Meghatalmazottak<\/strong><\/u><\/p>\n\n\n\n<p>\u00a0<\/p>\n\n\n\n<p>Bizonyos k\u00f6r\u00fclm\u00e9nyek k\u00f6z\u00f6tt a kaliforniai lakosok sz\u00e1m\u00e1ra enged\u00e9lyezett, hogy meghatalmazott szem\u00e9lyen kereszt\u00fcl ny\u00fajtsanak be k\u00e9relmeket a szem\u00e9lyes adatok megismer\u00e9se vagy t\u00f6rl\u00e9se t\u00e1rgy\u00e1ban a jelen CA T\u00e1j\u00e9koztat\u00f3ban meghat\u00e1rozott m\u00f3dszerekkel, amennyiben a meghatalmazott a meghatalmaz\u00f3 nev\u00e9ben t\u00f6rt\u00e9n\u0151 cselekv\u00e9sre val\u00f3 jogosults\u00e1g\u00e1t a k\u00f6vetkez\u0151kkel tudjuk igazolni:<\/p>\n\n\n\n<p>\u00a0<\/p>\n\n\n\n<ul class=\"wp-block-list\">\n<li>a kaliforniai t\u00f6rv\u00e9nyek szerint \u00e9rv\u00e9nyes meghatalmaz\u00e1st kap a fogyaszt\u00f3t\u00f3l vagy meghatalmazottj\u00e1t\u00f3l; vagy<\/li>\n<li>elegend\u0151 bizony\u00edt\u00e9kot kapnak arra vonatkoz\u00f3an, hogy a fogyaszt\u00f3:\u00a0<\/li>\n<\/ul>\n\n\n\n<p>\u00a0<\/p>\n\n\n\n<p>A szem\u00e9lyes adatok \u201c\u00e9rt\u00e9kes\u00edt\u00e9s\u00e9nek\u201d letilt\u00e1s\u00e1ra vonatkoz\u00f3 k\u00e9relmek eset\u00e9ben al\u00e1\u00edrt enged\u00e9lyre van sz\u00fcks\u00e9g\u00fcnk, amely igazolja, hogy az \u00d6n meghatalmazottja felhatalmaz\u00e1st kapott arra, hogy az \u00d6n nev\u00e9ben elj\u00e1rjon.<\/p>\n\n\n\n<h2 class=\"wp-block-heading\">3. KIEG\u00c9SZ\u00cdT\u0150 NYILATKOZAT AZ EUR\u00d3PAI GAZDAS\u00c1GI T\u00c9RS\u00c9G, AZ EGYES\u00dcLT KIR\u00c1LYS\u00c1G \u00c9S SV\u00c1JC SZ\u00c1M\u00c1RA<\/h2>\n\n\n\n<p>Ez a Kieg\u00e9sz\u00edt\u0151 Nyilatkozat kieg\u00e9sz\u00edti az Adatv\u00e9delmi Nyilatkozatunkban foglalt inform\u00e1ci\u00f3kat, \u00e9s az Eur\u00f3pai Gazdas\u00e1gi T\u00e9rs\u00e9gben (\u201c<em><strong>EGT<\/strong><\/em>\u201c), az Egyes\u00fclt Kir\u00e1lys\u00e1gban (\u201c<strong>UK<\/strong>\u201c) \u00e9s Sv\u00e1jcban tart\u00f3zkod\u00f3 egy\u00e9nekre vonatkozik, ak\u00e1r ideiglenesen is. Ez a Kieg\u00e9sz\u00edt\u0151 Nyilatkozat t\u00e1j\u00e9koztat\u00e1st ny\u00fajt arr\u00f3l, hogy hogyan gy\u0171jt\u00fcnk, haszn\u00e1lunk, k\u00f6zl\u00fcnk \u00e9s kezel\u00fcnk szem\u00e9lyes adatokat online vagy offline, az \u00e1ltal\u00e1nos adatv\u00e9delmi rendelet (EU) 2016\/679 (\u201c<em><strong>GDPR<\/strong><\/em>\u201c), az Egyes\u00fclt Kir\u00e1lys\u00e1g GDPR \u00e9s Sv\u00e1jc adatv\u00e9delmi jogszab\u00e1lyainak hat\u00e1ly\u00e1val \u00f6sszhangban. Hacsak kifejezetten m\u00e1sk\u00e9nt nem rendelkezik, a jelen nyilatkozatban szerepl\u0151 valamennyi kifejez\u00e9s az Adatv\u00e9delmi Nyilatkozatunkban vagy a fent eml\u00edtett jogszab\u00e1lyokban meghat\u00e1rozottak szerint \u00e9rtelmezend\u0151.<\/p>\n\n\n\n<p>\u00a0<\/p>\n\n\n\n<p>A Campari Group Eur\u00f3p\u00e1ban m\u0171k\u00f6dik, \u00e9s szolg\u00e1ltat\u00e1sainkat az<em><strong>\u00a0EGT\u00a0<\/strong><\/em><em>\u2013<\/em>ben, az\u00a0<em><strong>Egyes\u00fclt Kir\u00e1lys\u00e1gban<\/strong><\/em>\u00a0\u00e9s Sv\u00e1jcban \u00e9l\u0151 szem\u00e9lyekhez c\u00edmezhetj\u00fck, t\u00f6bbek k\u00f6z\u00f6tt eur\u00f3pai weboldalainkon kereszt\u00fcl (egy\u00fcttesen \u201c<em><strong>Eur\u00f3pai Szolg\u00e1ltat\u00e1saink<\/strong><\/em>\u201c).\u00a0 Az al\u00e1bbi t\u00e1j\u00e9koztat\u00f3 (\u201c<em><strong>Adatv\u00e9delmi t\u00e1j\u00e9koztat\u00f3<\/strong><\/em>\u201c) az Eur\u00f3pai Szolg\u00e1ltat\u00e1sainkkal kapcsolatos szem\u00e9lyes adatok kezel\u00e9s\u00e9re vonatkoznak.<\/p>\n\n\n\n<p>\u00a0<\/p>\n\n\n\n<p>Amikor ebben a szakaszban a \u201c<em><strong>szem\u00e9lyes adat<\/strong><\/em>\u201d kifejez\u00e9st haszn\u00e1ljuk, akkor az azonos\u00edtott vagy azonos\u00edthat\u00f3 term\u00e9szetes szem\u00e9lyre vonatkoz\u00f3 inform\u00e1ci\u00f3kat \u00e9rtj\u00fck alatta.<\/p>\n\n\n\n<p>\u00a0<\/p>\n\n\n\n<p><strong>Az adatv\u00e9delmi tisztvisel\u0151 az al\u00e1bbi c\u00edmen \u00e9rhet\u0151 el:\u00a0<\/strong><a href=\"mailto:gpdp.office@campari.com\"><strong>gpdp.office@campari.com<\/strong><\/a><\/p>\n\n\n\n<h3 class=\"wp-block-heading\">3.1 A CAMPARI GROUP EUR\u00d3PAI SZOLG\u00c1LTAT\u00c1SAINAK IG\u00c9NYBEV\u00c9TELEKOR GY\u0170JT\u00d6TT SZEM\u00c9LYES ADATOK \u00c9S AZOK FELHASZN\u00c1L\u00c1S\u00c1NAK M\u00d3DJA<\/h3>\n\n\n\n<p>Azokat a szem\u00e9lyes adatkateg\u00f3ri\u00e1kat, amelyeket \u00d6n az Eur\u00f3pai Szolg\u00e1ltat\u00e1sok haszn\u00e1lata sor\u00e1n \u00f6nk\u00e9ntesen k\u00f6zvetlen\u00fcl nek\u00fcnk ad meg, olyan m\u00f3don gy\u0171jtj\u00fck, ahogyan azt az Adatv\u00e9delmi nyilatkozatunkban a\u00a0<strong>Hogyan gy\u0171jtj\u00fck szem\u00e9lyes adatait\u00a0<\/strong>\u00e9s\u00a0<strong>Hogyan haszn\u00e1ljuk szem\u00e9lyes adatait<\/strong>\u00a0c\u00edm\u0171 szakaszok tartalmazz\u00e1k.<\/p>\n\n\n\n<p>\u00a0<\/p>\n\n\n\n<p>Jelezni fogjuk \u00d6nnek, hogy bizonyos szem\u00e9lyes adatok megad\u00e1sa k\u00f6telez\u0151 vagy opcion\u00e1lis. Ha \u00fagy d\u00f6nt, hogy nem adja meg a k\u00f6telez\u0151nek megjel\u00f6lt szem\u00e9lyes adatait, el\u0151fordulhat, hogy nem tudunk v\u00e1laszolni a k\u00e9rd\u00e9seire, vagy nem tudunk egy\u00e9b szolg\u00e1ltat\u00e1sokat ny\u00fajtani \u00d6nnek.<\/p>\n\n\n\n<p>\u00a0<\/p>\n\n\n\n<p>Az\u00a0<strong>1. mell\u00e9kletben<\/strong>\u00a0tal\u00e1lhat\u00f3 t\u00e1bl\u00e1zat r\u00e9szletesen bemutatja az \u00d6nr\u0151l gy\u0171jt\u00f6tt szem\u00e9lyes adatok kateg\u00f3ri\u00e1it, valamint azt, hogy hogyan haszn\u00e1ljuk ezeket az inform\u00e1ci\u00f3kat, amikor \u00d6n az Eur\u00f3pai Szolg\u00e1ltat\u00e1sokat ig\u00e9nybe veszi, tov\u00e1bb\u00e1 azt a jogalapot, amelyre a szem\u00e9lyes adatok kezel\u00e9se sor\u00e1n hivatkozunk, valamint a szem\u00e9lyes adatok c\u00edmzettjeit.<\/p>\n\n\n\n<h3 class=\"wp-block-heading\">3.2 AZ AUTOMATIKUSAN GY\u0170JT\u00d6TT INFORM\u00c1CI\u00d3K<\/h3>\n\n\n\n<p>K\u00f6zvetve automatikusan gy\u0171jt\u00fcnk szem\u00e9lyes adatokat arr\u00f3l is, hogy \u00d6n hogyan f\u00e9r hozz\u00e1 az Eur\u00f3pai Szolg\u00e1ltat\u00e1sokhoz \u00e9s hogyan haszn\u00e1lja azokat, valamint az Eur\u00f3pai Szolg\u00e1ltat\u00e1sok el\u00e9r\u00e9s\u00e9hez haszn\u00e1lt eszk\u00f6zre vonatkoz\u00f3 inform\u00e1ci\u00f3kat. P\u00e9ld\u00e1ul gy\u0171jthet\u00fcnk:<\/p>\n\n\n\n<p>\u00a0<\/p>\n\n\n\n<ol class=\"wp-block-list\">\n<li>inform\u00e1ci\u00f3kat az \u00d6n \u00e1ltal haszn\u00e1lt funkci\u00f3kr\u00f3l \u00e9s az Eur\u00f3pai Szolg\u00e1ltat\u00e1sokon megtekintett oldalakr\u00f3l;<\/li>\n<li>inform\u00e1ci\u00f3kat az \u00d6n eszk\u00f6z\u00e9re vonatkoz\u00f3an (p\u00e9ld\u00e1ul IP-c\u00edm, eszk\u00f6zazonos\u00edt\u00f3, eszk\u00f6zt\u00edpus, modell \u00e9s gy\u00e1rt\u00f3);; \u00e9s<\/li>\n<li>inform\u00e1ci\u00f3kat haszn\u00e1lati szok\u00e1saival kapcsolatban (p\u00e9ld\u00e1ul, hogy milyen gyakran haszn\u00e1lja a Campari Group Eur\u00f3pai Szolg\u00e1ltat\u00e1sait \u00e9s a nyelvi be\u00e1ll\u00edt\u00e1sait).<\/li>\n<\/ol>\n\n\n\n<p>\u00a0<\/p>\n\n\n\n<p>Ezeket az inform\u00e1ci\u00f3kat arra haszn\u00e1ljuk, hogy az Eur\u00f3pai Szolg\u00e1ltat\u00e1sok jellemz\u0151it \u00e9s funkci\u00f3it biztos\u00edtsuk \u00d6nnek, hogy figyelemmel k\u00eds\u00e9rj\u00fck \u00e9s jav\u00edtsuk az Eur\u00f3pai Szolg\u00e1ltat\u00e1sokat, valamint hogy \u00faj szolg\u00e1ltat\u00e1sokat fejlessz\u00fcnk ki.<\/p>\n\n\n\n<p>\u00a0<\/p>\n\n\n\n<p>A\u00a0<strong>2. mell\u00e9kletben<\/strong>\u00a0tal\u00e1lhat\u00f3 t\u00e1bl\u00e1zat tov\u00e1bbi inform\u00e1ci\u00f3kat tartalmaz az \u00d6nr\u0151l automatikusan gy\u0171jt\u00f6tt szem\u00e9lyes adatok kateg\u00f3ri\u00e1ir\u00f3l \u00e9s arr\u00f3l, hogy hogyan haszn\u00e1ljuk ezeket az inform\u00e1ci\u00f3kat. A t\u00e1bl\u00e1zat azt is felsorolja, hogy milyen jogalapra t\u00e1maszkodunk a szem\u00e9lyes adatok kezel\u00e9se sor\u00e1n, valamint a szem\u00e9lyes adatok c\u00edmzettjeivel kapcsolatban.<\/p>\n\n\n\n<p>\u00a0<\/p>\n\n\n\n<p>Az \u00d6nr\u0151l gy\u0171jt\u00f6tt szem\u00e9lyes adatokat \u00e9s az automatikusan gy\u0171jt\u00f6tt adatokat \u00f6sszekapcsolhatjuk vagy kombin\u00e1lhatjuk.<\/p>\n\n\n\n<p>\u00a0<\/p>\n\n\n\n<p>Az \u00e1ltalunk gy\u0171jt\u00f6tt szem\u00e9lyes adatokat anonimiz\u00e1lhatjuk \u00e9s \u00f6sszes\u00edthetj\u00fck (\u00edgy azok nem azonos\u00edtj\u00e1k \u00d6nt k\u00f6zvetlen\u00fcl). Az anonimiz\u00e1lt inform\u00e1ci\u00f3kat felhaszn\u00e1lhatjuk t\u00f6bbek k\u00f6z\u00f6tt informatikai rendszereink tesztel\u00e9s\u00e9re, kutat\u00e1sra, adatelemz\u00e9sre, az Eur\u00f3pai Szolg\u00e1ltat\u00e1sok fejleszt\u00e9s\u00e9re. Az ilyen anonimiz\u00e1lt \u00e9s \u00f6sszes\u00edtett inform\u00e1ci\u00f3kat m\u00e1sokkal is megoszthatjuk.<\/p>\n\n\n\n<h3 class=\"wp-block-heading\">3.3 MENNYI IDEIG T\u00c1ROLJUK SZEM\u00c9LYES ADATAIT<\/h3>\n\n\n\n<p>Az\u00a0<strong>1.\u00a0<\/strong>\u00e9s\u00a0<strong>2.<\/strong>mell\u00e9klet tartalmazza, hogy mennyi ideig t\u00e1roljuk az \u00d6n szem\u00e9lyes adatait. Az \u00d6nr\u0151l gy\u0171jt\u00f6tt szem\u00e9lyes adatokat \u00e1ltal\u00e1ban nem t\u00e1roljuk tov\u00e1bb, mint amennyi a jogi k\u00f6telezetts\u00e9geinknek \u00e9s jogos \u00fczleti \u00e9rdekeinknek megfelel\u0151en a meghat\u00e1rozott c\u00e9lokhoz sz\u00fcks\u00e9ges.<\/p>\n\n\n\n<p>\u00a0<\/p>\n\n\n\n<p>Az \u00d6nre vonatkoz\u00f3 szem\u00e9lyes adatok meg\u0151rz\u00e9s\u00e9nek id\u0151tartam\u00e1t meghat\u00e1roz\u00f3 krit\u00e9riumok att\u00f3l f\u00fcgg\u0151en v\u00e1ltoznak, hogy milyen jogalapon dolgozzuk fel a szem\u00e9lyes adatokat:<\/p>\n\n\n\n<p>\u00a0<\/p>\n\n\n\n<ol class=\"wp-block-list\">\n<li><strong>Jogos \u00e9rdekek.\u00a0<\/strong>Amennyiben a szem\u00e9lyes adatokat jogos \u00e9rdekeink alapj\u00e1n kezelj\u00fck, az ilyen adatokat \u00e1ltal\u00e1ban a konkr\u00e9t \u00e9rdek alapj\u00e1n indokolt ideig \u0151rizz\u00fck, figyelembe v\u00e9ve az \u00e9rintettek alapvet\u0151 \u00e9rdekeit, jogait \u00e9s szabads\u00e1gait.<\/li>\n<li><strong>Hozz\u00e1j\u00e1rul\u00e1s.\u00a0<\/strong>Amennyiben szem\u00e9lyes adatokat az \u00d6n hozz\u00e1j\u00e1rul\u00e1sa alapj\u00e1n kezelj\u00fck, az adatokat \u00e1ltal\u00e1ban addig \u0151rizz\u00fck, am\u00edg \u00d6n vissza nem vonja a hozz\u00e1j\u00e1rul\u00e1s\u00e1t, vagy egy\u00e9bk\u00e9nt addig az id\u0151tartamig, am\u00edg sz\u00fcks\u00e9ges az \u00d6nnel k\u00f6t\u00f6tt meg\u00e1llapod\u00e1s teljes\u00edt\u00e9s\u00e9hez, vagy az adott szolg\u00e1ltat\u00e1s ny\u00fajt\u00e1s\u00e1hoz, amelyhez az adott szem\u00e9lyes adatokat kezelj\u00fck.<\/li>\n<li><strong>Szerz\u0151d\u00e9s.\u00a0<\/strong>Amennyiben a szem\u00e9lyes adatokat szerz\u0151d\u00e9s alapj\u00e1n kezelj\u00fck, az adatokat \u00e1ltal\u00e1ban a szerz\u0151d\u00e9s id\u0151tartam\u00e1ig, valamint tov\u00e1bbi korl\u00e1tozott ideig \u0151rizz\u00fck, amely a szerz\u0151d\u00e9ses kapcsolatb\u00f3l ered\u0151 jogi ig\u00e9nyek el\u00e9v\u00fcl\u00e9si idej\u00e9t jelenti.<\/li>\n<li><strong>Jogi k\u00f6telezetts\u00e9g.\u00a0<\/strong>Amennyiben jogi k\u00f6telezetts\u00e9g alapj\u00e1n kezelj\u00fck a szem\u00e9lyes adatokat, \u00e1ltal\u00e1ban a jogi k\u00f6telezetts\u00e9g teljes\u00edt\u00e9s\u00e9hez sz\u00fcks\u00e9ges ideig \u0151rizz\u00fck azokat.<\/li>\n<li><strong>Jogi ig\u00e9nyek.<\/strong>\u00a0El\u0151fordulhat, hogy \u201cjogi visszatart\u00e1st\u201d kell alkalmaznunk, amely a szok\u00e1sos meg\u0151rz\u00e9si id\u0151n t\u00fal is meg\u0151rzi az inform\u00e1ci\u00f3kat, ha jogi ig\u00e9nyek esetleges \u00e9rv\u00e9nyes\u00edt\u00e9s\u00e9nek lehet\u0151s\u00e9ge fenyeget minket.\u00a0 Ebben az esetben az adatokat addig \u0151rizz\u00fck meg, am\u00edg a letilt\u00e1st fel nem oldjuk, ami \u00e1ltal\u00e1ban azt jelenti, hogy a k\u00f6vetel\u00e9s vagy a k\u00f6vetel\u00e9ssel val\u00f3 fenyeget\u00e9s megold\u00f3dott.<\/li>\n<\/ol>\n\n\n\n<p>\u00a0<\/p>\n\n\n\n<p>A c\u00e9lok \u00e9s jogalapok mellett minden esetben figyelembe vessz\u00fck a szem\u00e9lyes adatok mennyis\u00e9g\u00e9t, jelleg\u00e9t \u00e9s \u00e9rz\u00e9kenys\u00e9g\u00e9t, valamint az \u00d6n szem\u00e9lyes adatainak jogosulatlan felhaszn\u00e1l\u00e1s\u00e1b\u00f3l vagy nyilv\u00e1noss\u00e1gra hozatal\u00e1b\u00f3l ered\u0151 esetleges k\u00e1r kock\u00e1zat\u00e1t.<\/p>\n\n\n\n<p>\u00a0<\/p>\n\n\n\n<p>A hozz\u00e1j\u00e1rul\u00e1s visszavon\u00e1sakor vagy az 1. \u00e9s 2. mell\u00e9kletben eml\u00edtett c\u00e9lokra gy\u0171jt\u00f6tt adatok t\u00e1rol\u00e1si id\u0151tartam\u00e1nak lej\u00e1rtakor \u2013 att\u00f3l f\u00fcgg\u0151en, hogy melyik a kor\u00e1bbi id\u0151pont \u2013 az adatokat automatikusan t\u00f6rlik vagy v\u00e9glegesen anonimiz\u00e1lj\u00e1k.<\/p>\n\n\n\n<h3 class=\"wp-block-heading\">3.4 A SZEM\u00c9LYES ADATOK C\u00cdMZETTJEI<\/h3>\n\n\n\n<p>Az\u00a0<strong>1.<\/strong>\u00e9s\u00a0<strong>2.<\/strong>\u00a0mell\u00e9kletben felsorolt c\u00edmzetteken k\u00edv\u00fcl az \u00d6n szem\u00e9lyes adatait a k\u00f6vetkez\u0151kkel is megoszthatjuk (az\u00a0<strong>1.<\/strong>\u00a0\u00e9s\u00a0<strong>2.<\/strong>\u00a0mell\u00e9kletben meghat\u00e1rozott felhaszn\u00e1l\u00e1si m\u00f3doknak megfelel\u0151en):<\/p>\n\n\n\n<p>\u00a0<\/p>\n\n\n\n<ol class=\"wp-block-list\">\n<li><strong>Szolg\u00e1ltat\u00f3k \u00e9s tan\u00e1csad\u00f3k<\/strong>: szem\u00e9lyes adatait megoszthatjuk harmadik f\u00e9lk\u00e9nt m\u0171k\u00f6d\u0151 keresked\u0151kkel \u00e9s egy\u00e9b szolg\u00e1ltat\u00f3kkal, akik sz\u00e1munkra vagy a nev\u00fcnkben szolg\u00e1ltat\u00e1sokat ny\u00fajtanak, amelyek magukban foglalhatj\u00e1k szakmai szolg\u00e1ltat\u00e1sok ny\u00fajt\u00e1s\u00e1t, p\u00e9ld\u00e1ul jogi \u00e9s sz\u00e1mviteli szolg\u00e1ltat\u00e1sokat, postai, e-mail vagy chat szolg\u00e1ltat\u00e1sokat, csal\u00e1smegel\u0151z\u00e9st, webhosztingot vagy elemz\u00e9si szolg\u00e1ltat\u00e1sokat.<\/li>\n<li><strong>Le\u00e1nyv\u00e1llalatok.<\/strong>\u00a0A Campari Group tulajdon\u00e1ban l\u00e9v\u0151 vagy vele k\u00f6z\u00f6s tulajdonban l\u00e9v\u0151 egy\u00e9b t\u00e1rsas\u00e1gok, ide\u00e9rtve a le\u00e1nyv\u00e1llalatainkat (azaz minden olyan szervezetet, amely a tulajdonunkban van ellen\u0151rz\u00e9s\u00fcnk alatt \u00e1ll), valamint a vezet\u0151 holdingt\u00e1rsas\u00e1gunkat (azaz minden olyan szervezetet, amely a tulajdonunkban vagy ellen\u0151rz\u00e9s\u00fcnk alatt \u00e1ll) \u00e9s az \u00e1ltala tulajdonolt le\u00e1nyv\u00e1llalatokat. Jelen Adatv\u00e9delmi t\u00e1j\u00e9koztat\u00f3nak megfelel\u0151en ezek a v\u00e1llalatok ugyan\u00fagy haszn\u00e1lj\u00e1k az \u00d6n szem\u00e9lyes adatait, ahogyan mi is haszn\u00e1lhatjuk, \u00e9s sz\u00fcks\u00e9g eset\u00e9n v\u00e1llalaton bel\u00fcli adatv\u00e9delmi meg\u00e1llapod\u00e1st fognak k\u00f6tni.<\/li>\n<li><strong>\u00dczleti tranzakci\u00f3val kapcsolatban vev\u0151k \u00e9s harmadik felek<\/strong>: az \u00d6n szem\u00e9lyes adatai harmadik felekkel k\u00f6z\u00f6lhet\u0151k egy tranzakci\u00f3val kapcsolatban, mint p\u00e9ld\u00e1ul egyes\u00fcl\u00e9s, eszk\u00f6z\u00f6k vagy r\u00e9szv\u00e9nyek elad\u00e1sa, \u00e1tszervez\u00e9s, finansz\u00edroz\u00e1s, ir\u00e1ny\u00edt\u00e1sv\u00e1lt\u00e1s vagy \u00fczlet\u00fcnk eg\u00e9sz\u00e9nek vagy egy r\u00e9sz\u00e9nek felv\u00e1s\u00e1rl\u00e1sa.<\/li>\n<li><strong>Jog\u00e9rv\u00e9nyes\u00edt\u00e9s, szab\u00e1lyoz\u00f3 hat\u00f3s\u00e1gok \u00e9s m\u00e1s felek jogi okokb\u00f3l:<\/strong>\u00a0szem\u00e9lyes adatait harmadik felekkel megoszthatjuk, ha azt a t\u00f6rv\u00e9ny el\u0151\u00edrja, vagy ha indokoltnak v\u00e9lj\u00fck, hogy ez sz\u00fcks\u00e9ges ahhoz, hogy (i) megfelelj\u00fcnk a t\u00f6rv\u00e9nynek \u00e9s a b\u0171n\u00fcld\u00f6z\u0151 szervek \u00e9sszer\u0171 k\u00e9r\u00e9seinek; (ii) felder\u00edts\u00fck \u00e9s kivizsg\u00e1ljuk az illeg\u00e1lis tev\u00e9kenys\u00e9geket \u00e9s a meg\u00e1llapod\u00e1sok, k\u00f6zt\u00fck a Felt\u00e9teleink megs\u00e9rt\u00e9s\u00e9t; \u00e9s\/vagy (iii) gyakoroljuk vagy megv\u00e9dj\u00fck a Campari Group, annak felhaszn\u00e1l\u00f3i vagy m\u00e1sok jogait, tulajdon\u00e1t vagy szem\u00e9lyes biztons\u00e1g\u00e1t.<\/li>\n<\/ol>\n\n\n\n<h3 class=\"wp-block-heading\">3.5 MARKETING \u00c9S HIRDET\u00c9S<\/h3>\n\n\n\n<p>Id\u0151r\u0151l id\u0151re megkereshetj\u00fck \u00d6nt szolg\u00e1ltat\u00e1sainkkal kapcsolatos inform\u00e1ci\u00f3kkal, ide\u00e9rtve marketing\u00fczenetek k\u00fcld\u00e9s\u00e9t \u00e9s a Szolg\u00e1ltat\u00e1sainkkal kapcsolatos visszajelz\u00e9sek k\u00e9r\u00e9s\u00e9t. A legt\u00f6bb marketing\u00fczenetet e-mailben k\u00fcldj\u00fck. Egyes marketing\u00fczenetek eset\u00e9ben felhaszn\u00e1lhatjuk az \u00d6nr\u0151l gy\u0171jt\u00f6tt szem\u00e9lyes adatokat, hogy seg\u00edtsenek meghat\u00e1rozni az \u00d6nnel megosztand\u00f3 legmegfelel\u0151bb marketinginform\u00e1ci\u00f3kat.<\/p>\n\n\n\n<p>\u00a0<\/p>\n\n\n\n<p>Marketing\u00fczeneteket k\u00fcldhet\u00fcnk \u00d6nnek, ha \u00d6n ehhez hozz\u00e1j\u00e1rul\u00e1s\u00e1t adta, vagy ha a soft opt-in szab\u00e1lyra t\u00e1maszkodunk (ahol lehets\u00e9ges).\u00a0\u00a0 Amennyiben leiratkozna az ilyen e-mailekr\u0151l, egyszer\u0171en kattintson az e-mail alj\u00e1n tal\u00e1lhat\u00f3 \u201cleiratkoz\u00e1si linkre\u201d.<\/p>\n\n\n\n<h3 class=\"wp-block-heading\">3.6 SZEM\u00c9LYES ADATAINAK T\u00c1ROL\u00c1SA \u00c9S TOV\u00c1BB\u00cdT\u00c1SA<\/h3>\n\n\n\n<p><strong>Biztons\u00e1g.<\/strong>\u00a0Megfelel\u0151 technikai \u00e9s szervez\u00e9si int\u00e9zked\u00e9seket hajtunk v\u00e9gre az \u00d6n szem\u00e9lyes adatainak v\u00e9delme \u00e9rdek\u00e9ben a v\u00e9letlen vagy jogellenes megsemmis\u00fcl\u00e9s, elveszt\u00e9s, megv\u00e1ltoztat\u00e1s vagy k\u00e1rosod\u00e1s ellen. Minden \u00e1ltalunk gy\u0171jt\u00f6tt szem\u00e9lyes adatot a felh\u0151szolg\u00e1ltat\u00f3nk biztons\u00e1gos szervereken t\u00e1rol. Soha nem k\u00fcld\u00fcnk \u00d6nnek k\u00e9retlen e-maileket, \u00e9s nem l\u00e9p\u00fcnk kapcsolatba \u00d6nnel telefonon, hogy hitel- vagy bankk\u00e1rtyaadatokat vagy nemzeti azonos\u00edt\u00f3sz\u00e1mokat k\u00e9rj\u00fcnk.<\/p>\n\n\n\n<p>\u00a0<\/p>\n\n\n\n<p><strong>Szem\u00e9lyes adatainak nemzetk\u00f6zi tov\u00e1bb\u00edt\u00e1sa.<\/strong>\u00a0Az \u00e1ltalunk gy\u0171jt\u00f6tt szem\u00e9lyes adatokat tov\u00e1bb\u00edthatjuk \u00e9s t\u00e1rolhatjuk az \u00d6n orsz\u00e1g\u00e1n k\u00edv\u00fcli orsz\u00e1gokban, ahol mi \u00e9s harmadik f\u00e9l szolg\u00e1ltat\u00f3k m\u0171k\u00f6d\u00fcnk. Ha \u00d6n az EGT-ben, az Egyes\u00fclt Kir\u00e1lys\u00e1gban vagy Sv\u00e1jcban tart\u00f3zkodik, szem\u00e9lyes adatait az eml\u00edtett r\u00e9gi\u00f3kon k\u00edv\u00fcl is kezelhetj\u00fck, ide\u00e9rtve az Egyes\u00fclt \u00c1llamokat is.<\/p>\n\n\n\n<p>\u00a0<\/p>\n\n\n\n<p>Ilyen tov\u00e1bb\u00edt\u00e1s eset\u00e9n biztos\u00edtjuk, hogy: (i) a szem\u00e9lyes adatokat olyan orsz\u00e1gokba tov\u00e1bb\u00edtjuk, amelyek elismerten egyen\u00e9rt\u00e9k\u0171 v\u00e9delmi szintet ny\u00fajtanak; vagy (ii) a tov\u00e1bb\u00edt\u00e1s megfelel\u0151 biztos\u00edt\u00e9kok, p\u00e9ld\u00e1ul az Eur\u00f3pai Bizotts\u00e1g \u00e1ltal elfogadott szabv\u00e1nyos szerz\u0151d\u00e9ses z\u00e1rad\u00e9kok (ide\u00e9rtve az Eur\u00f3pai Adatv\u00e9delmi Test\u00fclet \u00e1ltal aj\u00e1nlott tov\u00e1bbi biztos\u00edt\u00e9kokat) alapj\u00e1n t\u00f6rt\u00e9nik.<\/p>\n\n\n\n<p>\u00a0<\/p>\n\n\n\n<p>Ha tov\u00e1bbi k\u00e9rd\u00e9seket k\u00edv\u00e1n feltenni az alkalmazott biztos\u00edt\u00e9kokr\u00f3l, k\u00e9rj\u00fck, l\u00e9pjen kapcsolatba vel\u00fcnk a jelen Adatv\u00e9delmi t\u00e1j\u00e9koztat\u00f3 v\u00e9g\u00e9n megadott el\u00e9rhet\u0151s\u00e9geken.<\/p>\n\n\n\n<h3 class=\"wp-block-heading\">3.7 PROFILALKOT\u00c1S<\/h3>\n\n\n\n<p>Az \u00d6nr\u0151l gy\u0171jt\u00f6tt szem\u00e9lyes adatokat elemezhetj\u00fck, hogy l\u00e9trehozzuk az \u00d6n \u00e9rdekl\u0151d\u00e9si k\u00f6r\u00e9nek \u00e9s preferenci\u00e1inak profilj\u00e1t, annak \u00e9rdek\u00e9ben, hogy a sz\u00e1m\u00e1ra relev\u00e1ns inform\u00e1ci\u00f3kkal l\u00e9phess\u00fcnk kapcsolatba \u00d6nnel. Ha k\u00fcls\u0151 forr\u00e1sokb\u00f3l tov\u00e1bbi inform\u00e1ci\u00f3k \u00e1llnak rendelkez\u00e9s\u00fcnkre, akkor felhaszn\u00e1lhatjuk az \u00d6nre vonatkoz\u00f3 tov\u00e1bbi inform\u00e1ci\u00f3kat, hogy seg\u00edts\u00fck ezt a hat\u00e9kony term\u00e9kfriss\u00edt\u00e9sek k\u00fcld\u00e9s\u00e9t. Az \u00d6nre vonatkoz\u00f3 szem\u00e9lyes adatokat felhaszn\u00e1lhatjuk a csal\u00e1s \u00e9s a hitelkock\u00e1zat felder\u00edt\u00e9s\u00e9re \u00e9s cs\u00f6kkent\u00e9s\u00e9re is. A szem\u00e9lyes adatok bevitele az \u00fcgyf\u00e9lkapcsolat-kezel\u0151 rendszer\u00fcnkbe (CRM) nem k\u00f6telez\u0151, \u00e9s csak akkor t\u00f6rt\u00e9nik meg, ha az 1. \u00e9s 2. mell\u00e9kletben r\u00e9szletezett c\u00e9lok valamelyik\u00e9hez hozz\u00e1j\u00e1rul\u00e1st adnak; ez automatikusan azt jelenti, hogy a Campari Group adatkezel\u00e9ssel megb\u00edzott alkalmazottai vil\u00e1gszerte megtekinthetik az adatokat, valamint m\u00f3dos\u00edthatj\u00e1k \u00e9s friss\u00edthetik azokat.<\/p>\n\n\n\n<h3 class=\"wp-block-heading\">3.8 SZEM\u00c9LYES ADATAIHOZ F\u0170Z\u0150D\u0150 JOGAI<\/h3>\n\n\n\n<p>Az alkalmazand\u00f3 adatv\u00e9delmi t\u00f6rv\u00e9nyeknek megfelel\u0151en az al\u00e1bbi jogok illetik meg \u00d6nt az \u00e1ltalunk t\u00e1rolt szem\u00e9lyes adatai tekintet\u00e9ben:<\/p>\n\n\n\n<p>\u00a0<\/p>\n\n\n\n<ol class=\"wp-block-list\">\n<li><strong>Hozz\u00e1f\u00e9r\u00e9si jog.<\/strong>\u00a0\u00d6nnek joga van:\u00a0<\/li>\n<li><strong>Adathordozhat\u00f3s\u00e1ghoz val\u00f3 jog.<\/strong>\u00a0Bizonyos k\u00f6r\u00fclm\u00e9nyek k\u00f6z\u00f6tt joga van ahhoz, hogy az \u00d6n \u00e1ltal megadott szem\u00e9lyes adatok m\u00e1solat\u00e1t tagolt, sz\u00e9les k\u00f6rben haszn\u00e1lt, g\u00e9ppel olvashat\u00f3 form\u00e1tumban megkapja, amely t\u00e1mogatja az \u00fajrafelhaszn\u00e1l\u00e1st, vagy k\u00e9rheti szem\u00e9lyes adatainak m\u00e1s szem\u00e9ly r\u00e9sz\u00e9re t\u00f6rt\u00e9n\u0151 tov\u00e1bb\u00edt\u00e1s\u00e1t.<\/li>\n<li><strong>A helyesb\u00edt\u00e9shez val\u00f3 jog.<\/strong>\u00a0\u00d6n jogosult arra, hogy indokolatlan k\u00e9sedelem n\u00e9lk\u00fcl k\u00e9rje az \u00d6nr\u0151l t\u00e1rolt pontatlan vagy hi\u00e1nyos szem\u00e9lyes adatainak helyesb\u00edt\u00e9s\u00e9t.<\/li>\n<li><strong>T\u00f6rl\u00e9shez val\u00f3 jog.<\/strong>\u00a0\u00d6n bizonyos k\u00f6r\u00fclm\u00e9nyek k\u00f6z\u00f6tt jogosult arra, hogy k\u00e9rje t\u0151l\u00fcnk szem\u00e9lyes adatainak indokolatlan k\u00e9sedelem n\u00e9lk\u00fcli t\u00f6rl\u00e9s\u00e9t, ha a szem\u00e9lyes adatok tov\u00e1bbi kezel\u00e9se nem indokolt.<\/li>\n<li><strong>Korl\u00e1toz\u00e1shoz val\u00f3 jog.<\/strong>\u00a0\u00d6n jogosult arra, hogy bizonyos k\u00f6r\u00fclm\u00e9nyek k\u00f6z\u00f6tt k\u00e9rje t\u0151l\u00fcnk a szem\u00e9lyes adatkezel\u00e9s c\u00e9lj\u00e1nak korl\u00e1toz\u00e1s\u00e1t, ha a szem\u00e9lyes adatok ilyen m\u00f3don t\u00f6rt\u00e9n\u0151 tov\u00e1bbi kezel\u00e9se nem indokolt, p\u00e9ld\u00e1ul ha \u00d6n vitatja a szem\u00e9lyes adatok pontoss\u00e1g\u00e1t.<\/li>\n<li><strong>A hozz\u00e1j\u00e1rul\u00e1s visszavon\u00e1s\u00e1hoz val\u00f3 jog.<\/strong>\u00a0Bizonyos k\u00f6r\u00fclm\u00e9nyek k\u00f6z\u00f6tt sz\u00fcks\u00e9g\u00fcnk van az \u00d6n hozz\u00e1j\u00e1rul\u00e1s\u00e1ra ahhoz, hogy szem\u00e9lyes adatait kezelj\u00fck. Ezekben az esetekben, \u00e9s ha \u00d6n hozz\u00e1j\u00e1rul, joga van a kor\u00e1bbi hozz\u00e1j\u00e1rul\u00e1s\u00e1t visszavonni. Amennyibe visszavonja hozz\u00e1j\u00e1rul\u00e1s\u00e1t, az nem \u00e9rinti az \u00d6n szem\u00e9lyes adatainak a visszavon\u00e1s el\u0151tti felhaszn\u00e1l\u00e1s\u00e1nak jogszer\u0171s\u00e9g\u00e9t.<\/li>\n<\/ol>\n\n\n\n<p>\u00a0<\/p>\n\n\n\n<p>\u00d6nnek joga van utas\u00edt\u00e1sokat adni szem\u00e9lyes adatainak hal\u00e1la ut\u00e1ni meg\u0151rz\u00e9s\u00e9vel, t\u00f6rl\u00e9s\u00e9vel \u00e9s k\u00f6zz\u00e9t\u00e9tel\u00e9vel kapcsolatban. Az \u00d6n utas\u00edt\u00e1s\u00e1nak hi\u00e1ny\u00e1ban \u00f6r\u00f6k\u00f6sei k\u00e9rhetik az \u00d6n szem\u00e9lyes adatainak k\u00f6zz\u00e9t\u00e9tel\u00e9t vagy t\u00f6rl\u00e9s\u00e9t.<\/p>\n\n\n\n<p>\u00a0<\/p>\n\n\n\n<p><strong>\u00d6nnek joga van tov\u00e1bb\u00e1 tiltakozni a jogos \u00e9rdekeinken alapul\u00f3 adatkezel\u00e9s ellen, amennyiben az \u00d6n k\u00fcl\u00f6nleges helyzet\u00e9vel kapcsolatos okok \u00e1llnak fenn. Lehetnek k\u00e9nyszer\u00edt\u0151 okok az \u00d6n szem\u00e9lyes adatainak tov\u00e1bbi kezel\u00e9s\u00e9re, \u00e9s ha ez a helyzet \u00e1ll fenn, azt meg fogjuk vizsg\u00e1lni \u00e9s arr\u00f3l t\u00e1j\u00e9koztatni fogjuk \u00d6nt.\u00a0 B\u00e1rmilyen okb\u00f3l tiltakozhat a marketingtev\u00e9kenys\u00e9gek ellen.<\/strong><\/p>\n\n\n\n<p>\u00a0<\/p>\n\n\n\n<p>\u00d6nnek joga van ahhoz is, hogy panaszt tegyen a helyi adatv\u00e9delmi hat\u00f3s\u00e1gn\u00e1l. Ha \u00d6n az Eur\u00f3pai Uni\u00f3ban \u00e9l, arr\u00f3l, hogy hogyan l\u00e9phet kapcsolatba a helyi adatv\u00e9delmi hat\u00f3s\u00e1ggal,\u00a0<a href=\"http:\/\/ec.europa.eu\/justice\/data-protection\/bodies\/authorities\/index_en.htm\">itt<\/a>\u00a0tal\u00e1l inform\u00e1ci\u00f3t. Ha \u00d6n az Egyes\u00fclt Kir\u00e1lys\u00e1gban vagy Sv\u00e1jcban \u00e9l, az \u00d6n helyi adatv\u00e9delmi hat\u00f3s\u00e1ga az Egyes\u00fclt Kir\u00e1lys\u00e1g Inform\u00e1ci\u00f3s Biztos\u00e1nak Hivatala (<a href=\"https:\/\/ico.org.uk\/global\/contact-us\/\">https:\/\/ico.org.uk\/global\/contact-us\/<\/a>) \u00e9s a sv\u00e1jci Sz\u00f6vets\u00e9gi Adatv\u00e9delmi \u00e9s Inform\u00e1ci\u00f3s Biztos (<a href=\"https:\/\/www.edoeb.admin.ch\/en\/contact-2\">https:\/\/www.edoeb.admin.ch\/en\/contact-2<\/a>).<\/p>\n\n\n\n<p>\u00a0<\/p>\n\n\n\n<p>Ha ezen jogok valamelyik\u00e9vel k\u00edv\u00e1n \u00e9lni, k\u00e9rj\u00fck, t\u00f6ltse ki az<strong>\u00a0Adatv\u00e9delmi jogok ir\u00e1nti k\u00e9relem \u0171rlapot.<\/strong><\/p>\n\n\n\n<p>\u00a0<\/p>\n\n\n\n<p>Az adatkezel\u00e9s bizalmas jellege miatt a fenti jogok gyakorl\u00e1sa sor\u00e1n k\u00e9rhetj\u00fck, hogy igazolja szem\u00e9lyazonoss\u00e1g\u00e1t. Ez egy \u00e9rv\u00e9nyes szem\u00e9lyazonos\u00edt\u00f3 okm\u00e1ny szkennelt m\u00e1solat\u00e1nak vagy egy \u00e9rv\u00e9nyes szem\u00e9lyazonos\u00edt\u00f3 okm\u00e1ny al\u00e1\u00edrt f\u00e9nym\u00e1solat\u00e1nak beny\u00fajt\u00e1s\u00e1val t\u00f6rt\u00e9nhet.<\/p>\n\n\n\n<h3 class=\"wp-block-heading\">3.9 EUR\u00d3PAI SZOLG\u00c1LTAT\u00c1SAINKBAN HASZN\u00c1LT COOKIE-K \u00c9S HASONL\u00d3 TECHNOL\u00d3GI\u00c1K<\/h3>\n\n\n\n<p>Eur\u00f3pai Szolg\u00e1ltat\u00e1saink s\u00fctiket \u00e9s hasonl\u00f3 technol\u00f3gi\u00e1kat, p\u00e9ld\u00e1ul pixeleket \u00e9s helyi t\u00e1rol\u00e1si objektumokat (LSO), p\u00e9ld\u00e1ul HTML5-\u00f6t (egy\u00fcttesen \u201c<strong>cookie-k<\/strong>\u201c) haszn\u00e1lnak, hogy megk\u00fcl\u00f6nb\u00f6ztess\u00e9k \u00d6nt a Szolg\u00e1ltat\u00e1saink t\u00f6bbi felhaszn\u00e1l\u00f3j\u00e1t\u00f3l. Ez seg\u00edt nek\u00fcnk abban, hogy j\u00f3 \u00e9lm\u00e9nyt ny\u00fajtsunk \u00d6nnek, amikor a Szolg\u00e1ltat\u00e1sainkat b\u00f6ng\u00e9szi, valamint lehet\u0151v\u00e9 teszi sz\u00e1munkra, hogy nyomon k\u00f6vess\u00fck \u00e9s elemezz\u00fck, hogyan haszn\u00e1lja a Szolg\u00e1ltat\u00e1sainkat \u00e9s hogyan l\u00e9p kapcsolatba vel\u00fck, hogy tov\u00e1bb tudjuk fejleszteni a Szolg\u00e1ltat\u00e1sainkat. Abban is seg\u00edt benn\u00fcnket \u00e9s partnereinknek, hogy meghat\u00e1rozzuk azokat a term\u00e9keket \u00e9s szolg\u00e1ltat\u00e1sokat, amelyek \u00e9rdekelhetik \u00d6nt. K\u00e9rj\u00fck keresse fel\u00a0<strong>Cookie Nyilatkozatunkat<\/strong>, ezekkel a gyakorlatokkal \u00e9s cookie lehet\u0151s\u00e9geivel kapcsolatos tov\u00e1bbi inform\u00e1ci\u00f3k\u00e9rt.<\/p>\n\n\n\n<h3 class=\"wp-block-heading\">3.10 AZ E-MAILJEINKBEN HASZN\u00c1LT NYOMK\u00d6VET\u0150 TECHNOL\u00d3GI\u00c1K<\/h3>\n\n\n\n<p>Az e-mailjeink tartalmazhatnak olyan nyomk\u00f6vet\u0151 pixeleket, amelyek azonos\u00edtj\u00e1k, hogy \u00d6n megnyitotta-e \u00e9s mikor nyitotta meg az \u00e1ltalunk k\u00fcld\u00f6tt e-mailt, h\u00e1nyszor olvasta el azt, \u00e9s r\u00e1kattintott-e az e-mailben tal\u00e1lhat\u00f3 linkekre. Ez seg\u00edt nek\u00fcnk abban, hogy m\u00e9rni tudjuk marketing e-mail kamp\u00e1nyaink hat\u00e9konys\u00e1g\u00e1t, hogy az \u00d6nnek k\u00fcld\u00f6tt e-maileket \u00e9rdekl\u0151d\u00e9si k\u00f6r\u00e9nek legink\u00e1bb megfelel\u0151v\u00e9 tegy\u00fck, \u00e9s hogy meg\u00e9rts\u00fck, hogy \u00d6n megnyitott-e \u00e9s elolvasott-e b\u00e1rmilyen fontos adminisztrat\u00edv e-mailt, amelyet esetleg k\u00fcld\u00fcnk \u00d6nnek.<\/p>\n\n\n\n<p>\u00a0<\/p>\n\n\n\n<p>A legt\u00f6bb n\u00e9pszer\u0171 e-mail kliens lehet\u0151v\u00e9 teszi, hogy blokkolja ezeket a pixeleket bizonyos k\u00fcls\u0151 k\u00e9pek letilt\u00e1s\u00e1val az e-mailekben. Ezt az e-mail kliens be\u00e1ll\u00edt\u00e1sain kereszt\u00fcl teheti meg \u2013 ezek \u00e1ltal\u00e1ban megadj\u00e1k a lehet\u0151s\u00e9get, hogy az e-mailek alap\u00e9rtelmez\u00e9s szerint \u201ct\u00e1voli k\u00e9peket\u201d, \u201ct\u00e1voli tartalmat\u201d vagy \u201ck\u00e9peket\u201d jelen\u00edtsenek meg.<\/p>\n\n\n\n<p>\u00a0<\/p>\n\n\n\n<p>Egyes b\u00f6ng\u00e9sz\u0151k lehet\u0151s\u00e9get adnak a pixeleket \u00e9s m\u00e1s nyomk\u00f6vet\u0151 technol\u00f3gi\u00e1kat blokkol\u00f3 b\u0151v\u00edtm\u00e9nyek let\u00f6lt\u00e9s\u00e9re \u00e9s telep\u00edt\u00e9s\u00e9re is.<\/p>\n\n\n\n<h3 class=\"wp-block-heading\">3.11 ADATKEZEL\u00c9SI M\u00d3DSZER<\/h3>\n\n\n\n<p>A szem\u00e9lyes adatokat informatikai alap\u00fa eszk\u00f6z\u00f6kkel kezelik \u00e9s\/vagy manu\u00e1lisan dolgozz\u00e1k fel az adatgy\u0171jt\u00e9s c\u00e9lj\u00e1nak el\u00e9r\u00e9s\u00e9hez sz\u00fcks\u00e9ges ideig. K\u00fcl\u00f6n\u00f6sen az\u00a0<strong>1.\u00a0<\/strong>\u00e9s<strong>\u00a02. mell\u00e9kletben<\/strong>\u00a0k\u00f6rvonalazott c\u00e9lok \u00e9rdek\u00e9ben gy\u0171jt\u00f6tt szem\u00e9lyes adatokat olyan automatiz\u00e1lt mechanizmusok alkalmaz\u00e1s\u00e1val is kezelik, amelyek olyan elj\u00e1r\u00e1sokon \u00e9s logik\u00e1kon alapulnak, amelyek szigor\u00faan a meghat\u00e1rozott c\u00e9lokhoz kapcsol\u00f3dnak.<\/p>\n\n\n\n<h2 class=\"wp-block-heading\">MELL\u00c9KLET 1 &#8211; AZ \u00d6N \u00c1LTAL MEGADOTT SZEM\u00c9LYES ADATOK<\/h2>\n\n\n\n<figure class=\"wp-block-table\"><table>\n<tbody>\n<tr>\n<td><p><strong>Adatkateg\u00f3ria<\/strong><\/p>\n<p><strong>Alkoholfogyaszt\u00e1si korhat\u00e1r ellen\u0151rz\u00e9se<\/strong>, amely tartalmazza a sz\u00fclet\u00e9si d\u00e1tumot \u00e9s az orsz\u00e1got vagy r\u00e9gi\u00f3t.<\/p><\/td>\n<\/tr>\n<tr>\n<td><p><strong>Az adatkezel\u00e9s c\u00e9lja<\/strong><\/p>\n<p>Ellen\u0151rizze \u00e9letkor\u00e1t \u00e9s az Eur\u00f3pai Szolg\u00e1ltat\u00e1sok haszn\u00e1lat\u00e1ra val\u00f3 k\u00e9pess\u00e9g\u00e9t.<\/p><\/td>\n<\/tr>\n<tr>\n<td><p><strong>Az adatkezel\u00e9s jogalapja<\/strong><\/p>\n<p>Az adatkezel\u00e9s jogos \u00e9rdekeink, nevezetesen az Eur\u00f3pai Szolg\u00e1ltat\u00e1sok kezel\u00e9se, valamint az \u00d6nnel k\u00f6t\u00f6tt szerz\u0151d\u00e9s, nevezetesen a Szolg\u00e1ltat\u00e1si Felt\u00e9teleink teljes\u00edt\u00e9se \u00e9rdek\u00e9ben sz\u00fcks\u00e9ges.<\/p><\/td>\n<\/tr>\n<tr>\n<td><p><strong>Adatmeg\u0151rz\u00e9s<\/strong><\/p>\n<p>Az alkalmazand\u00f3 jogszab\u00e1ly \u00e1ltal el\u0151\u00edrt id\u0151tartam.<\/p><\/td>\n<\/tr>\n<tr>\n<td><p><strong>A szem\u00e9lyes adatok c\u00edmzettjei<\/strong><\/p>\n<p>Megoszthatjuk az \u00d6n \u00e1ltal megadott adatokat olyan harmadik felekkel, akik t\u00e1mogatnak minket a marketing kamp\u00e1nyok meghat\u00e1roz\u00e1s\u00e1ban, illetve a digit\u00e1lis eszk\u00f6zeink t\u00e1rhely- vagy karbantart\u00e1si szolg\u00e1ltat\u00e1sait ny\u00fajt\u00f3 szolg\u00e1ltat\u00f3kkal.<\/p><\/td>\n<\/tr>\n<\/tbody>\n<\/table><\/figure>\n\n\n\n<figure class=\"wp-block-table\"><table>\n<tbody>\n<tr>\n<td colspan=\"4\"><p><strong>Adatkateg\u00f3ria<\/strong><\/p>\n<p><strong>Kapcsolattart\u00e1si adatok<\/strong>, p\u00e9ld\u00e1ul keresztn\u00e9v, vezet\u00e9kn\u00e9v \u00e9s e-mail c\u00edm.<\/p><\/td>\n<\/tr>\n<tr>\n<td><p><strong>Az adatkezel\u00e9s c\u00e9lja<\/strong><\/p>\n<p>Ezeket az inform\u00e1ci\u00f3kat felhaszn\u00e1lhatjuk az Eur\u00f3pai Szolg\u00e1ltat\u00e1sok sor\u00e1n az \u00d6n fi\u00f3kj\u00e1nak be\u00e1ll\u00edt\u00e1s\u00e1hoz \u00e9s hiteles\u00edt\u00e9s\u00e9hez.<\/p><\/td>\n<td><p><strong>Az adatkezel\u00e9s c\u00e9lja<\/strong><\/p>\n<p>Ezeket az inform\u00e1ci\u00f3kat felhaszn\u00e1lhatjuk az \u00d6nnel val\u00f3 kommunik\u00e1ci\u00f3ra, ide\u00e9rtve a szolg\u00e1ltat\u00e1ssal kapcsolatos k\u00f6zlem\u00e9nyek k\u00fcld\u00e9s\u00e9t.<\/p><\/td>\n<td><p><strong>Az adatkezel\u00e9s c\u00e9lja<\/strong><\/p>\n<p>Ezeket az inform\u00e1ci\u00f3kat felhaszn\u00e1lhatjuk az \u00d6n \u00e1ltal vagy \u00d6nnel kapcsolatban az Eur\u00f3pai Szolg\u00e1ltat\u00e1sokkal kapcsolatban tett megkeres\u00e9sek \u00e9s panaszok kezel\u00e9s\u00e9re.<\/p><\/td>\n<td><p><strong>Az adatkezel\u00e9s c\u00e9lja<\/strong><\/p>\n<p>Ezeket az inform\u00e1ci\u00f3kat felhaszn\u00e1lhatjuk az \u00d6n preferenci\u00e1inak megfelel\u0151 marketingkommunik\u00e1ci\u00f3val kapcsolatosan.<\/p><\/td>\n<\/tr>\n<tr>\n<td><p><strong>Az adatkezel\u00e9s jogalapja<\/strong><\/p>\n<p>Az adatkezel\u00e9s az \u00d6nnel k\u00f6t\u00f6tt szerz\u0151d\u00e9s teljes\u00edt\u00e9s\u00e9hez, valamint a szerz\u0151d\u00e9s megk\u00f6t\u00e9s\u00e9t megel\u0151z\u0151en sz\u00fcks\u00e9ges l\u00e9p\u00e9sek megt\u00e9tel\u00e9hez, nevezetesen a Szolg\u00e1ltat\u00e1si felt\u00e9teleinkhez sz\u00fcks\u00e9ges.<\/p><\/td>\n<td><p><strong>Az adatkezel\u00e9s jogalapja<\/strong><\/p>\n<p>Az adatkezel\u00e9s az \u00d6nnel k\u00f6t\u00f6tt szerz\u0151d\u00e9s, nevezetesen a Szolg\u00e1ltat\u00e1si felt\u00e9teleink teljes\u00edt\u00e9s\u00e9hez sz\u00fcks\u00e9ges.<\/p><\/td>\n<td><p><strong>Az adatkezel\u00e9s jogalapja<\/strong><\/p>\n<p>Az adatkezel\u00e9s jogos \u00e9rdekeink, nevezetesen az Eur\u00f3pai Szolg\u00e1ltat\u00e1sok kezel\u00e9se, valamint az \u00d6nnel val\u00f3 hat\u00e9kony kommunik\u00e1ci\u00f3, azaz a k\u00e9rd\u00e9sei \u00e9s panaszai megv\u00e1laszol\u00e1s\u00e1hoz sz\u00fcks\u00e9ges.<\/p><\/td>\n<td><p><strong>Az adatkezel\u00e9s jogalapja<\/strong><\/p>\n<p>Szem\u00e9lyes adatait csak olyan m\u00e9rt\u00e9kben haszn\u00e1ljuk fel, amilyen m\u00e9rt\u00e9kben \u00d6n ehhez hozz\u00e1j\u00e1rul\u00e1s\u00e1t adta.<\/p><\/td>\n<\/tr>\n<tr>\n<td><p><strong>Adatmeg\u0151rz\u00e9s<\/strong><\/p>\n<p>A fi\u00f3k id\u0151tartama, \u00e9s a fi\u00f3k t\u00f6rl\u00e9se ut\u00e1n a vonatkoz\u00f3 jogszab\u00e1lyok \u00e1ltal el\u0151\u00edrt id\u0151tartamig.<\/p><\/td>\n<td><p><strong>Adatmeg\u0151rz\u00e9s<\/strong><\/p>\n<p>Az \u00d6n k\u00e9r\u00e9s\u00e9nek feldolgoz\u00e1s\u00e1hoz sz\u00fcks\u00e9ges ideig, de legfeljebb egy \u00e9vig.<\/p><\/td>\n<td><p><strong>Adatmeg\u0151rz\u00e9s<\/strong><\/p>\n<p>Az alkalmazand\u00f3 jogszab\u00e1ly \u00e1ltal el\u0151\u00edrt id\u0151tartam.<\/p><\/td>\n<td><p><strong>Adatmeg\u0151rz\u00e9s<\/strong><\/p>\n<p>Am\u00edg vissza nem vonja a hozz\u00e1j\u00e1rul\u00e1s\u00e1t.<\/p><\/td>\n<\/tr>\n<tr>\n<td colspan=\"4\"><p><strong>A szem\u00e9lyes adatok c\u00edmzettjei<\/strong><\/p>\n<p>Megoszthatjuk ezeket az inform\u00e1ci\u00f3kat [pl. a Stripe-val] az \u00d6n azonos\u00edt\u00e1sa \u00e9rdek\u00e9ben, hogy \u00d6n az Eur\u00f3pai Szolg\u00e1ltat\u00e1sokon kereszt\u00fcl fizet\u00e9seket teljes\u00edthessen \u00e9s fogadhasson.<\/p><\/td>\n<\/tr>\n<\/tbody>\n<\/table><\/figure>\n\n\n\n<figure class=\"wp-block-table\"><table>\n<tbody>\n<tr>\n<td colspan=\"2\"><p><strong>Adatkateg\u00f3ria<\/strong><\/p>\n<p><strong>Fi\u00f3k- \u00e9s profiladatai<\/strong>, p\u00e9ld\u00e1ul teljes neve, e-mail c\u00edme \u00e9s jelszava. Amikor friss\u00edti profiladatait, a telefonsz\u00e1m\u00e1t, e-mail c\u00edm\u00e9t, sz\u00fclet\u00e9snapj\u00e1t vagy sz\u00fclet\u00e9si d\u00e1tum\u00e1t, valamint a preferenci\u00e1it is begy\u0171jthetj\u00fck].<\/p><\/td>\n<\/tr>\n<tr>\n<td><p><strong>Az adatkezel\u00e9s c\u00e9lja<\/strong><\/p>\n<p>Ezeket az inform\u00e1ci\u00f3kat felhaszn\u00e1lhatjuk az Eur\u00f3pai Szolg\u00e1ltat\u00e1sok sor\u00e1n az \u00d6n fi\u00f3kj\u00e1nak l\u00e9trehoz\u00e1s\u00e1hoz.<\/p><\/td>\n<td><p><strong>Az adatkezel\u00e9s c\u00e9lja<\/strong><\/p>\n<p>Ezeket az inform\u00e1ci\u00f3kat felhaszn\u00e1ljuk az \u00d6n \u00e1ltal vagy \u00d6nnel kapcsolatban az Eur\u00f3pai Szolg\u00e1ltat\u00e1sokkal kapcsolatban tett megkeres\u00e9sek \u00e9s panaszok kezel\u00e9s\u00e9re.<\/p><\/td>\n<\/tr>\n<tr>\n<td><p><strong>Az adatkezel\u00e9s jogalapja<\/strong><\/p>\n<p>Az adatkezel\u00e9s az \u00d6nnel k\u00f6t\u00f6tt szerz\u0151d\u00e9s teljes\u00edt\u00e9s\u00e9hez sz\u00fcks\u00e9ges.<\/p><\/td>\n<td><p><strong>Az adatkezel\u00e9s jogalapja<\/strong><\/p>\n<p>Az adatkezel\u00e9s jogos \u00e9rdekeink, nevezetesen a tagjainkkal val\u00f3 hat\u00e9kony kommunik\u00e1ci\u00f3, azaz a k\u00e9rd\u00e9sek \u00e9s panaszok megv\u00e1laszol\u00e1s\u00e1hoz sz\u00fcks\u00e9ges.<\/p><\/td>\n<\/tr>\n<tr>\n<td><p><strong>Adatmeg\u0151rz\u00e9s<\/strong><\/p>\n<p>A fi\u00f3k id\u0151tartama, \u00e9s a fi\u00f3k t\u00f6rl\u00e9se ut\u00e1n a vonatkoz\u00f3 jogszab\u00e1lyok \u00e1ltal el\u0151\u00edrt id\u0151tartamig.<\/p><\/td>\n<td><p><strong>Adatmeg\u0151rz\u00e9s<\/strong><\/p>\n<p>Az alkalmazand\u00f3 jogszab\u00e1ly \u00e1ltal el\u0151\u00edrt id\u0151tartam.<\/p><\/td>\n<\/tr>\n<tr>\n<td colspan=\"2\"><p><strong>A szem\u00e9lyes adatok c\u00edmzettjei<\/strong><\/p>\n<p>Megoszthatjuk az \u00d6n \u00e1ltal megadott adatokat olyan harmadik felekkel, akik t\u00e1mogatnak minket a marketing kamp\u00e1nyok meghat\u00e1roz\u00e1s\u00e1ban, illetve a digit\u00e1lis eszk\u00f6zeink t\u00e1rhely- vagy karbantart\u00e1si szolg\u00e1ltat\u00e1sait ny\u00fajt\u00f3 szolg\u00e1ltat\u00f3kkal.<\/p><\/td>\n<\/tr>\n<\/tbody>\n<\/table><\/figure>\n\n\n\n<figure class=\"wp-block-table\"><table>\n<tbody>\n<tr>\n<td colspan=\"2\"><p><strong>Adatkateg\u00f3ria<\/strong><\/p>\n<p><strong>Foglal\u00e1sok.\u00a0<\/strong>Amikor \u00d6n valamely m\u00e1rka h\u00e1zunkn\u00e1l online foglal\u00e1st r\u00f6gz\u00edt, a foglal\u00e1shoz sz\u00fcks\u00e9ges adatokat gy\u0171jtj\u00fck, amelyek tartalmazhatj\u00e1k az \u00d6n keresztnev\u00e9t, vezet\u00e9knev\u00e9t, mobiltelefonsz\u00e1m\u00e1t, e-mail c\u00edm\u00e9t, a megjelent vend\u00e9gek sz\u00e1m\u00e1t, valamint a megjegyz\u00e9s rovatban megadott inform\u00e1ci\u00f3kat (pl. preferenci\u00e1k, egyedi k\u00e9r\u00e9sek).<\/p><\/td>\n<\/tr>\n<tr>\n<td><p><strong>Az adatkezel\u00e9s c\u00e9lja<\/strong><\/p>\n<p>Ezeket az inform\u00e1ci\u00f3kat felhaszn\u00e1lhatjuk az Eur\u00f3pai Szolg\u00e1ltat\u00e1sok sor\u00e1n leadott rendel\u00e9sei feldolgoz\u00e1s\u00e1hoz.<\/p><\/td>\n<td><p><strong>Az adatkezel\u00e9s c\u00e9lja<\/strong><\/p>\n<p>Ezeket az inform\u00e1ci\u00f3kat felhaszn\u00e1lhatjuk az Eur\u00f3pai Szolg\u00e1ltat\u00e1sok jav\u00edt\u00e1s\u00e1ra.<\/p><\/td>\n<\/tr>\n<tr>\n<td><p><strong>Az adatkezel\u00e9s jogalapja<\/strong><\/p>\n<p>Az adatkezel\u00e9s egy szerz\u0151d\u00e9s teljes\u00edt\u00e9s\u00e9hez sz\u00fcks\u00e9ges.<\/p><\/td>\n<td><p><strong>Az adatkezel\u00e9s jogalapja<\/strong><\/p>\n<p>Az adatkezel\u00e9sre jogos \u00e9rdekeink miatt van sz\u00fcks\u00e9g (szolg\u00e1ltat\u00e1sunk fejleszt\u00e9se \u00e9s jav\u00edt\u00e1sa).<\/p><\/td>\n<\/tr>\n<tr>\n<td><p><strong>Adatmeg\u0151rz\u00e9s<\/strong><\/p>\n<p>Az alkalmazand\u00f3 jogszab\u00e1lyoknak val\u00f3 megfelel\u00e9shez sz\u00fcks\u00e9ges ideig.<\/p><\/td>\n<td><p><strong>Adatmeg\u0151rz\u00e9s<\/strong><\/p>\n<p>Legfeljebb egy \u00e9vig.<\/p><\/td>\n<\/tr>\n<tr>\n<td colspan=\"2\"><p><strong>A szem\u00e9lyes adatok c\u00edmzettjei<\/strong><\/p>\n<p>Megoszthatjuk ezeket adatokat olyan harmadik felekkel, akik t\u00e1mogatnak minket a marketing kamp\u00e1nyok meghat\u00e1roz\u00e1s\u00e1ban, illetve a digit\u00e1lis eszk\u00f6zeink t\u00e1rhely- vagy karbantart\u00e1si szolg\u00e1ltat\u00e1sait ny\u00fajt\u00f3 szolg\u00e1ltat\u00f3kkal.<\/p><\/td>\n<\/tr>\n<\/tbody>\n<\/table><\/figure>\n\n\n\n<figure class=\"wp-block-table\"><table>\n<tbody>\n<tr>\n<td colspan=\"2\"><p><strong>Adatkateg\u00f3ria<\/strong><\/p>\n<p><strong>Fizet\u00e9si m\u0171veletekre vonatkoz\u00f3 inform\u00e1ci\u00f3k.\u00a0<\/strong>Amikor \u00d6n feliratkozik szolg\u00e1ltat\u00e1sainkra, gy\u0171jthet\u00fcnk olyan adatokat, mint p\u00e9ld\u00e1ul a sz\u00e1ml\u00e1z\u00e1si c\u00edme \u00e9s egy\u00e9b inform\u00e1ci\u00f3k, p\u00e9ld\u00e1ul a tranzakci\u00f3 d\u00e1tuma \u00e9s id\u0151pontja.<\/p><\/td>\n<\/tr>\n<tr>\n<td><p><strong>Az adatkezel\u00e9s c\u00e9lja<\/strong><\/p>\n<p>Ezeket az inform\u00e1ci\u00f3kat felhaszn\u00e1lhatjuk az Eur\u00f3pai Szolg\u00e1ltat\u00e1sok sor\u00e1n leadott rendel\u00e9sei feldolgoz\u00e1s\u00e1hoz.<\/p><\/td>\n<td><p><strong>Az adatkezel\u00e9s c\u00e9lja<\/strong><\/p>\n<p>Ezeket az inform\u00e1ci\u00f3kat felhaszn\u00e1lhatjuk az Eur\u00f3pai Szolg\u00e1ltat\u00e1sok sor\u00e1n leadott rendel\u00e9sei feldolgoz\u00e1s\u00e1hoz.<\/p><\/td>\n<\/tr>\n<tr>\n<td><p><strong>Az adatkezel\u00e9s jogalapja<\/strong><\/p>\n<p>Az adatkezel\u00e9s egy szerz\u0151d\u00e9s teljes\u00edt\u00e9s\u00e9hez sz\u00fcks\u00e9ges.<\/p><\/td>\n<td><p><strong>Az adatkezel\u00e9s jogalapja<\/strong><\/p>\n<p>Az adatkezel\u00e9sre saj\u00e1t \u00e9s harmadik felek jogos \u00e9rdekei miatt van sz\u00fcks\u00e9g, nevezetesen a csal\u00e1s \u00e9s a p\u00e9nz\u00fcgyi b\u0171ncselekm\u00e9nyek felder\u00edt\u00e9se \u00e9s megel\u0151z\u00e9se \u00e9rdek\u00e9ben.<\/p><\/td>\n<\/tr>\n<tr>\n<td><p><strong>Adatmeg\u0151rz\u00e9s<\/strong><\/p>\n<p>Az alkalmazand\u00f3 p\u00e9nz\u00fcgyi jogszab\u00e1lyoknak val\u00f3 megfelel\u00e9shez sz\u00fcks\u00e9ges ideig.<\/p><\/td>\n<td><p><strong>Adatmeg\u0151rz\u00e9s<\/strong><\/p>\n<p>Legfeljebb egy \u00e9vig.<\/p><\/td>\n<\/tr>\n<tr>\n<td colspan=\"2\"><p><strong>A szem\u00e9lyes adatok c\u00edmzettjei<\/strong><\/p>\n<p>Megoszthatjuk az \u00d6n \u00e1ltal megadott inform\u00e1ci\u00f3kat a sz\u00e1munkra fizet\u00e9si szolg\u00e1ltat\u00e1sokat ny\u00fajt\u00f3 harmadik felekkel.o.<\/p><\/td>\n<\/tr>\n<\/tbody>\n<\/table><\/figure>\n\n\n\n<figure class=\"wp-block-table\"><table>\n<tbody>\n<tr>\n<td colspan=\"3\"><p><strong>Adatkateg\u00f3ria<\/strong><\/p>\n<p><strong>H\u00edrlev\u00e9l \u00e9s marketing e-mailek.<\/strong>\u00a0 Ha feliratkozik, hogy h\u00edreket vagy \u00e9rtes\u00edt\u00e9seket kapjon t\u0151l\u00fcnk, vagy v\u00e1r\u00f3list\u00e1nkhoz csatlakozik, akkor gy\u0171jthetj\u00fck az \u00d6n e-mail c\u00edm\u00e9t, valamint az \u00d6n \u00e9rdekl\u0151d\u00e9si k\u00f6r\u00e9t \u00e9s kommunik\u00e1ci\u00f3s preferenci\u00e1it.<\/p><\/td>\n<\/tr>\n<tr>\n<td><p><strong>Az adatkezel\u00e9s c\u00e9lja<\/strong><\/p>\n<p>Ezeket az inform\u00e1ci\u00f3kat felhaszn\u00e1lhatjuk arra, hogy az Adatkezel\u0151 \u00e1ltal k\u00edn\u00e1lt szolg\u00e1ltat\u00e1sokkal\/term\u00e9kekkel kapcsolatos prom\u00f3ci\u00f3s \u00e9s kereskedelmi k\u00f6zlem\u00e9nyeket k\u00fcldj\u00fcnk \u00d6nnek.<\/p><\/td>\n<td><p><strong>Az adatkezel\u00e9s c\u00e9lja<\/strong><\/p>\n<p>Ezeket az inform\u00e1ci\u00f3kat felhaszn\u00e1lhatjuk az eur\u00f3pai szolg\u00e1ltat\u00e1sok jellemz\u0151inek lokaliz\u00e1l\u00e1s\u00e1ra.<\/p><\/td>\n<td><p><strong>Az adatkezel\u00e9s c\u00e9lja<\/strong><\/p>\n<p>Ezeket az inform\u00e1ci\u00f3kat felhaszn\u00e1lhatjuk olyan tartalmak meghat\u00e1roz\u00e1s\u00e1hoz, amelyek \u00d6nt \u00e9rdekelhetik.<\/p><\/td>\n<\/tr>\n<tr>\n<td><p><strong>Az adatkezel\u00e9s jogalapja<\/strong><\/p>\n<p>Szem\u00e9lyes adatait csak olyan m\u00e9rt\u00e9kben haszn\u00e1ljuk fel, amilyen m\u00e9rt\u00e9kben \u00d6n ehhez hozz\u00e1j\u00e1rul\u00e1s\u00e1t adta.<\/p><\/td>\n<td><p><strong>Az adatkezel\u00e9s jogalapja<\/strong><\/p>\n<p>Az adatkezel\u00e9s jogos \u00e9rdek\u00fcnk miatt sz\u00fcks\u00e9ges, nevezetesen az Eur\u00f3pai Szolg\u00e1ltat\u00e1sok jellemz\u0151inek lokaliz\u00e1l\u00e1sa \u00e9s az Eur\u00f3pai Szolg\u00e1ltat\u00e1sok testre szab\u00e1sa \u00e9rdek\u00e9ben, hogy azok relev\u00e1nsabbak legyenek a felhaszn\u00e1l\u00f3ink sz\u00e1m\u00e1ra.<\/p><\/td>\n<td><p><strong>Az adatkezel\u00e9s jogalapja<\/strong><\/p>\n<p>Az adatkezel\u00e9s jogos \u00e9rdek\u00fcnk miatt sz\u00fcks\u00e9ges, nevezetesen az Eur\u00f3pai Szolg\u00e1ltat\u00e1sok testre szab\u00e1sa \u00e9rdek\u00e9ben, hogy azok relev\u00e1nsabbak legyenek az \u00d6n sz\u00e1m\u00e1ra.<\/p><\/td>\n<\/tr>\n<tr>\n<td><p><strong>Adatmeg\u0151rz\u00e9s<\/strong><\/p>\n<p>Am\u00edg \u00d6n vissza nem vonja a hozz\u00e1j\u00e1rul\u00e1s\u00e1t, figyelemmel az \u00d6n joghat\u00f3s\u00e1ga \u00e1ltal el\u0151\u00edrt r\u00f6videbb id\u0151tartamokra is.<\/p><\/td>\n<td><p><strong>Adatmeg\u0151rz\u00e9s<\/strong><\/p>\n<p>A meg\u0151rz\u00e9si id\u0151 a telep\u00edtett cookie-t\u00f3l f\u00fcgg (l\u00e1sd a weboldal\/alkalmaz\u00e1s cookie szab\u00e1lyzat\u00e1t).<\/p><\/td>\n<td><p><strong>Adatmeg\u0151rz\u00e9s<\/strong><\/p>\n<p>A meg\u0151rz\u00e9si id\u0151 a telep\u00edtett cookie-t\u00f3l f\u00fcgg (l\u00e1sd a weboldal\/alkalmaz\u00e1s cookie szab\u00e1lyzat\u00e1t).<\/p><\/td>\n<\/tr>\n<tr>\n<td colspan=\"3\"><p><strong>A szem\u00e9lyes adatok c\u00edmzettjei<\/strong><\/p>\n<p>Megoszthatjuk ezeket adatokat olyan harmadik felekkel, akik t\u00e1mogatnak minket a marketing kamp\u00e1nyok meghat\u00e1roz\u00e1s\u00e1ban, illetve a digit\u00e1lis eszk\u00f6zeink t\u00e1rhely- vagy karbantart\u00e1si szolg\u00e1ltat\u00e1sait ny\u00fajt\u00f3 szolg\u00e1ltat\u00f3kkal.<\/p><\/td>\n<\/tr>\n<\/tbody>\n<\/table><\/figure>\n\n\n\n<figure class=\"wp-block-table\"><table>\n<tbody>\n<tr>\n<td colspan=\"2\"><p><strong>Adatkateg\u00f3ria<\/strong><\/p>\n<p><strong>Chat, hozz\u00e1sz\u00f3l\u00e1sok \u00e9s v\u00e9lem\u00e9nyek.\u00a0<\/strong>Amikor k\u00f6zvetlen\u00fcl kapcsolatba l\u00e9p vel\u00fcnk, p\u00e9ld\u00e1ul e-mailben vagy telefonon, r\u00f6gz\u00edtj\u00fck hozz\u00e1sz\u00f3l\u00e1sait \u00e9s v\u00e9lem\u00e9ny\u00e9t.<\/p><\/td>\n<\/tr>\n<tr>\n<td><p><strong>Az adatkezel\u00e9s c\u00e9lja<\/strong><\/p>\n<p>Ezeket az inform\u00e1ci\u00f3kat felhaszn\u00e1lhatjuk az \u00d6n k\u00e9rd\u00e9sei, probl\u00e9m\u00e1i \u00e9s agg\u00e1lyai kezel\u00e9s\u00e9re.<\/p><\/td>\n<td><p><strong>Az adatkezel\u00e9s c\u00e9lja<\/strong><\/p>\n<p>Ezeket az inform\u00e1ci\u00f3kat felhaszn\u00e1lhatjuk az Eur\u00f3pai Szolg\u00e1ltat\u00e1sok jav\u00edt\u00e1s\u00e1ra.<\/p><\/td>\n<\/tr>\n<tr>\n<td><p><strong>Az adatkezel\u00e9s jogalapja<\/strong><\/p>\n<p>Az adatkezel\u00e9s jogos \u00e9rdekeink, nevezetesen az \u00d6nnel val\u00f3 hat\u00e9kony kommunik\u00e1ci\u00f3, illetve a k\u00e9rd\u00e9sek, panaszok \u00e9s agg\u00e1lyok megv\u00e1laszol\u00e1s\u00e1hoz sz\u00fcks\u00e9ges.<\/p><\/td>\n<td><p><strong>Az adatkezel\u00e9s jogalapja<\/strong><\/p>\n<p>Az adatkezel\u00e9sre jogos \u00e9rdekeink miatt van sz\u00fcks\u00e9g (szolg\u00e1ltat\u00e1sunk fejleszt\u00e9se \u00e9s jav\u00edt\u00e1sa).<\/p><\/td>\n<\/tr>\n<tr>\n<td><p><strong>Adatmeg\u0151rz\u00e9s<\/strong><\/p>\n<p>Legfeljebb egy \u00e9vig.<\/p><\/td>\n<td><p><strong>Adatmeg\u0151rz\u00e9s<\/strong><\/p>\n<p>Legfeljebb egy \u00e9vig.<\/p><\/td>\n<\/tr>\n<tr>\n<td colspan=\"2\"><p><strong>A szem\u00e9lyes adatok c\u00edmzettjei<\/strong><\/p>\n<p>Megoszthatjuk az \u00d6n \u00e1ltal a kapcsolatfelv\u00e9tel sor\u2018n megadott adatokat olyan harmadik felekkel, akik t\u00e1mogatnak minket a marketing kamp\u00e1nyok meghat\u00e1roz\u00e1s\u00e1ban, illetve a digit\u00e1lis eszk\u00f6zeink t\u00e1rhely- vagy karbantart\u00e1si szolg\u00e1ltat\u00e1sait ny\u00fajt\u00f3 szolg\u00e1ltat\u00f3kkal.<\/p><\/td>\n<\/tr>\n<\/tbody>\n<\/table><\/figure>\n\n\n\n<figure class=\"wp-block-table\"><table>\n<tbody>\n<tr>\n<td><p><strong>Adatkateg\u00f3ria<\/strong><\/p>\n<p><strong>Harmadik felekt\u0151l, p\u00e9ld\u00e1ul k\u00f6z\u00f6ss\u00e9gi h\u00e1l\u00f3zatokt\u00f3l kapott inform\u00e1ci\u00f3k.\u00a0<\/strong>Ha \u00d6n egy k\u00f6z\u00f6ss\u00e9gi h\u00e1l\u00f3zaton kereszt\u00fcl l\u00e9p kapcsolatba vel\u00fcnk, a k\u00f6z\u00f6ss\u00e9gi h\u00e1l\u00f3zatt\u00f3l olyan inform\u00e1ci\u00f3kat kaphatunk, mint az \u00d6n neve, profiladatai \u00e9s b\u00e1rmely m\u00e1s olyan inform\u00e1ci\u00f3, amelyet \u00d6n enged\u00e9lyez a k\u00f6z\u00f6ss\u00e9gi h\u00e1l\u00f3zatnak, hogy harmadik felekkel megosszon. Az \u00e1ltalunk kapott adatok az \u00d6n k\u00f6z\u00f6ss\u00e9gi h\u00e1l\u00f3zaton tett adatv\u00e9delmi be\u00e1ll\u00edt\u00e1sait\u00f3l f\u00fcggnek.<\/p><\/td>\n<\/tr>\n<tr>\n<td><p><strong>Az adatkezel\u00e9s c\u00e9lja<\/strong><\/p>\n<p>Ezeket az inform\u00e1ci\u00f3kat felhaszn\u00e1lhatjuk az Eur\u00f3pai Szolg\u00e1ltat\u00e1sok haszn\u00e1lat\u00e1n kereszt\u00fcl l\u00e9trehozott tartalmak megoszt\u00e1s\u00e1ra<\/p><\/td>\n<\/tr>\n<tr>\n<td><p><strong>Az adatkezel\u00e9s jogalapja<\/strong><\/p>\n<p>Az adatkezel\u00e9sre jogos \u00e9rdekeink miatt van sz\u00fcks\u00e9g (szolg\u00e1ltat\u00e1sunk fejleszt\u00e9se \u00e9s marketingstrat\u00e9gi\u00e1nk megismertet\u00e9se).<\/p><\/td>\n<\/tr>\n<tr>\n<td><p><strong>Adatmeg\u0151rz\u00e9s<\/strong><\/p>\n<p>Legfeljebb egy \u00e9vig.<\/p><\/td>\n<\/tr>\n<tr>\n<td><p><strong>A szem\u00e9lyes adatok c\u00edmzettjei<\/strong><\/p>\n<p>Megoszthatjuk az \u00d6n \u00e1ltal a kapcsolatfelv\u00e9tel sor\u2018n megadott adatokat olyan harmadik felekkel, akik t\u00e1mogatnak minket a marketing kamp\u00e1nyok meghat\u00e1roz\u00e1s\u00e1ban, illetve a digit\u00e1lis eszk\u00f6zeink t\u00e1rhely- vagy karbantart\u00e1si szolg\u00e1ltat\u00e1sait ny\u00fajt\u00f3 szolg\u00e1ltat\u00f3kkal.<\/p><\/td>\n<\/tr>\n<\/tbody>\n<\/table><\/figure>\n\n\n\n<figure class=\"wp-block-table\"><table>\n<tbody>\n<tr>\n<td colspan=\"2\"><p><strong>Adatkateg\u00f3ria<\/strong><\/p>\n<p><strong>Az \u00d6n preferenci\u00e1i<\/strong>, p\u00e9ld\u00e1ul az \u00e9rtes\u00edt\u00e9sekkel, marketingkommunik\u00e1ci\u00f3val, az Eur\u00f3pai Szolg\u00e1ltat\u00e1sok megjelen\u00edt\u00e9si m\u00f3dj\u00e1val \u00e9s az Eur\u00f3pai Szolg\u00e1ltat\u00e1sok akt\u00edv funkci\u00f3ival kapcsolatos preferenci\u00e1k.<\/p><\/td>\n<\/tr>\n<tr>\n<td><p><strong>Az adatkezel\u00e9s c\u00e9lja<\/strong><\/p>\n<p>Ezeket az inform\u00e1ci\u00f3kat arra haszn\u00e1ljuk fel, hogy \u00e9rtes\u00edt\u00e9seket, h\u00edreket, figyelmeztet\u00e9seket k\u00fcldj\u00fcnk \u00e9s egy\u00e9b marketingkommunik\u00e1ci\u00f3t szolg\u00e1ltassunk, valamint arra, hogy az Eur\u00f3pai Szolg\u00e1ltat\u00e1sokat az \u00d6n v\u00e1laszt\u00e1s\u00e1nak megfelel\u0151en k\u00edn\u00e1ljuk.<\/p><\/td>\n<td><p><strong>Az adatkezel\u00e9s c\u00e9lja<\/strong><\/p>\n<p>Ezeket az inform\u00e1ci\u00f3kat arra haszn\u00e1ljuk, hogy biztos\u00edtsuk, hogy megfelel\u00fcnk t\u00f6rv\u00e9nyben el\u0151\u00edrt k\u00f6telezetts\u00e9geinknek, miszerint csak olyan marketingk\u00f6zlem\u00e9nyeket k\u00fcldhet\u00fcnk, amelyekhez \u00d6n hozz\u00e1j\u00e1rult.<\/p><\/td>\n<\/tr>\n<tr>\n<td><p><strong>Az adatkezel\u00e9s jogalapja<\/strong><\/p>\n<p>Az adatkezel\u00e9s jogos \u00e9rdek\u00fcnk miatt sz\u00fcks\u00e9ges, nevezetesen annak biztos\u00edt\u00e1sa \u00e9rdek\u00e9ben, hogy a felhaszn\u00e1l\u00f3 a megfelel\u0151 marketing- \u00e9s egy\u00e9b k\u00f6zlem\u00e9nyeket kapja, \u00e9s hogy ezek a felhaszn\u00e1l\u00f3 preferenci\u00e1inak megfelel\u0151en jelenjenek meg.<\/p><\/td>\n<td><p><strong>Az adatkezel\u00e9s jogalapja<\/strong><\/p>\n<p>Az adatkezel\u00e9s olyan jogi k\u00f6telezetts\u00e9ggel val\u00f3 megfelel\u00e9shez sz\u00fcks\u00e9ges, amely r\u00e1nk n\u00e9zve k\u00f6telez\u0151.<\/p><\/td>\n<\/tr>\n<tr>\n<td><p><strong>Adatmeg\u0151rz\u00e9s<\/strong><\/p>\n<p>Legfeljebb egy \u00e9vig.<\/p><\/td>\n<td><p><strong>Adatmeg\u0151rz\u00e9s<\/strong><\/p>\n<p>Legfeljebb egy \u00e9vig.<\/p><\/td>\n<\/tr>\n<tr>\n<td colspan=\"2\"><p><strong>A szem\u00e9lyes adatok c\u00edmzettjei<\/strong><\/p>\n<p>Megoszthatjuk szem\u00e9lyes adatait olyan harmadik felekkel is, akik t\u00e1mogatnak minket a marketing kamp\u00e1nyok meghat\u00e1roz\u00e1s\u00e1ban, illetve a digit\u00e1lis eszk\u00f6zeink t\u00e1rhely- vagy karbantart\u00e1si szolg\u00e1ltat\u00e1sait ny\u00fajt\u00f3 szolg\u00e1ltat\u00f3kkal.<\/p><\/td>\n<\/tr>\n<\/tbody>\n<\/table><\/figure>\n\n\n\n<h2 class=\"wp-block-heading\">MELL\u00c9KLET 2 &#8211; AUTOMATIKUSAN GY\u0170JT\u00d6TT SZEM\u00c9LYES ADATOK<\/h2>\n\n\n\n<figure class=\"wp-block-table\"><table>\n<tbody>\n<tr>\n<td colspan=\"2\"><p><strong>Adatkateg\u00f3ria<\/strong><\/p>\n<p><strong>Hozz\u00e1vet\u0151leges helymeghat\u00e1roz\u00e1s.<\/strong>\u00a0Az \u00d6n \u00e1ltal megadott inform\u00e1ci\u00f3kon k\u00edv\u00fcl nem gy\u0171jt\u00fcnk tov\u00e1bbi inform\u00e1ci\u00f3t az \u00d6n pontos tart\u00f3zkod\u00e1si hely\u00e9r\u0151l. A k\u00e9sz\u00fcl\u00e9ke IP-c\u00edme azonban seg\u00edthet nek\u00fcnk a hozz\u00e1vet\u0151leges helymeghat\u00e1roz\u00e1s\u00e1ban.<\/p><\/td>\n<\/tr>\n<tr>\n<td><p><strong>Az adatkezel\u00e9s c\u00e9lja<\/strong><\/p>\n<p>A tart\u00f3zkod\u00e1si hely\u00e9r\u0151l megadott inform\u00e1ci\u00f3kat felhaszn\u00e1lhatjuk a sz\u00e1ml\u00e1j\u00e1val kapcsolatos csal\u00e1s vagy gyan\u00fas tev\u00e9kenys\u00e9g nyomon k\u00f6vet\u00e9s\u00e9re \u00e9s felder\u00edt\u00e9s\u00e9re.<\/p><\/td>\n<td><p><strong>Az adatkezel\u00e9s c\u00e9lja<\/strong><\/p>\n<p>Ezeket az inform\u00e1ci\u00f3kat felhaszn\u00e1lhatjuk arra, hogy szem\u00e9lyre szabjuk az Eur\u00f3pai Szolg\u00e1ltat\u00e1sok megjelen\u00edt\u00e9s\u00e9t (p\u00e9ld\u00e1ul, hogy milyen nyelven ny\u00fajtjuk \u00d6nnek).<\/p><\/td>\n<\/tr>\n<tr>\n<td><p><strong>Az adatkezel\u00e9s jogalapja<\/strong><\/p>\n<p>Az adatkezel\u00e9s jogos \u00e9rdekeink miatt sz\u00fcks\u00e9ges, nevezetesen az\u00e9rt, hogy megv\u00e9dj\u00fck \u00fczleti tev\u00e9kenys\u00e9g\u00fcnket \u00e9s az \u00d6n sz\u00e1ml\u00e1j\u00e1t a csal\u00e1st\u00f3l \u00e9s m\u00e1s illeg\u00e1lis tev\u00e9kenys\u00e9gekt\u0151l.<\/p><\/td>\n<td><p><strong>Az adatkezel\u00e9s jogalapja<\/strong><\/p>\n<p>Az adatkezel\u00e9s jogos \u00e9rdek\u00fcnk miatt sz\u00fcks\u00e9ges, nevezetesen a szolg\u00e1ltat\u00e1sok testre szab\u00e1sa \u00e9rdek\u00e9ben, hogy azok relev\u00e1nsabbak legyenek a felhaszn\u00e1l\u00f3ink sz\u00e1m\u00e1ra.<\/p><\/td>\n<\/tr>\n<tr>\n<td><p><strong>Adatmeg\u0151rz\u00e9s<\/strong><\/p>\n<p>Legfeljebb egy \u00e9vig.<\/p><\/td>\n<td><p><strong>Adatmeg\u0151rz\u00e9s<\/strong><\/p>\n<p>Legfeljebb egy \u00e9vig.<\/p><\/td>\n<\/tr>\n<tr>\n<td colspan=\"2\"><p><strong>A szem\u00e9lyes adatok c\u00edmzettjei<\/strong><\/p>\n<p>Megoszthatjuk ezeket adatokat olyan k\u00f6vetkez\u0151 harmadik felekkel, akik t\u00e1mogatnak minket a marketing kamp\u00e1nyok meghat\u00e1roz\u00e1s\u00e1ban, illetve a digit\u00e1lis eszk\u00f6zeink t\u00e1rhely- vagy karbantart\u00e1si szolg\u00e1ltat\u00e1sait ny\u00fajt\u00f3 szolg\u00e1ltat\u00f3kkal, \u00fagy mint:<\/p>\n<p>\u00a0<\/p><\/td>\n<\/tr>\n<\/tbody>\n<\/table><\/figure>\n\n\n\n<figure class=\"wp-block-table\"><table>\n<tbody>\n<tr>\n<td colspan=\"3\"><p><strong>Adatkateg\u00f3ria<\/strong><\/p>\n<p><strong>Az Eur\u00f3pai Szolg\u00e1ltat\u00e1sokhoz val\u00f3 hozz\u00e1f\u00e9r\u00e9ssel \u00e9s azok haszn\u00e1lat\u00e1val kapcsolatos inform\u00e1ci\u00f3k.\u00a0<\/strong>P\u00e9ld\u00e1ul, hogy milyen gyakran f\u00e9r hozz\u00e1 az Eur\u00f3pai Szolg\u00e1ltat\u00e1sokhoz, mennyi ideig f\u00e9r hozz\u00e1 az Eur\u00f3pai Szolg\u00e1ltat\u00e1sokhoz \u00e9s mennyi ideig haszn\u00e1lja azokat, a hozz\u00e1vet\u0151leges hely, ahonnan az Eur\u00f3pai Szolg\u00e1ltat\u00e1sokat ig\u00e9nybe veszi, az oldal, ahonnan \u00e9rkezett, \u00e9s az oldal, ahov\u00e1 megy, amikor elhagyja a weboldalunkat, a megl\u00e1togatott weblap oldalak, a linkek, amelyekre r\u00e1kattint, hogy megnyit-e bizonyos e-maileket, vagy r\u00e1kattint-e az e-mailekben tal\u00e1lhat\u00f3 linkekre, hogy t\u00f6bb eszk\u00f6zr\u0151l f\u00e9r-e hozz\u00e1 az Eur\u00f3pai Szolg\u00e1ltat\u00e1sokhoz, valamint az Eur\u00f3pai Szolg\u00e1ltat\u00e1sokban v\u00e9gzett egy\u00e9b m\u0171veletek.<\/p><\/td>\n<\/tr>\n<tr>\n<td><p><strong>Az adatkezel\u00e9s c\u00e9lja<\/strong><\/p>\n<p>Az Eur\u00f3pai Szolg\u00e1ltat\u00e1sok haszn\u00e1lat\u00e1ra \u00e9s az ahhoz val\u00f3 kapcsol\u00f3d\u00e1sra vonatkoz\u00f3 inform\u00e1ci\u00f3kat felhaszn\u00e1lhatjuk arra, hogy az Eur\u00f3pai Szolg\u00e1ltat\u00e1sokat az \u00d6n eszk\u00f6z\u00e9n megjelen\u00edts\u00fck \u00d6nnek.<\/p><\/td>\n<td><p><strong>Az adatkezel\u00e9s c\u00e9lja<\/strong><\/p>\n<p>Ezeket az inform\u00e1ci\u00f3kat felhaszn\u00e1lhatjuk arra, hogy marketingc\u00e9lokb\u00f3l meghat\u00e1rozzuk az \u00d6nt \u00e9rdekl\u0151 term\u00e9keket \u00e9s szolg\u00e1ltat\u00e1sokat.<\/p><\/td>\n<td><p><strong>Az adatkezel\u00e9s c\u00e9lja<\/strong><\/p>\n<p>Ezeket az inform\u00e1ci\u00f3kat felhaszn\u00e1lhatjuk az Eur\u00f3pai Szolg\u00e1ltat\u00e1sok \u00e9s \u00fczleti tev\u00e9kenys\u00e9g figyelemmel k\u00eds\u00e9r\u00e9s\u00e9re \u00e9s jav\u00edt\u00e1s\u00e1ra, probl\u00e9m\u00e1k megold\u00e1s\u00e1ra, valamint \u00faj term\u00e9kek \u00e9s szolg\u00e1ltat\u00e1sok fejleszt\u00e9s\u00e9nek megismertet\u00e9s\u00e9hez.<\/p><\/td>\n<\/tr>\n<tr>\n<td><p><strong>Az adatkezel\u00e9s jogalapja<\/strong><\/p>\n<p>Az adatkezel\u00e9s jogos \u00e9rdekeink miatt sz\u00fcks\u00e9ges, nevezetesen az\u00e9rt, hogy az Eur\u00f3pai Szolg\u00e1ltat\u00e1sokat a felhaszn\u00e1l\u00f3ra szabjuk.<\/p><\/td>\n<td><p><strong>Az adatkezel\u00e9s jogalapja<\/strong><\/p>\n<p>Az adatkezel\u00e9sre jogos \u00e9rdekeink miatt van sz\u00fcks\u00e9g, nevezetesen direkt marketing t\u00e1j\u00e9koztat\u00e1sa \u00e9rdek\u00e9ben.<\/p><\/td>\n<td><p><strong>Az adatkezel\u00e9s jogalapja<\/strong><\/p>\n<p>Az adatkezel\u00e9s jogos \u00e9rdekeink miatt sz\u00fcks\u00e9ges, nevezetesen az Eur\u00f3pai Szolg\u00e1ltat\u00e1sokkal kapcsolatos probl\u00e9m\u00e1k nyomon k\u00f6vet\u00e9se \u00e9s megold\u00e1sa, valamint az Eur\u00f3pai Szolg\u00e1ltat\u00e1sok \u00e1ltal\u00e1nos jav\u00edt\u00e1sa \u00e9rdek\u00e9ben.<\/p><\/td>\n<\/tr>\n<tr>\n<td><p><strong>Adatmeg\u0151rz\u00e9s<\/strong><\/p>\n<p>A meg\u0151rz\u00e9si id\u0151 a telep\u00edtett cookie-t\u00f3l f\u00fcgg (l\u00e1sd a weboldal\/alkalmaz\u00e1s cookie szab\u00e1lyzat\u00e1t).<\/p><\/td>\n<td><p><strong>Adatmeg\u0151rz\u00e9s<\/strong><\/p>\n<p>A meg\u0151rz\u00e9si id\u0151 a telep\u00edtett cookie-t\u00f3l f\u00fcgg (l\u00e1sd a weboldal\/alkalmaz\u00e1s cookie szab\u00e1lyzat\u00e1t).<\/p><\/td>\n<td><p><strong>Adatmeg\u0151rz\u00e9s<\/strong><\/p>\n<p>A meg\u0151rz\u00e9si id\u0151 a telep\u00edtett cookie-t\u00f3l f\u00fcgg (l\u00e1sd a weboldal\/alkalmaz\u00e1s cookie szab\u00e1lyzat\u00e1t).<\/p><\/td>\n<\/tr>\n<tr>\n<td colspan=\"3\"><p><strong>A szem\u00e9lyes adatok c\u00edmzettjei<\/strong><\/p>\n<p>Megoszthatjuk ezeket adatokat olyan k\u00f6vetkez\u0151 harmadik felekkel, akik t\u00e1mogatnak minket a marketing kamp\u00e1nyok meghat\u00e1roz\u00e1s\u00e1ban, illetve a digit\u00e1lis eszk\u00f6zeink t\u00e1rhely- vagy karbantart\u00e1si szolg\u00e1ltat\u00e1sait ny\u00fajt\u00f3 szolg\u00e1ltat\u00f3kkal, \u00fagy mint:<\/p>\n<p>\u00a0<\/p><\/td>\n<\/tr>\n<\/tbody>\n<\/table><\/figure>\n\n\n\n<figure class=\"wp-block-table\"><table>\n<tbody>\n<tr>\n<td colspan=\"2\"><p><strong>A szem\u00e9lyes adatok c\u00edmzettjei<\/strong><\/p>\n<p>Megoszthatjuk ezeket adatokat olyan k\u00f6vetkez\u0151 harmadik felekkel, akik t\u00e1mogatnak minket a marketing kamp\u00e1nyok meghat\u00e1roz\u00e1s\u00e1ban, illetve a digit\u00e1lis eszk\u00f6zeink t\u00e1rhely- vagy karbantart\u00e1si szolg\u00e1ltat\u00e1sait ny\u00fajt\u00f3 szolg\u00e1ltat\u00f3kkal, \u00fagy mint:<\/p>\n<p>\u00a0<\/p><\/td>\n<\/tr>\n<tr>\n<td><p><strong>Az adatkezel\u00e9s c\u00e9lja<\/strong><\/p>\n<p>Az Eur\u00f3pai Szolg\u00e1ltat\u00e1sok haszn\u00e1lat\u00e1ra \u00e9s az ahhoz val\u00f3 kapcsol\u00f3d\u00e1sra vonatkoz\u00f3 inform\u00e1ci\u00f3kat felhaszn\u00e1lhatjuk arra, hogy az Eur\u00f3pai Szolg\u00e1ltat\u00e1sokat az \u00d6n eszk\u00f6z\u00e9n megjelen\u00edts\u00fck \u00d6nnek.<\/p><\/td>\n<td><p><strong>Az adatkezel\u00e9s c\u00e9lja<\/strong><\/p>\n<p>Ezeket az inform\u00e1ci\u00f3kat felhaszn\u00e1lhatjuk az Eur\u00f3pai Szolg\u00e1ltat\u00e1sok \u00e9s \u00fczleti tev\u00e9kenys\u00e9g figyelemmel k\u00eds\u00e9r\u00e9s\u00e9re \u00e9s jav\u00edt\u00e1s\u00e1ra, probl\u00e9m\u00e1k megold\u00e1s\u00e1ra, valamint \u00faj term\u00e9kek \u00e9s szolg\u00e1ltat\u00e1sok fejleszt\u00e9s\u00e9nek megismertet\u00e9s\u00e9hez.<\/p><\/td>\n<\/tr>\n<tr>\n<td><p><strong>Az adatkezel\u00e9s jogalapja<\/strong><\/p>\n<p>Az adatkezel\u00e9s jogos \u00e9rdekeink miatt sz\u00fcks\u00e9ges, nevezetesen az\u00e9rt, hogy az Eur\u00f3pai Szolg\u00e1ltat\u00e1sokat a felhaszn\u00e1l\u00f3ra szabjuk.<\/p><\/td>\n<td><p><strong>Az adatkezel\u00e9s jogalapja<\/strong><\/p>\n<p>Az adatkezel\u00e9s jogos \u00e9rdekeink miatt sz\u00fcks\u00e9ges, nevezetesen az Eur\u00f3pai Szolg\u00e1ltat\u00e1sokkal kapcsolatos probl\u00e9m\u00e1k nyomon k\u00f6vet\u00e9se \u00e9s megold\u00e1sa, valamint az Eur\u00f3pai Szolg\u00e1ltat\u00e1sok \u00e1ltal\u00e1nos jav\u00edt\u00e1sa \u00e9rdek\u00e9ben.<\/p><\/td>\n<\/tr>\n<tr>\n<td><p><strong>Adatmeg\u0151rz\u00e9s<\/strong><\/p>\n<p>Legfeljebb egy \u00e9vig.<\/p><\/td>\n<td><p><strong>Adatmeg\u0151rz\u00e9s<\/strong><\/p>\n<p>Legfeljebb egy \u00e9vig.<\/p><\/td>\n<\/tr>\n<tr>\n<td colspan=\"2\"><p><strong>A szem\u00e9lyes adatok c\u00edmzettjei<\/strong><\/p>\n<p>Megoszthatjuk ezeket adatokat olyan k\u00f6vetkez\u0151 harmadik felekkel, akik t\u00e1mogatnak minket a marketing kamp\u00e1nyok meghat\u00e1roz\u00e1s\u00e1ban, illetve a digit\u00e1lis eszk\u00f6zeink t\u00e1rhely- vagy karbantart\u00e1si szolg\u00e1ltat\u00e1sait ny\u00fajt\u00f3 szolg\u00e1ltat\u00f3kkal, \u00fagy mint:<\/p>\n<p>\u00a0<\/p><\/td>\n<\/tr>\n<\/tbody>\n<\/table><\/figure>\n\n\n\n<p>Last modified: Utolj\u00e1ra m\u00f3dos\u00edtva: 2021. december<\/p>\n\n<\/div><\/div>\n","protected":false},"excerpt":{"rendered":"<p>ADATV\u00c9DELMI NYILATKOZAT K\u00f6sz\u00f6nj\u00fck, hogy \u00e9rdekl\u0151dik a Campari ir\u00e1nt! Ez az Adatv\u00e9delmi Nyilatkozat ismerteti, hogy a Campari hogyan gy\u0171jti, haszn\u00e1lja fel, k\u00f6zli \u00e9s egy\u00e9b m\u00f3don kezeli az \u00d6nre vonatkoz\u00f3, \u00d6nt k\u00f6zvetlen\u00fcl azonos\u00edt\u00f3 vagy azonos\u00edthat\u00f3v\u00e1 tev\u0151 inform\u00e1ci\u00f3kat (\u201cszem\u00e9lyes adatok\u201c) a Szolg\u00e1ltat\u00e1sainkkal kapcsolatban. \u00a0 Amikor a jelen Adatv\u00e9delmi Nyilatkozatban a \u201cCampari\u201c, \u201cCampari Group\u201c, \u201cmi\u201c, \u201cminket\u201d vagy \u201cmi\u00e9nk\u201d kifejez\u00e9seket [&hellip;]<\/p>\n","protected":false},"author":2,"featured_media":0,"parent":0,"menu_order":0,"comment_status":"closed","ping_status":"closed","template":"templates\/tpl-blocks.php","meta":{"_acf_changed":false,"footnotes":""},"class_list":["post-5504","page","type-page","status-publish","hentry"],"acf":[],"yoast_head":"<!-- This site is optimized with the Yoast SEO plugin v27.9 - https:\/\/yoast.com\/product\/yoast-seo-wordpress\/ -->\n<title>Adatv\u00e9delmi szab\u00e1lyzat | Aperol<\/title>\n<meta name=\"description\" content=\"Ezen az oldalon t\u00e1j\u00e9koz\u00f3dhatsz az Aperol.com weboldalon tal\u00e1lhat\u00f3 adatv\u00e9delmi ir\u00e1nyelvek szempontjair\u00f3l.\" \/>\n<meta name=\"robots\" content=\"noindex, follow, max-snippet:-1, max-image-preview:large, max-video-preview:-1\" \/>\n<meta property=\"og:type\" content=\"article\" \/>\n<meta property=\"og:title\" content=\"Adatv\u00e9delmi szab\u00e1lyzat | Aperol\" \/>\n<meta property=\"og:description\" content=\"Ezen az oldalon t\u00e1j\u00e9koz\u00f3dhatsz az Aperol.com weboldalon tal\u00e1lhat\u00f3 adatv\u00e9delmi ir\u00e1nyelvek szempontjair\u00f3l.\" \/>\n<meta property=\"og:url\" content=\"https:\/\/www.aperol.com\/hu-hu\/adatvedelmi-szabalyzat\/\" \/>\n<meta property=\"og:site_name\" content=\"Aperol\" \/>\n<meta property=\"article:modified_time\" content=\"2026-09-05T07:04:14+00:00\" \/>\n<meta name=\"twitter:card\" content=\"summary_large_image\" \/>\n<meta name=\"twitter:label1\" content=\"Est. reading time\" \/>\n\t<meta name=\"twitter:data1\" content=\"74 minutes\" \/>\n<!-- \/ Yoast SEO plugin. -->","yoast_head_json":{"title":"Adatv\u00e9delmi szab\u00e1lyzat | Aperol","description":"Ezen az oldalon t\u00e1j\u00e9koz\u00f3dhatsz az Aperol.com weboldalon tal\u00e1lhat\u00f3 adatv\u00e9delmi ir\u00e1nyelvek szempontjair\u00f3l.","robots":{"index":"noindex","follow":"follow","max-snippet":"max-snippet:-1","max-image-preview":"max-image-preview:large","max-video-preview":"max-video-preview:-1"},"og_type":"article","og_title":"Adatv\u00e9delmi szab\u00e1lyzat | Aperol","og_description":"Ezen az oldalon t\u00e1j\u00e9koz\u00f3dhatsz az Aperol.com weboldalon tal\u00e1lhat\u00f3 adatv\u00e9delmi ir\u00e1nyelvek szempontjair\u00f3l.","og_url":"https:\/\/test.aperol.com\/stg\/hu-hu\/adatvedelmi-szabalyzat\/","og_site_name":"Aperol","article_modified_time":"2026-09-05T07:04:14+00:00","twitter_card":"summary_large_image","twitter_misc":{"Est. reading time":"74 minutes"},"schema":{"@context":"https:\/\/schema.org","@graph":[{"@type":"WebPage","@id":"https:\/\/test.aperol.com\/stg\/hu-hu\/adatvedelmi-szabalyzat\/","url":"https:\/\/test.aperol.com\/stg\/hu-hu\/adatvedelmi-szabalyzat\/","name":"Adatv\u00e9delmi szab\u00e1lyzat | Aperol","isPartOf":{"@id":"https:\/\/test.aperol.com\/stg\/hu-hu\/#website"},"datePublished":"2023-04-04T10:47:17+00:00","dateModified":"2026-09-05T07:04:14+00:00","description":"Ezen az oldalon t\u00e1j\u00e9koz\u00f3dhatsz az Aperol.com weboldalon tal\u00e1lhat\u00f3 adatv\u00e9delmi ir\u00e1nyelvek szempontjair\u00f3l.","breadcrumb":{"@id":"https:\/\/test.aperol.com\/stg\/hu-hu\/adatvedelmi-szabalyzat\/#breadcrumb"},"inLanguage":"hu-HU","potentialAction":[{"@type":"ReadAction","target":["https:\/\/test.aperol.com\/stg\/hu-hu\/adatvedelmi-szabalyzat\/"]}]},{"@type":"BreadcrumbList","@id":"https:\/\/test.aperol.com\/stg\/hu-hu\/adatvedelmi-szabalyzat\/#breadcrumb","itemListElement":[{"@type":"ListItem","position":1,"name":"Home","item":"https:\/\/test.aperol.com\/stg\/hu-hu\/"},{"@type":"ListItem","position":2,"name":"Adatv\u00e9delmi szab\u00e1lyzat"}]},{"@type":"WebSite","@id":"https:\/\/test.aperol.com\/stg\/hu-hu\/#website","url":"https:\/\/test.aperol.com\/stg\/hu-hu\/","name":"Aperol-hungary-hu","description":"","publisher":{"@id":"https:\/\/test.aperol.com\/stg\/hu-hu\/#organization"},"potentialAction":[{"@type":"SearchAction","target":{"@type":"EntryPoint","urlTemplate":"https:\/\/test.aperol.com\/stg\/hu-hu\/?s={search_term_string}"},"query-input":{"@type":"PropertyValueSpecification","valueRequired":true,"valueName":"search_term_string"}}],"inLanguage":"hu-HU"},{"@type":"Organization","@id":"https:\/\/test.aperol.com\/stg\/hu-hu\/#organization","name":"Aperol","url":"https:\/\/test.aperol.com\/stg\/hu-hu\/","logo":{"@type":"ImageObject","inLanguage":"hu-HU","@id":"https:\/\/test.aperol.com\/stg\/hu-hu\/#\/schema\/logo\/image\/","url":"https:\/\/test.aperol.com\/stg\/app\/uploads\/2023\/05\/aperol-organization-logo.png","contentUrl":"https:\/\/test.aperol.com\/stg\/app\/uploads\/2023\/05\/aperol-organization-logo.png","width":720,"height":720,"caption":"Aperol"},"image":{"@id":"https:\/\/test.aperol.com\/stg\/hu-hu\/#\/schema\/logo\/image\/"}}]}},"_links":{"self":[{"href":"https:\/\/test.aperol.com\/stg\/hu-hu\/wp-json\/wp\/v2\/pages\/5504","targetHints":{"allow":["GET"]}}],"collection":[{"href":"https:\/\/test.aperol.com\/stg\/hu-hu\/wp-json\/wp\/v2\/pages"}],"about":[{"href":"https:\/\/test.aperol.com\/stg\/hu-hu\/wp-json\/wp\/v2\/types\/page"}],"author":[{"embeddable":true,"href":"https:\/\/test.aperol.com\/stg\/hu-hu\/wp-json\/wp\/v2\/users\/2"}],"replies":[{"embeddable":true,"href":"https:\/\/test.aperol.com\/stg\/hu-hu\/wp-json\/wp\/v2\/comments?post=5504"}],"version-history":[{"count":3,"href":"https:\/\/test.aperol.com\/stg\/hu-hu\/wp-json\/wp\/v2\/pages\/5504\/revisions"}],"predecessor-version":[{"id":19993,"href":"https:\/\/test.aperol.com\/stg\/hu-hu\/wp-json\/wp\/v2\/pages\/5504\/revisions\/19993"}],"wp:attachment":[{"href":"https:\/\/test.aperol.com\/stg\/hu-hu\/wp-json\/wp\/v2\/media?parent=5504"}],"curies":[{"name":"wp","href":"https:\/\/api.w.org\/{rel}","templated":true}]}}