{"id":20243,"date":"2023-04-04T10:47:17","date_gmt":"2023-04-04T10:47:17","guid":{"rendered":"https:\/\/test.aperol.com\/stg\/pt-br\/politica-de-privacidade\/"},"modified":"2026-09-05T06:04:56","modified_gmt":"2026-09-05T06:04:56","slug":"politica-de-privacidade","status":"publish","type":"page","link":"https:\/\/test.aperol.com\/stg\/pt-br\/politica-de-privacidade\/","title":{"rendered":"Pol\u00edtica de Privacidade"},"content":{"rendered":"\n<div class=\"wp-block-group wdf-legal-page-content-pp\"><div class=\"wp-block-group__inner-container is-layout-flow wp-block-group-is-layout-flow\">\n\n<h1 class=\"wp-block-heading\">POL\u00cdTICA DE PRIVACIDADE<\/h1>\n\n\n\n<p>Obrigado pelo seu interesse na Campari! Este Aviso de Privacidade explica como as informa\u00e7\u00f5es sobre voc\u00ea, que o identificam diretamente ou que o tornam identific\u00e1vel (\u201cinforma\u00e7\u00f5es pessoais\u201d), s\u00e3o coletadas, usadas, divulgadas e de outra forma tratadas pela Campari em conex\u00e3o com nossos Servi\u00e7os.<br>Quando usamos os termos \u201cCampari\u201d, \u201cCampari Group\u201d, \u201cn\u00f3s\u201d, \u201cnos\u201d ou \u201cnosso(s)\/nossa(s)\u201d neste Aviso de Privacidade, estamos nos referindo \u00e0 Davide Campari-Milano N.V. e \u00e0s suas afiliadas e subsidi\u00e1rias. Quando usamos o termo \u201cServi\u00e7o\u201d, estamos nos referindo a todos os servi\u00e7os e ofertas de produtos que oferecemos em nosso pr\u00f3prio nome, incluindo nossas ofertas de produtos, como nosso site <a href=\"https:\/\/www.campari.com\/\">https:\/\/www.campari.com\/<\/a>, nossos aplicativos m\u00f3veis ou qualquer outro produto ou servi\u00e7o do <strong>Campari Group<\/strong> que publique ou vincule este Aviso de Privacidade.<\/p>\n\n\n\n<h2 class=\"wp-block-heading\"><strong>1. APLICABILIDADE GLOBAL E DIVULGA\u00c7\u00d5ES ESPEC\u00cdFICAS POR REGI\u00c3O<\/strong><\/h2>\n\n\n\n<p>Este Aviso de Privacidade foi elaborado para se aplicar aos visitantes de nosso site, usu\u00e1rios de nosso Servi\u00e7o e outras empresas e usu\u00e1rios em \u00e2mbito global. Podemos optar por fornecer, ou ser obrigados por lei a fornecer, divulga\u00e7\u00f5es adicionais relacionadas ao tratamento de informa\u00e7\u00f5es pessoais em determinados pa\u00edses, regi\u00f5es ou estados. Consulte abaixo as divulga\u00e7\u00f5es que podem ser aplic\u00e1veis a voc\u00ea:<\/p>\n\n\n\n<p>\u00a0<\/p>\n\n\n\n<p>\u00b7\u00a0\u00a0\u00a0\u00a0\u00a0\u00a0\u00a0 <strong>Calif\u00f3rnia (Estados Unidos)<\/strong>: Se voc\u00ea for residente do Estado da Calif\u00f3rnia, nos Estados Unidos, consulte o <a href=\"https:\/\/www.aperol.com\/privacy-policy\/\"><strong>Aviso Adicional para Residentes da Calif\u00f3rnia<\/strong><\/a> para obter informa\u00e7\u00f5es adicionais de privacidade espec\u00edficas da Calif\u00f3rnia.<\/p>\n\n\n\n<p>\u00b7\u00a0\u00a0\u00a0\u00a0\u00a0\u00a0\u00a0 <strong>Nevada (Estados Unidos)<\/strong>: Se voc\u00ea for residente do Estado de Nevada, o Cap\u00edtulo 603A dos Estatutos Revisados de Nevada permite que um residente de Nevada opte por n\u00e3o participar de futuras vendas de determinadas informa\u00e7\u00f5es cobertas que um operador de site tenha coletado ou venha a coletar sobre o residente. Observe que n\u00e3o vendemos suas informa\u00e7\u00f5es pessoais nos termos do Cap\u00edtulo 603A. No entanto, se ainda assim desejar apresentar tal solicita\u00e7\u00e3o, entre em contato conosco pelo e-mail <a href=\"mailto:gpdp.office@campari.com\">gpdp.office@campari.com<\/a><\/p>\n\n\n\n<p>\u00b7\u00a0\u00a0\u00a0\u00a0\u00a0\u00a0\u00a0 <strong>Espa\u00e7o Econ\u00f4mico Europeu, Reino Unido ou Su\u00ed\u00e7a<\/strong>: Se voc\u00ea estiver localizado no Espa\u00e7o Econ\u00f4mico Europeu (\u201cEEE\u201d), no Reino Unido (\u201cUK\u201d) ou na Su\u00ed\u00e7a, ou se interagir de outra forma com as opera\u00e7\u00f5es europeias do Campari Group, consulte o <a href=\"https:\/\/www.aperol.com\/privacy-policy\/\"><strong>Aviso Adicional para o Espa\u00e7o Econ\u00f4mico Europeu, Reino Unido e Su\u00ed\u00e7a<\/strong><\/a> para obter informa\u00e7\u00f5es adicionais de privacidade espec\u00edficas da Europa, incluindo, entre outras, o que constitui suas informa\u00e7\u00f5es pessoais, as bases legais em que nos apoiamos para tratar suas informa\u00e7\u00f5es pessoais, como usamos cookies quando voc\u00ea acessa nossos Servi\u00e7os a partir do EEE, Reino Unido ou Su\u00ed\u00e7a e seus direitos em rela\u00e7\u00e3o \u00e0s suas informa\u00e7\u00f5es pessoais.<\/p>\n\n\n\n<p>\u00a0<\/p>\n\n\n\n<p>Desde o primeiro momento em que voc\u00ea interage conosco, coletamos informa\u00e7\u00f5es pessoais sobre voc\u00ea. \u00c0s vezes coletamos informa\u00e7\u00f5es pessoais automaticamente quando voc\u00ea interage com nossos servi\u00e7os e, \u00e0s vezes, coletamos as informa\u00e7\u00f5es pessoais diretamente de voc\u00ea. Em determinados momentos, podemos coletar informa\u00e7\u00f5es pessoais sobre voc\u00ea de outras fontes e terceiros, mesmo antes de nossa primeira intera\u00e7\u00e3o direta. O tipo de informa\u00e7\u00e3o pessoal que coletamos tamb\u00e9m pode depender do relacionamento que temos com voc\u00ea (por exemplo, representante comercial, consumidor).<\/p>\n\n\n\n<p>\u00a0<\/p>\n\n\n\n<p>\u00b7\u00a0\u00a0\u00a0\u00a0\u00a0\u00a0\u00a0 <strong>Peru:<\/strong> Se voc\u00ea for residente da Rep\u00fablica do Peru, consulte o Aviso Adicional para Residentes da Rep\u00fablica do Peru para obter informa\u00e7\u00f5es adicionais de privacidade espec\u00edficas do Peru.<\/p>\n\n\n\n<p>\u00b7\u00a0\u00a0\u00a0\u00a0\u00a0\u00a0\u00a0 <strong>Argentina:<\/strong> Se voc\u00ea for residente da Rep\u00fablica Argentina, consulte o Aviso Adicional para Residentes da Rep\u00fablica Argentina para obter informa\u00e7\u00f5es adicionais de privacidade na Argentina.<\/p>\n\n\n\n<h3 class=\"wp-block-heading\"><strong>1.1 COMO COLETAMOS SUAS INFORMA\u00c7\u00d5ES PESSOAIS<\/strong><\/h3>\n\n\n\n<p>Desde o primeiro momento em que voc\u00ea interage conosco, coletamos informa\u00e7\u00f5es pessoais sobre voc\u00ea. \u00c0s vezes coletamos informa\u00e7\u00f5es pessoais automaticamente quando voc\u00ea interage com nossos servi\u00e7os e, \u00e0s vezes, coletamos as informa\u00e7\u00f5es pessoais diretamente de voc\u00ea. Em determinados momentos, podemos coletar informa\u00e7\u00f5es pessoais sobre voc\u00ea de outras fontes e terceiros, mesmo antes de nossa primeira intera\u00e7\u00e3o direta. O tipo de informa\u00e7\u00e3o pessoal que coletamos tamb\u00e9m pode depender do relacionamento que temos com voc\u00ea (por exemplo, representante comercial, consumidor).<\/p>\n\n\n\n<p>\u00a0<\/p>\n\n\n\n<p><strong>Controladores<\/strong><\/p>\n\n\n\n<p>O controlador, que \u00e9 a empresa pertencente ao Campari Group respons\u00e1vel pelo tratamento de seus dados pessoais, depende de como voc\u00ea interage com as marcas do Campari Group. Assim, o controlador relevante normalmente consistir\u00e1 em uma ou duas entidades: (1) a entidade principal que administra as marcas Campari com base na regi\u00e3o e, se aplic\u00e1vel, (2) a empresa local com a qual voc\u00ea interage em conex\u00e3o com atividades localizadas (por exemplo, campanhas de marketing, eventos, competi\u00e7\u00f5es). Em rela\u00e7\u00e3o ao controlador local, o controlador e as informa\u00e7\u00f5es de contato ser\u00e3o divulgados no m\u00e9todo espec\u00edfico de intera\u00e7\u00e3o. Esses controladores est\u00e3o especificados nas tabelas a seguir:<\/p>\n\n\n\n<p>\u00a0<\/p>\n\n\n\n<p>Esses controladores est\u00e3o especificados nas tabelas a seguir:<\/p>\n\n\n\n<figure class=\"wp-block-table\"><table>\n<tbody>\n<tr>\n<th colspan=\"3\"><p><strong>Controladores principais (com base nas marcas)<\/strong><\/p><\/th>\n<\/tr>\n<tr>\n<td><p><strong>Controlador<\/strong><\/p>\n<p>CAMPARI AMERICA LLC<br>1114 AVENUE OF THE AMERICAS<br>FL 19 NEW YORK, NY, 10036-7703<br><a href=\"mailto:GPDP.OFFICE@CAMPARI.COM\">GPDP.OFFICE@CAMPARI.COM<\/a><\/p><\/td>\n<td><p><strong>Controlador<\/strong><\/p>\n<p>DAVIDE CAMPARI &#8211; MILANO N.V.<br>VIA F. SACCHETTI, 20 \u2013 20099 SESTO SAN GIOVANNI (MI), ITALIA<br><a href=\"mailto:GPDP.OFFICE@CAMPARI.COM\">GPDP.OFFICE@CAMPARI.COM<\/a><\/p><\/td>\n<td><p><strong>Controlador<\/strong><\/p>\n<p>CAMPARI FRANCE &#8211; 14 RUE MONTALIVET, 75008, PARIS, FRANCE &#8211; <\/p><\/td>\n<\/tr>\n<tr>\n<td><p><strong>Marcas<\/strong><\/p>\n<p>AMERICAN HONEY<br>APPLETON ESTATE<br>BOND &amp; LILLARD<br>CABO WABO<br>SKYY<br>WILD TURKEY<br>LONGBRANCH<br>RUSSELL\u2019S RESERVE<br>WRAY &amp; NEPHEW<br>FORTY CREEK<br>PRINCE IGOR<br>ESPOLON<br>ANCHO REYES<br>MONTELOBOS<br>KOKO KANU<br>SANGSTERS<br>CORUBA<br>OLD EIGHT<br>DRURY\u2019S<br>DREHER<br>SAGATIBA<br>SAFFELL<\/p><\/td>\n<td><p><strong>Marcas<\/strong><\/p>\n<p>APEROL<br>APEROL SPRITZ<br>BANKES-BICKENS<br>BARBERO LIQUORS<br>BRAULIO<br>BIANCOSARTI<br>BULLDOG GIN<br>CAMPARI<br>CAMPARINO<br>CAMPARISODA<br>CORTE DELLA FRATESSA<br>CRODINO<br>CRODINO SPRITZ<br>CRODINO TWIST<br>DIESUS<br>CROSS<br>CYNAR<br>FRANGELICO LIQUEUR<br>GLEN GRANT<br>MAGNUM TONIC WINE<br>MAISON LAMAUNY<br>MONDORO<br>ONDINA GIN<br>OUZO 12<br>RICCADONNA<br>TERRAZZA APEROL<br>THE NOTES COLLECTION<br>RICCADONNA SPARKLING WINES<\/p>\n<p>X-RATED<br>FUSION LIQUEUR<\/p><\/td>\n<td><p><strong>Marcas<\/strong><\/p>\n<p>GRAND MARNIER<br>BISQUIT &amp; DOUBOUCHE<br>LALLIER CHAMPAGNE<br>MARNIER RHUM<br>WINE &amp; CHAMPAGNE LVMH<br>COURVOISIER<\/p><\/td>\n<\/tr>\n<\/tbody>\n<\/table><\/figure>\n\n\n\n<figure class=\"wp-block-table\"><table>\n<tbody>\n<tr>\n<th colspan=\"2\"><p><strong>Empresas locais (controladores localizados)<\/strong><\/p><\/th>\n<\/tr>\n<tr>\n<td><p><strong>Pa\u00eds:<\/strong><\/p>\n<p>\u00c1ustria<\/p>\n<p><strong>Entidade:<\/strong><\/p>\n<p>CAMPARI AUSTRIA GMBH<\/p>\n<p><strong>Endere\u00e7o:<\/strong><\/p>\n<p>NAGLERGASSE 1\/TOP 13 ,1010, WIEN<\/p><\/td>\n<td><p><strong>Pa\u00eds:<\/strong><\/p>\n<p>Benelux<\/p>\n<p><strong>Entidade:<\/strong><\/p>\n<p>CAMPARI BENELUX S.A.<\/p>\n<p><strong>Endere\u00e7o:<\/strong><\/p>\n<p>AVENUE DE LA M\u00c9TEROLOGIE, 10, BRUXELLES<\/p><\/td>\n<\/tr>\n<tr>\n<td><p><strong>Pa\u00eds:<\/strong><\/p>\n<p>Argentina<\/p>\n<p><strong>Entidade:<\/strong><\/p>\n<p>CAMPARI ARGENTINA S.A.<\/p>\n<p><strong>Endere\u00e7o:<\/strong><\/p>\n<p>OLGA COSSETTINI, 243 PISO 3, PUERTO MADEO, CABA, ARGENTINA<\/p><\/td>\n<td><p><strong>Pa\u00eds:<\/strong><\/p>\n<p>Austr\u00e1lia<\/p>\n<p><strong>Entidade:<\/strong><\/p>\n<p>CAMPARI AUSTRALIA PTY LTD.<\/p>\n<p><strong>Endere\u00e7o:<\/strong><\/p>\n<p>LEVEL 21, 141 WALKER STREET NORTH SYDNEY, AUSTRALIA<\/p><\/td>\n<\/tr>\n<tr>\n<td><p><strong>Pa\u00eds:<\/strong><\/p>\n<p>Brasil<\/p>\n<p><strong>Entidade:<\/strong><\/p>\n<p>CAMPARI DO BRASIL LTDA.<\/p>\n<p><strong>Endere\u00e7o:<\/strong><\/p>\n<p>ALAMEDA RIO NEGRO 585, EDIFICIO DEMINI, CONJUNTO 62, ALPHAVILLEBARUERI-SP<\/p><\/td>\n<td><p><strong>Pa\u00eds:<\/strong><\/p>\n<p>Canad\u00e1<\/p>\n<p><strong>Entidade:<\/strong><\/p>\n<p>FORTY CREEK DISTILLERY LTD.<\/p>\n<p><strong>Endere\u00e7o:<\/strong><\/p>\n<p>297 SOUTH SERVICE ROAD WEST, GRIMSBY, CANADA<\/p><\/td>\n<\/tr>\n<tr>\n<td><p><strong>Pa\u00eds:<\/strong><\/p>\n<p>China<\/p>\n<p><strong>Entidade:<\/strong><\/p>\n<p>CAMPARI (BEIJING) TRADING CO. LTD.<\/p>\n<p><strong>Endere\u00e7o:<\/strong><\/p>\n<p>Unit 4001-02, 4008, 40F, CITIC Square<\/p><\/td>\n<td><p><strong>Pa\u00eds:<\/strong><\/p>\n<p>Alemanha<\/p>\n<p><strong>Entidade:<\/strong><\/p>\n<p>CAMPARI DEUTSCHLAND GMBH<\/p>\n<p><strong>Endere\u00e7o:<\/strong><\/p>\n<p>ADELGUNDENSTRASSE 7, 80538 M\u00dcNCHEN, DEUTSCHLAND<\/p><\/td>\n<\/tr>\n<tr>\n<td><p><strong>Pa\u00eds:<\/strong><\/p>\n<p>Gr\u00e9cia<\/p>\n<p><strong>Entidade:<\/strong><\/p>\n<p>KALOYIANNIS &#8211; KOUTSIKOS DISTILLERIES S.A.<\/p>\n<p><strong>Endere\u00e7o:<\/strong><\/p>\n<p>6 &amp; E STREET, A&#039; INDUSTRIAL AREA, VOLOS<\/p><\/td>\n<td><p><strong>Pa\u00eds:<\/strong><\/p>\n<p>\u00cdndia<\/p>\n<p><strong>Entidade:<\/strong><\/p>\n<p>CAMPARI INDIA PRIVATE LTD<\/p>\n<p><strong>Endere\u00e7o:<\/strong><\/p>\n<p>COWRKS, GROUND FLOOR AND FIRST FLOOR, WORLDMARK 1, ASSET AREA 11. AEROCITY, HOSPITALITY DISTRICT, INDIRA GANDHI INTERNATIONAL AIR-PORT, NH-8. NEW DELHI &#8211; 110037, INDIA<\/p><\/td>\n<\/tr>\n<tr>\n<td><p><strong>Pa\u00eds:<\/strong><\/p>\n<p>It\u00e1lia<\/p>\n<p><strong>Entidade:<\/strong><\/p>\n<p>CAMPARINO S.R.L.<\/p>\n<p><strong>Endere\u00e7o:<\/strong><\/p>\n<p>PIAZZA DUOMO, 21 MILANO<\/p><\/td>\n<td><p><strong>Pa\u00eds:<\/strong><\/p>\n<p>It\u00e1lia<\/p>\n<p><strong>Entidade:<\/strong><\/p>\n<p>TERRAZZA APEROL SRL<\/p>\n<p><strong>Endere\u00e7o:<\/strong><\/p>\n<p>CAMPO SANTO STEFANO, SAN MARCO 2776 30124 VENEZIA (VE)<\/p><\/td>\n<\/tr>\n<tr>\n<td><p><strong>Pa\u00eds:<\/strong><\/p>\n<p>Jamaica<\/p>\n<p><strong>Entidade:<\/strong><\/p>\n<p>J. WRAY&amp;NEPHEW LTD.<\/p>\n<p><strong>Endere\u00e7o:<\/strong><\/p>\n<p>23 DOMINICA DRIVE, KINGSTON 5, JAMAICA<\/p><\/td>\n<td><p><strong>Pa\u00eds:<\/strong><\/p>\n<p>M\u00e9xico<\/p>\n<p><strong>Entidade:<\/strong><\/p>\n<p>CAMPARI MEXICO S.A. DE C.V<\/p>\n<p><strong>Endere\u00e7o:<\/strong><\/p>\n<p>AVENIDA AMERICAS 1500 PISO G-B COLONIA COUNTRY CLUB, GUADA-LAJARA, JALISCO, MEXICO<\/p><\/td>\n<\/tr>\n<tr>\n<td><p><strong>Pa\u00eds:<\/strong><\/p>\n<p>Nova Zel\u00e2ndia<\/p>\n<p><strong>Entidade:<\/strong><\/p>\n<p>CAMPARI NEW ZEALAND LTD.<\/p>\n<p><strong>Endere\u00e7o:<\/strong><\/p>\n<p>C\/O KPMG 18, VIADUCT HARBOUR AV., MARITIME SQUARE, AUCKLAND NEW ZEALAND<\/p><\/td>\n<td><p><strong>Pa\u00eds:<\/strong><\/p>\n<p>Peru<\/p>\n<p><strong>Entidade:<\/strong><\/p>\n<p>CAMPARI PERU SAC<\/p>\n<p><strong>Endere\u00e7o:<\/strong><\/p>\n<p>AV. JORGE BASADRE NO.607, OFICINA 702, DISTRITO DE SAN ISIDRO, LIMA, PER\u00d9<\/p><\/td>\n<\/tr>\n<tr>\n<td><p><strong>Pa\u00eds:<\/strong><\/p>\n<p>R\u00fassia<\/p>\n<p><strong>Entidade:<\/strong><\/p>\n<p>CAMPARI RUS OOO<\/p>\n<p><strong>Endere\u00e7o:<\/strong><\/p>\n<p>2ND YUZHNOPORTOVIY PROEZD 14\/22, MOSCOW, RUSSIA<\/p><\/td>\n<td><p><strong>Pa\u00eds:<\/strong><\/p>\n<p>Singapura<\/p>\n<p><strong>Entidade:<\/strong><\/p>\n<p>CAMPARI SINGAPORE PTE LTD.<\/p>\n<p><strong>Endere\u00e7o:<\/strong><\/p>\n<p>152 BEACH ROAD, #28-05-08, GATEWAY EAST, SINGAPORE 189721<\/p><\/td>\n<\/tr>\n<tr>\n<td><p><strong>Pa\u00eds:<\/strong><\/p>\n<p>\u00c1frica do Sul<\/p>\n<p><strong>Entidade:<\/strong><\/p>\n<p>CAMPARI SOUTH AFRICA PTY LTD<\/p>\n<p><strong>Endere\u00e7o:<\/strong><\/p>\n<p>12TH FLOOR, CLIFFE DEKER HOF-MEYR 11 BUITENGRACHT STREET, CAPE TOWN, SOUTH AFRICA<\/p><\/td>\n<td><p><strong>Pa\u00eds:<\/strong><\/p>\n<p>Espanha<\/p>\n<p><strong>Entidade:<\/strong><\/p>\n<p>CAMPARI ESPA\u00d1A S.L<\/p>\n<p><strong>Endere\u00e7o:<\/strong><\/p>\n<p>CALLE DE LA MARINA 16-18, PLANTA 29, BARCELONA<\/p><\/td>\n<\/tr>\n<tr>\n<td><p><strong>Pa\u00eds:<\/strong><\/p>\n<p>Su\u00ed\u00e7a<\/p>\n<p><strong>Entidade:<\/strong><\/p>\n<p>CAMPARI SCHWEIZ A.G.<\/p>\n<p><strong>Endere\u00e7o:<\/strong><\/p>\n<p>LINDENSTRASSE 8, BAAR<\/p><\/td>\n<td><p><strong>Pa\u00eds:<\/strong><\/p>\n<p>Ucr\u00e2nia<\/p>\n<p><strong>Entidade:<\/strong><\/p>\n<p>CAMPARI UKRAINE LLC<\/p>\n<p><strong>Endere\u00e7o:<\/strong><\/p>\n<p>8, ILLINSKA STREET, 5 FLOOR, BLOCK 8 AND 9, KIEV, UKRAINE<\/p><\/td>\n<\/tr>\n<tr>\n<td><p><strong>Pa\u00eds:<\/strong><\/p>\n<p>Reino Unido<\/p>\n<p><strong>Entidade:<\/strong><\/p>\n<p>GLEN GRANT LTD.<\/p>\n<p><strong>Endere\u00e7o:<\/strong><\/p>\n<p>UK Campari UK House of Campari UK14-16 Great Portland St, London W1W 8QW<\/p><\/td>\n<td><\/td>\n<\/tr>\n<\/tbody>\n<\/table><\/figure>\n\n\n\n<h4 class=\"wp-block-heading\"><strong>Informa\u00e7\u00f5es pessoais que voc\u00ea fornece<\/strong><\/h4>\n\n\n\n<p>Podemos coletar as seguintes informa\u00e7\u00f5es pessoais que voc\u00ea fornece em conex\u00e3o com nosso Servi\u00e7o:<\/p>\n\n\n\n<p>\u00a0<\/p>\n\n\n\n<p>\u00b7\u00a0\u00a0\u00a0\u00a0\u00a0\u00a0\u00a0 <strong>Verifica\u00e7\u00e3o da idade legal para consumo de bebidas alco\u00f3licas:<\/strong> Quando voc\u00ea visita nosso site pela primeira vez, podemos coletar sua data de nascimento para confirmar que voc\u00ea tem idade legal para consumir bebidas alco\u00f3licas.<\/p>\n\n\n\n<p>\u00b7\u00a0\u00a0\u00a0\u00a0\u00a0\u00a0\u00a0 <strong>Cria\u00e7\u00e3o de conta e informa\u00e7\u00f5es de perfil.<\/strong> Podemos coletar informa\u00e7\u00f5es pessoais que voc\u00ea fornece ao registrar uma conta (quando dispon\u00edvel). Essas informa\u00e7\u00f5es incluem seu nome completo, endere\u00e7o de e-mail e senha. Depois de criar uma conta, voc\u00ea tamb\u00e9m poder\u00e1 atualizar suas informa\u00e7\u00f5es de conta, como nome, telefone, endere\u00e7o de e-mail, data de nascimento e prefer\u00eancias.<\/p>\n\n\n\n<p>\u00b7\u00a0\u00a0\u00a0\u00a0\u00a0\u00a0\u00a0 <strong>Reservas:<\/strong> Quando voc\u00ea faz uma reserva online em qualquer uma de nossas casas de marca, por exemplo, uma reserva para aperitivo ou jantar, coletamos as informa\u00e7\u00f5es necess\u00e1rias para realizar sua reserva, que podem incluir nome, sobrenome, n\u00famero de celular, endere\u00e7o de e-mail, n\u00famero de convidados e quaisquer informa\u00e7\u00f5es fornecidas na se\u00e7\u00e3o de coment\u00e1rios (por exemplo, prefer\u00eancias, solicita\u00e7\u00f5es especiais).<\/p>\n\n\n\n<p>\u00b7\u00a0\u00a0\u00a0\u00a0\u00a0\u00a0\u00a0 <strong>Informa\u00e7\u00f5es de pagamento:<\/strong> Se voc\u00ea se inscrever em um de nossos Servi\u00e7os que exija pagamento ou comprar um de nossos produtos, coletamos as informa\u00e7\u00f5es fornecidas em conex\u00e3o com esse pagamento. Observe que utilizamos processadores de pagamento terceirizados para processar pagamentos feitos a n\u00f3s. Assim, n\u00e3o retemos nenhuma informa\u00e7\u00e3o financeira pessoalmente identific\u00e1vel, como n\u00fameros de cart\u00e3o de cr\u00e9dito. Em vez disso, todas essas informa\u00e7\u00f5es s\u00e3o fornecidas diretamente por voc\u00ea ao nosso processador terceirizado. O uso de suas informa\u00e7\u00f5es pessoais pelo processador de pagamento \u00e9 regido pelo aviso de privacidade dele.<\/p>\n\n\n\n<p>\u00b7\u00a0\u00a0\u00a0\u00a0\u00a0\u00a0\u00a0 <strong>Comunica\u00e7\u00f5es:<\/strong> Quando voc\u00ea entra em contato conosco por qualquer meio de comunica\u00e7\u00e3o, inclusive por meio de um dos formul\u00e1rios \u201cFale Conosco\u201d de nosso site, podemos coletar seu nome, endere\u00e7o de e-mail, endere\u00e7o postal, telefone, tipo de consulta ou quaisquer outras informa\u00e7\u00f5es pessoais que voc\u00ea opte por nos fornecer.<\/p>\n\n\n\n<p>\u00b7\u00a0\u00a0\u00a0\u00a0\u00a0\u00a0\u00a0 <strong>Informa\u00e7\u00f5es demogr\u00e1ficas:<\/strong> Quando voc\u00ea preenche uma de nossas pesquisas ou consultas de pesquisa de mercado, podemos coletar informa\u00e7\u00f5es demogr\u00e1ficas, incluindo idade, g\u00eanero ou renda anual, e outras informa\u00e7\u00f5es sobre seu neg\u00f3cio, incluindo, por exemplo, receitas anuais e p\u00fablico-alvo. As informa\u00e7\u00f5es coletadas dependem da pesquisa e da empresa do Campari Group que a conduz.<\/p>\n\n\n\n<p>\u00b7\u00a0\u00a0\u00a0\u00a0\u00a0\u00a0\u00a0 <strong>Newsletter \/ E-mails de marketing<\/strong>. Se voc\u00ea se cadastrar para receber not\u00edcias ou alertas nossos, podemos coletar seu e-mail e interesses e prefer\u00eancias de comunica\u00e7\u00e3o aplic\u00e1veis. Se desejar parar de receber mensagens de e-mail nossas, voc\u00ea pode usar o link \u201ccancelar inscri\u00e7\u00e3o\u201d ao final de nossos e-mails para optar por n\u00e3o receber essas comunica\u00e7\u00f5es.<\/p>\n\n\n\n<p>\u00b7\u00a0\u00a0\u00a0\u00a0\u00a0\u00a0\u00a0 <strong>Eventos, pesquisas e promo\u00e7\u00f5es<\/strong>. Se voc\u00ea preencher quaisquer formul\u00e1rios ou participar de eventos, pesquisas, competi\u00e7\u00f5es (concursos\/sorteios) ou outros eventos promocionais do Campari Group, podemos coletar suas informa\u00e7\u00f5es de contato (como nome, e-mail, telefone e c\u00f3digo postal), suas informa\u00e7\u00f5es demogr\u00e1ficas e quaisquer outras informa\u00e7\u00f5es solicitadas no formul\u00e1rio, no cadastro ou como parte de sua inscri\u00e7\u00e3o na competi\u00e7\u00e3o, incluindo fotos\/v\u00eddeos, conforme aplic\u00e1vel. Ocasionalmente, tamb\u00e9m podemos coletar suas informa\u00e7\u00f5es de envio e cobran\u00e7a, por exemplo, se voc\u00ea for vencedor de uma competi\u00e7\u00e3o ou comprar nossos produtos ou servi\u00e7os (quando dispon\u00edvel). Se voc\u00ea fizer parte de nosso evento ou parceiro promocional, tamb\u00e9m podemos coletar suas informa\u00e7\u00f5es pessoais, incluindo seu nome, e-mail corporativo e endere\u00e7o da empresa.<\/p>\n\n\n\n<p>\u00b7\u00a0\u00a0\u00a0\u00a0\u00a0\u00a0\u00a0 <strong>Informa\u00e7\u00f5es de feedback:<\/strong> Tamb\u00e9m podemos coletar feedback e avalia\u00e7\u00f5es que voc\u00ea fornece relacionados aos nossos servi\u00e7os ou produtos.<\/p>\n\n\n\n<p>\u00b7\u00a0\u00a0\u00a0\u00a0\u00a0\u00a0\u00a0 <strong>Informa\u00e7\u00f5es de contato de representante comercial:<\/strong> Se voc\u00ea for um representante comercial, coletamos suas informa\u00e7\u00f5es em conex\u00e3o com a execu\u00e7\u00e3o do contrato ou potencial contrato conosco. Essas informa\u00e7\u00f5es podem incluir nome, sobrenome, informa\u00e7\u00f5es de contato da empresa (por exemplo, e-mail, telefone, endere\u00e7o), cargo e quaisquer outras informa\u00e7\u00f5es relacionadas \u00e0 execu\u00e7\u00e3o do contrato conosco.<\/p>\n\n\n\n<p>\u00a0<\/p>\n\n\n\n<p>Embora frequentemente coletemos as informa\u00e7\u00f5es pessoais descritas acima diretamente de voc\u00ea, tamb\u00e9m coletamos essas informa\u00e7\u00f5es por meio de prestadores de servi\u00e7os e outros terceiros que as coletam em nosso nome, como provedores de comunica\u00e7\u00e3o, provedores de an\u00e1lise, provedores de pesquisas, concursos e promo\u00e7\u00f5es e provedores de marketing. Consulte a se\u00e7\u00e3o <a href=\"https:\/\/www.aperol.com\/privacy-policy\/\"><strong>Informa\u00e7\u00f5es pessoais de outras fontes e terceiros<\/strong><\/a> abaixo.<\/p>\n\n\n\n<p><strong>Informa\u00e7\u00f5es pessoais coletadas automaticamente<\/strong><\/p>\n\n\n\n<p>Como ocorre com a maioria das plataformas digitais, n\u00f3s e nossos provedores e parceiros terceirizados coletamos determinadas informa\u00e7\u00f5es pessoais automaticamente quando voc\u00ea visita ou interage com nosso Servi\u00e7o:<\/p>\n\n\n\n<p>\u00a0<\/p>\n\n\n\n<p>\u00b7\u00a0\u00a0\u00a0\u00a0\u00a0\u00a0\u00a0 <strong>Dados de registro:<\/strong>\u00a0Incluindo seu endere\u00e7o de protocolo de internet (IP), sistema operacional, tipo de navegador, ID do navegador, a URL inserida e a p\u00e1gina\/campanha de refer\u00eancia, data\/hora de sua visita, o tempo que voc\u00ea passou em nossos servi\u00e7os e quaisquer erros que possam ocorrer durante sua visita aos nossos servi\u00e7os. Observe que nossos sistemas tamb\u00e9m podem registrar informa\u00e7\u00f5es pessoais que voc\u00ea digita em nossos sites e outros servi\u00e7os online, mesmo que voc\u00ea opte por n\u00e3o envi\u00e1-las.<\/p>\n\n\n\n<p>\u00b7\u00a0\u00a0\u00a0\u00a0\u00a0\u00a0\u00a0 <strong>Dados de an\u00e1lise:<\/strong>\u00a0Incluindo o caminho eletr\u00f4nico que voc\u00ea percorre at\u00e9 nossos servi\u00e7os, por nossos servi\u00e7os e ao sair deles, bem como seu uso e atividade em nossos servi\u00e7os, como links, objetos, produtos e benef\u00edcios que voc\u00ea visualiza, clica ou com os quais interage de outra forma, tamb\u00e9m conhecidos como \u201c<strong>Dados de fluxo de cliques<\/strong>\u201d. Nossos e-mails tamb\u00e9m podem conter pixels de rastreamento que identificam se e quando voc\u00ea abriu um e-mail que enviamos a voc\u00ea, quantas vezes o leu e se clicou em algum link contido nesse e-mail. Isso nos ajuda a medir a efic\u00e1cia de nossas campanhas de marketing por e-mail, tornar os e-mails que enviamos a voc\u00ea mais relevantes aos seus interesses e entender se voc\u00ea abriu e leu quaisquer e-mails administrativos importantes que possamos enviar a voc\u00ea.<\/p>\n\n\n\n<p>\u00b7\u00a0\u00a0\u00a0\u00a0\u00a0\u00a0\u00a0 <strong>Dados de localiza\u00e7\u00e3o:<\/strong>\u00a0Incluindo sua localiza\u00e7\u00e3o geogr\u00e1fica geral com base nos Dados de Registro que coletamos.<\/p>\n\n\n\n<p>\u00b7\u00a0\u00a0\u00a0\u00a0\u00a0\u00a0\u00a0 <strong>Dados de aplica\u00e7\u00e3o:<\/strong>\u00a0Alguns de nossos servi\u00e7os oferecem aplicativos m\u00f3veis ou de navegador para permitir que voc\u00ea aproveite nossas ofertas de servi\u00e7os em qualquer lugar e\/ou ao visitar sites de terceiros e outros servi\u00e7os online. Certos aplicativos tamb\u00e9m nos permitem acessar Dados de Localiza\u00e7\u00e3o mais precisos sobre voc\u00ea e coletar informa\u00e7\u00f5es sobre seu uso e intera\u00e7\u00f5es com sites de terceiros e servi\u00e7os online, incluindo os produtos ou servi\u00e7os nos quais voc\u00ea tem interesse ou que compra, para melhor atend\u00ea-lo.<\/p>\n\n\n\n<p>\u00b7\u00a0\u00a0\u00a0\u00a0\u00a0\u00a0\u00a0 <strong>Dados de publicidade:<\/strong>\u00a0tamb\u00e9m coletamos e usamos alguns Dados de Registro e Dados de An\u00e1lise, com seu consentimento, conforme possa ser exigido pelas leis aplic\u00e1veis, para realizar campanhas publicit\u00e1rias, incluindo a exibi\u00e7\u00e3o de an\u00fancios direcionados, usando redes de publicidade, empresas de m\u00eddia social e outros servi\u00e7os de terceiros. Para obter mais informa\u00e7\u00f5es sobre essas pr\u00e1ticas, consulte nosso\u00a0<a href=\"https:\/\/www.aperol.com\/privacy-policy\/\"><strong>Aviso de Cookies.<\/strong><\/a><\/p>\n\n\n\n<p>\u00a0<\/p>\n\n\n\n<p>N\u00f3s e nossos provedores terceirizados podemos usar (i) cookies ou pequenos arquivos de dados armazenados no computador de uma pessoa e (ii) outras tecnologias relacionadas, como web beacons, pixels, scripts incorporados, tecnologias de identifica\u00e7\u00e3o de localiza\u00e7\u00e3o e tecnologias de registro, coletivamente, \u201c<strong>cookies<\/strong>\u201d, para coletar automaticamente essas informa\u00e7\u00f5es pessoais.<\/p>\n\n\n\n<p>\u00a0<\/p>\n\n\n\n<p>Para obter mais informa\u00e7\u00f5es sobre essas pr\u00e1ticas e suas op\u00e7\u00f5es em rela\u00e7\u00e3o aos cookies, consulte nosso Aviso de Cookies.<\/p>\n\n\n\n<p><strong>Informa\u00e7\u00f5es pessoais de outras fontes e terceiros<\/strong><\/p>\n\n\n\n<p>Tamb\u00e9m podemos obter informa\u00e7\u00f5es pessoais de terceiros e de outras fontes, que frequentemente combinamos com informa\u00e7\u00f5es pessoais que coletamos autom\u00e1tica ou diretamente de uma pessoa.<\/p>\n\n\n\n<p>\u00a0<\/p>\n\n\n\n<p>Podemos receber as mesmas categorias de informa\u00e7\u00f5es pessoais descritas acima dos seguintes terceiros:<\/p>\n\n\n\n<p>\u00a0<\/p>\n\n\n\n<p>\u00b7\u00a0\u00a0\u00a0\u00a0\u00a0\u00a0\u00a0 <strong>Campari Group:<\/strong>\u00a0Podemos coletar informa\u00e7\u00f5es pessoais de outras empresas pertencentes ou controladas pelo Campari Group, e de outras empresas pertencentes ou sob propriedade comum com o Campari Group, o que tamb\u00e9m inclui nossas subsidi\u00e1rias, isto \u00e9, qualquer organiza\u00e7\u00e3o que possu\u00edmos ou controlamos, ou nossa controladora final, isto \u00e9, qualquer organiza\u00e7\u00e3o que nos possui ou controla, e quaisquer subsidi\u00e1rias que ela possua, especialmente quando colaboramos na presta\u00e7\u00e3o dos Servi\u00e7os.<\/p>\n\n\n\n<p>\u00b7\u00a0\u00a0\u00a0\u00a0\u00a0\u00a0\u00a0 <strong>M\u00eddias sociais:<\/strong>\u00a0Quando uma pessoa interage com nossos Servi\u00e7os por meio de v\u00e1rias redes sociais, como quando algu\u00e9m nos \u201ccurte\u201d no Facebook ou nos segue ou compartilha nosso conte\u00fado no Google, Facebook, Twitter ou outras redes sociais por meio, por exemplo, dos bot\u00f5es de compartilhamento de nosso site, podemos receber algumas informa\u00e7\u00f5es sobre essa pessoa que ela permite que a rede social compartilhe com terceiros. Os dados que recebemos dependem das configura\u00e7\u00f5es de privacidade da pessoa na rede social. As pessoas devem sempre revisar e, se necess\u00e1rio, ajustar suas configura\u00e7\u00f5es de privacidade em sites de terceiros e redes e servi\u00e7os de m\u00eddia social antes de compartilhar informa\u00e7\u00f5es e\/ou vincul\u00e1-los ou conect\u00e1-los a outros servi\u00e7os.<\/p>\n\n\n\n<p>\u00b7\u00a0\u00a0\u00a0\u00a0\u00a0\u00a0\u00a0 <strong>Prestadores de servi\u00e7os:<\/strong>\u00a0Nossos prestadores de servi\u00e7os que realizam servi\u00e7os exclusivamente em nosso nome, como servi\u00e7os de chat, processamento de pagamentos e provedores de marketing, coletam informa\u00e7\u00f5es pessoais e frequentemente compartilham algumas ou todas essas informa\u00e7\u00f5es conosco.<\/p>\n\n\n\n<p>\u00b7\u00a0\u00a0\u00a0\u00a0\u00a0\u00a0\u00a0 <strong>Provedores de informa\u00e7\u00f5es:<\/strong>\u00a0Podemos, de tempos em tempos, obter informa\u00e7\u00f5es de provedores de informa\u00e7\u00f5es terceirizados para corrigir ou complementar as informa\u00e7\u00f5es pessoais que coletamos. Por exemplo, podemos obter informa\u00e7\u00f5es de contato atualizadas de provedores de informa\u00e7\u00f5es terceirizados para nos reconectar com uma pessoa.<\/p>\n\n\n\n<p>\u00b7\u00a0\u00a0\u00a0\u00a0\u00a0\u00a0\u00a0 <strong>Informa\u00e7\u00f5es de outras fontes:<\/strong>\u00a0Tamb\u00e9m podemos coletar informa\u00e7\u00f5es pessoais sobre pessoas que de outra forma n\u00e3o ter\u00edamos, por exemplo, de fontes publicamente dispon\u00edveis, provedores de dados terceirizados, clientes, parceiros comerciais ou por meio de transa\u00e7\u00f5es como fus\u00f5es e aquisi\u00e7\u00f5es. Essas informa\u00e7\u00f5es podem incluir informa\u00e7\u00f5es de contato e informa\u00e7\u00f5es de interesse nos servi\u00e7os. Podemos combinar essas informa\u00e7\u00f5es com as informa\u00e7\u00f5es que coletamos diretamente de uma pessoa, e obteremos consentimento para faz\u00ea-lo quando exigido pela lei aplic\u00e1vel. Usamos essas informa\u00e7\u00f5es para contatar pessoas, enviar materiais publicit\u00e1rios ou promocionais ou personalizar nossos Servi\u00e7os e compreender melhor os dados demogr\u00e1ficos das pessoas com quem interagimos.<\/p>\n\n\n\n<p>\u00a0<\/p>\n\n\n\n<p>Em todos esses casos, nosso Aviso de Privacidade rege o tratamento de suas informa\u00e7\u00f5es pessoais. Observe que n\u00e3o controlamos as informa\u00e7\u00f5es pessoais que terceiros coletam nem como esses terceiros as utilizam. Voc\u00ea deve revisar as pol\u00edticas de privacidade de terceiros para obter mais informa\u00e7\u00f5es sobre como eles coletam, usam e compartilham as informa\u00e7\u00f5es que obt\u00eam e utilizam.<\/p>\n\n\n\n<h3 class=\"wp-block-heading\"><strong>1.2 COMO USAMOS SUAS INFORMA\u00c7\u00d5ES PESSOAIS<\/strong><\/h3>\n\n\n\n<p>Usamos as informa\u00e7\u00f5es pessoais que coletamos para:<\/p>\n\n\n\n<p>\u00a0<\/p>\n\n\n\n<p>\u00b7\u00a0\u00a0\u00a0\u00a0\u00a0\u00a0\u00a0 Cumprir ou atender ao motivo pelo qual as informa\u00e7\u00f5es foram fornecidas, como cumprir nossas obriga\u00e7\u00f5es contratuais, entregar os Servi\u00e7os que voc\u00ea solicitou, incluindo facilitar suas mensagens a outros usu\u00e1rios ou grupos;<\/p>\n\n\n\n<p>\u00b7\u00a0\u00a0\u00a0\u00a0\u00a0\u00a0\u00a0 Gerenciar nossa organiza\u00e7\u00e3o e suas opera\u00e7\u00f5es di\u00e1rias;<\/p>\n\n\n\n<p>\u00b7\u00a0\u00a0\u00a0\u00a0\u00a0\u00a0\u00a0 Comunicar-nos com pessoas, inclusive por e-mail, mensagem de texto, aplicativos de mensagens, m\u00eddias sociais e\/ou chamadas telef\u00f4nicas e videoconfer\u00eancia;<\/p>\n\n\n\n<p>\u00b7\u00a0\u00a0\u00a0\u00a0\u00a0\u00a0\u00a0 Divulgar nossos Servi\u00e7os a pessoas, inclusive por e-mail, mala direta, telefone ou mensagem de texto, m\u00eddias sociais e redes de publicidade, aplicativos de mensagens e videoconfer\u00eancia;<\/p>\n\n\n\n<p>\u00b7\u00a0\u00a0\u00a0\u00a0\u00a0\u00a0\u00a0 Administrar, melhorar e personalizar nossos Servi\u00e7os, inclusive reconhecendo uma pessoa e lembrando suas informa\u00e7\u00f5es quando ela retornar aos nossos Servi\u00e7os;<\/p>\n\n\n\n<p>\u00b7\u00a0\u00a0\u00a0\u00a0\u00a0\u00a0\u00a0 Processar pagamentos por nossos Servi\u00e7os;<\/p>\n\n\n\n<p>\u00b7\u00a0\u00a0\u00a0\u00a0\u00a0\u00a0\u00a0 Facilitar benef\u00edcios e servi\u00e7os aos usu\u00e1rios, incluindo suporte ao cliente;<\/p>\n\n\n\n<p>\u00b7\u00a0\u00a0\u00a0\u00a0\u00a0\u00a0\u00a0 Identificar e analisar como as pessoas usam nossos Servi\u00e7os;<\/p>\n\n\n\n<p>\u00b7\u00a0\u00a0\u00a0\u00a0\u00a0\u00a0\u00a0 Realizar pesquisas e an\u00e1lises sobre nossa base de clientes e nossos Servi\u00e7os;<\/p>\n\n\n\n<p>\u00b7\u00a0\u00a0\u00a0\u00a0\u00a0\u00a0\u00a0 Melhorar e personalizar nossos Servi\u00e7os para atender \u00e0s necessidades e interesses de nossa base de usu\u00e1rios e de outras pessoas com quem interagimos;<\/p>\n\n\n\n<p>\u00b7\u00a0\u00a0\u00a0\u00a0\u00a0\u00a0\u00a0 Testar, aprimorar, atualizar e monitorar os Servi\u00e7os, ou diagnosticar ou corrigir problemas tecnol\u00f3gicos;<\/p>\n\n\n\n<p>\u00b7\u00a0\u00a0\u00a0\u00a0\u00a0\u00a0\u00a0 Ajudar a manter a seguran\u00e7a, prote\u00e7\u00e3o e integridade de nossa propriedade e Servi\u00e7os, ativos tecnol\u00f3gicos e neg\u00f3cios;<\/p>\n\n\n\n<p>\u00b7\u00a0\u00a0\u00a0\u00a0\u00a0\u00a0\u00a0 Fazer cumprir nossos\u00a0<a href=\"https:\/\/www.aperol.com\/privacy-policy\/\"><strong>Termos de Servi\u00e7o<\/strong><\/a>, resolver disputas, cumprir nossas obriga\u00e7\u00f5es e exercer nossos direitos, e proteger nossos interesses comerciais e os interesses e direitos de terceiros;<\/p>\n\n\n\n<p>\u00b7\u00a0\u00a0\u00a0\u00a0\u00a0\u00a0\u00a0 Defender, proteger ou fazer cumprir nossos direitos ou contratos e acordos aplic\u00e1veis;<\/p>\n\n\n\n<p>\u00b7\u00a0\u00a0\u00a0\u00a0\u00a0\u00a0\u00a0 Prevenir, investigar ou notificar fraudes ou atividades il\u00edcitas ou criminosas;<\/p>\n\n\n\n<p>\u00b7\u00a0\u00a0\u00a0\u00a0\u00a0\u00a0\u00a0 Cumprir qualquer outra finalidade para a qual voc\u00ea forne\u00e7a informa\u00e7\u00f5es pessoais; e<\/p>\n\n\n\n<p>\u00b7\u00a0\u00a0\u00a0\u00a0\u00a0\u00a0\u00a0 Cumprir obriga\u00e7\u00f5es legais.<\/p>\n\n\n\n<p>\u00a0<\/p>\n\n\n\n<p>Quando uma pessoa opta por entrar em contato conosco, podemos precisar de informa\u00e7\u00f5es adicionais para atender \u00e0 solicita\u00e7\u00e3o ou responder \u00e0s perguntas. Podemos fornecer informa\u00e7\u00f5es adicionais relacionadas \u00e0 privacidade quando o escopo da consulta\/solicita\u00e7\u00e3o e\/ou das informa\u00e7\u00f5es pessoais que solicitamos estiver fora do escopo deste Aviso de Privacidade. Nesse caso, o aviso de privacidade adicional reger\u00e1 como poderemos tratar as informa\u00e7\u00f5es fornecidas naquele momento.<\/p>\n\n\n\n<h3 class=\"wp-block-heading\"><strong>1.3 COMO COMPARTILHAMOS INFORMA\u00c7\u00d5ES PESSOAIS<\/strong><\/h3>\n\n\n\n<p>Tamb\u00e9m podemos compartilhar, transmitir, divulgar, conceder acesso, disponibilizar e fornecer informa\u00e7\u00f5es pessoais com e a terceiros, conforme descrito abaixo.<\/p>\n\n\n\n<p>\u00a0<\/p>\n\n\n\n<p>\u00b7\u00a0<strong>Prestadores de servi\u00e7os:<\/strong>\u00a0Compartilhamos informa\u00e7\u00f5es pessoais com contratados e prestadores de servi\u00e7os terceirizados que realizam servi\u00e7os em nosso nome, sujeitos a termos razo\u00e1veis de confidencialidade, podendo incluir processamento de pagamentos, servi\u00e7os de hospedagem e manuten\u00e7\u00e3o web, provedores de suporte tecnol\u00f3gico, gest\u00e3o de reservas, provedores de comunica\u00e7\u00e3o por e-mail, provedores de an\u00e1lise, provedores de armazenamento de dados, gest\u00e3o de competi\u00e7\u00f5es e provedores e desenvolvedores de hospedagem web e de v\u00eddeo.<\/p>\n\n\n\n<p>\u00b7\u00a0<strong>Campari Group:<\/strong>\u00a0Podemos compartilhar informa\u00e7\u00f5es com outras empresas e marcas pertencentes ou controladas pelo Campari Group, e outras empresas pertencentes ou sob propriedade comum com o Campari Group. Essas empresas usar\u00e3o suas informa\u00e7\u00f5es pessoais da mesma forma que podemos us\u00e1-las nos termos deste Aviso de Privacidade.<\/p>\n\n\n\n<p>\u00b7\u00a0<strong>Parceiros comerciais:<\/strong>\u00a0Podemos divulgar informa\u00e7\u00f5es pessoais a nossos parceiros comerciais e outros stakeholders para fins transacionais e de marketing, inclusive para promover seus pr\u00f3prios produtos ou servi\u00e7os. Por exemplo, podemos divulgar informa\u00e7\u00f5es pessoais a parceiros comerciais para fornecer eventos, concursos, sorteios ou programas de indica\u00e7\u00e3o nos quais voc\u00ea opte por participar. Nesses casos, o tratamento de suas informa\u00e7\u00f5es pessoais estar\u00e1 sujeito ao aviso de privacidade dos parceiros comerciais.<\/p>\n\n\n\n<p>\u00b7\u00a0<strong>Provedores de an\u00e1lise de dados:<\/strong>\u00a0Podemos compartilhar informa\u00e7\u00f5es pessoais com provedores de an\u00e1lise de dados que analisam estat\u00edsticas e tend\u00eancias relacionadas ao uso e \u00e0 atividade relativa aos nossos servi\u00e7os. Esses provedores de an\u00e1lise de dados produzem relat\u00f3rios e fazem sugest\u00f5es para nossa estrat\u00e9gia de clientes e neg\u00f3cios com base nas informa\u00e7\u00f5es pessoais e outras informa\u00e7\u00f5es analisadas.<\/p>\n\n\n\n<p>\u00b7\u00a0<strong>Parceiros de publicidade online:<\/strong>\u00a0Tamb\u00e9m podemos compartilhar informa\u00e7\u00f5es pessoais com redes de publicidade ou permitir que esses parceiros coletem informa\u00e7\u00f5es diretamente de voc\u00ea em nossos sites para facilitar a publicidade online, como mecanismos de busca e provedores de publicidade em redes sociais, para veicular an\u00fancios direcionados a voc\u00ea ou a grupos de outros usu\u00e1rios que compartilhem caracter\u00edsticas semelhantes, como prov\u00e1veis interesses comerciais e dados demogr\u00e1ficos, em plataformas de terceiros. Para obter mais informa\u00e7\u00f5es, inclusive sobre como optar por n\u00e3o receber publicidade baseada em interesses, consulte nosso\u00a0<a href=\"https:\/\/www.aperol.com\/privacy-policy\/\"><strong>Aviso de Cookies<\/strong><\/a>.<\/p>\n\n\n\n<p>\u00b7 <strong>Transa\u00e7\u00e3o societ\u00e1ria:<\/strong>\u00a0Podemos transferir quaisquer informa\u00e7\u00f5es que coletamos caso vendamos ou transfiramos todo ou parte de nosso neg\u00f3cio ou ativos, incluindo quaisquer a\u00e7\u00f5es da empresa, ou qualquer parte ou combina\u00e7\u00e3o de nossos produtos, servi\u00e7os, neg\u00f3cios e\/ou ativos. Caso tal transa\u00e7\u00e3o ocorra, seja uma aliena\u00e7\u00e3o, fus\u00e3o, aquisi\u00e7\u00e3o, fal\u00eancia, dissolu\u00e7\u00e3o, reorganiza\u00e7\u00e3o, liquida\u00e7\u00e3o ou transa\u00e7\u00e3o ou procedimento semelhante, envidaremos esfor\u00e7os razo\u00e1veis para garantir que quaisquer informa\u00e7\u00f5es transferidas sejam tratadas de maneira consistente com este Aviso de Privacidade.<\/p>\n\n\n\n<p>\u00b7\u00a0 <strong>Obriga\u00e7\u00f5es e direitos legais:<\/strong>\u00a0Podemos divulgar informa\u00e7\u00f5es pessoais a terceiros, como consultores jur\u00eddicos e autoridades policiais:<\/p>\n\n\n\n<p>o\u00a0\u00a0 em conex\u00e3o com a constitui\u00e7\u00e3o, exerc\u00edcio ou defesa de reivindica\u00e7\u00f5es legais;<\/p>\n\n\n\n<p>o\u00a0\u00a0 para cumprir leis ou responder a solicita\u00e7\u00f5es legais e processos legais;<\/p>\n\n\n\n<p>o\u00a0\u00a0 para proteger nossos direitos e propriedade e os direitos e propriedade de terceiros, inclusive para fazer cumprir nossos acordos e pol\u00edticas;<\/p>\n\n\n\n<p>o\u00a0\u00a0 para detectar, suprimir ou prevenir fraudes;<\/p>\n\n\n\n<p>o\u00a0\u00a0 para proteger nossa sa\u00fade e seguran\u00e7a e a de terceiros; ou<\/p>\n\n\n\n<p>o\u00a0\u00a0 conforme de outra forma exigido pela lei aplic\u00e1vel.<\/p>\n\n\n\n<p>\u00b7\u00a0\u00a0<strong>Com seu consentimento:<\/strong>\u00a0Podemos divulgar informa\u00e7\u00f5es pessoais sobre uma pessoa a determinados outros terceiros ou publicamente com seu consentimento ou orienta\u00e7\u00e3o. Por exemplo, com o consentimento ou orienta\u00e7\u00e3o de uma pessoa, podemos publicar seu depoimento em nosso site ou em publica\u00e7\u00f5es relacionadas ao servi\u00e7o.<\/p>\n\n\n\n<p>\u00b7\u00a0 Todas as categorias acima excluem dados de ades\u00e3o e consentimento do originador de mensagens de texto. Essas informa\u00e7\u00f5es n\u00e3o ser\u00e3o compartilhadas com quaisquer terceiros.<\/p>\n\n\n\n<h3 class=\"wp-block-heading\"><strong>1.4 CONTROLE SOBRE SUAS INFORMA\u00c7\u00d5ES<\/strong><\/h3>\n\n\n\n<p>\u00b7\u00a0\u00a0\u00a0\u00a0\u00a0\u00a0\u00a0 <strong>Comunica\u00e7\u00f5es por e-mail.<\/strong>\u00a0De tempos em tempos, podemos enviar e-mails a voc\u00ea sobre atualiza\u00e7\u00f5es de nossos Servi\u00e7os, produtos ou servi\u00e7os, avisos sobre nossa organiza\u00e7\u00e3o ou informa\u00e7\u00f5es sobre produtos\/servi\u00e7os que oferecemos, ou ofertas promocionais de terceiros, que acreditamos poderem ser de seu interesse. Se desejar cancelar a inscri\u00e7\u00e3o nesses e-mails, basta clicar no \u201clink de cancelamento de inscri\u00e7\u00e3o\u201d fornecido ao final da comunica\u00e7\u00e3o por e-mail. Observe que voc\u00ea n\u00e3o poder\u00e1 cancelar a inscri\u00e7\u00e3o em determinadas comunica\u00e7\u00f5es por e-mail relacionadas a servi\u00e7os, como verifica\u00e7\u00e3o de conta, confirma\u00e7\u00f5es de transa\u00e7\u00f5es e avisos t\u00e9cnicos ou legais.<\/p>\n\n\n\n<p>\u00b7\u00a0<strong>Mensagens de texto SMS.<\/strong>\u00a0Podemos usar informa\u00e7\u00f5es pessoais que coletamos para nos comunicar com pessoas por mensagem de texto e chamadas telef\u00f4nicas, se necess\u00e1rio, por exemplo, para notificar pessoas de que venceram uma competi\u00e7\u00e3o, inclusive para fazer marketing a voc\u00ea, com seu consentimento, conforme possa ser exigido pela lei aplic\u00e1vel, ou oferecer informa\u00e7\u00f5es e atualiza\u00e7\u00f5es sobre produtos ou servi\u00e7os que acreditamos poderem ser de seu interesse. Voc\u00ea pode cancelar a inscri\u00e7\u00e3o em mensagens de texto de marketing a qualquer momento respondendo STOP ou clicando no link de cancelamento de inscri\u00e7\u00e3o, quando dispon\u00edvel, em uma de nossas mensagens.<br>Para obter mais informa\u00e7\u00f5es, consulte nossos\u00a0<a href=\"https:\/\/www.aperol.com\/privacy-policy\/\"><strong>Termos de Servi\u00e7o<\/strong><\/a>.<\/p>\n\n\n\n<p>\u00b7\u00a0<strong>Modifica\u00e7\u00e3o de informa\u00e7\u00f5es da conta.<\/strong>\u00a0Se voc\u00ea tiver uma conta online conosco, poder\u00e1 modificar determinadas informa\u00e7\u00f5es em sua conta, por exemplo, suas informa\u00e7\u00f5es de contato, por meio das op\u00e7\u00f5es \u201cperfil\u201d, \u201cconta\u201d ou similares fornecidas nos Servi\u00e7os. Nem todas as informa\u00e7\u00f5es pessoais s\u00e3o mantidas em um formato que voc\u00ea possa acessar ou alterar. Se desejar solicitar acesso, corre\u00e7\u00e3o ou exclus\u00e3o de informa\u00e7\u00f5es pessoais, voc\u00ea poder\u00e1 nos enviar sua solicita\u00e7\u00e3o pelo e-mail indicado abaixo. Revisaremos sua solicita\u00e7\u00e3o e poderemos exigir que voc\u00ea forne\u00e7a informa\u00e7\u00f5es adicionais para se identificar, mas n\u00e3o prometemos que poderemos atender \u00e0 sua solicita\u00e7\u00e3o.<\/p>\n\n\n\n<p>\u00b7\u00a0<strong>Acesso \u00e0s informa\u00e7\u00f5es de seu dispositivo.<\/strong>\u00a0Voc\u00ea pode controlar o acesso \u00e0s informa\u00e7\u00f5es de seu dispositivo por meio do aplicativo \u201cConfigura\u00e7\u00f5es\u201d em seu dispositivo. Por exemplo, voc\u00ea pode retirar a permiss\u00e3o para que os Servi\u00e7os acessem sua geolocaliza\u00e7\u00e3o.<\/p>\n\n\n\n<p>\u00b7\u00a0<strong>Como controlar notifica\u00e7\u00f5es push.<\/strong>\u00a0Voc\u00ea pode deixar de receber notifica\u00e7\u00f5es push nossas alterando suas prefer\u00eancias no menu de configura\u00e7\u00f5es de notifica\u00e7\u00f5es do iOS ou Android.<\/p>\n\n\n\n<h3 class=\"wp-block-heading\"><strong>1.5 CRIAN\u00c7AS<\/strong><\/h3>\n\n\n\n<p>Nossos Servi\u00e7os n\u00e3o s\u00e3o direcionados a crian\u00e7as menores de 16 anos, e n\u00e3o pretendemos coletar ou solicitar, nem coletamos ou solicitamos conscientemente, informa\u00e7\u00f5es pessoais de crian\u00e7as menores de 16 anos. Se uma pessoa tiver menos de 16 anos, ela n\u00e3o deve usar nossos Servi\u00e7os nem nos fornecer quaisquer informa\u00e7\u00f5es pessoais, direta ou indiretamente. Se uma crian\u00e7a menor de 16 anos tiver nos fornecido informa\u00e7\u00f5es pessoais, incentivamos seus pais ou respons\u00e1veis a entrar em contato conosco para solicitar que removamos essas informa\u00e7\u00f5es pessoais de nossos sistemas. Se soubermos que quaisquer informa\u00e7\u00f5es pessoais que coletamos foram fornecidas por uma crian\u00e7a menor de 16 anos, excluiremos prontamente essas informa\u00e7\u00f5es pessoais.<\/p>\n\n\n\n<h3 class=\"wp-block-heading\"><strong>1.6 SITES E SERVI\u00c7OS DE TERCEIROS<\/strong><\/h3>\n\n\n\n<p>Os Servi\u00e7os podem conter integra\u00e7\u00f5es ou links para sites ou servi\u00e7os de terceiros, incluindo os de nossos parceiros comerciais. Ao interagir com esses terceiros, voc\u00ea est\u00e1 fornecendo informa\u00e7\u00f5es diretamente ao terceiro, e n\u00e3o \u00e0 Campari. Observe que a Campari n\u00e3o \u00e9 respons\u00e1vel pelas pr\u00e1ticas de privacidade desses terceiros ou de qualquer entidade que n\u00e3o possua ou controle. Incentivamos voc\u00ea a revisar as pol\u00edticas de privacidade e os termos online desses terceiros para saber mais sobre como eles tratam suas informa\u00e7\u00f5es pessoais.<\/p>\n\n\n\n<h3 class=\"wp-block-heading\"><strong>1.7 ALTERA\u00c7\u00d5ES AO AVISO DE PRIVACIDADE<\/strong><\/h3>\n\n\n\n<p>Reservamo-nos o direito de alterar este Aviso de Privacidade de tempos em tempos, a nosso exclusivo crit\u00e9rio. Notificaremos voc\u00ea sobre altera\u00e7\u00f5es materiais na forma como tratamos dados pessoais enviando um aviso ao endere\u00e7o de e-mail principal especificado em sua conta, colocando um aviso destacado em nosso Site ou por meio de outros canais de comunica\u00e7\u00e3o apropriados. \u00c9 sua responsabilidade revisar este Aviso de Privacidade periodicamente. Todas as altera\u00e7\u00f5es ser\u00e3o efetivas a partir da data de publica\u00e7\u00e3o, salvo disposi\u00e7\u00e3o em contr\u00e1rio.<\/p>\n\n\n\n<h3 class=\"wp-block-heading\"><strong>1.8 FALE CONOSCO<\/strong><\/h3>\n\n\n\n<p>Se voc\u00ea tiver d\u00favidas ou solicita\u00e7\u00f5es relacionadas a este Aviso de Privacidade ou a outros assuntos relacionados \u00e0 privacidade, envie um e-mail para\u00a0<a href=\"mailto:gpdp.office@campari.com\">gpdp.office@campari.com<\/a><\/p>\n\n\n\n<h2 class=\"wp-block-heading\"><strong>2. AVISO ADICIONAL PARA RESIDENTES DA CALIF\u00d3RNIA<\/strong><\/h2>\n\n\n\n<p>Este Aviso Adicional para Residentes da Calif\u00f3rnia (\u201c<strong>Divulga\u00e7\u00f5es da Calif\u00f3rnia<\/strong>\u201d) complementa as informa\u00e7\u00f5es contidas em nosso\u00a0<strong>Aviso de Privacidade<\/strong>\u00a0e aplica-se exclusivamente a residentes individuais do Estado da Calif\u00f3rnia (\u201c<strong>consumidores<\/strong>\u201d ou \u201c<strong>voc\u00ea<\/strong>\u201d).<\/p>\n\n\n\n<p>\u00a0<\/p>\n\n\n\n<p>Estas Divulga\u00e7\u00f5es da Calif\u00f3rnia fornecem informa\u00e7\u00f5es adicionais sobre como coletamos, usamos, divulgamos e de outra forma tratamos informa\u00e7\u00f5es pessoais de residentes individuais do Estado da Calif\u00f3rnia, online ou offline, no \u00e2mbito da Lei de Privacidade do Consumidor da Calif\u00f3rnia de 2018 (\u201c<strong>CCPA<\/strong>\u201d).<\/p>\n\n\n\n<p>\u00a0<\/p>\n\n\n\n<p>Salvo disposi\u00e7\u00e3o expressa em contr\u00e1rio, todos os termos destas Divulga\u00e7\u00f5es da Calif\u00f3rnia t\u00eam o mesmo significado definido em nosso\u00a0<strong>Aviso de Privacidade<\/strong>\u00a0ou conforme definido de outra forma na CCPA.<\/p>\n\n\n\n<p>\u00a0<\/p>\n\n\n\n<p>Quando usamos o termo \u201c<strong>informa\u00e7\u00f5es pessoais<\/strong>\u201d neste Aviso da Calif\u00f3rnia, queremos dizer informa\u00e7\u00f5es que identificam, se relacionam a, descrevem, s\u00e3o razoavelmente capazes de ser associadas ou poderiam razoavelmente ser vinculadas, direta ou indiretamente, a um consumidor ou domic\u00edlio espec\u00edfico.<\/p>\n\n\n\n<p><strong>Coleta e uso de informa\u00e7\u00f5es pessoais<\/strong><\/p>\n\n\n\n<p>Coletamos informa\u00e7\u00f5es pessoais de e sobre voc\u00ea para diversas finalidades, conforme descrito nas se\u00e7\u00f5es\u00a0<strong>Como coletamos suas informa\u00e7\u00f5es pessoais<\/strong>\u00a0e\u00a0<strong>Como usamos suas informa\u00e7\u00f5es pessoais<\/strong>\u00a0do\u00a0<strong>Aviso de Privacidade<\/strong>.<\/p>\n\n\n\n<p>\u00a0<\/p>\n\n\n\n<p>Nos \u00faltimos 12 meses, coletamos as seguintes categorias de informa\u00e7\u00f5es pessoais:<\/p>\n\n\n\n<p>\u00a0<\/p>\n\n\n\n<p>\u00b7\u00a0\u00a0\u00a0\u00a0\u00a0\u00a0\u00a0 <strong>Identificadores<\/strong>, como seu primeiro nome, nome do meio e sobrenome, endere\u00e7o de e-mail, nome de usu\u00e1rio, endere\u00e7o postal, data de nascimento ou idade, endere\u00e7o postal ou outros identificadores semelhantes;<\/p>\n\n\n\n<p>\u00b7\u00a0\u00a0\u00a0\u00a0\u00a0\u00a0\u00a0 <strong>Informa\u00e7\u00f5es comerciais<\/strong>, como registros de servi\u00e7os comprados, obtidos ou considerados;<\/p>\n\n\n\n<p>\u00b7\u00a0\u00a0\u00a0\u00a0\u00a0\u00a0\u00a0 <strong>Informa\u00e7\u00f5es de internet\/rede<\/strong>, como informa\u00e7\u00f5es do dispositivo, registros e dados de an\u00e1lise;<\/p>\n\n\n\n<p>\u00b7\u00a0\u00a0\u00a0\u00a0\u00a0\u00a0\u00a0 <strong>Dados de geolocaliza\u00e7\u00e3o<\/strong>, como dados aproximados de localiza\u00e7\u00e3o gerados com base em seu endere\u00e7o IP ou outras informa\u00e7\u00f5es;<\/p>\n\n\n\n<p>\u00b7\u00a0\u00a0\u00a0\u00a0\u00a0\u00a0\u00a0 <strong>Informa\u00e7\u00f5es sensoriais<\/strong>, como grava\u00e7\u00f5es, com sua permiss\u00e3o, conforme aplic\u00e1vel, de quaisquer chamadas telef\u00f4nicas entre voc\u00ea e o Campari Group;<\/p>\n\n\n\n<p>\u00b7\u00a0\u00a0\u00a0\u00a0\u00a0\u00a0\u00a0 <strong>Infer\u00eancias<\/strong>\u00a0sobre seus interesses e prefer\u00eancias, geradas a partir do uso de nossos sites; e<\/p>\n\n\n\n<p>\u00b7\u00a0\u00a0\u00a0\u00a0\u00a0\u00a0\u00a0 <strong>Outras informa\u00e7\u00f5es pessoais<\/strong>, incluindo informa\u00e7\u00f5es que voc\u00ea envia no formul\u00e1rio de feedback e quaisquer comunica\u00e7\u00f5es entre voc\u00ea e o Campari Group, bem como informa\u00e7\u00f5es que recebemos de sites de redes sociais.<\/p>\n\n\n\n<p>\u00a0<\/p>\n\n\n\n<p>Coletamos essas informa\u00e7\u00f5es das seguintes fontes: diretamente de voc\u00ea, de nossos parceiros comerciais e afiliadas, de seu navegador ou dispositivo quando voc\u00ea visita nosso aplicativo ou usa nossos Servi\u00e7os, ou de terceiros aos quais voc\u00ea permite compartilhar informa\u00e7\u00f5es conosco. Consulte a se\u00e7\u00e3o\u00a0<strong>Como coletamos suas informa\u00e7\u00f5es pessoais<\/strong>\u00a0do Aviso de Privacidade para obter mais informa\u00e7\u00f5es sobre as fontes das informa\u00e7\u00f5es pessoais que coletamos.<\/p>\n\n\n\n<h3 class=\"wp-block-heading\"><strong>2.1 DIVULGA\u00c7\u00c3O DE INFORMA\u00c7\u00d5ES PESSOAIS<\/strong><\/h3>\n\n\n\n<p>Compartilhamos informa\u00e7\u00f5es pessoais com terceiros para fins comerciais. As categorias de terceiros aos quais divulgamos suas informa\u00e7\u00f5es pessoais para uma finalidade comercial incluem: (i) outras marcas e afiliadas de nosso grupo de empresas; (ii) nossos prestadores de servi\u00e7os e consultores; (iii) provedores de an\u00e1lise; (vii) parceiros de marketing e estrat\u00e9gicos; e (viii) redes sociais.<\/p>\n\n\n\n<p>Nos 12 meses anteriores, divulgamos a terceiros, para uma finalidade comercial, todas as categorias de informa\u00e7\u00f5es pessoais que coletamos, explicadas na se\u00e7\u00e3o Coleta e Uso de Informa\u00e7\u00f5es Pessoais destas Divulga\u00e7\u00f5es da Calif\u00f3rnia.<\/p>\n\n\n\n<h3 class=\"wp-block-heading\"><strong>2.2 COMO EXERCER SEUS DIREITOS DE PRIVACIDADE DA CALIF\u00d3RNIA<\/strong><\/h3>\n\n\n\n<p><strong>Para exercer seu direito de saber ou direito de exclus\u00e3o<\/strong><\/p>\n\n\n\n<p>Para exercer seu Direito de Acesso, Direito de Saber ou seu Direito de Exclus\u00e3o, envie uma solicita\u00e7\u00e3o por meio de:<\/p>\n\n\n\n<p>\u00b7\u00a0Envio de e-mail para\u00a0<a href=\"mailto:gpdp.office@campari.com\">gpdp.office@campari.com<\/a>\u00a0com o assunto \u201cSolicita\u00e7\u00e3o de Direitos da Calif\u00f3rnia\u201d.<\/p>\n\n\n\n<p>Antes de processar sua solicita\u00e7\u00e3o, precisaremos verificar sua identidade e confirmar que voc\u00ea \u00e9 residente do Estado da Calif\u00f3rnia. Para verificar sua identidade, normalmente exigiremos a autentica\u00e7\u00e3o bem-sucedida de sua conta ou a correspond\u00eancia de informa\u00e7\u00f5es suficientes fornecidas por voc\u00ea com as informa\u00e7\u00f5es que mantemos sobre voc\u00ea em nossos sistemas. Esse processo pode exigir que solicitemos informa\u00e7\u00f5es pessoais adicionais de voc\u00ea, incluindo, entre outras, seu endere\u00e7o de e-mail, n\u00famero de telefone e\/ou data da \u00faltima transa\u00e7\u00e3o em nossos Servi\u00e7os. Em determinadas circunst\u00e2ncias, poderemos recusar uma solicita\u00e7\u00e3o para exercer os direitos descritos acima, especialmente quando n\u00e3o conseguirmos verificar sua identidade ou localizar suas informa\u00e7\u00f5es em nossos sistemas. Se n\u00e3o pudermos atender \u00e0 totalidade ou a parte de sua solicita\u00e7\u00e3o, explicaremos os motivos da recusa.<\/p>\n\n\n\n<p>\u00a0<\/p>\n\n\n\n<p><strong>Agentes autorizados<\/strong><\/p>\n\n\n\n<p>\u00a0<\/p>\n\n\n\n<p>Em determinadas circunst\u00e2ncias, residentes da Calif\u00f3rnia podem usar um agente autorizado para apresentar solicita\u00e7\u00f5es de conhecimento ou exclus\u00e3o de informa\u00e7\u00f5es pessoais em seu nome por meio dos m\u00e9todos designados estabelecidos nestas Divulga\u00e7\u00f5es da Calif\u00f3rnia, quando pudermos verificar a autoridade do agente autorizado para agir em seu nome mediante:<\/p>\n\n\n\n<p>\u00a0<\/p>\n\n\n\n<p>\u00b7\u00a0recebimento de uma procura\u00e7\u00e3o v\u00e1lida nos termos das leis da Calif\u00f3rnia do consumidor ou de seu agente autorizado; ou<\/p>\n\n\n\n<p>\u00b7\u00a0\u00a0recebimento de evid\u00eancias suficientes para demonstrar que o consumidor:\u00a0<\/p>\n\n\n\n<p>o\u00a0\u00a0forneceu ao agente autorizado permiss\u00e3o assinada para agir em seu nome;<\/p>\n\n\n\n<p>o\u00a0\u00a0verificou sua pr\u00f3pria identidade diretamente conosco de acordo com os procedimentos estabelecidos nestas Divulga\u00e7\u00f5es da Calif\u00f3rnia; ou confirmou diretamente conosco que forneceu ao agente autorizado permiss\u00e3o para apresentar a solicita\u00e7\u00e3o em seu nome.<\/p>\n\n\n\n<h3 class=\"wp-block-heading\"><strong>2.3 DIREITOS DE PRIVACIDADE DA CALIF\u00d3RNIA<\/strong><\/h3>\n\n\n\n<p><strong>Direito de acesso\/saber<\/strong><\/p>\n\n\n\n<p>\u00a0<\/p>\n\n\n\n<p>Voc\u00ea tem o direito de solicitar qualquer uma ou todas as seguintes informa\u00e7\u00f5es relacionadas \u00e0s suas informa\u00e7\u00f5es pessoais que coletamos e divulgamos nos \u00faltimos 12 meses, mediante verifica\u00e7\u00e3o de sua identidade:\u00a0<\/p>\n\n\n\n<p>\u00a0<\/p>\n\n\n\n<p>\u00b7\u00a0\u00a0\u00a0\u00a0\u00a0\u00a0\u00a0 As informa\u00e7\u00f5es pessoais espec\u00edficas que coletamos sobre voc\u00ea;\u00a0<\/p>\n\n\n\n<p>\u00b7\u00a0\u00a0\u00a0\u00a0\u00a0\u00a0\u00a0 As categorias de informa\u00e7\u00f5es pessoais que coletamos sobre voc\u00ea;\u00a0<\/p>\n\n\n\n<p>\u00b7\u00a0\u00a0\u00a0\u00a0\u00a0\u00a0\u00a0 As categorias de fontes das informa\u00e7\u00f5es pessoais;\u00a0<\/p>\n\n\n\n<p>\u00b7\u00a0\u00a0\u00a0\u00a0\u00a0\u00a0\u00a0 As categorias de informa\u00e7\u00f5es pessoais que divulgamos a terceiros para uma finalidade comercial e as categorias de destinat\u00e1rios aos quais essas informa\u00e7\u00f5es foram divulgadas;\u00a0<\/p>\n\n\n\n<p>\u00b7\u00a0\u00a0\u00a0\u00a0\u00a0\u00a0\u00a0 As categorias de informa\u00e7\u00f5es pessoais que vendemos sobre voc\u00ea, se houver, e as categorias de terceiros aos quais as informa\u00e7\u00f5es foram vendidas; e\u00a0<\/p>\n\n\n\n<p>\u00b7\u00a0\u00a0\u00a0\u00a0\u00a0\u00a0\u00a0 As finalidades comerciais ou empresariais da coleta ou, se aplic\u00e1vel, venda das informa\u00e7\u00f5es pessoais.\u00a0<\/p>\n\n\n\n<p>\u00a0<\/p>\n\n\n\n<p><strong>Direito de solicitar exclus\u00e3o\u00a0<\/strong><\/p>\n\n\n\n<p>Voc\u00ea tem o direito de solicitar a exclus\u00e3o das informa\u00e7\u00f5es pessoais que coletamos de voc\u00ea, sujeito a determinadas exce\u00e7\u00f5es.\u00a0<\/p>\n\n\n\n<p>\u00a0<\/p>\n\n\n\n<p><strong>Direito \u00e0 n\u00e3o discrimina\u00e7\u00e3o\u00a0<\/strong><\/p>\n\n\n\n<p>Voc\u00ea tem o direito de n\u00e3o receber tratamento discriminat\u00f3rio por exercer esses direitos.\u00a0<br>Contudo, observe que, se o exerc\u00edcio desses direitos limitar nossa capacidade de tratar informa\u00e7\u00f5es pessoais, como no caso de uma solicita\u00e7\u00e3o de exclus\u00e3o, talvez n\u00e3o possamos mais fornecer nossos produtos e servi\u00e7os ou interagir com voc\u00ea da mesma forma.\u00a0<\/p>\n\n\n\n<p>\u00a0<\/p>\n\n\n\n<p><strong>\u201cShine the Light\u201d\u00a0<\/strong><\/p>\n\n\n\n<p>Residentes da Calif\u00f3rnia que tenham uma rela\u00e7\u00e3o comercial estabelecida conosco t\u00eam o direito de saber como suas informa\u00e7\u00f5es s\u00e3o divulgadas a terceiros para fins de marketing direto desses terceiros nos termos da lei \u201cShine the Light\u201d da Calif\u00f3rnia (C\u00f3digo Civil \u00a71798.83).\u00a0<\/p>\n\n\n\n<h2 class=\"wp-block-heading\"><strong>3. AVISO ADICIONAL PARA O ESPA\u00c7O ECON\u00d4MICO EUROPEU, REINO UNIDO E SU\u00cd\u00c7A<\/strong><\/h2>\n\n\n\n<p>Este Aviso Adicional complementa as informa\u00e7\u00f5es contidas em nosso Aviso de Privacidade e aplica-se a indiv\u00edduos que residam no Espa\u00e7o Econ\u00f4mico Europeu (\u201c<strong>EEE<\/strong>\u201d), Reino Unido (\u201c<strong>UK<\/strong>\u201d) e Su\u00ed\u00e7a, ainda que temporariamente. Este Aviso Adicional fornece informa\u00e7\u00f5es sobre como coletamos, usamos, divulgamos e de outra forma tratamos dados pessoais, online ou offline, no \u00e2mbito do Regulamento Geral de Prote\u00e7\u00e3o de Dados (UE) 2016\/679 (\u201c<strong>GDPR<\/strong>\u201d), do GDPR do Reino Unido e da legisla\u00e7\u00e3o su\u00ed\u00e7a de prote\u00e7\u00e3o de dados. Salvo disposi\u00e7\u00e3o expressa em contr\u00e1rio, todos os termos desta nota t\u00eam o mesmo significado definido em nosso Aviso de Privacidade ou conforme definido de outra forma nas legisla\u00e7\u00f5es mencionadas.<\/p>\n\n\n\n<p>\u00a0<\/p>\n\n\n\n<p>O Campari Group mant\u00e9m opera\u00e7\u00f5es na Europa e pode direcionar nossos servi\u00e7os a indiv\u00edduos localizados no\u00a0<strong>EEE<\/strong>,\u00a0<strong>Reino Unido<\/strong>\u00a0e Su\u00ed\u00e7a, inclusive por meio de nossos sites europeus (coletivamente, nossos \u201c<strong>Servi\u00e7os Europeus<\/strong>\u201d). As seguintes divulga\u00e7\u00f5es (\u201c<strong>Divulga\u00e7\u00f5es de Privacidade<\/strong>\u201d) aplicam-se ao nosso tratamento de dados pessoais em conex\u00e3o com nossos Servi\u00e7os Europeus.<\/p>\n\n\n\n<p>\u00a0<\/p>\n\n\n\n<p>Quando usamos o termo \u201c<em><strong>dados pessoais<\/strong><\/em>\u201d nesta se\u00e7\u00e3o, queremos dizer informa\u00e7\u00f5es relacionadas a uma pessoa natural identificada ou identific\u00e1vel.<\/p>\n\n\n\n<p>\u00a0<\/p>\n\n\n\n<p>O Encarregado de Prote\u00e7\u00e3o de Dados pode ser contatado em: <\/p>\n\n\n\n<h3 class=\"wp-block-heading\"><strong>3.1 DADOS PESSOAIS QUE COLETAMOS DE VOC\u00ca QUANDO VOC\u00ca USA OS SERVI\u00c7OS EUROPEUS DO CAMPARI GROUP, E COMO OS UTILIZAMOS<\/strong><\/h3>\n\n\n\n<p>Coletamos as categorias de dados pessoais que voc\u00ea envia voluntariamente diretamente a n\u00f3s quando usa os Servi\u00e7os Europeus, conforme estabelecido em nosso Aviso de Privacidade nas se\u00e7\u00f5es intituladas Como coletamos suas informa\u00e7\u00f5es pessoais e<strong>\u00a0Como usamos suas informa\u00e7\u00f5es pessoais<\/strong>.<\/p>\n\n\n\n<p>\u00a0<\/p>\n\n\n\n<p>Indicaremos a voc\u00ea se o fornecimento de determinadas informa\u00e7\u00f5es pessoais \u00e9 obrigat\u00f3rio ou opcional. Se voc\u00ea optar por n\u00e3o fornecer quaisquer informa\u00e7\u00f5es pessoais marcadas como obrigat\u00f3rias, talvez n\u00e3o possamos responder \u00e0s suas d\u00favidas ou prestar outros servi\u00e7os a voc\u00ea.<\/p>\n\n\n\n<p>\u00a0<\/p>\n\n\n\n<p>A tabela no\u00a0<a href=\"https:\/\/www.aperol.com\/privacy-policy\/\"><strong>Anexo 1<\/strong><\/a>\u00a0apresenta em detalhes as categorias de dados pessoais que coletamos sobre voc\u00ea e como usamos essas informa\u00e7\u00f5es quando voc\u00ea usa os Servi\u00e7os Europeus, bem como a base legal em que nos apoiamos para tratar as informa\u00e7\u00f5es pessoais e os destinat\u00e1rios dessas informa\u00e7\u00f5es pessoais.<\/p>\n\n\n\n<h3 class=\"wp-block-heading\"><strong>3.2 INFORMA\u00c7\u00d5ES QUE COLETAMOS SOBRE VOC\u00ca AUTOMATICAMENTE<\/strong><\/h3>\n\n\n\n<p>Tamb\u00e9m coletamos automaticamente informa\u00e7\u00f5es pessoais indiretamente sobre como voc\u00ea acessa e usa os Servi\u00e7os Europeus, bem como informa\u00e7\u00f5es sobre o dispositivo que voc\u00ea usa para acessar os Servi\u00e7os Europeus. Por exemplo, podemos coletar:<\/p>\n\n\n\n<p>\u00a0<\/p>\n\n\n\n<p>a.\u00a0\u00a0\u00a0\u00a0\u00a0 informa\u00e7\u00f5es sobre os recursos que voc\u00ea usa e as p\u00e1ginas que visualiza nos Servi\u00e7os Europeus;<\/p>\n\n\n\n<p>b.\u00a0\u00a0\u00a0\u00a0\u00a0 informa\u00e7\u00f5es sobre seu dispositivo (como seu endere\u00e7o IP, identificador do dispositivo, tipo de dispositivo, modelo e fabricante); e<\/p>\n\n\n\n<p>c.\u00a0\u00a0\u00a0\u00a0\u00a0 informa\u00e7\u00f5es sobre seus padr\u00f5es de uso (como a frequ\u00eancia com que voc\u00ea usa os Servi\u00e7os Europeus do Campari Group e suas configura\u00e7\u00f5es de idioma).<\/p>\n\n\n\n<p>\u00a0<\/p>\n\n\n\n<p>Usamos essas informa\u00e7\u00f5es para fornecer a voc\u00ea os recursos e funcionalidades dos Servi\u00e7os Europeus, monitorar e melhorar os Servi\u00e7os Europeus e desenvolver novos servi\u00e7os.<br>A tabela no\u00a0<strong>Anexo 2<\/strong>\u00a0apresenta informa\u00e7\u00f5es adicionais sobre as categorias de informa\u00e7\u00f5es pessoais que coletamos automaticamente sobre voc\u00ea e como usamos essas informa\u00e7\u00f5es. A tabela tamb\u00e9m lista a base legal em que nos apoiamos para tratar as informa\u00e7\u00f5es pessoais e os destinat\u00e1rios dessas informa\u00e7\u00f5es pessoais.<\/p>\n\n\n\n<p>\u00a0<\/p>\n\n\n\n<p>Podemos vincular ou combinar as informa\u00e7\u00f5es pessoais que coletamos sobre voc\u00ea com as informa\u00e7\u00f5es que coletamos automaticamente.<\/p>\n\n\n\n<p>\u00a0<\/p>\n\n\n\n<p>Podemos anonimizar e agregar quaisquer informa\u00e7\u00f5es pessoais que coletamos, de modo que elas n\u00e3o identifiquem voc\u00ea diretamente.<br>Podemos usar informa\u00e7\u00f5es anonimizadas para finalidades que incluem testar nossos sistemas de TI, pesquisa, an\u00e1lise de dados e melhoria dos Servi\u00e7os Europeus. Tamb\u00e9m podemos compartilhar essas informa\u00e7\u00f5es anonimizadas e agregadas com terceiros.<\/p>\n\n\n\n<h3 class=\"wp-block-heading\"><strong>3.3 POR QUANTO TEMPO ARMAZENAREMOS SUAS INFORMA\u00c7\u00d5ES PESSOAIS<\/strong><\/h3>\n\n\n\n<p><strong>Anexos 1<\/strong>\u00a0e\u00a02\u00a0\u00a0estabelecem por quanto tempo armazenamos suas informa\u00e7\u00f5es pessoais. Normalmente armazenaremos as informa\u00e7\u00f5es pessoais que coletamos sobre voc\u00ea por per\u00edodo n\u00e3o superior ao necess\u00e1rio para as finalidades, de acordo com nossas obriga\u00e7\u00f5es legais e interesses comerciais leg\u00edtimos.<\/p>\n\n\n\n<p>\u00a0<\/p>\n\n\n\n<p>Os crit\u00e9rios usados para determinar o per\u00edodo pelo qual as informa\u00e7\u00f5es pessoais sobre voc\u00ea ser\u00e3o retidas variam de acordo com a base legal sob a qual tratamos as informa\u00e7\u00f5es pessoais:<\/p>\n\n\n\n<p>\u00a0<\/p>\n\n\n\n<p>a.\u00a0\u00a0\u00a0\u00a0\u00a0 <strong>Interesses leg\u00edtimos.<\/strong>\u00a0Quando tratamos informa\u00e7\u00f5es pessoais com base em nossos interesses leg\u00edtimos, em geral reteremos essas informa\u00e7\u00f5es por um per\u00edodo razo\u00e1vel com base no interesse espec\u00edfico, levando em considera\u00e7\u00e3o os interesses fundamentais e os direitos e liberdades dos titulares dos dados.<\/p>\n\n\n\n<p>b.\u00a0\u00a0\u00a0\u00a0\u00a0 <strong>Consentimento.<\/strong>\u00a0Quando tratamos informa\u00e7\u00f5es pessoais com base em seu consentimento, em geral reteremos as informa\u00e7\u00f5es at\u00e9 que voc\u00ea retire seu consentimento, ou, de outra forma, pelo per\u00edodo necess\u00e1rio para cumprir o acordo subjacente com voc\u00ea ou prestar o servi\u00e7o aplic\u00e1vel para o qual tratamos essas informa\u00e7\u00f5es pessoais.<\/p>\n\n\n\n<p>c.\u00a0\u00a0\u00a0\u00a0\u00a0 <strong>Contrato.<\/strong>\u00a0Quando tratamos informa\u00e7\u00f5es pessoais com base em contrato, em geral reteremos as informa\u00e7\u00f5es durante a vig\u00eancia do contrato, acrescida de um per\u00edodo adicional limitado que represente o prazo prescricional para reivindica\u00e7\u00f5es legais que possam surgir da rela\u00e7\u00e3o contratual.<\/p>\n\n\n\n<p>d.\u00a0\u00a0\u00a0\u00a0\u00a0 <strong>Obriga\u00e7\u00e3o legal.<\/strong>\u00a0Quando tratamos informa\u00e7\u00f5es pessoais com base em obriga\u00e7\u00e3o legal, em geral reteremos as informa\u00e7\u00f5es pelo per\u00edodo necess\u00e1rio para cumprir a obriga\u00e7\u00e3o legal.<\/p>\n\n\n\n<p>e.\u00a0\u00a0\u00a0\u00a0\u00a0 <strong>Reivindica\u00e7\u00e3o legal.<\/strong>\u00a0Podemos precisar aplicar uma \u201creten\u00e7\u00e3o legal\u201d que mantenha informa\u00e7\u00f5es al\u00e9m de nosso per\u00edodo t\u00edpico de reten\u00e7\u00e3o quando enfrentarmos amea\u00e7a de reivindica\u00e7\u00e3o legal. Nesse caso, reteremos as informa\u00e7\u00f5es at\u00e9 que a reten\u00e7\u00e3o seja removida, o que normalmente significa que a reivindica\u00e7\u00e3o ou amea\u00e7a de reivindica\u00e7\u00e3o foi resolvida.<\/p>\n\n\n\n<p>\u00a0<\/p>\n\n\n\n<p>Em todos os casos, al\u00e9m das finalidades e bases legais, consideramos a quantidade, natureza e sensibilidade das informa\u00e7\u00f5es pessoais, bem como o risco potencial de dano decorrente do uso ou divulga\u00e7\u00e3o n\u00e3o autorizados de suas informa\u00e7\u00f5es pessoais.<\/p>\n\n\n\n<p>\u00a0<\/p>\n\n\n\n<p>Ap\u00f3s a retirada do consentimento ou ap\u00f3s o t\u00e9rmino do per\u00edodo de armazenamento dos dados coletados para as finalidades referidas nos<br>Anexos 1 e 2, o que ocorrer primeiro, os dados ser\u00e3o automaticamente exclu\u00eddos ou permanentemente anonimizados.<\/p>\n\n\n\n<h3 class=\"wp-block-heading\"><strong>3.4 DESTINAT\u00c1RIOS DAS INFORMA\u00c7\u00d5ES PESSOAIS<\/strong><\/h3>\n\n\n\n<p>Al\u00e9m dos destinat\u00e1rios listados nos\u00a0<strong>Anexos<\/strong>\u00a0<strong>1<\/strong>\u00a0e\u00a0<strong>2<\/strong>, tamb\u00e9m podemos compartilhar suas informa\u00e7\u00f5es pessoais com os seguintes destinat\u00e1rios, conforme necess\u00e1rio de acordo com os usos estabelecidos nos\u00a0<strong>Anexos<\/strong>\u00a0<strong>1<\/strong>\u00a0e\u00a0<strong>2<\/strong>:<\/p>\n\n\n\n<p>\u00a0<\/p>\n\n\n\n<p>a.\u00a0\u00a0\u00a0\u00a0\u00a0 <strong>Prestadores de servi\u00e7os e consultores<\/strong>: podemos compartilhar suas informa\u00e7\u00f5es pessoais com fornecedores terceirizados e outros prestadores de servi\u00e7os que prestem servi\u00e7os para n\u00f3s ou em nosso nome, o que pode incluir a presta\u00e7\u00e3o de servi\u00e7os profissionais, como servi\u00e7os jur\u00eddicos e cont\u00e1beis, servi\u00e7os de correspond\u00eancia, e-mail ou chat, preven\u00e7\u00e3o de fraudes, hospedagem web ou presta\u00e7\u00e3o de servi\u00e7os de an\u00e1lise.<\/p>\n\n\n\n<p>b.\u00a0\u00a0\u00a0\u00a0\u00a0 <strong>Afiliadas<\/strong>. Outras empresas pertencentes ao Campari Group ou sob propriedade comum com ele, incluindo nossas subsidi\u00e1rias (isto \u00e9, qualquer organiza\u00e7\u00e3o que possu\u00edmos ou controlamos) e nossa controladora final (isto \u00e9, qualquer organiza\u00e7\u00e3o que nos possui ou controla) e quaisquer subsidi\u00e1rias que ela possua. Essas empresas usar\u00e3o suas informa\u00e7\u00f5es pessoais da mesma forma que podemos usar nos termos destas Divulga\u00e7\u00f5es de Privacidade e implementar\u00e3o, quando exigido, um Acordo Intracompanhia de Prote\u00e7\u00e3o de Dados.<\/p>\n\n\n\n<p>c.\u00a0\u00a0\u00a0\u00a0\u00a0 <strong>Compradores e terceiros em conex\u00e3o com uma transa\u00e7\u00e3o comercial<\/strong>: suas informa\u00e7\u00f5es pessoais podem ser divulgadas a terceiros em conex\u00e3o com uma transa\u00e7\u00e3o, como fus\u00e3o, venda de ativos ou a\u00e7\u00f5es, reorganiza\u00e7\u00e3o, financiamento, mudan\u00e7a de controle ou aquisi\u00e7\u00e3o de todo ou parte de nosso neg\u00f3cio.<\/p>\n\n\n\n<p>d.\u00a0\u00a0\u00a0\u00a0\u00a0 <strong>Autoridades policiais, reguladores e outras partes por motivos legais<\/strong>: podemos compartilhar suas informa\u00e7\u00f5es pessoais com terceiros conforme exigido por lei ou se acreditarmos razoavelmente que tal a\u00e7\u00e3o \u00e9 necess\u00e1ria para (i) cumprir a lei e solicita\u00e7\u00f5es razo\u00e1veis de autoridades policiais; (ii) detectar e investigar atividades ilegais e viola\u00e7\u00f5es de acordos, incluindo nossos Termos; e\/ou (iii) exercer ou proteger os direitos, propriedade ou seguran\u00e7a pessoal do Campari Group, seus usu\u00e1rios ou terceiros.<\/p>\n\n\n\n<h3 class=\"wp-block-heading\"><strong>3.5 MARKETING E PUBLICIDADE<\/strong><\/h3>\n\n\n\n<p>De tempos em tempos, podemos entrar em contato com voc\u00ea com informa\u00e7\u00f5es sobre nossos servi\u00e7os, inclusive enviando mensagens de marketing e solicitando seu feedback sobre nossos Servi\u00e7os. A maioria das mensagens de marketing que enviamos ser\u00e1 por e-mail. Para algumas mensagens de marketing, podemos usar informa\u00e7\u00f5es pessoais que coletamos sobre voc\u00ea para nos ajudar a determinar as informa\u00e7\u00f5es de marketing mais relevantes a compartilhar com voc\u00ea.<br>Podemos enviar mensagens de marketing se voc\u00ea tiver nos dado seu consentimento para faz\u00ea-lo ou quando tivermos nos apoiado na regra de soft opt-in, quando aplic\u00e1vel. Se desejar cancelar a inscri\u00e7\u00e3o nesses e-mails, basta clicar no \u201clink de cancelamento de inscri\u00e7\u00e3o\u201d fornecido ao final da comunica\u00e7\u00e3o por e-mail.<\/p>\n\n\n\n<h3 class=\"wp-block-heading\"><strong>3.6 ARMAZENAMENTO E TRANSFER\u00caNCIA DE SUAS INFORMA\u00c7\u00d5ES PESSOAIS<\/strong><\/h3>\n\n\n\n<p><strong>Seguran\u00e7a<\/strong>. Implementamos medidas t\u00e9cnicas e organizacionais adequadas para proteger suas informa\u00e7\u00f5es pessoais contra destrui\u00e7\u00e3o, perda, altera\u00e7\u00e3o ou dano acidental ou il\u00edcito. Todas as informa\u00e7\u00f5es pessoais que coletamos ser\u00e3o armazenadas por nosso provedor de hospedagem em nuvem em servidores seguros. Nunca enviaremos e-mails n\u00e3o solicitados nem entraremos em contato por telefone solicitando informa\u00e7\u00f5es de cart\u00e3o de cr\u00e9dito ou d\u00e9bito ou n\u00fameros de identifica\u00e7\u00e3o nacional.<\/p>\n\n\n\n<p>\u00a0<\/p>\n\n\n\n<p><strong>Transfer\u00eancias internacionais de suas informa\u00e7\u00f5es pessoais<\/strong>. As informa\u00e7\u00f5es pessoais que coletamos podem ser transferidas e armazenadas em pa\u00edses fora da jurisdi\u00e7\u00e3o em que voc\u00ea se encontra, onde n\u00f3s e nossos prestadores de servi\u00e7os terceirizados temos opera\u00e7\u00f5es. Se voc\u00ea estiver localizado no EEE, Reino Unido ou Su\u00ed\u00e7a, suas informa\u00e7\u00f5es pessoais poder\u00e3o ser tratadas fora dessas regi\u00f5es, inclusive nos Estados Unidos.<\/p>\n\n\n\n<p>\u00a0<\/p>\n\n\n\n<p>No caso de tal transfer\u00eancia, asseguramos que: (i) as informa\u00e7\u00f5es pessoais sejam transferidas para pa\u00edses reconhecidos como oferecendo n\u00edvel equivalente de prote\u00e7\u00e3o; ou (ii) a transfer\u00eancia seja realizada de acordo com salvaguardas apropriadas, como cl\u00e1usulas contratuais padr\u00e3o adotadas pela Comiss\u00e3o Europeia, incluindo salvaguardas adicionais conforme recomendado pelo Comit\u00ea Europeu de Prote\u00e7\u00e3o de Dados.<\/p>\n\n\n\n<p>\u00a0<\/p>\n\n\n\n<p>Se desejar obter mais informa\u00e7\u00f5es sobre essas salvaguardas utilizadas, entre em contato conosco usando os dados indicados ao final destas Divulga\u00e7\u00f5es de Privacidade.<\/p>\n\n\n\n<h3 class=\"wp-block-heading\"><strong>3.7 PERFILAMENTO<\/strong><\/h3>\n\n\n\n<p>Podemos analisar dados pessoais que coletamos sobre voc\u00ea para criar um perfil de seus interesses e prefer\u00eancias, de modo que possamos entrar em contato com voc\u00ea com informa\u00e7\u00f5es relevantes. Podemos usar informa\u00e7\u00f5es adicionais sobre voc\u00ea quando dispon\u00edveis em fontes externas para nos ajudar a fazer isso de forma eficaz e enviar atualiza\u00e7\u00f5es de produtos. Tamb\u00e9m podemos usar dados pessoais sobre voc\u00ea para detectar e reduzir fraudes e risco de cr\u00e9dito. A inser\u00e7\u00e3o de dados pessoais em nosso sistema de Gest\u00e3o de Relacionamento com o Cliente (CRM) \u00e9 opcional e ocorre somente se houver consentimento para uma das finalidades detalhadas nos Anexos 1 e 2; ela implica automaticamente que empregados do Campari Group em todo o mundo, encarregados do tratamento de dados, poder\u00e3o visualizar os dados, bem como alter\u00e1-los e atualiz\u00e1-los.<\/p>\n\n\n\n<h3 class=\"wp-block-heading\"><strong>3.8 SEUS DIREITOS EM RELA\u00c7\u00c3O \u00c0S SUAS INFORMA\u00c7\u00d5ES PESSOAIS<\/strong><\/h3>\n\n\n\n<p>De acordo com a legisla\u00e7\u00e3o de privacidade aplic\u00e1vel, voc\u00ea tem os seguintes direitos em rela\u00e7\u00e3o \u00e0s suas informa\u00e7\u00f5es pessoais que mantemos:<\/p>\n\n\n\n<p>a.\u00a0\u00a0\u00a0\u00a0\u00a0 <strong>Direito de acesso<\/strong>. Voc\u00ea tem o direito de obter\u00a0<\/p>\n\n\n\n<p>\u00a0\u00a0\u00a0\u00a0\u00a0\u00a0\u00a0\u00a0\u00a0\u00a0\u00a0\u00a0\u00a0\u00a0\u00a0\u00a0\u00a0\u00a0\u00a0\u00a0\u00a0\u00a0\u00a0\u00a0\u00a0\u00a0\u00a0\u00a0\u00a0\u00a0\u00a0 i.\u00a0confirma\u00e7\u00e3o sobre se, e onde, estamos tratando suas informa\u00e7\u00f5es pessoais;<\/p>\n\n\n\n<p>\u00a0\u00a0\u00a0\u00a0\u00a0\u00a0\u00a0\u00a0\u00a0\u00a0\u00a0\u00a0\u00a0\u00a0\u00a0\u00a0\u00a0\u00a0\u00a0\u00a0\u00a0\u00a0\u00a0\u00a0\u00a0\u00a0\u00a0\u00a0\u00a0 ii.\u00a0\u00a0informa\u00e7\u00f5es sobre as categorias de informa\u00e7\u00f5es pessoais que estamos tratando, as finalidades para as quais tratamos suas informa\u00e7\u00f5es pessoais e informa\u00e7\u00f5es sobre como determinamos os per\u00edodos de reten\u00e7\u00e3o aplic\u00e1veis;<\/p>\n\n\n\n<p>\u00a0\u00a0\u00a0\u00a0\u00a0\u00a0\u00a0\u00a0\u00a0\u00a0\u00a0\u00a0\u00a0\u00a0\u00a0\u00a0\u00a0\u00a0\u00a0\u00a0\u00a0\u00a0\u00a0\u00a0\u00a0\u00a0\u00a0 iii.\u00a0\u00a0\u00a0informa\u00e7\u00f5es sobre as categorias de destinat\u00e1rios com quem podemos compartilhar suas informa\u00e7\u00f5es pessoais; e<\/p>\n\n\n\n<p>\u00a0\u00a0\u00a0\u00a0\u00a0\u00a0\u00a0\u00a0\u00a0\u00a0\u00a0\u00a0\u00a0\u00a0\u00a0\u00a0\u00a0\u00a0\u00a0\u00a0\u00a0\u00a0\u00a0\u00a0\u00a0\u00a0\u00a0\u00a0 iv.\u00a0\u00a0uma c\u00f3pia das informa\u00e7\u00f5es pessoais que mantemos sobre voc\u00ea.<\/p>\n\n\n\n<p>b.\u00a0\u00a0\u00a0\u00a0\u00a0 <strong>Direito \u00e0 portabilidade.<\/strong>\u00a0Voc\u00ea tem o direito, em determinadas circunst\u00e2ncias, de receber uma c\u00f3pia das informa\u00e7\u00f5es pessoais que forneceu a n\u00f3s em formato estruturado, comumente usado e leg\u00edvel por m\u00e1quina, que permita reutiliza\u00e7\u00e3o, ou de solicitar a transfer\u00eancia de seus dados pessoais para outra pessoa.<\/p>\n\n\n\n<p>c.\u00a0\u00a0\u00a0\u00a0\u00a0 <strong>Direito \u00e0 retifica\u00e7\u00e3o<\/strong>. Voc\u00ea tem o direito de obter, sem demora indevida, a retifica\u00e7\u00e3o de quaisquer informa\u00e7\u00f5es pessoais inexatas ou incompletas que mantemos sobre voc\u00ea.<\/p>\n\n\n\n<p>d.\u00a0\u00a0\u00a0\u00a0\u00a0 <strong>Direito ao apagamento.<\/strong>\u00a0Voc\u00ea tem o direito, em algumas circunst\u00e2ncias, de exigir que apaguemos suas informa\u00e7\u00f5es pessoais sem demora indevida se o tratamento cont\u00ednuo dessas informa\u00e7\u00f5es pessoais n\u00e3o for justificado.<\/p>\n\n\n\n<p>e.\u00a0\u00a0\u00a0\u00a0\u00a0 <strong>Direito \u00e0 restri\u00e7\u00e3o.<\/strong>\u00a0Voc\u00ea tem o direito, em algumas circunst\u00e2ncias, de exigir que limitemos as finalidades para as quais tratamos suas informa\u00e7\u00f5es pessoais se o tratamento cont\u00ednuo das informa\u00e7\u00f5es pessoais dessa forma n\u00e3o for justificado, como quando a exatid\u00e3o das informa\u00e7\u00f5es pessoais for contestada por voc\u00ea.<\/p>\n\n\n\n<p>f.\u00a0\u00a0\u00a0\u00a0\u00a0\u00a0\u00a0 <strong>Direito de retirar o consentimento.<\/strong>\u00a0H\u00e1 determinadas circunst\u00e2ncias em que exigimos seu consentimento para tratar suas informa\u00e7\u00f5es pessoais. Nessas hip\u00f3teses, e se voc\u00ea tiver fornecido consentimento, voc\u00ea tem o direito de retir\u00e1-lo. Se retirar seu consentimento, isso n\u00e3o afetar\u00e1 a licitude do uso de suas informa\u00e7\u00f5es pessoais antes da retirada.<\/p>\n\n\n\n<p>\u00a0<\/p>\n\n\n\n<p>Voc\u00ea tem o direito de fornecer instru\u00e7\u00f5es relativas \u00e0 reten\u00e7\u00e3o, exclus\u00e3o e divulga\u00e7\u00e3o de suas informa\u00e7\u00f5es pessoais ap\u00f3s sua morte. Na aus\u00eancia de instru\u00e7\u00f5es suas, \u00e9 poss\u00edvel que seus herdeiros solicitem a divulga\u00e7\u00e3o ou exclus\u00e3o de suas informa\u00e7\u00f5es pessoais.<\/p>\n\n\n\n<p>\u00a0<\/p>\n\n\n\n<p><strong>Voc\u00ea tamb\u00e9m tem o direito de se opor a qualquer tratamento baseado em nossos interesses leg\u00edtimos quando houver fundamentos relacionados \u00e0 sua situa\u00e7\u00e3o espec\u00edfica. Pode haver motivos imperiosos para continuarmos tratando suas informa\u00e7\u00f5es pessoais, e avaliaremos e informaremos voc\u00ea se esse for o caso. Voc\u00ea pode se opor a atividades de marketing por qualquer motivo.<\/strong><\/p>\n\n\n\n<p>\u00a0<\/p>\n\n\n\n<p>Voc\u00ea tamb\u00e9m tem o direito de apresentar uma reclama\u00e7\u00e3o \u00e0 sua autoridade local de prote\u00e7\u00e3o de dados. Se voc\u00ea estiver na Uni\u00e3o Europeia, informa\u00e7\u00f5es sobre como contatar sua autoridade local de prote\u00e7\u00e3o de dados est\u00e3o dispon\u00edveis aqui. Se voc\u00ea estiver no Reino Unido ou na Su\u00ed\u00e7a, suas autoridades locais de prote\u00e7\u00e3o de dados s\u00e3o o Information Commissioner\u2019s Office do Reino Unido (<a href=\"https:\/\/ico.org.uk\/global\/contact-us\/\">https:\/\/ico.org.uk\/global\/contact-us\/<\/a>) e o Comiss\u00e1rio Federal Su\u00ed\u00e7o de Prote\u00e7\u00e3o de Dados e Informa\u00e7\u00e3o (https:\/\/www.edoeb.admin.ch\/en\/contact-2).<\/p>\n\n\n\n<p>\u00a0<\/p>\n\n\n\n<p>Se desejar exercer um desses direitos, preencha nosso\u00a0<strong>Formul\u00e1rio de Solicita\u00e7\u00e3o de Direitos de Privacidade<\/strong>.<\/p>\n\n\n\n<p>\u00a0<\/p>\n\n\n\n<p>Devido \u00e0 natureza confidencial do tratamento de dados, poderemos solicitar que voc\u00ea forne\u00e7a prova de identidade ao exercer os direitos acima. Isso pode ser feito mediante o envio de uma c\u00f3pia digitalizada de um documento de identidade v\u00e1lido ou de uma fotoc\u00f3pia assinada de um documento de identidade v\u00e1lido.<\/p>\n\n\n\n<h3 class=\"wp-block-heading\"><strong>3.9 COOKIES E TECNOLOGIAS SIMILARES USADOS EM NOSSOS SERVI\u00c7OS EUROPEUS<\/strong><\/h3>\n\n\n\n<p>Nossos Servi\u00e7os Europeus usam cookies e tecnologias similares, como pixels e Objetos de Armazenamento Local (LSOs), como HTML5 (em conjunto, \u201ccookies\u201d), para distinguir voc\u00ea de outros usu\u00e1rios de nossos Servi\u00e7os. Isso nos ajuda a proporcionar uma boa experi\u00eancia quando voc\u00ea navega em nossos Servi\u00e7os e tamb\u00e9m nos permite monitorar e analisar como voc\u00ea usa e interage com nossos Servi\u00e7os, para que possamos continuar a melhor\u00e1-los. Isso tamb\u00e9m ajuda a n\u00f3s e nossos parceiros a determinar produtos e servi\u00e7os que possam ser de seu interesse. Consulte nosso\u00a0<strong>Aviso de Cookies<\/strong>\u00a0para obter mais informa\u00e7\u00f5es sobre essas pr\u00e1ticas e suas op\u00e7\u00f5es em rela\u00e7\u00e3o aos cookies.<\/p>\n\n\n\n<h3 class=\"wp-block-heading\"><strong>3.10 TECNOLOGIAS DE RASTREAMENTO USADAS EM NOSSOS E-MAILS<\/strong><\/h3>\n\n\n\n<p>Nossos e-mails podem conter pixels de rastreamento que identificam se e quando voc\u00ea abriu um e-mail que enviamos a voc\u00ea, quantas vezes o leu e se clicou em algum link contido nesse e-mail. Isso nos ajuda a medir a efic\u00e1cia de nossas campanhas de marketing por e-mail, tornar os e-mails que enviamos a voc\u00ea mais relevantes aos seus interesses e entender se voc\u00ea abriu e leu quaisquer e-mails administrativos importantes que possamos enviar a voc\u00ea.<\/p>\n\n\n\n<p>\u00a0<\/p>\n\n\n\n<p>A maioria dos clientes de e-mail populares permite bloquear esses pixels desativando determinadas imagens externas em e-mails. Voc\u00ea pode fazer isso por meio das configura\u00e7\u00f5es de seu cliente de e-mail \u2014 que geralmente oferecem a op\u00e7\u00e3o de escolher se os e-mails exibir\u00e3o \u201cimagens remotas\u201d, \u201cconte\u00fado remoto\u201d ou \u201cimagens\u201d por padr\u00e3o.<\/p>\n\n\n\n<p>\u00a0<\/p>\n\n\n\n<p>Alguns navegadores tamb\u00e9m oferecem a op\u00e7\u00e3o de baixar e instalar extens\u00f5es que bloqueiam pixels e outras tecnologias de rastreamento.<\/p>\n\n\n\n<h3 class=\"wp-block-heading\"><strong>3.11 M\u00c9TODO DE TRATAMENTO<\/strong><\/h3>\n\n\n\n<p>Os dados pessoais ser\u00e3o tratados por meio de ferramentas baseadas em TI e\/ou tratados manualmente pelo per\u00edodo necess\u00e1rio para atingir a finalidade para a qual foram coletados. Em especial, os dados pessoais coletados para as finalidades indicadas nos\u00a0<strong>Anexos 1 e 2<\/strong>\u00a0tamb\u00e9m ser\u00e3o tratados com o uso de mecanismos automatizados baseados em procedimentos e l\u00f3gicas estritamente relacionados \u00e0s finalidades especificadas.<\/p>\n\n\n\n<p><strong>ANEXO 1 \u2013 INFORMA\u00c7\u00d5ES PESSOAIS QUE VOC\u00ca NOS FORNECE<\/strong><\/p>\n\n\n\n<figure class=\"wp-block-table\"><table>\n<tbody>\n<tr>\n<td><p><strong>Categoria de Dados<\/strong><\/p>\n<p><strong>Verifica\u00e7\u00e3o da idade legal para consumo de bebidas alco\u00f3licas<\/strong>, que inclui sua data de nascimento e pa\u00eds ou regi\u00e3o.<\/p><\/td>\n<\/tr>\n<tr>\n<td><p><strong>Finalidade do Tratamento<\/strong><\/p>\n<p>Verificar sua idade e sua capacidade de usar os Servi\u00e7os Europeus.<\/p><\/td>\n<\/tr>\n<tr>\n<td><p><strong>Base Legal para o Tratamento<\/strong><\/p>\n<p>O tratamento \u00e9 necess\u00e1rio para nossos interesses leg\u00edtimos, nomeadamente administrar os Servi\u00e7os Europeus, e para a execu\u00e7\u00e3o de um contrato com voc\u00ea, nomeadamente nossos Termos de Servi\u00e7o.<\/p><\/td>\n<\/tr>\n<tr>\n<td><p><strong>Reten\u00e7\u00e3o de Dados<\/strong><\/p>\n<p>O per\u00edodo exigido pela lei aplic\u00e1vel.<\/p><\/td>\n<\/tr>\n<tr>\n<td><p><strong>Destinat\u00e1rios das Informa\u00e7\u00f5es Pessoais<\/strong><\/p>\n<p>Podemos compartilhar quaisquer informa\u00e7\u00f5es que voc\u00ea nos forne\u00e7a com terceiros que nos apoiem na defini\u00e7\u00e3o de campanhas de marketing ou com provedores de servi\u00e7os de hospedagem ou manuten\u00e7\u00e3o de nossos ativos digitais.<\/p><\/td>\n<\/tr>\n<\/tbody>\n<\/table><\/figure>\n\n\n\n<figure class=\"wp-block-table\"><table>\n<tbody>\n<tr>\n<td colspan=\"4\"><p><strong>Categoria de Dados<\/strong><\/p>\n<p><strong>Informa\u00e7\u00f5es de contato<\/strong>\u00a0como nome, sobrenome e endere\u00e7o de e-mail.<\/p><\/td>\n<\/tr>\n<tr>\n<td><p><strong>Finalidade do Tratamento<\/strong><\/p>\n<p>Podemos usar essas informa\u00e7\u00f5es para configurar e autenticar sua conta nos Servi\u00e7os Europeus.<\/p><\/td>\n<td><p><strong>Finalidade do Tratamento<\/strong><\/p>\n<p>Podemos usar essas informa\u00e7\u00f5es para nos comunicar com voc\u00ea, inclusive enviando comunica\u00e7\u00f5es relacionadas ao servi\u00e7o.<\/p><\/td>\n<td><p><strong>Finalidade do Tratamento<\/strong><\/p>\n<p>Podemos usar essas informa\u00e7\u00f5es para lidar com consultas e reclama\u00e7\u00f5es feitas por voc\u00ea ou sobre voc\u00ea relacionadas aos Servi\u00e7os Europeus.<\/p><\/td>\n<td><p><strong>Finalidade do Tratamento<\/strong><\/p>\n<p>Podemos usar essas informa\u00e7\u00f5es em conex\u00e3o com o envio de comunica\u00e7\u00f5es de marketing a voc\u00ea de acordo com suas prefer\u00eancias.<\/p><\/td>\n<\/tr>\n<tr>\n<td><p><strong>Base Legal para o Tratamento<\/strong><\/p>\n<p>O tratamento \u00e9 necess\u00e1rio para a execu\u00e7\u00e3o de um contrato com voc\u00ea e para tomar medidas antes da celebra\u00e7\u00e3o de um contrato com voc\u00ea, nomeadamente nossos Termos de Servi\u00e7o.<\/p><\/td>\n<td><p><strong>Base Legal para o Tratamento<\/strong><\/p>\n<p>O tratamento \u00e9 necess\u00e1rio para a execu\u00e7\u00e3o de um contrato com voc\u00ea, nomeadamente nossos Termos de Servi\u00e7o.<\/p><\/td>\n<td><p><strong>Base Legal para o Tratamento<\/strong><\/p>\n<p>O tratamento \u00e9 necess\u00e1rio para nossos interesses leg\u00edtimos, nomeadamente administrar os Servi\u00e7os Europeus e comunicar-nos com voc\u00ea de forma eficaz para responder \u00e0s suas d\u00favidas ou reclama\u00e7\u00f5es.<\/p><\/td>\n<td><p><strong>Base Legal para o Tratamento<\/strong><\/p>\n<p>Usaremos suas informa\u00e7\u00f5es pessoais dessa forma somente na medida em que voc\u00ea tenha nos dado consentimento para faz\u00ea-lo.<\/p><\/td>\n<\/tr>\n<tr>\n<td><p><strong>Reten\u00e7\u00e3o de Dados<\/strong><\/p>\n<p>Dura\u00e7\u00e3o da conta e, ap\u00f3s a exclus\u00e3o da conta, pelo per\u00edodo exigido pela lei aplic\u00e1vel.<\/p><\/td>\n<td><p><strong>Reten\u00e7\u00e3o de Dados<\/strong><\/p>\n<p>Pelo tempo necess\u00e1rio para processar sua solicita\u00e7\u00e3o ou, no m\u00e1ximo, por um ano.<\/p><\/td>\n<td><p><strong>Reten\u00e7\u00e3o de Dados<\/strong><\/p>\n<p>O per\u00edodo exigido pela lei aplic\u00e1vel.<\/p><\/td>\n<td><p><strong>Reten\u00e7\u00e3o de Dados<\/strong><\/p>\n<p>At\u00e9 que voc\u00ea retire seu consentimento.<\/p><\/td>\n<\/tr>\n<tr>\n<td colspan=\"4\"><p><strong>Destinat\u00e1rios das Informa\u00e7\u00f5es Pessoais<\/strong><\/p>\n<p>Podemos compartilhar essas informa\u00e7\u00f5es com [por exemplo, Stripe] para identific\u00e1-lo, de modo que voc\u00ea possa fazer e receber pagamentos por meio dos Servi\u00e7os Europeus.<\/p><\/td>\n<\/tr>\n<\/tbody>\n<\/table><\/figure>\n\n\n\n<figure class=\"wp-block-table\"><table>\n<tbody>\n<tr>\n<td colspan=\"2\"><p><strong>Categoria de Dados<\/strong><\/p>\n<p><strong>Suas informa\u00e7\u00f5es de conta e perfil<\/strong>\u00a0como seu nome completo, e-mail e senha. Quando voc\u00ea atualiza suas informa\u00e7\u00f5es de perfil, tamb\u00e9m podemos coletar seu n\u00famero de telefone, endere\u00e7o de e-mail, anivers\u00e1rio ou data de nascimento e suas prefer\u00eancias.<\/p><\/td>\n<\/tr>\n<tr>\n<td><p><strong>Finalidade do Tratamento<\/strong><\/p>\n<p>Podemos usar essas informa\u00e7\u00f5es para criar sua conta nos Servi\u00e7os Europeus.<\/p><\/td>\n<td><p><strong>Finalidade do Tratamento<\/strong><\/p>\n<p>Usamos essas informa\u00e7\u00f5es para lidar com consultas e reclama\u00e7\u00f5es feitas por voc\u00ea ou sobre voc\u00ea relacionadas aos Servi\u00e7os Europeus.<\/p><\/td>\n<\/tr>\n<tr>\n<td><p><strong>Base Legal para o Tratamento<\/strong><\/p>\n<p>O tratamento \u00e9 necess\u00e1rio para a execu\u00e7\u00e3o de um contrato com voc\u00ea.<\/p><\/td>\n<td><p><strong>Base Legal para o Tratamento<\/strong><\/p>\n<p>O tratamento \u00e9 necess\u00e1rio para nossos interesses leg\u00edtimos, nomeadamente comunicar-nos de forma eficaz com nossos membros para responder a quaisquer d\u00favidas ou reclama\u00e7\u00f5es.<\/p><\/td>\n<\/tr>\n<tr>\n<td><p><strong>Reten\u00e7\u00e3o de Dados<\/strong><\/p>\n<p>Dura\u00e7\u00e3o da conta e, ap\u00f3s a exclus\u00e3o da conta, pelo per\u00edodo exigido pela lei aplic\u00e1vel.<\/p><\/td>\n<td><p><strong>Reten\u00e7\u00e3o de Dados<\/strong><\/p>\n<p>O per\u00edodo exigido pela lei aplic\u00e1vel.<\/p><\/td>\n<\/tr>\n<tr>\n<td colspan=\"2\"><p><strong>RDestinat\u00e1rios das Informa\u00e7\u00f5es Pessoais<\/strong><\/p>\n<p>Podemos compartilhar quaisquer informa\u00e7\u00f5es que voc\u00ea nos forne\u00e7a com terceiros que nos apoiem na defini\u00e7\u00e3o de campanhas de marketing ou com provedores de servi\u00e7os de hospedagem ou manuten\u00e7\u00e3o de nossos ativos digitais.<\/p><\/td>\n<\/tr>\n<\/tbody>\n<\/table><\/figure>\n\n\n\n<figure class=\"wp-block-table\"><table>\n<tbody>\n<tr>\n<td colspan=\"2\"><p><strong>Categoria de Dados<\/strong><\/p>\n<p><strong>Reservas.<\/strong> Quando voc\u00ea faz uma reserva online em qualquer uma de nossas casas de marca, coletamos as informa\u00e7\u00f5es necess\u00e1rias para realizar sua reserva, que podem incluir seu nome, sobrenome, n\u00famero de celular, endere\u00e7o de e-mail, n\u00famero de convidados participantes e quaisquer informa\u00e7\u00f5es que voc\u00ea forne\u00e7a na se\u00e7\u00e3o de coment\u00e1rios (por exemplo, prefer\u00eancias, solicita\u00e7\u00f5es especiais).<\/p><\/td>\n<\/tr>\n<tr>\n<td><p><strong>Finalidade do Tratamento<\/strong><\/p>\n<p>Podemos usar essas informa\u00e7\u00f5es para processar seus pedidos por meio dos Servi\u00e7os Europeus.<\/p>\n<p><strong>\u00a0<\/strong><\/p><\/td>\n<td><p><strong>Finalidade do Tratamento<\/strong><\/p>\n<p>Podemos usar essas informa\u00e7\u00f5es para melhorar os Servi\u00e7os Europeus.<\/p>\n<p><strong>\u00a0<\/strong><\/p><\/td>\n<\/tr>\n<tr>\n<td><p><strong>Base Legal para o Tratamento<\/strong><\/p>\n<p>O tratamento \u00e9 necess\u00e1rio para a execu\u00e7\u00e3o de um contrato.<\/p>\n<p><strong>\u00a0<\/strong><\/p><\/td>\n<td><p><strong>Base Legal para o Tratamento<\/strong><\/p>\n<p>O tratamento \u00e9 necess\u00e1rio para nossos interesses leg\u00edtimos (desenvolver e melhorar nosso servi\u00e7o).<\/p>\n<p><strong>\u00a0<\/strong><\/p><\/td>\n<\/tr>\n<tr>\n<td><p><strong>Reten\u00e7\u00e3o de Dados<\/strong><\/p>\n<p>Pelo tempo necess\u00e1rio para cumprir as leis aplic\u00e1veis.<\/p>\n<p><strong>\u00a0<\/strong><\/p><\/td>\n<td><p><strong>Reten\u00e7\u00e3o de Dados<\/strong><\/p>\n<p>No m\u00e1ximo por um ano.<\/p>\n<p><strong>\u00a0<\/strong><\/p><\/td>\n<\/tr>\n<tr>\n<td colspan=\"2\"><p><strong>Destinat\u00e1rios das Informa\u00e7\u00f5es Pessoais<\/strong><\/p>\n<p>Podemos compartilhar essas informa\u00e7\u00f5es com terceiros que nos apoiem na defini\u00e7\u00e3o de campanhas de marketing ou com provedores de servi\u00e7os de hospedagem ou manuten\u00e7\u00e3o de nossos ativos digitais.<\/p>\n<p><strong>\u00a0<\/strong><\/p><\/td>\n<\/tr>\n<\/tbody>\n<\/table><\/figure>\n\n\n\n<figure class=\"wp-block-table\"><table>\n<tbody>\n<tr>\n<td colspan=\"2\"><p><strong>Categoria de Dados<\/strong><\/p>\n<p><strong>Informa\u00e7\u00f5es de transa\u00e7\u00e3o de pagamento<\/strong>. Quando voc\u00ea assina nossos servi\u00e7os, podemos coletar informa\u00e7\u00f5es como seu endere\u00e7o de cobran\u00e7a e outras informa\u00e7\u00f5es, como data e hora de sua transa\u00e7\u00e3o.<\/p>\n<p><strong>\u00a0<\/strong><\/p><\/td>\n<\/tr>\n<tr>\n<td><p><strong>Finalidade do Tratamento<\/strong><\/p>\n<p>Podemos usar essas informa\u00e7\u00f5es para processar seus pedidos por meio dos Servi\u00e7os Europeus.<\/p>\n<p><strong>\u00a0<\/strong><\/p><\/td>\n<td><p><strong>Finalidade do Tratamento<\/strong><\/p>\n<p>Podemos usar essas informa\u00e7\u00f5es para verificar sua identidade em conex\u00e3o com a detec\u00e7\u00e3o e preven\u00e7\u00e3o de fraude ou crime financeiro.<\/p>\n<p><strong>\u00a0<\/strong><\/p><\/td>\n<\/tr>\n<tr>\n<td><p><strong>Base Legal para o Tratamento<\/strong><\/p>\n<p>O tratamento \u00e9 necess\u00e1rio para a execu\u00e7\u00e3o de um contrato.<\/p>\n<p><strong>\u00a0<\/strong><\/p><\/td>\n<td><p><strong>Base Legal para o Tratamento<\/strong><\/p>\n<p>O tratamento \u00e9 necess\u00e1rio para nossos interesses leg\u00edtimos e de terceiros, nomeadamente a detec\u00e7\u00e3o e preven\u00e7\u00e3o de fraude e crime financeiro.<\/p>\n<p><strong>\u00a0<\/strong><\/p><\/td>\n<\/tr>\n<tr>\n<td><p><strong>Reten\u00e7\u00e3o de Dados<\/strong><\/p>\n<p>Pelo tempo necess\u00e1rio para cumprir as leis financeiras aplic\u00e1veis.<\/p>\n<p><strong>\u00a0<\/strong><\/p><\/td>\n<td><p><strong>Reten\u00e7\u00e3o de Dados<\/strong><\/p>\n<p>No m\u00e1ximo por um ano.<\/p>\n<p><strong>\u00a0<\/strong><\/p><\/td>\n<\/tr>\n<tr>\n<td colspan=\"2\"><p><strong>Destinat\u00e1rios das Informa\u00e7\u00f5es Pessoais<\/strong><\/p>\n<p>Podemos compartilhar quaisquer informa\u00e7\u00f5es que voc\u00ea nos forne\u00e7a com terceiros que nos prestem servi\u00e7os de pagamento.<\/p>\n<p><strong>\u00a0<\/strong><\/p><\/td>\n<\/tr>\n<\/tbody>\n<\/table><\/figure>\n\n\n\n<figure class=\"wp-block-table\"><table>\n<tbody>\n<tr>\n<td colspan=\"3\"><p><strong>Categoria de Dados<\/strong><\/p>\n<p><strong>Newsletter e e-mails de marketing.<\/strong>\u00a0Se voc\u00ea se cadastrar para receber not\u00edcias ou alertas nossos, ou entrar em nossa lista de espera, podemos coletar seu e-mail e interesses e prefer\u00eancias de comunica\u00e7\u00e3o aplic\u00e1veis.<\/p>\n<p><strong>\u00a0<\/strong><\/p><\/td>\n<\/tr>\n<tr>\n<td><p><strong>Finalidade do Tratamento<\/strong><\/p>\n<p>Podemos usar essas informa\u00e7\u00f5es para apresentar a voc\u00ea comunica\u00e7\u00f5es promocionais e comerciais relacionadas aos servi\u00e7os\/produtos oferecidos pelo Controlador.<\/p>\n<p><strong>\u00a0<\/strong><\/p><\/td>\n<td><p><strong>Finalidade do Tratamento<\/strong><\/p>\n<p>Podemos usar essas informa\u00e7\u00f5es para localizar recursos dos Servi\u00e7os Europeus.<\/p>\n<p><strong>\u00a0<\/strong><\/p><\/td>\n<td><p><strong>Finalidade do Tratamento<\/strong><\/p>\n<p>Podemos usar essas informa\u00e7\u00f5es para determinar conte\u00fados que possam ser de seu interesse.<\/p>\n<p><strong>\u00a0<\/strong><\/p><\/td>\n<\/tr>\n<tr>\n<td><p><strong>Base Legal para o Tratamento<\/strong><\/p>\n<p>Usaremos suas informa\u00e7\u00f5es pessoais dessa forma somente na medida em que voc\u00ea tenha nos dado consentimento para faz\u00ea-lo.<\/p>\n<p><strong>\u00a0<\/strong><\/p><\/td>\n<td><p><strong>Base Legal para o Tratamento<\/strong><\/p>\n<p>O tratamento \u00e9 necess\u00e1rio para nosso interesse leg\u00edtimo, nomeadamente localizar recursos dos Servi\u00e7os Europeus e adaptar os Servi\u00e7os Europeus para que sejam mais relevantes para nossos usu\u00e1rios.<\/p>\n<p><strong>\u00a0<\/strong><\/p><\/td>\n<td><p><strong>Base Legal para o Tratamento<\/strong><\/p>\n<p>O tratamento \u00e9 necess\u00e1rio para nossos interesses leg\u00edtimos, nomeadamente adaptar os Servi\u00e7os Europeus para que sejam mais relevantes para voc\u00ea.<\/p>\n<p><strong>\u00a0<\/strong><\/p><\/td>\n<\/tr>\n<tr>\n<td><p><strong>Reten\u00e7\u00e3o de Dados<\/strong><\/p>\n<p>At\u00e9 que voc\u00ea retire seu consentimento, sujeito a per\u00edodos mais curtos que possam ser exigidos em sua jurisdi\u00e7\u00e3o espec\u00edfica.<\/p>\n<p><strong>\u00a0<\/strong><\/p><\/td>\n<td><p><strong>Reten\u00e7\u00e3o de Dados<\/strong><\/p>\n<p>O per\u00edodo de reten\u00e7\u00e3o depende do cookie instalado (consulte a pol\u00edtica de cookies do site\/aplicativo).<\/p>\n<p><strong>\u00a0<\/strong><\/p><\/td>\n<td><p><strong>Reten\u00e7\u00e3o de Dados<\/strong><\/p>\n<p>O per\u00edodo de reten\u00e7\u00e3o depende do cookie instalado (consulte a pol\u00edtica de cookies do site\/aplicativo).<\/p>\n<p><strong>\u00a0<\/strong><\/p><\/td>\n<\/tr>\n<tr>\n<td colspan=\"3\"><p><strong>Destinat\u00e1rios das Informa\u00e7\u00f5es Pessoais<\/strong><\/p>\n<p>Podemos compartilhar essas informa\u00e7\u00f5es com terceiros que nos apoiem na defini\u00e7\u00e3o de campanhas de marketing ou com provedores de servi\u00e7os de hospedagem ou manuten\u00e7\u00e3o de nossos ativos digitais.<\/p>\n<p><strong>\u00a0<\/strong><\/p><\/td>\n<\/tr>\n<\/tbody>\n<\/table><\/figure>\n\n\n\n<figure class=\"wp-block-table\"><table>\n<tbody>\n<tr>\n<td><p><strong>Categoria de Dados<\/strong><\/p>\n<p><strong>Informa\u00e7\u00f5es recebidas de terceiros, como redes sociais.<\/strong>\u00a0Se voc\u00ea interagir conosco por meio de uma rede social, podemos receber informa\u00e7\u00f5es da rede social, como seu nome, informa\u00e7\u00f5es de perfil e quaisquer outras informa\u00e7\u00f5es que voc\u00ea permita que a rede social compartilhe com terceiros. Os dados que recebemos dependem de suas configura\u00e7\u00f5es de privacidade na rede social.<\/p>\n<p><strong>\u00a0<\/strong><\/p><\/td>\n<\/tr>\n<tr>\n<td><p><strong>Finalidade do Tratamento<\/strong><\/p>\n<p>Podemos usar essas informa\u00e7\u00f5es para republicar conte\u00fado criado por meio do uso dos Servi\u00e7os Europeus.<\/p>\n<p><strong>\u00a0<\/strong><\/p><\/td>\n<\/tr>\n<tr>\n<td><p><strong>Base Legal para o Tratamento<\/strong><\/p>\n<p>O tratamento \u00e9 necess\u00e1rio para nossos interesses leg\u00edtimos (desenvolver nosso servi\u00e7o e informar nossa estrat\u00e9gia de marketing).<\/p>\n<p><strong>\u00a0<\/strong><\/p><\/td>\n<\/tr>\n<tr>\n<td><p><strong>Reten\u00e7\u00e3o de Dados<\/strong><\/p>\n<p>No m\u00e1ximo por um ano.<\/p>\n<p><strong>\u00a0<\/strong><\/p><\/td>\n<\/tr>\n<\/tbody>\n<\/table><\/figure>\n\n\n\n<figure class=\"wp-block-table\"><table>\n<tbody>\n<tr>\n<td colspan=\"2\"><p><strong>Categoria de Dados<\/strong><\/p>\n<p><strong>Suas prefer\u00eancias<\/strong>, como prefer\u00eancias definidas para notifica\u00e7\u00f5es, comunica\u00e7\u00f5es de marketing, a forma como os Servi\u00e7os Europeus s\u00e3o exibidos e as funcionalidades ativas nos Servi\u00e7os Europeus.<\/p>\n<p><strong>\u00a0<\/strong><\/p><\/td>\n<\/tr>\n<tr>\n<td><p><strong>Finalidade do Tratamento<\/strong><\/p>\n<p>Usamos essas informa\u00e7\u00f5es para fornecer notifica\u00e7\u00f5es, enviar not\u00edcias, alertas e comunica\u00e7\u00f5es de marketing e fornecer os Servi\u00e7os Europeus de acordo com suas escolhas.<\/p>\n<p><strong>\u00a0<\/strong><\/p><\/td>\n<td><p><strong>Finalidade do Tratamento<\/strong><\/p>\n<p>Usamos essas informa\u00e7\u00f5es para garantir que cumpramos nossa obriga\u00e7\u00e3o legal de enviar apenas as comunica\u00e7\u00f5es de marketing \u00e0s quais voc\u00ea tenha consentido.<\/p>\n<p><strong>\u00a0<\/strong><\/p><\/td>\n<\/tr>\n<tr>\n<td><p><strong>Base Legal para o Tratamento<\/strong><\/p>\n<p>O tratamento \u00e9 necess\u00e1rio para nosso interesse leg\u00edtimo, nomeadamente garantir que o usu\u00e1rio receba as comunica\u00e7\u00f5es de marketing e outras comunica\u00e7\u00f5es corretas, e que elas sejam exibidas de acordo com as prefer\u00eancias do usu\u00e1rio.<\/p>\n<p><strong>\u00a0<\/strong><\/p><\/td>\n<td><p><strong>Base Legal para o Tratamento<\/strong><\/p>\n<p>O tratamento \u00e9 necess\u00e1rio para o cumprimento de uma obriga\u00e7\u00e3o legal \u00e0 qual estamos sujeitos.<\/p>\n<p><strong>\u00a0<\/strong><\/p><\/td>\n<\/tr>\n<tr>\n<td><p><strong>Reten\u00e7\u00e3o de Dados<\/strong><\/p>\n<p>No m\u00e1ximo por um ano.<\/p>\n<p><strong>\u00a0<\/strong><\/p><\/td>\n<td><p><strong>Reten\u00e7\u00e3o de Dados<\/strong><\/p>\n<p>No m\u00e1ximo por um ano.<\/p>\n<p><strong>\u00a0<\/strong><\/p><\/td>\n<\/tr>\n<tr>\n<td colspan=\"2\"><p><strong>Destinat\u00e1rios das Informa\u00e7\u00f5es Pessoais<\/strong><\/p>\n<p>Tamb\u00e9m podemos compartilhar suas informa\u00e7\u00f5es pessoais com terceiros que nos apoiem na defini\u00e7\u00e3o de campanhas de marketing ou com provedores de servi\u00e7os de hospedagem ou manuten\u00e7\u00e3o de nossos ativos digitais.<\/p>\n<p><strong>\u00a0<\/strong><\/p><\/td>\n<\/tr>\n<\/tbody>\n<\/table><\/figure>\n\n\n\n<h2 class=\"wp-block-heading\"><strong>ANEXO 2 \u2013 INFORMA\u00c7\u00d5ES PESSOAIS COLETADAS AUTOMATICAMENTE<\/strong><\/h2>\n\n\n\n<figure class=\"wp-block-table\"><table>\n<tbody>\n<tr>\n<td colspan=\"2\"><p><strong>Categoria de Dados<\/strong><\/p>\n<p><strong>Informa\u00e7\u00f5es aproximadas de localiza\u00e7\u00e3o.<\/strong>\u00a0Al\u00e9m das informa\u00e7\u00f5es que voc\u00ea escolhe nos fornecer, n\u00e3o coletamos informa\u00e7\u00f5es sobre sua localiza\u00e7\u00e3o precisa. No entanto, o endere\u00e7o IP de seu dispositivo pode nos ajudar a determinar uma localiza\u00e7\u00e3o aproximada.<\/p>\n<p><strong>\u00a0<\/strong><\/p><\/td>\n<\/tr>\n<tr>\n<td><p><strong>Finalidade do Tratamento<\/strong><\/p>\n<p>Podemos usar as informa\u00e7\u00f5es que voc\u00ea nos fornece sobre sua localiza\u00e7\u00e3o para monitorar e detectar fraude ou atividade suspeita relacionada \u00e0 sua conta.<\/p>\n<p><strong>\u00a0<\/strong><\/p><\/td>\n<td><p><strong>Finalidade do Tratamento<\/strong><\/p>\n<p>Podemos usar essas informa\u00e7\u00f5es para adaptar a forma como os Servi\u00e7os Europeus s\u00e3o exibidos a voc\u00ea, como o idioma em que s\u00e3o fornecidos.<\/p>\n<p><strong>\u00a0<\/strong><\/p><\/td>\n<\/tr>\n<tr>\n<td><p><strong>Base Legal para o Tratamento<\/strong><\/p>\n<p>O tratamento \u00e9 necess\u00e1rio para nossos interesses leg\u00edtimos, nomeadamente proteger nosso neg\u00f3cio e sua conta contra fraude e outras atividades ilegais.<\/p>\n<p><strong>\u00a0<\/strong><\/p><\/td>\n<td><p><strong>Base Legal para o Tratamento<\/strong><\/p>\n<p>O tratamento \u00e9 necess\u00e1rio para nosso interesse leg\u00edtimo, nomeadamente adaptar nosso servi\u00e7o para que seja mais relevante para nossos usu\u00e1rios.<\/p>\n<p><strong>\u00a0<\/strong><\/p><\/td>\n<\/tr>\n<tr>\n<td><p><strong>Reten\u00e7\u00e3o de Dados<\/strong><\/p>\n<p>No m\u00e1ximo por um ano.<\/p>\n<p><strong>\u00a0<\/strong><\/p><\/td>\n<td><p><strong>Reten\u00e7\u00e3o de Dados<\/strong><\/p>\n<p>No m\u00e1ximo por um ano.<\/p>\n<p><strong>\u00a0<\/strong><\/p><\/td>\n<\/tr>\n<tr>\n<td colspan=\"2\"><p><strong>Destinat\u00e1rios dos Dados Pessoais<\/strong><\/p>\n<p>Podemos compartilhar essas informa\u00e7\u00f5es com terceiros que nos apoiem na defini\u00e7\u00e3o de campanhas de marketing ou com provedores de servi\u00e7os de hospedagem ou manuten\u00e7\u00e3o de nossos ativos digitais, tais como:<\/p>\n<p>\u00b7\u00a0\u00a0\u00a0\u00a0\u00a0\u00a0\u00a0 por exemplo, Google, que fornece nossas plataformas de an\u00e1lise, para nos ajudar a entender como os visitantes usam nossos sites;<\/p>\n<p>\u00b7\u00a0\u00a0\u00a0\u00a0\u00a0\u00a0\u00a0 por exemplo, Facebook, Inc., que nos ajuda a entender como os visitantes usam nossos sites e permite marketing direto.<\/p><\/td>\n<\/tr>\n<\/tbody>\n<\/table><\/figure>\n\n\n\n<figure class=\"wp-block-table\"><table>\n<tbody>\n<tr>\n<td colspan=\"3\"><p><strong>Categoria de Dados<\/strong><\/p>\n<p><strong>Informa\u00e7\u00f5es sobre como voc\u00ea acessa e usa os Servi\u00e7os Europeus.<\/strong>\u00a0Por exemplo, com que frequ\u00eancia voc\u00ea acessa os Servi\u00e7os Europeus, o hor\u00e1rio em que acessa os Servi\u00e7os Europeus e por quanto tempo os utiliza, a localiza\u00e7\u00e3o aproximada de onde voc\u00ea acessa os Servi\u00e7os Europeus, o site de onde veio e o site para o qual vai ao sair de nosso site, as p\u00e1ginas do site que visita, os links em que clica, se abre e-mails ou clica nos links contidos em e-mails, se acessa os Servi\u00e7os Europeus a partir de v\u00e1rios dispositivos e outras a\u00e7\u00f5es que realiza nos Servi\u00e7os Europeus.<\/p>\n<p><strong>\u00a0<\/strong><\/p><\/td>\n<\/tr>\n<tr>\n<td><p><strong>Finalidade do Tratamento<\/strong><\/p>\n<p>Podemos usar informa\u00e7\u00f5es sobre como voc\u00ea usa e se conecta aos Servi\u00e7os Europeus para apresentar os Servi\u00e7os Europeus a voc\u00ea em seu dispositivo.<\/p>\n<p><strong>\u00a0<\/strong><\/p><\/td>\n<td><p><strong>Finalidade do Tratamento<\/strong><\/p>\n<p>Podemos usar essas informa\u00e7\u00f5es para determinar produtos e servi\u00e7os que possam ser de seu interesse para fins de marketing.<\/p>\n<p><strong>\u00a0<\/strong><\/p><\/td>\n<td><p><strong>Finalidade do Tratamento<\/strong><\/p>\n<p>Podemos usar essas informa\u00e7\u00f5es para monitorar e melhorar os Servi\u00e7os Europeus e o neg\u00f3cio, resolver problemas e orientar o desenvolvimento de novos produtos e servi\u00e7os.<\/p>\n<p><strong>\u00a0<\/strong><\/p><\/td>\n<\/tr>\n<tr>\n<td><p><strong>Base Legal para o Tratamento<\/strong><\/p>\n<p>O tratamento \u00e9 necess\u00e1rio para nossos interesses leg\u00edtimos, nomeadamente adaptar os Servi\u00e7os Europeus ao usu\u00e1rio.<\/p>\n<p><strong>\u00a0<\/strong><\/p><\/td>\n<td><p><strong>Base Legal para o Tratamento<\/strong><\/p>\n<p>O tratamento \u00e9 necess\u00e1rio para nossos interesses leg\u00edtimos, nomeadamente orientar nosso marketing direto.<\/p>\n<p><strong>\u00a0<\/strong><\/p><\/td>\n<td><p><strong>Base Legal para o Tratamento<\/strong><\/p>\n<p>O tratamento \u00e9 necess\u00e1rio para nossos interesses leg\u00edtimos, nomeadamente monitorar e resolver problemas com os Servi\u00e7os Europeus e melhorar os Servi\u00e7os Europeus de modo geral.<\/p>\n<p><strong>\u00a0<\/strong><\/p><\/td>\n<\/tr>\n<tr>\n<td><p><strong>Reten\u00e7\u00e3o de Dados<\/strong><\/p>\n<p>O per\u00edodo de reten\u00e7\u00e3o depende do cookie instalado (consulte a pol\u00edtica de cookies do site\/aplicativo).<\/p>\n<p><strong>\u00a0<\/strong><\/p><\/td>\n<td><p><strong>Reten\u00e7\u00e3o de Dados<\/strong><\/p>\n<p>O per\u00edodo de reten\u00e7\u00e3o depende do cookie instalado (consulte a pol\u00edtica de cookies do site\/aplicativo).<\/p>\n<p><strong>\u00a0<\/strong><\/p><\/td>\n<td><p><strong>Reten\u00e7\u00e3o de Dados<\/strong><\/p>\n<p>O per\u00edodo de reten\u00e7\u00e3o depende do cookie instalado (consulte a pol\u00edtica de cookies do site\/aplicativo).<\/p>\n<p><strong>\u00a0<\/strong><\/p><\/td>\n<\/tr>\n<tr>\n<td colspan=\"3\"><p><strong>Destinat\u00e1rios dos Dados Pessoais<\/strong><\/p>\n<p>Podemos compartilhar essas informa\u00e7\u00f5es com terceiros que nos apoiem na defini\u00e7\u00e3o de campanhas de marketing ou com provedores de servi\u00e7os de hospedagem ou manuten\u00e7\u00e3o de nossos ativos digitais, tais como:<\/p>\n<p>\u00b7\u00a0\u00a0\u00a0\u00a0\u00a0\u00a0\u00a0 por exemplo, Google, que fornece nossas plataformas de an\u00e1lise, para nos ajudar a entender como os visitantes usam nossos sites;<\/p>\n<p>\u00b7\u00a0\u00a0\u00a0\u00a0\u00a0\u00a0\u00a0 por exemplo, Facebook, Inc., que nos ajuda a entender como os visitantes usam nossos sites e permite marketing direto.<\/p><\/td>\n<\/tr>\n<\/tbody>\n<\/table><\/figure>\n\n\n\n<figure class=\"wp-block-table\"><table>\n<tbody>\n<tr>\n<td colspan=\"2\"><p><strong>Categoria de Dados<\/strong><\/p>\n<p><strong>Arquivos de registro e informa\u00e7\u00f5es sobre seu dispositivo.<\/strong>\u00a0Tamb\u00e9m coletamos informa\u00e7\u00f5es sobre o tablet, smartphone ou outro dispositivo eletr\u00f4nico que voc\u00ea usa para se conectar aos Servi\u00e7os Europeus. Essas informa\u00e7\u00f5es podem incluir detalhes sobre o tipo de dispositivo, n\u00fameros identificadores \u00fanicos do dispositivo, sistemas operacionais, navegadores e aplicativos conectados aos Servi\u00e7os Europeus por meio do dispositivo, sua rede m\u00f3vel, seu endere\u00e7o IP e o n\u00famero de telefone de seu dispositivo (se houver).<\/p>\n<p><strong>\u00a0<\/strong><\/p><\/td>\n<\/tr>\n<tr>\n<td><p><strong>Finalidade do Tratamento<\/strong><\/p>\n<p>Podemos usar informa\u00e7\u00f5es sobre como voc\u00ea usa e se conecta aos Servi\u00e7os Europeus para apresentar os Servi\u00e7os Europeus a voc\u00ea em seu dispositivo.<\/p>\n<p><strong>\u00a0<\/strong><\/p><\/td>\n<td><p><strong>Finalidade do Tratamento<\/strong><\/p>\n<p>Podemos usar essas informa\u00e7\u00f5es para monitorar e melhorar os Servi\u00e7os Europeus e o neg\u00f3cio, resolver problemas e orientar o desenvolvimento de novos produtos e servi\u00e7os.<\/p>\n<p><strong>\u00a0<\/strong><\/p><\/td>\n<\/tr>\n<tr>\n<td><p><strong>Base Legal para o Tratamento<\/strong><\/p>\n<p>O tratamento \u00e9 necess\u00e1rio para nossos interesses leg\u00edtimos, nomeadamente adaptar os Servi\u00e7os Europeus ao usu\u00e1rio.<\/p>\n<p><strong>\u00a0<\/strong><\/p><\/td>\n<td><p><strong>Base Legal para o Tratamento<\/strong><\/p>\n<p>O tratamento \u00e9 necess\u00e1rio para nossos interesses leg\u00edtimos, nomeadamente monitorar e resolver problemas com os Servi\u00e7os Europeus e melhorar os Servi\u00e7os Europeus de modo geral.<\/p>\n<p><strong>\u00a0<\/strong><\/p><\/td>\n<\/tr>\n<tr>\n<td><p><strong>Reten\u00e7\u00e3o de Dados<\/strong><\/p>\n<p>No m\u00e1ximo por um ano.<\/p>\n<p><strong>\u00a0<\/strong><\/p><\/td>\n<td><p><strong>Reten\u00e7\u00e3o de Dados<\/strong><\/p>\n<p>No m\u00e1ximo por um ano.<\/p>\n<p><strong>\u00a0<\/strong><\/p><\/td>\n<\/tr>\n<tr>\n<td colspan=\"2\"><p><strong>Destinat\u00e1rios dos Dados Pessoais<\/strong><\/p>\n<p>Podemos compartilhar essas informa\u00e7\u00f5es com terceiros que nos apoiem na defini\u00e7\u00e3o de campanhas de marketing ou com provedores de servi\u00e7os de hospedagem ou manuten\u00e7\u00e3o de nossos ativos digitais, tais como:<\/p>\n<p>\u00b7\u00a0\u00a0\u00a0\u00a0\u00a0\u00a0\u00a0 por exemplo, Google, que fornece nossas plataformas de an\u00e1lise, para nos ajudar a entender como os visitantes usam nossos sites;<\/p>\n<p>\u00b7\u00a0\u00a0\u00a0\u00a0\u00a0\u00a0\u00a0 por exemplo, Facebook, Inc., que nos ajuda a entender como os visitantes usam nossos sites e permite marketing direto.<\/p><\/td>\n<\/tr>\n<\/tbody>\n<\/table><\/figure>\n\n\n\n<p>Last modified: \u00daltima modifica\u00e7\u00e3o: mar\u00e7o de 2026<\/p>\n\n<\/div><\/div>\n","protected":false},"excerpt":{"rendered":"<p>POL\u00cdTICA DE PRIVACIDADE Obrigado pelo seu interesse na Campari! Este Aviso de Privacidade explica como as informa\u00e7\u00f5es sobre voc\u00ea, que o identificam diretamente ou que o tornam identific\u00e1vel (\u201cinforma\u00e7\u00f5es pessoais\u201d), s\u00e3o coletadas, usadas, divulgadas e de outra forma tratadas pela Campari em conex\u00e3o com nossos Servi\u00e7os.Quando usamos os termos \u201cCampari\u201d, \u201cCampari Group\u201d, \u201cn\u00f3s\u201d, \u201cnos\u201d ou [&hellip;]<\/p>\n","protected":false},"author":2,"featured_media":0,"parent":0,"menu_order":0,"comment_status":"closed","ping_status":"closed","template":"templates\/tpl-blocks.php","meta":{"_acf_changed":false,"footnotes":""},"class_list":["post-20243","page","type-page","status-publish","hentry"],"acf":[],"yoast_head":"<!-- This site is optimized with the Yoast SEO plugin v27.9 - https:\/\/yoast.com\/product\/yoast-seo-wordpress\/ -->\n<title>Privacy Policy | Aperol<\/title>\n<meta name=\"description\" content=\"Please inform yourself about the aspects of the privacy policy on our website Aperol.com.\" \/>\n<meta name=\"robots\" content=\"noindex, follow, max-snippet:-1, max-image-preview:large, max-video-preview:-1\" \/>\n<meta property=\"og:type\" content=\"article\" \/>\n<meta property=\"og:title\" content=\"Privacy Policy | Aperol\" \/>\n<meta property=\"og:description\" content=\"Please inform yourself about the aspects of the privacy policy on our website Aperol.com.\" \/>\n<meta property=\"og:url\" content=\"https:\/\/www.aperol.com\/pt-br\/politica-de-privacidade\/\" \/>\n<meta property=\"og:site_name\" content=\"Aperol\" \/>\n<meta property=\"article:modified_time\" content=\"2026-09-05T06:04:56+00:00\" \/>\n<meta name=\"twitter:card\" content=\"summary_large_image\" \/>\n<meta name=\"twitter:label1\" content=\"Est. reading time\" \/>\n\t<meta name=\"twitter:data1\" content=\"59 minutes\" \/>\n<!-- \/ Yoast SEO plugin. -->","yoast_head_json":{"title":"Privacy Policy | Aperol","description":"Please inform yourself about the aspects of the privacy policy on our website Aperol.com.","robots":{"index":"noindex","follow":"follow","max-snippet":"max-snippet:-1","max-image-preview":"max-image-preview:large","max-video-preview":"max-video-preview:-1"},"og_type":"article","og_title":"Privacy Policy | Aperol","og_description":"Please inform yourself about the aspects of the privacy policy on our website Aperol.com.","og_url":"https:\/\/test.aperol.com\/stg\/pt-br\/politica-de-privacidade\/","og_site_name":"Aperol","article_modified_time":"2026-09-05T06:04:56+00:00","twitter_card":"summary_large_image","twitter_misc":{"Est. reading time":"59 minutes"},"schema":{"@context":"https:\/\/schema.org","@graph":[{"@type":"WebPage","@id":"https:\/\/test.aperol.com\/stg\/pt-br\/politica-de-privacidade\/","url":"https:\/\/test.aperol.com\/stg\/pt-br\/politica-de-privacidade\/","name":"Privacy Policy | Aperol","isPartOf":{"@id":"https:\/\/test.aperol.com\/stg\/pt-br\/#website"},"datePublished":"2023-04-04T10:47:17+00:00","dateModified":"2026-09-05T06:04:56+00:00","description":"Please inform yourself about the aspects of the privacy policy on our website Aperol.com.","breadcrumb":{"@id":"https:\/\/test.aperol.com\/stg\/pt-br\/politica-de-privacidade\/#breadcrumb"},"inLanguage":"pt-BR","potentialAction":[{"@type":"ReadAction","target":["https:\/\/test.aperol.com\/stg\/pt-br\/politica-de-privacidade\/"]}]},{"@type":"BreadcrumbList","@id":"https:\/\/test.aperol.com\/stg\/pt-br\/politica-de-privacidade\/#breadcrumb","itemListElement":[{"@type":"ListItem","position":1,"name":"Home","item":"https:\/\/test.aperol.com\/stg\/pt-br\/"},{"@type":"ListItem","position":2,"name":"Pol\u00edtica de Privacidade"}]},{"@type":"WebSite","@id":"https:\/\/test.aperol.com\/stg\/pt-br\/#website","url":"https:\/\/test.aperol.com\/stg\/pt-br\/","name":"Aperol-brazil-pt","description":"","publisher":{"@id":"https:\/\/test.aperol.com\/stg\/pt-br\/#organization"},"potentialAction":[{"@type":"SearchAction","target":{"@type":"EntryPoint","urlTemplate":"https:\/\/test.aperol.com\/stg\/pt-br\/?s={search_term_string}"},"query-input":{"@type":"PropertyValueSpecification","valueRequired":true,"valueName":"search_term_string"}}],"inLanguage":"pt-BR"},{"@type":"Organization","@id":"https:\/\/test.aperol.com\/stg\/pt-br\/#organization","name":"Aperol","url":"https:\/\/test.aperol.com\/stg\/pt-br\/","logo":{"@type":"ImageObject","inLanguage":"pt-BR","@id":"https:\/\/test.aperol.com\/stg\/pt-br\/#\/schema\/logo\/image\/","url":"https:\/\/test.aperol.com\/stg\/app\/uploads\/2023\/05\/aperol-organization-logo.png","contentUrl":"https:\/\/test.aperol.com\/stg\/app\/uploads\/2023\/05\/aperol-organization-logo.png","width":720,"height":720,"caption":"Aperol"},"image":{"@id":"https:\/\/test.aperol.com\/stg\/pt-br\/#\/schema\/logo\/image\/"}}]}},"_links":{"self":[{"href":"https:\/\/test.aperol.com\/stg\/pt-br\/wp-json\/wp\/v2\/pages\/20243","targetHints":{"allow":["GET"]}}],"collection":[{"href":"https:\/\/test.aperol.com\/stg\/pt-br\/wp-json\/wp\/v2\/pages"}],"about":[{"href":"https:\/\/test.aperol.com\/stg\/pt-br\/wp-json\/wp\/v2\/types\/page"}],"author":[{"embeddable":true,"href":"https:\/\/test.aperol.com\/stg\/pt-br\/wp-json\/wp\/v2\/users\/2"}],"replies":[{"embeddable":true,"href":"https:\/\/test.aperol.com\/stg\/pt-br\/wp-json\/wp\/v2\/comments?post=20243"}],"version-history":[{"count":5,"href":"https:\/\/test.aperol.com\/stg\/pt-br\/wp-json\/wp\/v2\/pages\/20243\/revisions"}],"predecessor-version":[{"id":21347,"href":"https:\/\/test.aperol.com\/stg\/pt-br\/wp-json\/wp\/v2\/pages\/20243\/revisions\/21347"}],"wp:attachment":[{"href":"https:\/\/test.aperol.com\/stg\/pt-br\/wp-json\/wp\/v2\/media?parent=20243"}],"curies":[{"name":"wp","href":"https:\/\/api.w.org\/{rel}","templated":true}]}}